{"id":4144,"date":"2024-08-16T16:04:27","date_gmt":"2024-08-16T14:04:27","guid":{"rendered":"https:\/\/yvcharron.com\/?page_id=4144"},"modified":"2024-08-25T21:52:06","modified_gmt":"2024-08-25T19:52:06","slug":"camino-del-levante","status":"publish","type":"page","link":"https:\/\/yvcharron.com\/index.php\/camino-del-levante\/","title":{"rendered":"Camino del Levante"},"content":{"rendered":"\n<h1 class=\"wp-block-heading has-text-align-center\"><strong>Valencia \u00e0 Toledo \u2013 Avril \/ Mai 2024<\/strong><\/h1>\n\n\n\n<p><\/p>\n\n\n\n<div class=\"wp-block-media-text is-stacked-on-mobile\" style=\"grid-template-columns:35% auto\"><figure class=\"wp-block-media-text__media\"><img loading=\"lazy\" decoding=\"async\" width=\"940\" height=\"699\" src=\"https:\/\/yvcharron.com\/wp-content\/uploads\/2024\/08\/chemins_espagne_bis-1.png\" alt=\"En Espagne, nombreux sont les chemins de Compostelle emprunt\u00e9s par les p\u00e8lerins, entre autres, les caminos \/ vias Franc\u00e8s, Norte, La Plata, Mozarabe, Lana, Catalan, Ebro et Levante.\" class=\"wp-image-4145 size-full\" srcset=\"https:\/\/yvcharron.com\/wp-content\/uploads\/2024\/08\/chemins_espagne_bis-1.png 940w, https:\/\/yvcharron.com\/wp-content\/uploads\/2024\/08\/chemins_espagne_bis-1-300x223.png 300w, https:\/\/yvcharron.com\/wp-content\/uploads\/2024\/08\/chemins_espagne_bis-1-768x571.png 768w\" sizes=\"auto, (max-width: 940px) 100vw, 940px\" \/><\/figure><div class=\"wp-block-media-text__content\">\n<p class=\"has-vivid-cyan-blue-color has-text-color has-link-color wp-elements-3e2b51927d988517db89a91f36fb37e3\">En Espagne, nombreux sont les chemins de Compostelle emprunt\u00e9s par les p\u00e8lerins, entre autres, les caminos \/ vias <strong>Franc\u00e8s, Norte, La Plata, Mozarabe, Lana, Catalan, Ebro et Levante<\/strong>. Le <strong>Camino Levante<\/strong>, (Cam\u00ed de Levante) part de Valence et rejoint la V\u00eda de la Plata \u00e0 <strong>Zamora<\/strong> avant d\u2019atteindre <strong>Santiago<\/strong> apr\u00e8s un parcours de <strong>1 140 km<\/strong> traversant les communaut\u00e9s autonomes de Valence, Castille la Manche, Madrid, Castille &#8211; Le\u00f3n et Galice. <strong>Red\u00e9couvert en 1991 le chemin a \u00e9t\u00e9 balis\u00e9 en 1993<\/strong>. Carte de quelques chemins de Compostelle en Espagne extraite de :<\/p>\n\n\n\n<p class=\"has-text-align-center\"><a href=\"https:\/\/images.app.goo.gl\/HxSFpk2Q5wCUMjwv9\">https:\/\/images.app.goo.gl\/HxSFpk2Q5wCUMjwv9<\/a><\/p>\n<\/div><\/div>\n\n\n\n<div class=\"wp-block-media-text has-media-on-the-right is-stacked-on-mobile\" style=\"grid-template-columns:auto 35%\"><div class=\"wp-block-media-text__content\">\n<p class=\"has-vivid-red-color has-text-color has-link-color wp-elements-c4f5fc191d46cf0a9bb9536146b8dad9\">L&#8217;<strong>origine historique du chemin<\/strong> est document\u00e9e dans le livre \u00ab<strong><em> P\u00e8lerins \u00e0 l\u2019H\u00f4pital g\u00e9n\u00e9ral de Valence au 16<sup>\u00e8me<\/sup> si\u00e8cle<\/em><\/strong>\u00bb montrant qu\u2019au Moyen \u00c2ge les p\u00e8lerins, venaient de divers points de la M\u00e9diterran\u00e9e&nbsp;: Naples, la Sicile, les \u00eeles Bal\u00e9ares, Rome et m\u00eame J\u00e9rusalem d\u00e9barquant dans le port de Valence. Ce m\u00eame itin\u00e9raire \u00e9tait emprunt\u00e9 en sens inverse par les p\u00e8lerins qui se dirigeaient vers Rome ou J\u00e9rusalem. Les nombreux h\u00f4pitaux du Moyen \u00c2ge rencontr\u00e9s sur le chemin montrent que cette route \u00e9tait tr\u00e8s fr\u00e9quent\u00e9e. Le chemin fait passer par <strong>Xativa, Almansa, Chinchilla, Albacete, San Clemente, El Toboso, Tembleque, Toledo, Avila, Medina del Campo et Zamora<\/strong>.<\/p>\n<\/div><figure class=\"wp-block-media-text__media\"><img loading=\"lazy\" decoding=\"async\" width=\"1000\" height=\"738\" src=\"https:\/\/yvcharron.com\/wp-content\/uploads\/2024\/08\/Camino-de-Levante_Oui.jpg\" alt=\"Le camino de Levante fait passer par Xativa, Almansa, Chinchilla, Albacete, San Clemente, El Toboso, Tembleque, Toledo, Avila, Medina del Campo et Zamora.\" class=\"wp-image-4147 size-full\" srcset=\"https:\/\/yvcharron.com\/wp-content\/uploads\/2024\/08\/Camino-de-Levante_Oui.jpg 1000w, https:\/\/yvcharron.com\/wp-content\/uploads\/2024\/08\/Camino-de-Levante_Oui-300x221.jpg 300w, https:\/\/yvcharron.com\/wp-content\/uploads\/2024\/08\/Camino-de-Levante_Oui-768x567.jpg 768w\" sizes=\"auto, (max-width: 1000px) 100vw, 1000px\" \/><\/figure><\/div>\n\n\n\n<p class=\"has-text-align-center has-black-color has-pale-ocean-gradient-background has-text-color has-background has-link-color has-small-font-size wp-elements-99ca33ef17886cd67d9cb5ccb9ccaca5\"><em>Certains commentaires de ce document ont \u00e9t\u00e9 extraits du livre \u00ab&nbsp;Le Chemin du Levant &#8211; de Valencia \u00e0 Santiago&nbsp;\u00bb, r\u00e9dig\u00e9 par G\u00e9rard du Camino, de Wikipedia et de documents recueillis lors des visites dans les mus\u00e9es ou les offices du tourisme<\/em><\/p>\n\n\n\n<p class=\"has-text-align-center\">.<\/p>\n\n\n\n<div class=\"wp-block-media-text is-stacked-on-mobile\" style=\"grid-template-columns:27% auto\"><figure class=\"wp-block-media-text__media\"><img loading=\"lazy\" decoding=\"async\" width=\"1024\" height=\"743\" src=\"https:\/\/yvcharron.com\/wp-content\/uploads\/2024\/08\/1a_Valencia_20240417-1024x743.jpg\" alt=\"Valencia - Troisi\u00e8me ville d'Espagne par sa population (800 000\u00a0 hab.) sa m\u00e9tropole compte pr\u00e8s de 2 millions d\u2019habitants. Fond\u00e9e en 138 av. J.-C. par les romains, la ville est dot\u00e9e d'un patrimoine architectural remarquable. \" class=\"wp-image-4148 size-full\" srcset=\"https:\/\/yvcharron.com\/wp-content\/uploads\/2024\/08\/1a_Valencia_20240417-1024x743.jpg 1024w, https:\/\/yvcharron.com\/wp-content\/uploads\/2024\/08\/1a_Valencia_20240417-300x218.jpg 300w, https:\/\/yvcharron.com\/wp-content\/uploads\/2024\/08\/1a_Valencia_20240417-768x557.jpg 768w, https:\/\/yvcharron.com\/wp-content\/uploads\/2024\/08\/1a_Valencia_20240417-1536x1115.jpg 1536w, https:\/\/yvcharron.com\/wp-content\/uploads\/2024\/08\/1a_Valencia_20240417-2048x1486.jpg 2048w, https:\/\/yvcharron.com\/wp-content\/uploads\/2024\/08\/1a_Valencia_20240417-1488x1080.jpg 1488w\" sizes=\"auto, (max-width: 1024px) 100vw, 1024px\" \/><\/figure><div class=\"wp-block-media-text__content\">\n<p class=\"has-vivid-cyan-blue-color has-text-color has-link-color wp-elements-c57a1b233255f40fd8106d4c8ae75ba3\"><strong>Valencia &#8211; <\/strong>Troisi\u00e8me ville d&#8217;Espagne par sa population (800 000&nbsp; hab.) sa m\u00e9tropole compte pr\u00e8s de 2 millions d\u2019habitants. Fond\u00e9e en 138 av. J.-C. par les romains, la ville est dot\u00e9e d&#8217;un patrimoine architectural remarquable. La ville est notamment connue pour sa <strong>Cit\u00e9 des Arts et des Sciences<\/strong>, \u00e0 l&#8217;architecture futuriste. <strong>Le port de Valence<\/strong> est le premier port de marchandises en Espagne et le premier port \u00e0 conteneurs de la M\u00e9diterran\u00e9e. La ville \u00e9tait autrefois travers\u00e9e par le <strong>fleuve T\u00faria<\/strong> qui a \u00e9t\u00e9 d\u00e9tourn\u00e9 \u00e0 la suite de la grande inondation de 1957. Son ancien lit est aujourd&#8217;hui reconverti en espaces verts, les jardins du Turia. La r\u00e9gion de Valence offre une grande biodiversit\u00e9, particuli\u00e8rement dans <strong>l&#8217;Albufera<\/strong> une lagune d\u2019eau douce (situ\u00e9e \u00e0 10 km au sud de Valence) comprenant de nombreuses rizi\u00e8res. Valence est renomm\u00e9e pour ses <strong>Fallas<\/strong>, (statues faites de tissu, papier m\u00e2ch\u00e9 et argile et brul\u00e9es lors d\u2019une grande f\u00eate) qui ont lieu du 12 au 19 mars. Elle est \u00e9galement r\u00e9put\u00e9e pour diverses sp\u00e9cialit\u00e9s gastronomiques, notamment <strong>la paella<\/strong>.<\/p>\n\n\n\n<p class=\"has-text-align-center\"><a href=\"https:\/\/photos.app.goo.gl\/K2i1S31Lp53FSdN9A\">https:\/\/photos.app.goo.gl\/K2i1S31Lp53FSdN9A<\/a><\/p>\n<\/div><\/div>\n\n\n\n<p class=\"has-text-align-center\">.<\/p>\n\n\n\n<div class=\"wp-block-media-text has-media-on-the-right is-stacked-on-mobile\" style=\"grid-template-columns:auto 28%\"><div class=\"wp-block-media-text__content\">\n<p class=\"has-vivid-red-color has-text-color has-link-color wp-elements-f869af1f20b925f53226b24ab58489da\">La <strong>Cath\u00e9drale Sainte-Marie<\/strong> comprend diff\u00e9rents styles architecturaux avec une pr\u00e9dominance du style gothique valencien. Erig\u00e9e sur une ancienne mosqu\u00e9e, sa construction remonte \u00e0 1262. De cette date jusqu&#8217;\u00e0 la fin du 16<sup>\u00e8me<\/sup> si\u00e8cle, elle a subi de nombreuses modifications. <strong>La porte des Ap\u00f4tres<\/strong> du 16<sup>\u00e8me<\/sup> est particuli\u00e8rement remarquable ainsi que celle <strong>du Palau<\/strong>, la plus ancienne de la cath\u00e9drale, de style roman avec certains \u00e9l\u00e9ments mud\u00e9jars. A c\u00f4t\u00e9 de la cath\u00e9drale, <strong>la tour Micalet, <\/strong>une tour octogonale haute de 51 m\u00e8tres.<\/p>\n\n\n\n<p class=\"has-text-align-center\"><a href=\"https:\/\/photos.app.goo.gl\/yBmDGDFLE1rESpve6\">https:\/\/photos.app.goo.gl\/yBmDGDFLE1rESpve6<\/a><\/p>\n<\/div><figure class=\"wp-block-media-text__media\"><img loading=\"lazy\" decoding=\"async\" width=\"1024\" height=\"768\" src=\"https:\/\/yvcharron.com\/wp-content\/uploads\/2024\/08\/1b_Valencia-Cat_20240417-1024x768.jpg\" alt=\"La Cath\u00e9drale Sainte-Marie de Valencia comprend diff\u00e9rents styles architecturaux avec une pr\u00e9dominance du style gothique valencien. Erig\u00e9e sur une ancienne mosqu\u00e9e, sa construction remonte \u00e0 1262\" class=\"wp-image-4149 size-full\" srcset=\"https:\/\/yvcharron.com\/wp-content\/uploads\/2024\/08\/1b_Valencia-Cat_20240417-1024x768.jpg 1024w, https:\/\/yvcharron.com\/wp-content\/uploads\/2024\/08\/1b_Valencia-Cat_20240417-300x225.jpg 300w, https:\/\/yvcharron.com\/wp-content\/uploads\/2024\/08\/1b_Valencia-Cat_20240417-768x576.jpg 768w, https:\/\/yvcharron.com\/wp-content\/uploads\/2024\/08\/1b_Valencia-Cat_20240417-1536x1152.jpg 1536w, https:\/\/yvcharron.com\/wp-content\/uploads\/2024\/08\/1b_Valencia-Cat_20240417-2048x1536.jpg 2048w, https:\/\/yvcharron.com\/wp-content\/uploads\/2024\/08\/1b_Valencia-Cat_20240417-1440x1080.jpg 1440w\" sizes=\"auto, (max-width: 1024px) 100vw, 1024px\" \/><\/figure><\/div>\n\n\n\n<p class=\"has-text-align-center\">.<\/p>\n\n\n\n<div class=\"wp-block-media-text is-stacked-on-mobile\" style=\"grid-template-columns:24% auto\"><figure class=\"wp-block-media-text__media\"><img loading=\"lazy\" decoding=\"async\" width=\"1024\" height=\"693\" src=\"https:\/\/yvcharron.com\/wp-content\/uploads\/2024\/08\/1cb_Val-Cite-art_20240417-1024x693.jpg\" alt=\"La Cit\u00e9 des Arts et des Sciences de Valencia est un complexe culturel con\u00e7u par l'architecte Santiago Calatrava ainsi que par F\u00e9lix Candela.\" class=\"wp-image-4150 size-full\" srcset=\"https:\/\/yvcharron.com\/wp-content\/uploads\/2024\/08\/1cb_Val-Cite-art_20240417-1024x693.jpg 1024w, https:\/\/yvcharron.com\/wp-content\/uploads\/2024\/08\/1cb_Val-Cite-art_20240417-300x203.jpg 300w, https:\/\/yvcharron.com\/wp-content\/uploads\/2024\/08\/1cb_Val-Cite-art_20240417-768x520.jpg 768w, https:\/\/yvcharron.com\/wp-content\/uploads\/2024\/08\/1cb_Val-Cite-art_20240417-1536x1040.jpg 1536w, https:\/\/yvcharron.com\/wp-content\/uploads\/2024\/08\/1cb_Val-Cite-art_20240417-2048x1387.jpg 2048w, https:\/\/yvcharron.com\/wp-content\/uploads\/2024\/08\/1cb_Val-Cite-art_20240417-1595x1080.jpg 1595w\" sizes=\"auto, (max-width: 1024px) 100vw, 1024px\" \/><\/figure><div class=\"wp-block-media-text__content\">\n<p class=\"has-vivid-red-color has-text-color has-link-color wp-elements-acb0882b7198badff3d0b73b57f0aeeb\"><strong>La Cit\u00e9 des Arts et des Sciences<\/strong> est un complexe culturel con\u00e7u par l&#8217;architecte Santiago Calatrava ainsi que par F\u00e9lix Candela. La premi\u00e8re inauguration a eu lieu en 1998 tandis que le dernier \u00e9l\u00e9ment l\u2019\u00c1gora a \u00e9t\u00e9 lui inaugur\u00e9 en novembre 2009. Le complexe qui s\u2019\u00e9tend sur 350 000 m<sup>2<\/sup> a \u00e9t\u00e9 construit sur l\u2019ancien lit de la rivi\u00e8re Turia. On y trouve les \u00e9difices suivants : l&#8217;<strong>Hemisf\u00e8ric<\/strong>, en forme d&#8217;\u0153il, (plan\u00e9tarium) ; <strong>le mus\u00e9e des sciences Pr\u00edncipe Felipe<\/strong>, en forme de squelette de dinosaure ; l<strong>&#8216;Umbracle<\/strong>, un jardin botanique avec une galerie d\u2019art ; l&#8217;<strong>Oceanogr\u00e0fic<\/strong>, un oc\u00e9anarium en forme de n\u00e9nuphar ; <strong>le palais des Arts Reina Sof\u00eda<\/strong>, en forme de bateau, consacr\u00e9 aux arts et \u00e0 la musique ; <strong>le pont de l&#8217;Assut de l&#8217;Or<\/strong>, pont de 180 m de long ; l<strong>&#8216;\u00c1gora<\/strong>, une place couverte avec un b\u00e2timent en structure m\u00e9tallique de 80 m de haut et occupant une surface de 5 000 m<sup>2<\/sup>.<\/p>\n\n\n\n<p class=\"has-text-align-center\"><a href=\"https:\/\/photos.app.goo.gl\/X8EJtZrZbzet2hza7\">https:\/\/photos.app.goo.gl\/X8EJtZrZbzet2hza7<\/a><\/p>\n<\/div><\/div>\n\n\n\n<p class=\"has-text-align-center\">.<\/p>\n\n\n\n<div class=\"wp-block-media-text has-media-on-the-right is-stacked-on-mobile\" style=\"grid-template-columns:auto 18%\"><div class=\"wp-block-media-text__content\">\n<p class=\"has-vivid-red-color has-text-color has-link-color has-medium-font-size wp-elements-a9aada4dee2c1d07d5e6ab243acb1525\"><strong>Valencia \u00e0 Almussafes \u2013 27 km<\/strong><\/p>\n\n\n\n<p class=\"has-black-color has-text-color has-link-color wp-elements-70066713fd47eb56be14f6219c053cc3\">Le d\u00e9part de la m\u00e9gapole s&#8217;effectue en se dirigeant vers le sud et en traversant plusieurs agglom\u00e9rations assez dense en population. Il faudra marcher une dizaine de kilom\u00e8tres pour avoir une vue sur les premiers champs de citronniers . Le passage du pont enjambant le <strong>rio Turia<\/strong> nous fait entrer dans <strong>Alfafar<\/strong> avec sa tr\u00e8s belle \u00e9glise du 14<sup>\u00e8me<\/sup> puis dans <strong>Massanassa<\/strong> avec quelques \u00e9l\u00e9ments d\u2019int\u00e9r\u00eat dont l\u2019\u00e9glise San Pedro du 18<sup>\u00e8me<\/sup>, le Barri de l\u2019Ora, l\u2019Alqueria de Soria et la Casa de los Obreros. Vient ensuite <strong>Catarroja<\/strong> avec le mus\u00e9e de Las Barracas et la Villa Romana puis la ville de <strong>Silla<\/strong> avec une belle \u00e9glise quoique un peu aust\u00e8re et enfin <strong>Almussafes<\/strong> connue tout particuli\u00e8rement pour <strong>la tour Racef<\/strong> du 11<sup>\u00e8me<\/sup> si\u00e8cle (Photo ci-contre) et l\u2019\u00e9glise San Bartomeu. A partir de Catarroja on laisse sur notre gauche le <strong>parc naturel de l\u2019Albufera<\/strong>, une lagune comprenant des rizi\u00e8res dont le riz entre dans la composition de la fameuse <strong>paella<\/strong>.<\/p>\n\n\n\n<p class=\"has-text-align-center\"><a href=\"https:\/\/photos.app.goo.gl\/FyTrG9T5ufQB5JrN8\">https:\/\/photos.app.goo.gl\/FyTrG9T5ufQB5JrN8<\/a><\/p>\n<\/div><figure class=\"wp-block-media-text__media\"><img loading=\"lazy\" decoding=\"async\" width=\"835\" height=\"1024\" src=\"https:\/\/yvcharron.com\/wp-content\/uploads\/2024\/08\/2_Almussafes_20240418-835x1024.jpg\" alt=\"Almussafes (sud de Valencia) est connue tout particuli\u00e8rement pour la tour Racef du 11\u00e8me si\u00e8cle et l\u2019\u00e9glise San Bartomeu\" class=\"wp-image-4158 size-full\" srcset=\"https:\/\/yvcharron.com\/wp-content\/uploads\/2024\/08\/2_Almussafes_20240418-835x1024.jpg 835w, https:\/\/yvcharron.com\/wp-content\/uploads\/2024\/08\/2_Almussafes_20240418-245x300.jpg 245w, https:\/\/yvcharron.com\/wp-content\/uploads\/2024\/08\/2_Almussafes_20240418-768x942.jpg 768w, https:\/\/yvcharron.com\/wp-content\/uploads\/2024\/08\/2_Almussafes_20240418-1252x1536.jpg 1252w, https:\/\/yvcharron.com\/wp-content\/uploads\/2024\/08\/2_Almussafes_20240418-1670x2048.jpg 1670w, https:\/\/yvcharron.com\/wp-content\/uploads\/2024\/08\/2_Almussafes_20240418-1024x1256.jpg 1024w, https:\/\/yvcharron.com\/wp-content\/uploads\/2024\/08\/2_Almussafes_20240418-881x1080.jpg 881w\" sizes=\"auto, (max-width: 835px) 100vw, 835px\" \/><\/figure><\/div>\n\n\n\n<p class=\"has-text-align-center\">.<\/p>\n\n\n\n<div class=\"wp-block-media-text is-stacked-on-mobile\" style=\"grid-template-columns:30% auto\"><figure class=\"wp-block-media-text__media\"><img loading=\"lazy\" decoding=\"async\" width=\"1024\" height=\"602\" src=\"https:\/\/yvcharron.com\/wp-content\/uploads\/2024\/08\/3_Alzira_20240419-1024x602.jpg\" alt=\"A Alzira (Sud de Valencia), le Santuario de N Sra des Lluch, l\u2019Hospital de Santa Lucia, les murailles, la Casa Consistorial et l\u2019\u00e9glise Arciprestal de Santa Catalina Martir.\" class=\"wp-image-4162 size-full\" srcset=\"https:\/\/yvcharron.com\/wp-content\/uploads\/2024\/08\/3_Alzira_20240419-1024x602.jpg 1024w, https:\/\/yvcharron.com\/wp-content\/uploads\/2024\/08\/3_Alzira_20240419-300x176.jpg 300w, https:\/\/yvcharron.com\/wp-content\/uploads\/2024\/08\/3_Alzira_20240419-768x451.jpg 768w, https:\/\/yvcharron.com\/wp-content\/uploads\/2024\/08\/3_Alzira_20240419-1536x902.jpg 1536w, https:\/\/yvcharron.com\/wp-content\/uploads\/2024\/08\/3_Alzira_20240419-2048x1203.jpg 2048w, https:\/\/yvcharron.com\/wp-content\/uploads\/2024\/08\/3_Alzira_20240419-1838x1080.jpg 1838w\" sizes=\"auto, (max-width: 1024px) 100vw, 1024px\" \/><\/figure><div class=\"wp-block-media-text__content\">\n<p class=\"has-vivid-red-color has-text-color has-link-color has-medium-font-size wp-elements-922cdb7083a99341254d33a31e5cb217\"><strong>Almussafes \u00e0 Alzira \u2013 21.5 km<\/strong><\/p>\n\n\n\n<p class=\"has-black-color has-text-color has-link-color wp-elements-34f54f970f71dd45fb7a75b2988373b1\">Au cours de cette \u00e9tape, on chemine parmi les plantations d\u2019agrumes quadrill\u00e9es de canaux d\u2019irrigation. Premier arr\u00eat \u00e0 <strong>Benifaio<\/strong> o\u00f9 l\u2019on peut admirer l\u2019\u00e9glise San Pedro Apostol, l\u2019Ermita de la Virgen de los Desamparados, les Torres de Espioca et de Mura. Apr\u00e8s une quinzaine de km on entre dans la belle ville d\u2019<strong>Algemesi<\/strong> o\u00f9 l\u2019on peut voir la <strong>Capilla de la Comunion<\/strong>, l\u2019\u00e9glise Arciprestral de Sant Jaume (St Jacques) ainsi que le mus\u00e9e des g\u00e9ants (cartons et bois &#8211; 4 m de hauteur) que l\u2019on fait d\u00e9filer les jours de festivit\u00e9. Arriv\u00e9s \u00e0 <strong>Alzira<\/strong>, on peut d\u00e9couvrir le Santuario de N Sra des Lluch, l\u2019Hospital de Santa Lucia, <strong>les murailles<\/strong> (Photo ci-contre), la Casa Consistorial et <strong>l\u2019\u00e9glise Arciprestal de Santa Catalina Martir<\/strong>.<\/p>\n\n\n\n<p class=\"has-text-align-center\"><a href=\"https:\/\/photos.app.goo.gl\/NNmkBh6nRntbLuDr5\">https:\/\/photos.app.goo.gl\/NNmkBh6nRntbLuDr5<\/a><\/p>\n<\/div><\/div>\n\n\n\n<p class=\"has-text-align-center\">.<\/p>\n\n\n\n<div class=\"wp-block-media-text has-media-on-the-right is-stacked-on-mobile\" style=\"grid-template-columns:auto 27%\"><div class=\"wp-block-media-text__content\">\n<p class=\"has-vivid-red-color has-text-color has-link-color has-medium-font-size wp-elements-0cfc15c0447bb6fc62bbde2aca2e091f\"><strong>Alzira \u00e0 Xativa (120 m) \u2013 28.5 km<\/strong><\/p>\n\n\n\n<p>Durant cette journ\u00e9e, le chemin s\u2019effectue au milieu des roseaux et des vergers. Apr\u00e8s 5 km, <strong>Carcaixent,<\/strong> avec le Templo de La Asuncion et la tour de Carcaixent. 5 Km plus loin, \u00e0 <strong>Pobla Llarga<\/strong> se tient un concours de dentelles au fuseau. Dans le village, la belle \u00e9glise de San Pedro Apostol. Peu apr\u00e8s <strong>Manuel<\/strong> et son \u00e9glise avec une imposante tour clocher. Avant <strong>Xativa<\/strong>, on aper\u00e7oit au loin <strong>l\u2019imposant Castillo et les remparts<\/strong> (Photo ci-contre) construits sur les collines avoisinantes. Le Castillo joua un r\u00f4le important lors de la <strong>guerre de succession au tr\u00f4ne d\u2019Espagne<\/strong> (Se reporter \u00e0 Almansa). A voir \u00e9galement \u00e0 Xativa, le centre historique, <strong>la coll\u00e9giale<\/strong> et la Plaza del Mercado o\u00f9 se tenait le soir des festivit\u00e9s andalouses.<\/p>\n\n\n\n<p class=\"has-text-align-center\"><a href=\"https:\/\/photos.app.goo.gl\/n5vtjth7cPLyAAVW6\">https:\/\/photos.app.goo.gl\/n5vtjth7cPLyAAVW6<\/a><\/p>\n<\/div><figure class=\"wp-block-media-text__media\"><img loading=\"lazy\" decoding=\"async\" width=\"1024\" height=\"614\" src=\"https:\/\/yvcharron.com\/wp-content\/uploads\/2024\/08\/4_Xativa_20240421-1024x614.jpg\" alt=\"On aper\u00e7oit de loin l\u2019imposant Castillo de Xativa et les remparts construits sur les collines avoisinantes. Le Castillo joua un r\u00f4le important lors de la guerre de succession au tr\u00f4ne d\u2019Espagne\" class=\"wp-image-4161 size-full\" srcset=\"https:\/\/yvcharron.com\/wp-content\/uploads\/2024\/08\/4_Xativa_20240421-1024x614.jpg 1024w, https:\/\/yvcharron.com\/wp-content\/uploads\/2024\/08\/4_Xativa_20240421-300x180.jpg 300w, https:\/\/yvcharron.com\/wp-content\/uploads\/2024\/08\/4_Xativa_20240421-768x460.jpg 768w, https:\/\/yvcharron.com\/wp-content\/uploads\/2024\/08\/4_Xativa_20240421-1536x921.jpg 1536w, https:\/\/yvcharron.com\/wp-content\/uploads\/2024\/08\/4_Xativa_20240421-2048x1228.jpg 2048w, https:\/\/yvcharron.com\/wp-content\/uploads\/2024\/08\/4_Xativa_20240421-1802x1080.jpg 1802w\" sizes=\"auto, (max-width: 1024px) 100vw, 1024px\" \/><\/figure><\/div>\n\n\n\n<p class=\"has-text-align-center\">.<\/p>\n\n\n\n<div class=\"wp-block-media-text is-stacked-on-mobile\" style=\"grid-template-columns:19% auto\"><figure class=\"wp-block-media-text__media\"><img loading=\"lazy\" decoding=\"async\" width=\"873\" height=\"1024\" src=\"https:\/\/yvcharron.com\/wp-content\/uploads\/2024\/08\/5_Moixent_20240421-873x1024.jpg\" alt=\"A Moixent, la chapelle de Las Santas Reliquas, l\u2019\u00e9glise San Pedro Apostol, le gisement arch\u00e9ologique de la Bastida de los Alcuses, la Torre Mora ainsi qu\u2019une r\u00e9plique du fameux cavalier de Moixent\" class=\"wp-image-4163 size-full\" srcset=\"https:\/\/yvcharron.com\/wp-content\/uploads\/2024\/08\/5_Moixent_20240421-873x1024.jpg 873w, https:\/\/yvcharron.com\/wp-content\/uploads\/2024\/08\/5_Moixent_20240421-256x300.jpg 256w, https:\/\/yvcharron.com\/wp-content\/uploads\/2024\/08\/5_Moixent_20240421-768x901.jpg 768w, https:\/\/yvcharron.com\/wp-content\/uploads\/2024\/08\/5_Moixent_20240421-1310x1536.jpg 1310w, https:\/\/yvcharron.com\/wp-content\/uploads\/2024\/08\/5_Moixent_20240421-1747x2048.jpg 1747w, https:\/\/yvcharron.com\/wp-content\/uploads\/2024\/08\/5_Moixent_20240421-1024x1201.jpg 1024w, https:\/\/yvcharron.com\/wp-content\/uploads\/2024\/08\/5_Moixent_20240421-921x1080.jpg 921w\" sizes=\"auto, (max-width: 873px) 100vw, 873px\" \/><\/figure><div class=\"wp-block-media-text__content\">\n<p class=\"has-vivid-red-color has-text-color has-link-color has-medium-font-size wp-elements-a75c51465db8ebcc5f1c0febb358a964\"><strong>Xativa \u00e0 Moixent (310 m) \u2013 28 km \u2013 Mont\u00e9e totale 380 m<\/strong><\/p>\n\n\n\n<p class=\"has-black-color has-text-color has-link-color wp-elements-864b7363783eaffd401b088c8bb2932d\">Comme le jour pr\u00e9c\u00e9dent, cheminement au milieu des roseaux et des plantations d\u2019agrumes. Premier village sur notre route&nbsp;: <strong>Anahuir<\/strong> avec au centre une agr\u00e9able place sur laquelle donne l\u2019\u00e9glise N.Sa de Los Angeles et son clocher tour horloge. A <strong>Ayacor<\/strong>, un chemin de croix nous accompagne dans notre marche. A <strong>Canals<\/strong> se tient une c\u00e9r\u00e9monie religieuse (communiants habill\u00e9s somptueusement). A voir dans le village, le quartier historique, le monast\u00e8re Santa Clara, la tour et <strong>l\u2019oratoire de Los Borja (Pape Calixte III)<\/strong>, l\u2019ancien h\u00f4pital et l\u2019\u00e9glise San Antonio Abad. A <strong>Vallada<\/strong>, l\u2019Ermita de San Sebastian, la Capilla del Divino Juez et l\u2019\u00e9glise San Bartolom\u00e9. Nous atteignons enfin <strong>Moixent<\/strong> o\u00f9 l\u2019on peut voir la chapelle de Las Santas Reliquas, l\u2019\u00e9glise San Pedro Apostol, le gisement arch\u00e9ologique de la Bastida de los Alcuses, <strong>la Torre Mora<\/strong> ainsi qu\u2019une r\u00e9plique du fameux <strong>cavalier de Moixent <\/strong>(Photo ci-contre).<\/p>\n\n\n\n<p class=\"has-text-align-center\"><a href=\"https:\/\/photos.app.goo.gl\/97jh7vgkyKW4vo1V6\">https:\/\/photos.app.goo.gl\/97jh7vgkyKW4vo1V6<\/a><\/p>\n<\/div><\/div>\n\n\n\n<p class=\"has-text-align-center\">.<\/p>\n\n\n\n<div class=\"wp-block-media-text has-media-on-the-right is-stacked-on-mobile\" style=\"grid-template-columns:auto 28%\"><div class=\"wp-block-media-text__content\">\n<p class=\"has-vivid-red-color has-text-color has-link-color has-medium-font-size wp-elements-4c292f00645a2c3e0ffef343ab5195ee\"><strong>Moixent \u00e0 Font Figuera (480 m) \u2013 21.5 km \u2013 Mont\u00e9e totale 450 m<\/strong><\/p>\n\n\n\n<p class=\"has-black-color has-text-color has-link-color wp-elements-b49b4c6cc8aed0841cec5e3b229ae0cc\">Etape champ\u00eatre sans aucun village entre Moixent et Font Figuera. La nature devient quelque peu d\u00e9sertique&nbsp;: des chemins crayeux et empierr\u00e9s, des oliviers, des amandiers, des vignes et des for\u00eats de conif\u00e8res. A La <strong>Font de Figuera<\/strong>, <strong>l\u2019\u00e9glise de la Natividad de Ntra Sra<\/strong> comprenant un tr\u00e8s beau retable de Joan de Joanes, <strong>l\u2019ermita de Santa Barbara<\/strong> (construit fin 16<sup>\u00e8me<\/sup> pour solliciter la protection de Santa Barbara&nbsp;: s\u00e8cheresse, etc.), <strong>l\u2019ermita de San Sebastian<\/strong> construit en 1516, le lavoir public municipal datant de 1866, le mus\u00e9e historique et ethnologique \u00ab&nbsp;La Costera&nbsp;\u00bb l\u2019Altet de Palau (objets locaux de l\u2019\u00e2ge du bronze), plusieurs grottes dans le mont Caporutxo ainsi que plusieurs jolies fontaines.<\/p>\n\n\n\n<p class=\"has-text-align-center\"><a href=\"https:\/\/photos.app.goo.gl\/E778ktBBekHo1oCMA\">https:\/\/photos.app.goo.gl\/E778ktBBekHo1oCMA<\/a><\/p>\n<\/div><figure class=\"wp-block-media-text__media\"><img loading=\"lazy\" decoding=\"async\" width=\"1024\" height=\"780\" src=\"https:\/\/yvcharron.com\/wp-content\/uploads\/2024\/08\/6_Font-Figa_20240422-1024x780.jpg\" alt=\"A La Font de Figuera, l\u2019\u00e9glise de la Natividad de Ntra Sra comprenant un tr\u00e8s beau retable de Joan de Joanes, l\u2019ermita de Santa Barbara (construit fin 16\u00e8me pour solliciter la protection de Santa Barbara\u00a0: s\u00e8cheresse, etc.), l\u2019ermita de San Sebastian construit en 1516 et le lavoir public municipal datant de 1866\" class=\"wp-image-4164 size-full\" srcset=\"https:\/\/yvcharron.com\/wp-content\/uploads\/2024\/08\/6_Font-Figa_20240422-1024x780.jpg 1024w, https:\/\/yvcharron.com\/wp-content\/uploads\/2024\/08\/6_Font-Figa_20240422-300x229.jpg 300w, https:\/\/yvcharron.com\/wp-content\/uploads\/2024\/08\/6_Font-Figa_20240422-768x585.jpg 768w, https:\/\/yvcharron.com\/wp-content\/uploads\/2024\/08\/6_Font-Figa_20240422-1536x1170.jpg 1536w, https:\/\/yvcharron.com\/wp-content\/uploads\/2024\/08\/6_Font-Figa_20240422-1418x1080.jpg 1418w, https:\/\/yvcharron.com\/wp-content\/uploads\/2024\/08\/6_Font-Figa_20240422.jpg 1914w\" sizes=\"auto, (max-width: 1024px) 100vw, 1024px\" \/><\/figure><\/div>\n\n\n\n<p class=\"has-text-align-center\">.<\/p>\n\n\n\n<div class=\"wp-block-media-text is-stacked-on-mobile\" style=\"grid-template-columns:23% auto\"><figure class=\"wp-block-media-text__media\"><img loading=\"lazy\" decoding=\"async\" width=\"1024\" height=\"986\" src=\"https:\/\/yvcharron.com\/wp-content\/uploads\/2024\/08\/7_Almansa_20240423_185302-1024x986.jpg\" alt=\"La bataille d\u2019Almansa (25 avril 1707) est l\u2019une des plus d\u00e9cisives de la Guerre de Succession d\u2019Espagne d\u00e9clench\u00e9e \u00e0 la mort du roi Carlos II (1\u00a0700) sans descendants. \" class=\"wp-image-4165 size-full\" srcset=\"https:\/\/yvcharron.com\/wp-content\/uploads\/2024\/08\/7_Almansa_20240423_185302-1024x986.jpg 1024w, https:\/\/yvcharron.com\/wp-content\/uploads\/2024\/08\/7_Almansa_20240423_185302-300x289.jpg 300w, https:\/\/yvcharron.com\/wp-content\/uploads\/2024\/08\/7_Almansa_20240423_185302-768x739.jpg 768w, https:\/\/yvcharron.com\/wp-content\/uploads\/2024\/08\/7_Almansa_20240423_185302-1536x1479.jpg 1536w, https:\/\/yvcharron.com\/wp-content\/uploads\/2024\/08\/7_Almansa_20240423_185302-2048x1972.jpg 2048w, https:\/\/yvcharron.com\/wp-content\/uploads\/2024\/08\/7_Almansa_20240423_185302-1122x1080.jpg 1122w\" sizes=\"auto, (max-width: 1024px) 100vw, 1024px\" \/><\/figure><div class=\"wp-block-media-text__content\">\n<p class=\"has-vivid-red-color has-text-color has-link-color has-medium-font-size wp-elements-65b6a7a1e1cc27a2acb0f013735d2606\"><strong>Font Figuera \u00e0 Almansa (720 m) \u2013 34 km \u2013 Mont\u00e9e totale 400 m<\/strong><\/p>\n\n\n\n<p class=\"has-black-color has-text-color has-link-color wp-elements-a66aa41442188143751683ebfed409bd\">Cette \u00e9tape se d\u00e9roule au milieu des vignes et des amandiers. On quitte le village en contournant par le sud le <strong>mont Caporutxo<\/strong>. En chemin, on entre dans la <strong>communaut\u00e9 de Castille-la-Manche<\/strong>. A 12,5 km du point de d\u00e9part <strong>Torre Grande<\/strong> un haut lieu de l\u2019histoire. Sur le chemin une grande ferme d\u2019\u00e9oliennes. A plusieurs km de distance on aper\u00e7oit le magnifique <strong>ch\u00e2teau d\u2019Almansa<\/strong> (Photo ci-contre) construit sur la colline de l\u2019Aguila. A <strong>Almansa<\/strong>, on peut \u00e9galement voir l\u2019\u00e9glise San Francisco (chapelle Santiago), le couvent de los Padres Agustinos, le couvent de San Francisco et la casa de los Cirat.<\/p>\n\n\n\n<p class=\"has-text-align-center\"><a href=\"https:\/\/photos.app.goo.gl\/eREKNaH1PHiomb2S9\">https:\/\/photos.app.goo.gl\/eREKNaH1PHiomb2S9<\/a><\/p>\n<\/div><\/div>\n\n\n\n<p class=\"has-text-align-center\">.<\/p>\n\n\n\n<p class=\"has-text-align-center has-vivid-red-color has-text-color has-link-color wp-elements-7588d91d09d2cafda0be5e7a15002533\"><strong>La bataille d\u2019Almansa<\/strong> (25 avril 1707) est l\u2019une des plus d\u00e9cisives de la Guerre de Succession d\u2019Espagne d\u00e9clench\u00e9e \u00e0 la mort du roi Carlos II (1&nbsp;700) sans descendants. Son testament donnait la succession du tr\u00f4ne au <strong>Duque d\u2019Anjou<\/strong> (neveu du roi fran\u00e7ais Louis XIV) devant \u00eatre couronn\u00e9 sous le nom de <strong>Felipe V d\u2019Espagne<\/strong>. Le tr\u00f4ne \u00e9galement revendiqu\u00e9 par <strong>l\u2019archiduc Charles d\u2019Autriche<\/strong> d\u00e9clenche une guerre, impliquant la plupart des pays europ\u00e9ens, qui va durer de 1&nbsp;701 \u00e0 1&nbsp;715. En 1&nbsp;707, deux lignes de soldats sur un front de 6 km repr\u00e9sentant dix nations s\u2019affrontent \u00e0 Almansa r\u00e9sultant en la mort de 5&nbsp;000 hommes. Apr\u00e8s le si\u00e8ge de Barcelone par le <strong>duc de Berwick<\/strong> le 11 septembre 1&nbsp;712, Felipe V est reconnu roi d\u2019Espagne par les <strong>trait\u00e9s d\u2019Ultrecht et de Rastatt<\/strong>. C\u2019est \u00e0 la suite de cette guerre que l\u2019Angleterre obtient Gibraltar et Minorque.<\/p>\n\n\n\n<p class=\"has-text-align-center\">.<\/p>\n\n\n\n<div class=\"wp-block-media-text has-media-on-the-right is-stacked-on-mobile\" style=\"grid-template-columns:auto 24%\"><div class=\"wp-block-media-text__content\">\n<p class=\"has-vivid-red-color has-text-color has-link-color has-medium-font-size wp-elements-e820ae13806df76eb65106dd82ea29fb\"><strong>Almansa \u00e0 Higueruela (1005 m) \u2013 23.5 km \u2013 Mont\u00e9e totale 350 m<\/strong><\/p>\n\n\n\n<p class=\"has-black-color has-text-color has-link-color wp-elements-7928aee5574409c2047c8e9991d94b1d\">Etape modifi\u00e9e \u00e0 Carrascal (une hacienda) en direction d\u2019Alpera en suivant le <strong>chemin de la Lana<\/strong> (Alicante \u00e0 Burgos) plut\u00f4t qu\u2019Higueruela puis en prenant le bus d\u2019Alpera \u00e0 Higueruela (environ 13 km). Le chemin s\u2019effectue en passant tout d\u2019abord devant <strong>l\u2019Ermita de San Anton<\/strong> puis dans la nature, la rocaille et le maquis. Le chemin est signal\u00e9 par de grosses bornes de pierres peintes en blanc. <strong>Alpera<\/strong> est r\u00e9put\u00e9 pour ses <strong>grottes rupestres<\/strong>, <strong>l\u2019ermitage San Roque<\/strong>, l\u2019\u00e9glise Santa Marina et le Castillo. <strong>Les grottes<\/strong> ont \u00e9t\u00e9 d\u00e9couvertes en 1 910 et \u00e9tudi\u00e9es par de grands arch\u00e9ologues (Obermaier, Brueil et Cabr\u00e9 signataires de plusieurs fresques). <strong>L\u2019ermitage<\/strong> a \u00e9t\u00e9 construit au 18<sup>\u00e8me<\/sup> avec les dons des citoyens suite \u00e0 une \u00e9pid\u00e9mie tr\u00e8s meurtri\u00e8re et apr\u00e8s invocation de San Roque. <strong>Higueruela<\/strong> est un charmant village avec sur les hauteurs <strong>l\u2019\u00e9glise Santa Quiteria<\/strong> et les ruines du Castillo.<\/p>\n\n\n\n<p class=\"has-text-align-center has-black-color has-text-color has-link-color wp-elements-ab4e847e128ad2e6b60dab0eed9ac096\"><a href=\"https:\/\/photos.app.goo.gl\/n7857BCcw4Mx287E7\">https:\/\/photos.app.goo.gl\/n7857BCcw4Mx287E7<\/a><\/p>\n<\/div><figure class=\"wp-block-media-text__media\"><img loading=\"lazy\" decoding=\"async\" width=\"1024\" height=\"774\" src=\"https:\/\/yvcharron.com\/wp-content\/uploads\/2024\/08\/8_Higueruela_20240424-1-1024x774.jpg\" alt=\"Higueruela est un charmant village avec sur les hauteurs l\u2019\u00e9glise Santa Quiteria et les ruines du Castillo.\" class=\"wp-image-4167 size-full\" srcset=\"https:\/\/yvcharron.com\/wp-content\/uploads\/2024\/08\/8_Higueruela_20240424-1-1024x774.jpg 1024w, https:\/\/yvcharron.com\/wp-content\/uploads\/2024\/08\/8_Higueruela_20240424-1-300x227.jpg 300w, https:\/\/yvcharron.com\/wp-content\/uploads\/2024\/08\/8_Higueruela_20240424-1-768x581.jpg 768w, https:\/\/yvcharron.com\/wp-content\/uploads\/2024\/08\/8_Higueruela_20240424-1-1536x1161.jpg 1536w, https:\/\/yvcharron.com\/wp-content\/uploads\/2024\/08\/8_Higueruela_20240424-1-2048x1548.jpg 2048w, https:\/\/yvcharron.com\/wp-content\/uploads\/2024\/08\/8_Higueruela_20240424-1-1429x1080.jpg 1429w\" sizes=\"auto, (max-width: 1024px) 100vw, 1024px\" \/><\/figure><\/div>\n\n\n\n<p class=\"has-text-align-center\">.<\/p>\n\n\n\n<div class=\"wp-block-media-text is-stacked-on-mobile\" style=\"grid-template-columns:20% auto\"><figure class=\"wp-block-media-text__media\"><img loading=\"lazy\" decoding=\"async\" width=\"940\" height=\"1024\" src=\"https:\/\/yvcharron.com\/wp-content\/uploads\/2024\/08\/9_Chinchilla_20240425_173520-940x1024.jpg\" alt=\"A Chinchilla de Monte Aragon on peut admirer de majestueuses vieilles demeures, le magnifique Castillo Xerif-El-Edrisi (douves de grande profondeur) et de nombreuses maisons troglodytes. Sur cette hauteur, on d\u00e9couvrira le couvent de los Dominicos, l\u2019Hospital San Julian, l\u2019\u00e9glise de la Natividad, la Plaza de la Tercia, les bains arabes, le clo\u00eetre mudejar et le Conjunto de casas blasonadas.\" class=\"wp-image-4170 size-full\" srcset=\"https:\/\/yvcharron.com\/wp-content\/uploads\/2024\/08\/9_Chinchilla_20240425_173520-940x1024.jpg 940w, https:\/\/yvcharron.com\/wp-content\/uploads\/2024\/08\/9_Chinchilla_20240425_173520-275x300.jpg 275w, https:\/\/yvcharron.com\/wp-content\/uploads\/2024\/08\/9_Chinchilla_20240425_173520-768x836.jpg 768w, https:\/\/yvcharron.com\/wp-content\/uploads\/2024\/08\/9_Chinchilla_20240425_173520-1410x1536.jpg 1410w, https:\/\/yvcharron.com\/wp-content\/uploads\/2024\/08\/9_Chinchilla_20240425_173520-1880x2048.jpg 1880w, https:\/\/yvcharron.com\/wp-content\/uploads\/2024\/08\/9_Chinchilla_20240425_173520-1024x1115.jpg 1024w, https:\/\/yvcharron.com\/wp-content\/uploads\/2024\/08\/9_Chinchilla_20240425_173520-992x1080.jpg 992w\" sizes=\"auto, (max-width: 940px) 100vw, 940px\" \/><\/figure><div class=\"wp-block-media-text__content\">\n<p class=\"has-vivid-red-color has-text-color has-link-color has-medium-font-size wp-elements-b2835c7028c1ffaf06eb66ad66a8b793\"><strong>Higueruela \u00e0 Chinchilla (875 m) \u2013 29 km \u2013 Mont\u00e9e totale 250 m<\/strong><\/p>\n\n\n\n<p class=\"has-black-color has-text-color has-link-color wp-elements-0355d3343401baef0f7b873be2ac52a3\">L\u2019\u00e9tape se d\u00e9roule au milieu de grandes plaines, des pins, des ch\u00eanes verts et des amandiers. Sur le chemin, on peut d\u00e9couvrir de petits abris de pierre appel\u00e9s \u00ab&nbsp;<strong>cubillos<\/strong>&nbsp;\u00bb. Apr\u00e8s <strong>Oncebreros<\/strong>, une halte \u00e0 <strong>Hoya Gonzalo<\/strong> (940 m) s\u2019impose au niveau d\u2019un petit mus\u00e9e devant lequel a \u00e9t\u00e9 \u00e9rig\u00e9e une r\u00e9plique du <strong>cavalier d\u2019Hoya Gonzalo<\/strong> ainsi qu\u2019\u00e0 la Necropolis de los Villares (gisement arch\u00e9ologique). A <strong>Chinchilla de Monte Aragon <\/strong>on se dirige vers la ville haute pour admirer de <strong>majestueuses vieilles demeures<\/strong>, le magnifique <strong>Castillo Xerif-El-Edrisi<\/strong> (douves de grande profondeur) et de nombreuses maisons troglodytes. Plus pr\u00e9cis\u00e9ment, sur cette hauteur, on d\u00e9couvrira <strong>le couvent de los Dominicos, l\u2019Hospital San Julian, l\u2019\u00e9glise de la Natividad, la Plaza de la Tercia, les bains arabes, le clo\u00eetre mudejar et le Conjunto de casas blasonadas<\/strong>.<\/p>\n\n\n\n<p class=\"has-text-align-center\"><a href=\"https:\/\/photos.app.goo.gl\/FA7oJse1HmviRjtL6\">https:\/\/photos.app.goo.gl\/FA7oJse1HmviRjtL6<\/a><\/p>\n<\/div><\/div>\n\n\n\n<p class=\"has-text-align-center\">.<\/p>\n\n\n\n<div class=\"wp-block-media-text has-media-on-the-right is-stacked-on-mobile\" style=\"grid-template-columns:auto 20%\"><div class=\"wp-block-media-text__content\">\n<p class=\"has-vivid-red-color has-text-color has-link-color has-medium-font-size wp-elements-b6fcc85421435f2c048c0b5cf53027c2\"><strong>Chinchilla \u00e0 Albacete (670 m) \u2013 18 km<\/strong><\/p>\n\n\n\n<p class=\"has-black-color has-text-color has-link-color wp-elements-5fbb4157e2ceabb8d2d2d66201475df1\">Cette \u00e9tape tr\u00e8s courte se d\u00e9roule parmi les cultures c\u00e9r\u00e9ali\u00e8res et les jach\u00e8res. Deux haciendas sur le chemin&nbsp;: Venta de la Paloma (835 m) et Casa la Alberiza (765 m). <strong>Albacete<\/strong>, ville de plus de 170&nbsp;000 habitants, est la plus importante de Castille la Manche. Son nom viendrait de l\u2019arabe Al Bas\u00eet signifiant \u00ab&nbsp;la plaine&nbsp;\u00bb. La ville a \u00e9t\u00e9 fond\u00e9e \u00e0 l\u2019\u00e9poque romaine sur le site d\u2019un village de Volques, un peuple celtib\u00e8re. La domination musulmane commence en 713 se montrant tol\u00e9rante envers les juifs et les chr\u00e9tiens. Au cours de la guerre civile espagnole, Albacete fut le quartier des \u00ab&nbsp;Brigades internationales&nbsp;\u00bb et de la force a\u00e9rienne r\u00e9publicaine et \u00e0 ce titre fut bombard\u00e9e par la l\u00e9gion Condor en f\u00e9vrier 1 937.<\/p>\n<\/div><figure class=\"wp-block-media-text__media\"><img loading=\"lazy\" decoding=\"async\" width=\"1024\" height=\"987\" src=\"https:\/\/yvcharron.com\/wp-content\/uploads\/2024\/08\/10a_Alba_Sphinx_20240428-1024x987.jpg\" alt=\" Albacete, ville de plus de 170\u00a0000 habitants de Castille la Manche. Son nom viendrait de l\u2019arabe Al Bas\u00eet signifiant \u00ab\u00a0la plaine\u00a0\u00bb. La ville a \u00e9t\u00e9 fond\u00e9e \u00e0 l\u2019\u00e9poque romaine sur le site d\u2019un village de Volques, un peuple celtib\u00e8re.\" class=\"wp-image-4171 size-full\" srcset=\"https:\/\/yvcharron.com\/wp-content\/uploads\/2024\/08\/10a_Alba_Sphinx_20240428-1024x987.jpg 1024w, https:\/\/yvcharron.com\/wp-content\/uploads\/2024\/08\/10a_Alba_Sphinx_20240428-300x289.jpg 300w, https:\/\/yvcharron.com\/wp-content\/uploads\/2024\/08\/10a_Alba_Sphinx_20240428-768x740.jpg 768w, https:\/\/yvcharron.com\/wp-content\/uploads\/2024\/08\/10a_Alba_Sphinx_20240428-1536x1480.jpg 1536w, https:\/\/yvcharron.com\/wp-content\/uploads\/2024\/08\/10a_Alba_Sphinx_20240428-2048x1973.jpg 2048w, https:\/\/yvcharron.com\/wp-content\/uploads\/2024\/08\/10a_Alba_Sphinx_20240428-1121x1080.jpg 1121w\" sizes=\"auto, (max-width: 1024px) 100vw, 1024px\" \/><\/figure><\/div>\n\n\n\n<p class=\"has-text-align-center\">.<\/p>\n\n\n\n<div class=\"wp-block-media-text is-stacked-on-mobile\" style=\"grid-template-columns:21% auto\"><figure class=\"wp-block-media-text__media\"><img loading=\"lazy\" decoding=\"async\" width=\"1024\" height=\"812\" src=\"https:\/\/yvcharron.com\/wp-content\/uploads\/2024\/08\/10b_Alba_MusCout_20240427-1-1024x812.jpg\" alt=\"La ville comporte un grand nombre de mus\u00e9es dont le mus\u00e9e du couteau avec sa fa\u00e7ade de style n\u00e9ogothique comportant des azulejos verts et de beaux pinacles. \" class=\"wp-image-4173 size-full\" srcset=\"https:\/\/yvcharron.com\/wp-content\/uploads\/2024\/08\/10b_Alba_MusCout_20240427-1-1024x812.jpg 1024w, https:\/\/yvcharron.com\/wp-content\/uploads\/2024\/08\/10b_Alba_MusCout_20240427-1-300x238.jpg 300w, https:\/\/yvcharron.com\/wp-content\/uploads\/2024\/08\/10b_Alba_MusCout_20240427-1-768x609.jpg 768w, https:\/\/yvcharron.com\/wp-content\/uploads\/2024\/08\/10b_Alba_MusCout_20240427-1-1536x1218.jpg 1536w, https:\/\/yvcharron.com\/wp-content\/uploads\/2024\/08\/10b_Alba_MusCout_20240427-1-2048x1624.jpg 2048w, https:\/\/yvcharron.com\/wp-content\/uploads\/2024\/08\/10b_Alba_MusCout_20240427-1-1362x1080.jpg 1362w\" sizes=\"auto, (max-width: 1024px) 100vw, 1024px\" \/><\/figure><div class=\"wp-block-media-text__content\">\n<p class=\"has-vivid-cyan-blue-color has-text-color has-link-color wp-elements-55e47170d6c4b10c090e6542251eb019\"><strong>Albacete &#8211; <\/strong>La ville est sp\u00e9cialis\u00e9e dans la coutellerie d\u2019o\u00f9 les nombreuses boutiques ainsi qu\u2019un mus\u00e9e (Photo ci-contre) montrant le savoir-faire des espagnols. Autres points d\u2019int\u00e9r\u00eat la <strong>cath\u00e9drale San Juan<\/strong>, <strong>l\u2019auberge de la rue Rosario<\/strong> du 16<sup>\u00e8me<\/sup> (cour Renaissance, un petit clo\u00eetre et une galerie en bois), <strong>l\u2019ancien h\u00f4tel de ville<\/strong> de la fin du 19<sup>\u00e8me<\/sup>, les <strong>ar\u00e8nes<\/strong> construites en 1 829, la <strong>Casa Perona<\/strong> (petit palais particulier), le <strong>Centre culturel de l\u2019Asuncion<\/strong> (ancien couvent de style Renaissance), le <strong>Coll\u00e8ge des architectes<\/strong> (abondance d\u00e9corative et fa\u00e7ade recouverte de briques vitrifi\u00e9es vertes), le nouvel h\u00f4tel de ville (9 \u00e9tages), le th\u00e9\u00e2tre cirque, le <strong>passage de Lodares<\/strong> (colonnes lat\u00e9rales surmont\u00e9es de balcons et loges aux extr\u00e9mit\u00e9s), le <strong>Deposito del sol<\/strong> (grand b\u00e2timent cylindrique construit pour le contr\u00f4le de l\u2019eau puis am\u00e9nag\u00e9 en biblioth\u00e8que avec rayonnage circulaire) et de nombreux \u00e9difices modernistes ou n\u00e9oclassiques.<\/p>\n\n\n\n<p class=\"has-text-align-center\"><a href=\"https:\/\/photos.app.goo.gl\/uwg1Y8GYBbVxetGK9\">https:\/\/photos.app.goo.gl\/uwg1Y8GYBbVxetGK9<\/a><\/p>\n<\/div><\/div>\n\n\n\n<p class=\"has-text-align-center\">.<\/p>\n\n\n\n<div class=\"wp-block-media-text has-media-on-the-right is-stacked-on-mobile\" style=\"grid-template-columns:auto 22%\"><div class=\"wp-block-media-text__content\">\n<p class=\"has-vivid-red-color has-text-color has-link-color wp-elements-b609cdab98045535a5a35f0cc0dbd27e\">La construction de la <strong>cath\u00e9drale San Juan<\/strong> commen\u00e7a en 1 515 mais ce n\u2019est qu\u2019au 20<sup>\u00e8me<\/sup> si\u00e8cle qu\u2019elle se termina. Il faut remarquer \u00e0 l\u2019int\u00e9rieur la toile la plus grande du monde, \u0153uvre d\u2019un seul artiste, ainsi que la chapelle de Los Llanos.<\/p>\n\n\n\n<p class=\"has-text-align-center\"><a href=\"https:\/\/photos.app.goo.gl\/fxPqCTBJXfWCbNWb8\">https:\/\/photos.app.goo.gl\/fxPqCTBJXfWCbNWb8<\/a><\/p>\n\n\n\n<p><\/p>\n<\/div><figure class=\"wp-block-media-text__media\"><img loading=\"lazy\" decoding=\"async\" width=\"1024\" height=\"760\" src=\"https:\/\/yvcharron.com\/wp-content\/uploads\/2024\/08\/10c_Alba_Cat-20240427-1024x760.jpg\" alt=\"La construction de la cath\u00e9drale San Juan commen\u00e7a en 1 515. Il faut remarquer \u00e0 l\u2019int\u00e9rieur la toile la plus grande du monde, \u0153uvre d\u2019un seul artiste, ainsi que la chapelle de Los Llanos.\" class=\"wp-image-4174 size-full\" srcset=\"https:\/\/yvcharron.com\/wp-content\/uploads\/2024\/08\/10c_Alba_Cat-20240427-1024x760.jpg 1024w, https:\/\/yvcharron.com\/wp-content\/uploads\/2024\/08\/10c_Alba_Cat-20240427-300x223.jpg 300w, https:\/\/yvcharron.com\/wp-content\/uploads\/2024\/08\/10c_Alba_Cat-20240427-768x570.jpg 768w, https:\/\/yvcharron.com\/wp-content\/uploads\/2024\/08\/10c_Alba_Cat-20240427-1536x1140.jpg 1536w, https:\/\/yvcharron.com\/wp-content\/uploads\/2024\/08\/10c_Alba_Cat-20240427-2048x1520.jpg 2048w, https:\/\/yvcharron.com\/wp-content\/uploads\/2024\/08\/10c_Alba_Cat-20240427-1455x1080.jpg 1455w\" sizes=\"auto, (max-width: 1024px) 100vw, 1024px\" \/><\/figure><\/div>\n\n\n\n<p class=\"has-text-align-center\">.<\/p>\n\n\n\n<div class=\"wp-block-media-text is-stacked-on-mobile\" style=\"grid-template-columns:20% auto\"><figure class=\"wp-block-media-text__media\"><img loading=\"lazy\" decoding=\"async\" width=\"1024\" height=\"971\" src=\"https:\/\/yvcharron.com\/wp-content\/uploads\/2024\/08\/10d_Alba_Hoyo_20240426-2-1024x971.jpg\" alt=\"Le mus\u00e9e d\u2019Albacete comporte une importante collection de sculptures ib\u00e9riques telles que les cavaliers de los Villares de Hoya Gonzalo \" class=\"wp-image-4177 size-full\" srcset=\"https:\/\/yvcharron.com\/wp-content\/uploads\/2024\/08\/10d_Alba_Hoyo_20240426-2-1024x971.jpg 1024w, https:\/\/yvcharron.com\/wp-content\/uploads\/2024\/08\/10d_Alba_Hoyo_20240426-2-300x284.jpg 300w, https:\/\/yvcharron.com\/wp-content\/uploads\/2024\/08\/10d_Alba_Hoyo_20240426-2-768x728.jpg 768w, https:\/\/yvcharron.com\/wp-content\/uploads\/2024\/08\/10d_Alba_Hoyo_20240426-2-1536x1456.jpg 1536w, https:\/\/yvcharron.com\/wp-content\/uploads\/2024\/08\/10d_Alba_Hoyo_20240426-2-2048x1941.jpg 2048w, https:\/\/yvcharron.com\/wp-content\/uploads\/2024\/08\/10d_Alba_Hoyo_20240426-2-1139x1080.jpg 1139w\" sizes=\"auto, (max-width: 1024px) 100vw, 1024px\" \/><\/figure><div class=\"wp-block-media-text__content\">\n<p class=\"has-vivid-red-color has-text-color has-link-color wp-elements-f76c73fb8086b48ed238f103d9a59157\">La ville comporte de nombreuses zones vertes dont le jardin de la Castille-la Manche. La ville comporte \u00e9galement un grand nombre de mus\u00e9es dont le <strong>mus\u00e9e du couteau<\/strong> (Photo ci-dessus) avec sa fa\u00e7ade de style n\u00e9ogothique comportant des azulejos verts et de beaux pinacles. Le <strong>mus\u00e9e d\u2019Albacete<\/strong> comporte une importante collection de sculptures ib\u00e9riques telles que les <strong>cavaliers de los Villares de Hoya Gonzalo<\/strong> (Photo ci-contre). Le <strong>mus\u00e9e municipal<\/strong> (l\u2019ancienne mairie) est ax\u00e9 sur l\u2019art populaire de diff\u00e9rentes r\u00e9gions du monde.<\/p>\n\n\n\n<p class=\"has-text-align-center\"><a href=\"https:\/\/photos.app.goo.gl\/wyj1g63M91wfLh9FA\">https:\/\/photos.app.goo.gl\/wyj1g63M91wfLh9FA<\/a><\/p>\n\n\n\n<p class=\"has-text-align-center\"><a href=\"https:\/\/photos.app.goo.gl\/Bcdyh3i6A4wZLYFCA\">https:\/\/photos.app.goo.gl\/Bcdyh3i6A4wZLYFCA<\/a><\/p>\n<\/div><\/div>\n\n\n\n<p class=\"has-text-align-center\">.<\/p>\n\n\n\n<div class=\"wp-block-media-text has-media-on-the-right is-stacked-on-mobile\" style=\"grid-template-columns:auto 15%\"><div class=\"wp-block-media-text__content\">\n<p class=\"has-vivid-red-color has-text-color has-link-color has-medium-font-size wp-elements-b8febfd42d5755e31e0c27bc6d7088d4\"><strong>Albacete \u00e0 la Roda (715 m) \u2013 40 km<\/strong><\/p>\n\n\n\n<p class=\"has-black-color has-text-color has-link-color wp-elements-3159a28a205a285277d1f925252f7a48\">Cette \u00e9tape se d\u00e9roule en deux parties&nbsp;: une premi\u00e8re longue de 18.5 km dans une r\u00e9gion assez d\u00e9sertique pour rejoindre la petite ville de la <strong>Gineta<\/strong> (l\u2019\u00e9glise San Martin) et une seconde de 21.5 km menant \u00e0 la <strong>Roda <\/strong>(15&nbsp;000 hab). La vieille ville a \u00e9t\u00e9 d\u00e9clar\u00e9e complexe historico artistique en 1973. On peut y voir <strong>l\u2019\u00e9glise San Salvador<\/strong> de style Renaissance du 15<sup>\u00e8me<\/sup> (construite sur des vestiges de style gothique), la <strong>Casa del Inquisator<\/strong>, la <strong>Casa de Los Atienza<\/strong>, le <strong>Palacio de los Condes de Villaleal<\/strong> de style Rococo du 17<sup>\u00e8me<\/sup> (balustrades et balcons), le <strong>palais du Dr La Encina<\/strong> (Belle fa\u00e7ade et beaux blasons) ainsi que la <strong>Casa de los Alca\u00f1abate<\/strong> du 17<sup>\u00e8me<\/sup>. A la <strong>Posada del Sol<\/strong> (centre culturel) une grande collection de livres sur Don Quijote dans plusieurs langues. La ville regroupe un grand nombre d\u2019\u00e9difices anciens pr\u00e9sentant de belles fa\u00e7ades avec des ornements h\u00e9raldiques. Une sp\u00e9cialit\u00e9 gastronomique locale : les <strong>Megualitos<\/strong>, une sorte de g\u00e2teau sec.<\/p>\n\n\n\n<p class=\"has-text-align-center\"><a href=\"https:\/\/photos.app.goo.gl\/rPJgAXBVpKueq9MV8\">https:\/\/photos.app.goo.gl\/rPJgAXBVpKueq9MV8<\/a><\/p>\n<\/div><figure class=\"wp-block-media-text__media\"><img loading=\"lazy\" decoding=\"async\" width=\"638\" height=\"1024\" src=\"https:\/\/yvcharron.com\/wp-content\/uploads\/2024\/08\/11_Roda_20240428-1-638x1024.jpg\" alt=\"La vieille ville de la Roda a \u00e9t\u00e9 d\u00e9clar\u00e9e complexe historico artistique en 1973. On peut y voir l\u2019\u00e9glise San Salvador de style Renaissance du 15\u00e8me (construite sur des vestiges de style gothique), la Casa del Inquisator, la Casa de Los Atienza, le Palacio de los Condes de Villaleal de style Rococo du 17\u00e8me (balustrades et balcons), le palais du Dr La Encina (Belle fa\u00e7ade et beaux blasons) ainsi que la Casa de los Alca\u00f1abate du 17\u00e8me\" class=\"wp-image-4179 size-full\" srcset=\"https:\/\/yvcharron.com\/wp-content\/uploads\/2024\/08\/11_Roda_20240428-1-638x1024.jpg 638w, https:\/\/yvcharron.com\/wp-content\/uploads\/2024\/08\/11_Roda_20240428-1-187x300.jpg 187w, https:\/\/yvcharron.com\/wp-content\/uploads\/2024\/08\/11_Roda_20240428-1-768x1232.jpg 768w, https:\/\/yvcharron.com\/wp-content\/uploads\/2024\/08\/11_Roda_20240428-1-958x1536.jpg 958w, https:\/\/yvcharron.com\/wp-content\/uploads\/2024\/08\/11_Roda_20240428-1-1277x2048.jpg 1277w, https:\/\/yvcharron.com\/wp-content\/uploads\/2024\/08\/11_Roda_20240428-1-1024x1642.jpg 1024w, https:\/\/yvcharron.com\/wp-content\/uploads\/2024\/08\/11_Roda_20240428-1-673x1080.jpg 673w, https:\/\/yvcharron.com\/wp-content\/uploads\/2024\/08\/11_Roda_20240428-1-scaled.jpg 1596w\" sizes=\"auto, (max-width: 638px) 100vw, 638px\" \/><\/figure><\/div>\n\n\n\n<p class=\"has-text-align-center\">.<\/p>\n\n\n\n<div class=\"wp-block-media-text is-stacked-on-mobile\" style=\"grid-template-columns:22% auto\"><figure class=\"wp-block-media-text__media\"><img loading=\"lazy\" decoding=\"async\" width=\"1024\" height=\"792\" src=\"https:\/\/yvcharron.com\/wp-content\/uploads\/2024\/08\/12_S-Clemente_20240429-1024x792.jpg\" alt=\"A San Clemente (7\u00a0000 hab), on d\u00e9couvre de nombreux \u00e9difices moyen\u00e2geux. Au centre, la magnifique Casa Consistorial, un b\u00e2timent de style Renaissance du 16\u00e8me \u00e0 deux \u00e9tages, juxtapos\u00e9 \u00e0 une tour, d\u00e9cor\u00e9 des armoiries royales d\u2019Autriche (Habsbourg), comportant des galeries \u00e0 portiques \u00e0 deux \u00e9tages, sept ouvertures et des colonnes doriques. Pr\u00e8s de cette place, un arc romain, la Torre Vieja et l\u2019\u00e9glise Santiago.\" class=\"wp-image-4182 size-full\" srcset=\"https:\/\/yvcharron.com\/wp-content\/uploads\/2024\/08\/12_S-Clemente_20240429-1024x792.jpg 1024w, https:\/\/yvcharron.com\/wp-content\/uploads\/2024\/08\/12_S-Clemente_20240429-300x232.jpg 300w, https:\/\/yvcharron.com\/wp-content\/uploads\/2024\/08\/12_S-Clemente_20240429-768x594.jpg 768w, https:\/\/yvcharron.com\/wp-content\/uploads\/2024\/08\/12_S-Clemente_20240429-1536x1188.jpg 1536w, https:\/\/yvcharron.com\/wp-content\/uploads\/2024\/08\/12_S-Clemente_20240429-2048x1584.jpg 2048w, https:\/\/yvcharron.com\/wp-content\/uploads\/2024\/08\/12_S-Clemente_20240429-1396x1080.jpg 1396w\" sizes=\"auto, (max-width: 1024px) 100vw, 1024px\" \/><\/figure><div class=\"wp-block-media-text__content\">\n<p class=\"has-vivid-red-color has-text-color has-link-color has-medium-font-size wp-elements-98d9bfab1bdcafb5518a0c7a59308fe3\"><strong>La Roda \u00e0 S. Clemente (700 m)\u201335 km<\/strong><\/p>\n\n\n\n<p class=\"has-black-color has-text-color has-link-color wp-elements-c55ca76d8d2a8ab747c8e43200146bb9\">Apr\u00e8s quelques cubillos, des vignes et des amandiers, le premier village rencontr\u00e9 est <strong>Minaya<\/strong> avec sa belle \u00e9glise Santiago sur la place centrale pr\u00e8s d\u2019une fontaine originale. En sortant de la ville, la Casa Consistorial (mairie) avec colonnes et balcons et plus loin les effigies de Don Quijote et de son compagnon, \u0153uvre d\u2019un artiste local. A <strong>Casas de Los Pinos<\/strong>, l\u2019\u00e9glise Ntra Sra de la Purification situ\u00e9e \u00e0 la jonction de deux rues. En chemin un tr\u00e8s beau champ de coquelicots. Arriv\u00e9s \u00e0 <strong>San Clemente<\/strong> (7&nbsp;000 hab), on d\u00e9couvre une tr\u00e8s belle ville comprenant de nombreux \u00e9difices moyen\u00e2geux. Au centre, la magnifique <strong>Casa Consistorial, un b\u00e2timent de style Renaissance<\/strong> du 16<sup>\u00e8me<\/sup> \u00e0 deux \u00e9tages, juxtapos\u00e9 \u00e0 une tour, d\u00e9cor\u00e9 des armoiries royales d\u2019Autriche (Habsbourg), comportant des galeries \u00e0 portiques \u00e0 deux \u00e9tages, sept ouvertures et des colonnes doriques (Photo ci-contre). Pr\u00e8s de cette place, <strong>un arc romain, la Torre Vieja et l\u2019\u00e9glise Santiago<\/strong>. Plus loin, les couvents San Francisco, des Clarisses et des Trinitaires ainsi que l\u2019ermitage San Roque.<\/p>\n\n\n\n<p class=\"has-text-align-center\"><a href=\"https:\/\/photos.app.goo.gl\/J3EEu3FWG6rcnyQ57\">https:\/\/photos.app.goo.gl\/J3EEu3FWG6rcnyQ57<\/a><\/p>\n<\/div><\/div>\n\n\n\n<p class=\"has-text-align-center\">.<\/p>\n\n\n\n<div class=\"wp-block-media-text has-media-on-the-right is-stacked-on-mobile\" style=\"grid-template-columns:auto 20%\"><div class=\"wp-block-media-text__content\">\n<p class=\"has-vivid-red-color has-text-color has-link-color has-medium-font-size wp-elements-b56cf9321064ea6d80007449ab560ee1\"><strong>San Clemente \u00e0 Las Pedro\u00f1eras (680 m) \u2013 24 km<\/strong><\/p>\n\n\n\n<p class=\"has-text-align-left has-black-color has-text-color has-link-color wp-elements-56479d086a581facdff28395a2e83799\">Marche tout d\u2019abord sur la \u00ab&nbsp;Ruta de Don Quijote&nbsp;\u00bb. Apr\u00e8s 16 km l\u2019on d\u00e9couvre les ruines du ch\u00e2teau <strong>Santiago de la Torre<\/strong>. Sur le chemin, les entr\u00e9es de certaines propri\u00e9t\u00e9s viticoles sont marqu\u00e9es par <strong>d\u2019\u00e9normes jarres<\/strong> (Photo ci-contre) qui servaient autrefois \u00e0 stocker le vin. 8 km plus loin, arriv\u00e9e \u00e0 <strong>Pedro\u00f1eras<\/strong> capitale de l\u2019ail (sculpture au centre d\u2019une place) et r\u00e9gion vinicole. Dans la ville (6&nbsp;500 hab) on peut voir l\u2019\u00e9glise Ntra Sra de la Asuncion, l\u2019Ermita del Santo Sepulcro et la Casa Palacio de los Molinas. Le 30 avril est la nuit o\u00f9 les habitants <strong>d\u00e9dient les chants de mai de la Mancha \u00e0 la patronne ND Reine des Anges<\/strong>. Les gar\u00e7ons visitent ensuite les maisons des filles pour jouer et chanter le mai.<\/p>\n\n\n\n<p class=\"has-text-align-center\"><a href=\"https:\/\/photos.app.goo.gl\/nqMEpKm2W5m7E8ci8\">https:\/\/photos.app.goo.gl\/nqMEpKm2W5m7E8ci8<\/a><\/p>\n<\/div><figure class=\"wp-block-media-text__media\"><img loading=\"lazy\" decoding=\"async\" width=\"1024\" height=\"822\" src=\"https:\/\/yvcharron.com\/wp-content\/uploads\/2024\/08\/13_Pedroneras_20240430-1024x822.jpg\" alt=\"Entre San Clemente et las Pedro\u00f1eras, les entr\u00e9es de certaines propri\u00e9t\u00e9s viticoles sont marqu\u00e9es par d\u2019\u00e9normes jarres qui servaient autrefois \u00e0 stocker le vin.\" class=\"wp-image-4183 size-full\" srcset=\"https:\/\/yvcharron.com\/wp-content\/uploads\/2024\/08\/13_Pedroneras_20240430-1024x822.jpg 1024w, https:\/\/yvcharron.com\/wp-content\/uploads\/2024\/08\/13_Pedroneras_20240430-300x241.jpg 300w, https:\/\/yvcharron.com\/wp-content\/uploads\/2024\/08\/13_Pedroneras_20240430-768x617.jpg 768w, https:\/\/yvcharron.com\/wp-content\/uploads\/2024\/08\/13_Pedroneras_20240430-1536x1233.jpg 1536w, https:\/\/yvcharron.com\/wp-content\/uploads\/2024\/08\/13_Pedroneras_20240430-2048x1644.jpg 2048w, https:\/\/yvcharron.com\/wp-content\/uploads\/2024\/08\/13_Pedroneras_20240430-1345x1080.jpg 1345w\" sizes=\"auto, (max-width: 1024px) 100vw, 1024px\" \/><\/figure><\/div>\n\n\n\n<p class=\"has-text-align-center\">.<\/p>\n\n\n\n<div class=\"wp-block-media-text is-stacked-on-mobile\" style=\"grid-template-columns:17% auto\"><figure class=\"wp-block-media-text__media\"><img loading=\"lazy\" decoding=\"async\" width=\"840\" height=\"1024\" src=\"https:\/\/yvcharron.com\/wp-content\/uploads\/2024\/08\/14_El-Toboso_20240502-840x1024.jpg\" alt=\"El Toboso regroupe de tr\u00e8s nombreuses richesses historiques et architecturales\u00a0: plusieurs \u00e9glises dont celle de San Antonio Abad (Orden de Caballeria de Santiago du 15\u00e8me).\u00a0On y trouve \u00e9galement deux mus\u00e9es, un d\u00e9di\u00e9 \u00e0 Dulcinea, la fianc\u00e9e imaginaire de Don Quijote ainsi que le Cervantino comprenant des \u00e9ditions de Don Quijote dans de nombreuses langues.\" class=\"wp-image-4184 size-full\" srcset=\"https:\/\/yvcharron.com\/wp-content\/uploads\/2024\/08\/14_El-Toboso_20240502-840x1024.jpg 840w, https:\/\/yvcharron.com\/wp-content\/uploads\/2024\/08\/14_El-Toboso_20240502-246x300.jpg 246w, https:\/\/yvcharron.com\/wp-content\/uploads\/2024\/08\/14_El-Toboso_20240502-768x937.jpg 768w, https:\/\/yvcharron.com\/wp-content\/uploads\/2024\/08\/14_El-Toboso_20240502-1259x1536.jpg 1259w, https:\/\/yvcharron.com\/wp-content\/uploads\/2024\/08\/14_El-Toboso_20240502-1679x2048.jpg 1679w, https:\/\/yvcharron.com\/wp-content\/uploads\/2024\/08\/14_El-Toboso_20240502-1024x1249.jpg 1024w, https:\/\/yvcharron.com\/wp-content\/uploads\/2024\/08\/14_El-Toboso_20240502-885x1080.jpg 885w\" sizes=\"auto, (max-width: 840px) 100vw, 840px\" \/><\/figure><div class=\"wp-block-media-text__content\">\n<p class=\"has-vivid-red-color has-text-color has-link-color has-medium-font-size wp-elements-237333562101fe2b41f4a1c2410b3c06\"><strong>Las Pedro\u00f1eras \u00e0 El Toboso (700 m) \u2013 36 km \u2013 Mont\u00e9e totale 300 m<\/strong><\/p>\n\n\n\n<p class=\"has-black-color has-text-color has-link-color wp-elements-9e43f2a41255723eaf1fa9679ffb7385\">Cette \u00e9tape se d\u00e9roule dans les vignes et les oliviers au pays de Don Quijote et des moulins. Premier moulin rencontr\u00e9 \u00e0 <strong>El Pedernoso<\/strong> o\u00f9 il convient de voir la Casa Consistorial, le Palacio de los Marqueses de Garnica et le jardin public. Plus loin, le village de <strong>Santa Maria de Los Llanos<\/strong> o\u00f9 l\u2019on peut voir l\u2019\u00e9glise paroissiale et l\u2019Aljibe, un r\u00e9servoir d\u2019eau de l\u2019\u00e9poque romaine. A <strong>Mota del Cuervo<\/strong> (6&nbsp;000 hab), l\u2019\u00e9glise San Miguel d\u2019Arcangel, l\u2019ancien h\u00f4pital Santiago (ferm\u00e9 au 19<sup>\u00e8me<\/sup>), la Casona de los Condes de Campilo et de nombreux moulins. <strong>El Toboso<\/strong> regroupe de tr\u00e8s nombreuses richesses historiques et architecturales&nbsp;: plusieurs \u00e9glises dont celle de <strong>San Antonio Abad<\/strong> (Orden de Caballeria de Santiago du 15<sup>\u00e8me<\/sup> \u2013 Photo ci-contre)&nbsp;; des monast\u00e8res dont l\u2019Immaculada conception y San Jos\u00e9, las Trinitarias Contemplativas, las Recoletas et le couvent des Hermanas Clarisas (1515). On y trouve \u00e9galement deux mus\u00e9es, un d\u00e9di\u00e9 \u00e0 Dulcinea, la fianc\u00e9e imaginaire de Don Quijote ainsi que le Cervantino comprenant des \u00e9ditions de Don Quijote dans de nombreuses langues.<\/p>\n\n\n\n<p class=\"has-text-align-center\"><a href=\"https:\/\/photos.app.goo.gl\/JP2FMHJBLNqCguSS9\">https:\/\/photos.app.goo.gl\/JP2FMHJBLNqCguSS9<\/a><\/p>\n<\/div><\/div>\n\n\n\n<p class=\"has-text-align-center\">.<\/p>\n\n\n\n<div class=\"wp-block-media-text has-media-on-the-right is-stacked-on-mobile\" style=\"grid-template-columns:auto 16%\"><div class=\"wp-block-media-text__content\">\n<p class=\"has-vivid-red-color has-text-color has-link-color has-medium-font-size wp-elements-f921beb502396e7de43d54b1bad3ff2b\"><strong>El Toboso \u00e0 Villa Don Fadrique (650 m) \u2013 29 km<\/strong><\/p>\n\n\n\n<p class=\"has-black-color has-text-color has-link-color wp-elements-63cebffb73c736134f6ec8bed80521c5\">Chemin faisant, passant par <strong>Quintanar de la Orden<\/strong> <strong>de Santiago<\/strong> (Photo ci-contre), on pourra visiter <strong>l\u2019\u00e9glise de Santiago de la Espada<\/strong>, voir un <strong>Rollo<\/strong> (Pilori pr\u00e8s duquel se rendait la justice) et \u00e9ventuellement les ermitages de la Piedad, de SanAnton, de San Sebastian, le palais de Rada et la maison du Vice-roi. Poursuivant le chemin au milieu des vignes, on atteint <strong>La Puebla de Almoradiel<\/strong> riche de nombreux \u00e9difices religieux&nbsp;: l\u2019Ermita de Santa Ana (Renaissance baroque), l\u2019ermita de N.S. del Egido du 16<sup>\u00e8me<\/sup> si\u00e8cle, l\u2019\u00e9glise St Jean de style roman (du 12 au 14<sup>\u00e8me<\/sup> ) ainsi que de nombreux ermitages. A <strong>Villa Don Fadrique<\/strong> (3&nbsp;500 hab), l\u2019\u00e9glise de la Asuncion, des sites arch\u00e9ologiques, la chapelle Santisimo dl Consuelo, des manoirs du 15 au 18<sup>\u00e8me<\/sup> et la maison du Marquis de Mudela.<\/p>\n\n\n\n<p class=\"has-text-align-center\"><a href=\"https:\/\/photos.app.goo.gl\/xnng62KGoWnotpue8\">https:\/\/photos.app.goo.gl\/xnng62KGoWnotpue8<\/a><\/p>\n<\/div><figure class=\"wp-block-media-text__media\"><img loading=\"lazy\" decoding=\"async\" width=\"788\" height=\"1024\" src=\"https:\/\/yvcharron.com\/wp-content\/uploads\/2024\/08\/15_Vil-Dn-Fadrique_20240502-788x1024.jpg\" alt=\"Entre El Toboso et Villa Don Fadrique, on passe par Quintanar de la Orden de Santiago. On pourra visiter l\u2019\u00e9glise de Santiago de la Espada, voir un Rollo (Pilori pr\u00e8s duquel se rendait la justice) et \u00e9ventuellement les ermitages de la Piedad, de SanAnton, de San Sebastian, le palais de Rada et la maison du Vice-roi. \" class=\"wp-image-4185 size-full\" srcset=\"https:\/\/yvcharron.com\/wp-content\/uploads\/2024\/08\/15_Vil-Dn-Fadrique_20240502-788x1024.jpg 788w, https:\/\/yvcharron.com\/wp-content\/uploads\/2024\/08\/15_Vil-Dn-Fadrique_20240502-231x300.jpg 231w, https:\/\/yvcharron.com\/wp-content\/uploads\/2024\/08\/15_Vil-Dn-Fadrique_20240502-768x998.jpg 768w, https:\/\/yvcharron.com\/wp-content\/uploads\/2024\/08\/15_Vil-Dn-Fadrique_20240502-1182x1536.jpg 1182w, https:\/\/yvcharron.com\/wp-content\/uploads\/2024\/08\/15_Vil-Dn-Fadrique_20240502-1576x2048.jpg 1576w, https:\/\/yvcharron.com\/wp-content\/uploads\/2024\/08\/15_Vil-Dn-Fadrique_20240502-1024x1331.jpg 1024w, https:\/\/yvcharron.com\/wp-content\/uploads\/2024\/08\/15_Vil-Dn-Fadrique_20240502-831x1080.jpg 831w, https:\/\/yvcharron.com\/wp-content\/uploads\/2024\/08\/15_Vil-Dn-Fadrique_20240502-scaled.jpg 1970w\" sizes=\"auto, (max-width: 788px) 100vw, 788px\" \/><\/figure><\/div>\n\n\n\n<p class=\"has-text-align-center\">.<\/p>\n\n\n\n<div class=\"wp-block-media-text is-stacked-on-mobile\" style=\"grid-template-columns:30% auto\"><figure class=\"wp-block-media-text__media\"><img loading=\"lazy\" decoding=\"async\" width=\"1024\" height=\"476\" src=\"https:\/\/yvcharron.com\/wp-content\/uploads\/2024\/08\/16_Tembleque_20240503-1-1024x476.jpg\" alt=\"Tembleque (2\u00a0000 hab) pr\u00e9sente une magnifique plazza mayor de type manch\u00e8que constitu\u00e9e de galeries en bois sur deux \u00e9tages et sur toute la p\u00e9riph\u00e9rie de la place. \" class=\"wp-image-4187 size-full\" srcset=\"https:\/\/yvcharron.com\/wp-content\/uploads\/2024\/08\/16_Tembleque_20240503-1-1024x476.jpg 1024w, https:\/\/yvcharron.com\/wp-content\/uploads\/2024\/08\/16_Tembleque_20240503-1-300x139.jpg 300w, https:\/\/yvcharron.com\/wp-content\/uploads\/2024\/08\/16_Tembleque_20240503-1-768x357.jpg 768w, https:\/\/yvcharron.com\/wp-content\/uploads\/2024\/08\/16_Tembleque_20240503-1-1536x714.jpg 1536w, https:\/\/yvcharron.com\/wp-content\/uploads\/2024\/08\/16_Tembleque_20240503-1-2048x951.jpg 2048w, https:\/\/yvcharron.com\/wp-content\/uploads\/2024\/08\/16_Tembleque_20240503-1-1920x892.jpg 1920w\" sizes=\"auto, (max-width: 1024px) 100vw, 1024px\" \/><\/figure><div class=\"wp-block-media-text__content\">\n<p class=\"has-vivid-red-color has-text-color has-link-color has-medium-font-size wp-elements-fe0f9ce80ed8131451c23fcead700d82\"><strong>Villa Don Fadrique \u00e0 Tembleque (640 m) \u2013 20 km<\/strong><\/p>\n\n\n\n<p>Ce pays est marqu\u00e9 par des graphismes, des sculptures ou des moulins \u00e0 la gloire de Don Quijote, en particulier, les deux magnifiques moulins \u00e0 l\u2019entr\u00e9e de Tembleque. La ville de <strong>Villaca<\/strong><strong>\u00f1<\/strong><strong>as<\/strong> (10&nbsp;000 hab) est atteinte apr\u00e8s 10 km, avec de nombreux ermitages (Conception, San Sebastian et San Roque), l\u2019\u00e9glise de Nra Sra de la Asuncion et plusieurs mus\u00e9es (ethnographique del Silo et de la Tia Sandalla). 19 km plus loin, <strong>Tembleque<\/strong> (2&nbsp;000 hab) pr\u00e9sente une <strong>magnifique plazza mayor <\/strong>de type manch\u00e8que (Photo ci-contre) constitu\u00e9e de galeries en bois sur deux \u00e9tages et sur toute la p\u00e9riph\u00e9rie de la place. On notera \u00e9galement un <strong>Rollo<\/strong> (Pilori), <strong>l\u2019\u00e9glise de la Asunci\u00f3n<\/strong>, <strong>la Casa de Torres<\/strong> (style baroque du 18<sup>\u00e8me<\/sup>) avec des colonnes toscanes d\u2019une grande richesse ornementale, la chapelle Virgen del Rosario et de nombreux ermitages (Vera Cruz, Cristo del Valle, San Anton, N S de Loreto, etc.).<\/p>\n\n\n\n<p><a href=\"https:\/\/photos.app.goo.gl\/BdkbZ6HboFoKnYFXA\">https:\/\/photos.app.goo.gl\/BdkbZ6HboFoKnYFXA<\/a><\/p>\n<\/div><\/div>\n\n\n\n<p class=\"has-text-align-center\">.<\/p>\n\n\n\n<div class=\"wp-block-media-text has-media-on-the-right is-stacked-on-mobile\" style=\"grid-template-columns:auto 23%\"><div class=\"wp-block-media-text__content\">\n<p class=\"has-vivid-red-color has-text-color has-link-color has-medium-font-size wp-elements-b589f21e3c9ec09e99063555c558fc43\"><strong>Tembleque \u00e0 Mora (725 m) \u2013 24 km<\/strong><\/p>\n\n\n\n<p class=\"has-black-color has-text-color has-link-color wp-elements-f45aa520c0e1a47e9ea8f4e1355910af\">Pour cette \u00e9tape deux options&nbsp;: l\u2019une suit le chemin des oliviers, \u00e9tape isol\u00e9e par le Monte del Buey soit 26 km, l\u2019autre passe par le village <strong>Villanueva de Bogas<\/strong> soit 24 km. Ce village de 700 hab, atteint apr\u00e8s 13.5 km, comprend principalement l\u2019\u00e9glise Sainte Anne. 11 km plus loin on atteint la ville de <strong>Mora<\/strong>, o\u00f9 l\u2019on peut visiter <strong>l\u2019\u00e9glise N.S. Altagracia<\/strong> du 16<sup>\u00e8me<\/sup>, la remarquable <strong>mairie de style n\u00e9o mud\u00e9jar<\/strong>, les b\u00e2timents los Suellos de style baroque, plusieurs ermitages dont N.D. Antigua et le Christ Ste Croix mais \u00e9galement le mus\u00e9e Enconmienta consistant en un moulin produisant de l\u2019huile d\u2019olive. Peu avant l\u2019arriv\u00e9e \u00e0 Mora, on aper\u00e7oit sur notre gauche l\u2019imposant <strong>ch\u00e2teau Pe\u00f1as Negras <\/strong>construit par les musulmans au 10<sup>\u00e8me<\/sup>si\u00e8cle.<\/p>\n<\/div><figure class=\"wp-block-media-text__media\"><img loading=\"lazy\" decoding=\"async\" width=\"1024\" height=\"624\" src=\"https:\/\/yvcharron.com\/wp-content\/uploads\/2024\/08\/17_Mora_20240503-1024x624.jpg\" alt=\"Le Camino de Lavante est marqu\u00e9 par des graphismes, des sculptures ou des moulins \u00e0 la gloire de Don Quijote, en particulier, deux magnifiques moulins \u00e0 l\u2019entr\u00e9e de Tembleque. \" class=\"wp-image-4188 size-full\" srcset=\"https:\/\/yvcharron.com\/wp-content\/uploads\/2024\/08\/17_Mora_20240503-1024x624.jpg 1024w, https:\/\/yvcharron.com\/wp-content\/uploads\/2024\/08\/17_Mora_20240503-300x183.jpg 300w, https:\/\/yvcharron.com\/wp-content\/uploads\/2024\/08\/17_Mora_20240503-768x468.jpg 768w, https:\/\/yvcharron.com\/wp-content\/uploads\/2024\/08\/17_Mora_20240503-1536x936.jpg 1536w, https:\/\/yvcharron.com\/wp-content\/uploads\/2024\/08\/17_Mora_20240503-2048x1248.jpg 2048w, https:\/\/yvcharron.com\/wp-content\/uploads\/2024\/08\/17_Mora_20240503-1772x1080.jpg 1772w\" sizes=\"auto, (max-width: 1024px) 100vw, 1024px\" \/><\/figure><\/div>\n\n\n\n<p class=\"has-text-align-center\">.<\/p>\n\n\n\n<div class=\"wp-block-media-text is-stacked-on-mobile\" style=\"grid-template-columns:22% auto\"><figure class=\"wp-block-media-text__media\"><img loading=\"lazy\" decoding=\"async\" width=\"1024\" height=\"709\" src=\"https:\/\/yvcharron.com\/wp-content\/uploads\/2024\/08\/18_Told_Vil_20240504-1-1024x709.jpg\" alt=\"Apr\u00e8s Burguillos de Toledo on traverse Cobisa. Puis on atteint le Puente de Alcantara donnant acc\u00e8s \u00e0 Tol\u00e8de que l\u2019on reconna\u00eet gr\u00e2ce \u00e0 son Alcazar dominant le Tage.\" class=\"wp-image-4190 size-full\" srcset=\"https:\/\/yvcharron.com\/wp-content\/uploads\/2024\/08\/18_Told_Vil_20240504-1-1024x709.jpg 1024w, https:\/\/yvcharron.com\/wp-content\/uploads\/2024\/08\/18_Told_Vil_20240504-1-300x208.jpg 300w, https:\/\/yvcharron.com\/wp-content\/uploads\/2024\/08\/18_Told_Vil_20240504-1-768x532.jpg 768w, https:\/\/yvcharron.com\/wp-content\/uploads\/2024\/08\/18_Told_Vil_20240504-1-1536x1064.jpg 1536w, https:\/\/yvcharron.com\/wp-content\/uploads\/2024\/08\/18_Told_Vil_20240504-1-2048x1418.jpg 2048w, https:\/\/yvcharron.com\/wp-content\/uploads\/2024\/08\/18_Told_Vil_20240504-1-1559x1080.jpg 1559w\" sizes=\"auto, (max-width: 1024px) 100vw, 1024px\" \/><\/figure><div class=\"wp-block-media-text__content\">\n<p class=\"has-vivid-red-color has-text-color has-link-color has-medium-font-size wp-elements-212057f81615d0e97fe7d59b8cb66800\"><strong>Mora \u00e0 Toledo (535 m) \u2013 40 km<\/strong><\/p>\n\n\n\n<p class=\"has-black-color has-text-color has-link-color wp-elements-bfffd3cf68424883544972db81f4b743\">Etape relativement longue parsem\u00e9e de villages espac\u00e9s de champs d\u2019oliviers. Le premier est <strong>Mascaraque<\/strong> o\u00f9 l\u2019on peut voir l\u2019\u00e9glise Santa Maria Magdalena, l\u2019Ermita del Cristo de la Veracruz et le Castillo. Le second <strong>Almonacid de Toledo<\/strong> est c\u00e9l\u00e8bre pour la bataille au cours de la <strong>guerre d\u2019ind\u00e9pendance<\/strong>. Ce nom appara\u00eet sur <strong>l\u2019arc de triomphe<\/strong> \u00e0 Paris. Dans ce village, le Puente romano et le tr\u00e8s imposant Castillo. Le troisi\u00e8me est <strong>Nambroca<\/strong> (5000 hab) avec l\u2019Ermita del Santo Cristo de las Aguas. Apr\u00e8s <strong>Burguillos de Toledo<\/strong> on traverse <strong>Cobisa<\/strong>. Enfin, on atteint le <strong>Puente de Alcantara<\/strong> donnant acc\u00e8s \u00e0 <strong>Tol\u00e8de<\/strong> que l\u2019on reconna\u00eet gr\u00e2ce \u00e0 son <strong>Alcazar<\/strong> dominant le <strong>Tage<\/strong>.<\/p>\n\n\n\n<p class=\"has-text-align-center\"><a href=\"https:\/\/photos.app.goo.gl\/cBHhHVay5FUjhJX39\">https:\/\/photos.app.goo.gl\/cBHhHVay5FUjhJX39<\/a><\/p>\n<\/div><\/div>\n\n\n\n<p class=\"has-text-align-center\">.<\/p>\n\n\n\n<p class=\"has-text-align-left has-vivid-cyan-blue-color has-text-color has-link-color wp-elements-b3115d713275ca58234bef6da821ef63\"><strong>Toledo &#8211; <\/strong>D\u2019un riche pass\u00e9, la ville comprend de nombreux \u00e9difices religieux, civils et culturels&nbsp;: la <strong>cath\u00e9drale<\/strong>, la <strong>Puerta Vieja de Bisagra<\/strong>, l\u2019ermita del Cristo de la Vega, la <strong>Mezquita del Cristo de la Luz<\/strong>, <strong>l\u2019Alcazar<\/strong> et bien d\u2019autres encore. La ville se situe \u00e0 70 km au sud-ouest de Madrid, sur une colline arros\u00e9e par le <strong>Tage <\/strong>entourant la ville dans un m\u00e9andre prononc\u00e9. Apr\u00e8s une forte r\u00e9sistance des premiers occupants, les <strong>Carpetaniens<\/strong>, la ville est conquise en <strong>192 av. JC par les Romains<\/strong>. A partir du <strong>6<sup>\u00e8me<\/sup> si\u00e8cle Tol\u00e8de devient la capitale des Visigoths<\/strong>. En 589, lors du 3<sup>\u00e8me<\/sup> concile (il y en eut 13) les Wisigoths abandonnent l\u2019arianisme pour le catholicisme qui devient la religion officielle. Tol\u00e8de tombe par la suite aux mains des <strong>musulmans en 712<\/strong>. <strong>En 1085<\/strong>, en pleine Reconquista, les chr\u00e9tiens <strong>d\u2019Alphonse VI de Castille reprennent Tol\u00e8de aux Musulmans<\/strong>. En 1391, les pers\u00e9cutions contre les juifs men\u00e9es par l\u2019Inquisition espagnole (1478) conduisent \u00e0 <strong>l\u2019expulsion des juifs d\u2019Espagne en 1492<\/strong>. Au d\u00e9but du 16<sup>\u00e8me<\/sup> si\u00e8cle, l\u2019empereur Charles V y installe sa cour. Pendant la <strong>guerre civile espagnole<\/strong>, les troupes r\u00e9publicaines m\u00e8nent le si\u00e8ge de l\u2019Alcazar (1936) tenu par les nationalistes. La ville est aujourd\u2019hui un centre important de production de couteaux et autres objets en acier. La <strong>gastronomie tol\u00e9dane<\/strong> se caract\u00e9rise surtout par l&#8217;importance du gibier. La friandise la plus c\u00e9l\u00e8bre de la ville est le <strong>massepain<\/strong>.<\/p>\n\n\n\n<p class=\"has-text-align-center\">.<\/p>\n\n\n\n<div class=\"wp-block-media-text has-media-on-the-right is-stacked-on-mobile\" style=\"grid-template-columns:auto 17%\"><div class=\"wp-block-media-text__content\">\n<p class=\"has-vivid-red-color has-text-color has-link-color wp-elements-b64141a566657b6d2ef1d1409172e265\"><strong>La Cath\u00e9drale Santa Maria de Tol\u00e8de, <\/strong>commenc\u00e9e en 1227 sous le r\u00e8gne de Fernando III, a \u00e9t\u00e9 construite dans le style du gothique fran\u00e7ais (Photo ci-contre). Elle ne sera achev\u00e9e qu\u2019\u00e0 la fin du 16<sup>\u00e8me<\/sup> si\u00e8cle avec des ajouts de style espagnol. Le d\u00f4me rempla\u00e7ant la seconde tour, a \u00e9t\u00e9 dessin\u00e9 par <strong>Jorge Manuel Theotocopouli, le fils du Greco.<\/strong> Le <strong>ma\u00eetre-autel<\/strong> est un retable de style flamboyant polychrome qui raconte la vie du Christ. Le <strong>ch\u0153ur<\/strong> contient une s\u00e9rie de <strong>stalles en bois <\/strong>des 15<sup>\u00e8me<\/sup> et 16<sup>\u00e8me<\/sup>dues \u00e0 Rodrigo Alem\u00e1n. La partie sup\u00e9rieure en alb\u00e2tre est due \u00e0 Berruguete et \u00e0 Philippe de Bourgogne. La sacristie contient des <strong>\u0153uvres du Greco (Expolio), Titien, Velazquez, Morales et Caravage<\/strong>. Parmi les autres \u00e9glises de Tol\u00e8de, citons, San Ildefonso (baroque), San Roman (Mozarabe), Santiago del Arrabal (Mud\u00e9jar), Santo Tom\u00e9 (Mud\u00e9jar).<\/p>\n\n\n\n<p class=\"has-text-align-center\"><a href=\"https:\/\/photos.app.goo.gl\/3tyQ9MNQQnkQttoz8\">https:\/\/photos.app.goo.gl\/3tyQ9MNQQnkQttoz8<\/a><\/p>\n<\/div><figure class=\"wp-block-media-text__media\"><img loading=\"lazy\" decoding=\"async\" width=\"878\" height=\"1024\" src=\"https:\/\/yvcharron.com\/wp-content\/uploads\/2024\/08\/18a_Tld_Cat_20240504-878x1024.jpg\" alt=\"La Cath\u00e9drale Santa Maria de Tol\u00e8de, commenc\u00e9e en 1227 sous le r\u00e8gne de Fernando III, a \u00e9t\u00e9 construite dans le style du gothique fran\u00e7ais. Elle ne sera achev\u00e9e qu\u2019\u00e0 la fin du 16\u00e8me si\u00e8cle avec des ajouts de style espagnol\" class=\"wp-image-4195 size-full\" srcset=\"https:\/\/yvcharron.com\/wp-content\/uploads\/2024\/08\/18a_Tld_Cat_20240504-878x1024.jpg 878w, https:\/\/yvcharron.com\/wp-content\/uploads\/2024\/08\/18a_Tld_Cat_20240504-257x300.jpg 257w, https:\/\/yvcharron.com\/wp-content\/uploads\/2024\/08\/18a_Tld_Cat_20240504-768x895.jpg 768w, https:\/\/yvcharron.com\/wp-content\/uploads\/2024\/08\/18a_Tld_Cat_20240504-1318x1536.jpg 1318w, https:\/\/yvcharron.com\/wp-content\/uploads\/2024\/08\/18a_Tld_Cat_20240504-1757x2048.jpg 1757w, https:\/\/yvcharron.com\/wp-content\/uploads\/2024\/08\/18a_Tld_Cat_20240504-1024x1194.jpg 1024w, https:\/\/yvcharron.com\/wp-content\/uploads\/2024\/08\/18a_Tld_Cat_20240504-927x1080.jpg 927w\" sizes=\"auto, (max-width: 878px) 100vw, 878px\" \/><\/figure><\/div>\n\n\n\n<p class=\"has-text-align-center\">.<\/p>\n\n\n\n<div class=\"wp-block-media-text is-stacked-on-mobile\" style=\"grid-template-columns:23% auto\"><figure class=\"wp-block-media-text__media\"><img loading=\"lazy\" decoding=\"async\" width=\"1024\" height=\"759\" src=\"https:\/\/yvcharron.com\/wp-content\/uploads\/2024\/08\/18b_Alcazar_20240506-1024x759.jpg\" alt=\"L\u2019Alcazar de Tol\u00e8de est un \u00e9difice du 16\u00e8me si\u00e8cle de forme rectangulaire situ\u00e9 dans la partie la plus haute de la ville avec une grande esplanade centrale, des tours aux quatre angles et des murs en granit.  De nos jours, l'\u00e9difice accueille la biblioth\u00e8que de Castille-La Manche et le mus\u00e9e de l'Arm\u00e9e.\" class=\"wp-image-4196 size-full\" srcset=\"https:\/\/yvcharron.com\/wp-content\/uploads\/2024\/08\/18b_Alcazar_20240506-1024x759.jpg 1024w, https:\/\/yvcharron.com\/wp-content\/uploads\/2024\/08\/18b_Alcazar_20240506-300x222.jpg 300w, https:\/\/yvcharron.com\/wp-content\/uploads\/2024\/08\/18b_Alcazar_20240506-768x569.jpg 768w, https:\/\/yvcharron.com\/wp-content\/uploads\/2024\/08\/18b_Alcazar_20240506-1536x1138.jpg 1536w, https:\/\/yvcharron.com\/wp-content\/uploads\/2024\/08\/18b_Alcazar_20240506-2048x1518.jpg 2048w, https:\/\/yvcharron.com\/wp-content\/uploads\/2024\/08\/18b_Alcazar_20240506-1457x1080.jpg 1457w\" sizes=\"auto, (max-width: 1024px) 100vw, 1024px\" \/><\/figure><div class=\"wp-block-media-text__content\">\n<p class=\"has-vivid-red-color has-text-color has-link-color wp-elements-b0c87a72a150b13d09943d0fd53371db\"><strong>L\u2019Alcazar <\/strong>de Tol\u00e8de est un \u00e9difice du 16<sup>\u00e8me<\/sup> si\u00e8cle de forme rectangulaire situ\u00e9 dans la partie la plus haute de la ville avec une grande esplanade centrale, des tours aux quatre angles et des murs en granit. Ant\u00e9rieurement, il fut le si\u00e8ge du protectorat romain de la cit\u00e9 puis un palais wisigothique et enfin une forteresse arabe. De nos jours, l&#8217;\u00e9difice accueille <strong>la<\/strong> <strong>biblioth\u00e8que de Castille-La Manche et le mus\u00e9e de l&#8217;Arm\u00e9e<\/strong>.<\/p>\n\n\n\n<p class=\"has-text-align-center\"><a href=\"https:\/\/photos.app.goo.gl\/6QWHyZ32Jk8t2kuB7\">https:\/\/photos.app.goo.gl\/6QWHyZ32Jk8t2kuB7<\/a><\/p>\n<\/div><\/div>\n\n\n\n<p class=\"has-text-align-center\">.<\/p>\n\n\n\n<div class=\"wp-block-media-text has-media-on-the-right is-stacked-on-mobile\" style=\"grid-template-columns:auto 20%\"><div class=\"wp-block-media-text__content\">\n<p class=\"has-vivid-red-color has-text-color has-link-color wp-elements-223221b2154ef4b3feb0cf8b03ca9977\"><strong>El Monasterio de San Juan de los Reyes <\/strong>est un monast\u00e8re de l&#8217;ordre franciscain construit sous le patronage de la reine Isabelle<a href=\"https:\/\/fr.wikipedia.org\/wiki\/Isabelle_I_de_Castille\"> I<sup>re<\/sup><\/a> de Castille afin d\u2019en faire un mausol\u00e9e royal en comm\u00e9moration de la <strong>bataille de Toro <\/strong>(1476) et de la naissance du  prince Jean. Il est l&#8217;un des exemples les plus \u00e9clatants du style gothique isab\u00e9lin en Espagne et le b\u00e2timent le plus important \u00e9rig\u00e9 par les Rois catholiques. <a href=\"https:\/\/fr.wikipedia.org\/wiki\/Monast%C3%A8re_de_Saint-Jean_des_rois#cite_note-MONARQUIA-1\"><\/a>Le clo\u00eetre est attenant \u00e0 l&#8217;\u00e9glise mais diff\u00e9renci\u00e9.<\/p>\n\n\n\n<p class=\"has-text-align-center\"><a href=\"https:\/\/photos.app.goo.gl\/wc1Zmg1u1XYX4goQA\">https:\/\/photos.app.goo.gl\/wc1Zmg1u1XYX4goQA<\/a><\/p>\n<\/div><figure class=\"wp-block-media-text__media\"><img loading=\"lazy\" decoding=\"async\" width=\"1024\" height=\"749\" src=\"https:\/\/yvcharron.com\/wp-content\/uploads\/2024\/08\/18c_Tld_reyes_20240506-1024x749.jpg\" alt=\"El Monasterio de San Juan de los Reyes est un monast\u00e8re de l'ordre franciscain construit sous le patronage de la reine Isabelle Ire de Castille afin d\u2019en faire un mausol\u00e9e royal en comm\u00e9moration de la bataille de Toro (1476).\" class=\"wp-image-4197 size-full\" srcset=\"https:\/\/yvcharron.com\/wp-content\/uploads\/2024\/08\/18c_Tld_reyes_20240506-1024x749.jpg 1024w, https:\/\/yvcharron.com\/wp-content\/uploads\/2024\/08\/18c_Tld_reyes_20240506-300x219.jpg 300w, https:\/\/yvcharron.com\/wp-content\/uploads\/2024\/08\/18c_Tld_reyes_20240506-768x562.jpg 768w, https:\/\/yvcharron.com\/wp-content\/uploads\/2024\/08\/18c_Tld_reyes_20240506-1536x1123.jpg 1536w, https:\/\/yvcharron.com\/wp-content\/uploads\/2024\/08\/18c_Tld_reyes_20240506-2048x1498.jpg 2048w, https:\/\/yvcharron.com\/wp-content\/uploads\/2024\/08\/18c_Tld_reyes_20240506-1477x1080.jpg 1477w\" sizes=\"auto, (max-width: 1024px) 100vw, 1024px\" \/><\/figure><\/div>\n\n\n\n<p class=\"has-text-align-center\">.<\/p>\n\n\n\n<div class=\"wp-block-media-text is-stacked-on-mobile\" style=\"grid-template-columns:15% auto\"><figure class=\"wp-block-media-text__media\"><img loading=\"lazy\" decoding=\"async\" width=\"825\" height=\"1024\" src=\"https:\/\/yvcharron.com\/wp-content\/uploads\/2024\/08\/18d_Tld-Taller-Mor_20240505-825x1024.jpg\" alt=\"El Taller del Moro est un b\u00e2timent d'origine m\u00e9di\u00e9vale utilis\u00e9 comme mus\u00e9e. Situ\u00e9 dans un ancien palais mud\u00e9jar du 16\u00e8me, il abrite des \u00e9chantillons d'art et d'artisanat mud\u00e9jar des 14 et 15\u00e8me.\" class=\"wp-image-4198 size-full\" srcset=\"https:\/\/yvcharron.com\/wp-content\/uploads\/2024\/08\/18d_Tld-Taller-Mor_20240505-825x1024.jpg 825w, https:\/\/yvcharron.com\/wp-content\/uploads\/2024\/08\/18d_Tld-Taller-Mor_20240505-242x300.jpg 242w, https:\/\/yvcharron.com\/wp-content\/uploads\/2024\/08\/18d_Tld-Taller-Mor_20240505-768x953.jpg 768w, https:\/\/yvcharron.com\/wp-content\/uploads\/2024\/08\/18d_Tld-Taller-Mor_20240505-1238x1536.jpg 1238w, https:\/\/yvcharron.com\/wp-content\/uploads\/2024\/08\/18d_Tld-Taller-Mor_20240505-1651x2048.jpg 1651w, https:\/\/yvcharron.com\/wp-content\/uploads\/2024\/08\/18d_Tld-Taller-Mor_20240505-1024x1270.jpg 1024w, https:\/\/yvcharron.com\/wp-content\/uploads\/2024\/08\/18d_Tld-Taller-Mor_20240505-871x1080.jpg 871w\" sizes=\"auto, (max-width: 825px) 100vw, 825px\" \/><\/figure><div class=\"wp-block-media-text__content\">\n<p class=\"has-vivid-red-color has-text-color has-link-color wp-elements-babdf41a1e7121dfc7c8f5cce212392d\"><strong>El Taller del Moro <\/strong>est un b\u00e2timent d&#8217;origine m\u00e9di\u00e9vale utilis\u00e9 comme mus\u00e9e (Photo ci-contre). Situ\u00e9 dans un ancien palais mud\u00e9jar du 16<sup>\u00e8me<\/sup>, il abrite des \u00e9chantillons d&#8217;art et d&#8217;artisanat mud\u00e9jar des 14 et 15<sup>\u00e8me<\/sup>. Ce lieu servait au Moyen \u00c2ge d&#8217;entrep\u00f4t et d&#8217;atelier de r\u00e9paration des mat\u00e9riaux destin\u00e9s \u00e0 la Cath\u00e9drale.<\/p>\n\n\n\n<p class=\"has-text-align-center\"><a href=\"https:\/\/photos.app.goo.gl\/5Yh1G5tUhVJecu129\">https:\/\/photos.app.goo.gl\/5Yh1G5tUhVJecu129<\/a><\/p>\n<\/div><\/div>\n\n\n\n<p class=\"has-text-align-center\">.<\/p>\n\n\n\n<div class=\"wp-block-media-text has-media-on-the-right is-stacked-on-mobile\" style=\"grid-template-columns:auto 15%\"><div class=\"wp-block-media-text__content\">\n<p class=\"has-vivid-red-color has-text-color has-link-color wp-elements-d19b330c1a7c3c3f4cb78dd85826661b\"><strong>L\u2019Antigua Sinagoga et la Mezquita del Cristo de la Luz &#8211; <\/strong>La ville est conquise par les Castillans en 1085. Le rite mozarabe est balay\u00e9 par l&#8217;ordre de Cluny qui d\u00e9truit en autodaf\u00e9 les ouvrages liturgiques mozarabes pour appliquer la r\u00e9forme gr\u00e9gorienne. <strong>La mosqu\u00e9e est transform\u00e9e en cath\u00e9drale<\/strong> (1086) et deux synagogues sont construites en 1180 et 1357. Pendant la p\u00e9riode \u00ab&nbsp;<em>convivencia pacifica<\/em>&nbsp;\u00bb les trois religions cohabitent sur le m\u00eame mod\u00e8le que durant la p\u00e9riode musulmane. \u00c0 la fin du 13<sup>\u00e8me<\/sup> si\u00e8cle, juifs et musulmans sont somm\u00e9s de se convertir au christianisme. Ceux qui refusent sont pers\u00e9cut\u00e9s, ex\u00e9cut\u00e9s ou expuls\u00e9s d&#8217;Espagne par l&#8217;Inquisition \u00e0 partir du 14<sup>\u00e8me<\/sup> si\u00e8cle. Les synagogues sont alors transform\u00e9es en \u00e9glise. Il reste \u00e0 Tol\u00e8de de nombreux \u00ab souvenirs \u00bb de cette \u00e9poque comme la <strong>mosqu\u00e9e del Cristo de la Luz<\/strong> (999), la <strong>synagogue Santa Mar\u00eda la Blanca<\/strong> (1180 &#8211; Photo ci-contre) ou la <strong>synagogue del Tr\u00e1nsito<\/strong> (1357).<\/p>\n\n\n\n<p class=\"has-text-align-center\"><a href=\"https:\/\/photos.app.goo.gl\/Wq5duwQxY571B5hh9\">https:\/\/photos.app.goo.gl\/Wq5duwQxY571B5hh9<\/a><\/p>\n\n\n\n<p class=\"has-text-align-center\"><a href=\"https:\/\/photos.app.goo.gl\/8R1NcmgGn9aErG5m9\">https:\/\/photos.app.goo.gl\/8R1NcmgGn9aErG5m9<\/a><\/p>\n<\/div><figure class=\"wp-block-media-text__media\"><img loading=\"lazy\" decoding=\"async\" width=\"842\" height=\"1024\" src=\"https:\/\/yvcharron.com\/wp-content\/uploads\/2024\/08\/18e_Antigua-Syn_20240505-842x1024.jpg\" alt=\"La synagogue Santa Mar\u00eda la Blanca construite en 1180. \" class=\"wp-image-4199 size-full\" srcset=\"https:\/\/yvcharron.com\/wp-content\/uploads\/2024\/08\/18e_Antigua-Syn_20240505-842x1024.jpg 842w, https:\/\/yvcharron.com\/wp-content\/uploads\/2024\/08\/18e_Antigua-Syn_20240505-247x300.jpg 247w, https:\/\/yvcharron.com\/wp-content\/uploads\/2024\/08\/18e_Antigua-Syn_20240505-768x934.jpg 768w, https:\/\/yvcharron.com\/wp-content\/uploads\/2024\/08\/18e_Antigua-Syn_20240505-1263x1536.jpg 1263w, https:\/\/yvcharron.com\/wp-content\/uploads\/2024\/08\/18e_Antigua-Syn_20240505-1684x2048.jpg 1684w, https:\/\/yvcharron.com\/wp-content\/uploads\/2024\/08\/18e_Antigua-Syn_20240505-1024x1245.jpg 1024w, https:\/\/yvcharron.com\/wp-content\/uploads\/2024\/08\/18e_Antigua-Syn_20240505-888x1080.jpg 888w\" sizes=\"auto, (max-width: 842px) 100vw, 842px\" \/><\/figure><\/div>\n\n\n\n<p class=\"has-text-align-center\">.<\/p>\n\n\n\n<div class=\"wp-block-media-text is-stacked-on-mobile\" style=\"grid-template-columns:19% auto\"><figure class=\"wp-block-media-text__media\"><img loading=\"lazy\" decoding=\"async\" width=\"1024\" height=\"768\" src=\"https:\/\/yvcharron.com\/wp-content\/uploads\/2024\/08\/18g_Sn-Salvad_20240504-1024x768.jpg\" alt=\"La Iglesia Del Salvador \u00e9tait, \u00e0 l'\u00e9poque de la pr\u00e9sence musulmane, une mosqu\u00e9e dont la construction remonte \u00e0 environ 1040. Des vestiges ant\u00e9rieurs d'une occupation eccl\u00e9siale wisigothique (pilastres) et m\u00eame du 2\u00e8me si\u00e8cle ont \u00e9t\u00e9 d\u00e9couverts.\" class=\"wp-image-4200 size-full\" srcset=\"https:\/\/yvcharron.com\/wp-content\/uploads\/2024\/08\/18g_Sn-Salvad_20240504-1024x768.jpg 1024w, https:\/\/yvcharron.com\/wp-content\/uploads\/2024\/08\/18g_Sn-Salvad_20240504-300x225.jpg 300w, https:\/\/yvcharron.com\/wp-content\/uploads\/2024\/08\/18g_Sn-Salvad_20240504-768x576.jpg 768w, https:\/\/yvcharron.com\/wp-content\/uploads\/2024\/08\/18g_Sn-Salvad_20240504-1536x1152.jpg 1536w, https:\/\/yvcharron.com\/wp-content\/uploads\/2024\/08\/18g_Sn-Salvad_20240504-2048x1536.jpg 2048w, https:\/\/yvcharron.com\/wp-content\/uploads\/2024\/08\/18g_Sn-Salvad_20240504-1440x1080.jpg 1440w\" sizes=\"auto, (max-width: 1024px) 100vw, 1024px\" \/><\/figure><div class=\"wp-block-media-text__content\">\n<p class=\"has-vivid-red-color has-text-color has-link-color wp-elements-bb7d2b9934f8cc2b182b9e21963cc3aa\"><strong>La Iglesia Del Salvador <\/strong>\u00e9tait, \u00e0 l&#8217;\u00e9poque de la pr\u00e9sence <a href=\"https:\/\/es.wikipedia.org\/wiki\/Musulm%C3%A1n\">musulmane<\/a>, une <a href=\"https:\/\/es.wikipedia.org\/wiki\/Mezquita\">mosqu\u00e9e<\/a> (orientation au sud-est) dont la construction remonte \u00e0 environ 1040. Des vestiges ant\u00e9rieurs d&#8217;une occupation eccl\u00e9siale <a href=\"https:\/\/es.wikipedia.org\/wiki\/Hispania_visigoda\">wisigothiqu<\/a>e (pilastres) et m\u00eame du 2<sup>\u00e8me<\/sup> si\u00e8cle ont \u00e9t\u00e9 d\u00e9couverts. La conversion au culte <a href=\"https:\/\/es.wikipedia.org\/wiki\/Cristiano\">chr\u00e9tien<\/a> lui fit subir diverses modifications, notamment la construction de la chapelle gothique Sainte-Catherine, \u00e0 partir de la fin du 15<sup>\u00e8me<\/sup> si\u00e8cle. Le minaret, transform\u00e9 en tour, fut ensuite ajout\u00e9 \u00e0 un clocher en brique.<\/p>\n\n\n\n<p class=\"has-text-align-center\"><a href=\"https:\/\/photos.app.goo.gl\/PsbFkRPbfKXBj8Yq9\">https:\/\/photos.app.goo.gl\/PsbFkRPbfKXBj8Yq9<\/a><\/p>\n<\/div><\/div>\n\n\n\n<p class=\"has-text-align-center\">.<\/p>\n\n\n\n<div class=\"wp-block-media-text has-media-on-the-right is-stacked-on-mobile\" style=\"grid-template-columns:auto 17%\"><div class=\"wp-block-media-text__content\">\n<p class=\"has-vivid-red-color has-text-color has-link-color wp-elements-2e13df23c0310f74e48f02f34281986c\"><strong>El Museo de los Concilios et de la Cultura Visigoda <\/strong>&#8211; Tol\u00e8de fut le lieu de r\u00e9union de<strong> dix-huit conciles<\/strong>, assembl\u00e9es politico-religieuses tenues entre les ann\u00e9es 400 et 702. Tous, except\u00e9 le premier, datent de l&#8217;\u00e9poque <strong>wisigothique<\/strong>. Le Mus\u00e9e des Conciles et de la culture wisigothique est ouvert en 1969 dans <strong>l&#8217;\u00e9glise San Rom\u00e1n<\/strong>. Il contient des codex en lettres wisigothiques et des exemples de d\u00e9couvertes arch\u00e9ologiques, d\u2019orf\u00e8vrerie et de bijouterie, en provenance tant de la ville de Tol\u00e8de que de la province.<\/p>\n\n\n\n<p class=\"has-text-align-center\"><a href=\"https:\/\/photos.app.goo.gl\/4U2Qdakho1SEtVLRA\">https:\/\/photos.app.goo.gl\/4U2Qdakho1SEtVLRA<\/a><\/p>\n<\/div><figure class=\"wp-block-media-text__media\"><img loading=\"lazy\" decoding=\"async\" width=\"1020\" height=\"1024\" src=\"https:\/\/yvcharron.com\/wp-content\/uploads\/2024\/08\/18h_Concilios_20240505-1020x1024.jpg\" alt=\"Tol\u00e8de fut le lieu de r\u00e9union de dix-huit conciles, assembl\u00e9es politico-religieuses tenues entre les ann\u00e9es 400 et 702. Tous, except\u00e9 le premier, datent de l'\u00e9poque wisigothique. Le Mus\u00e9e des Conciles et de la culture wisigothique est ouvert en 1969 dans l'\u00e9glise San Rom\u00e1n. \" class=\"wp-image-4201 size-full\" srcset=\"https:\/\/yvcharron.com\/wp-content\/uploads\/2024\/08\/18h_Concilios_20240505-1020x1024.jpg 1020w, https:\/\/yvcharron.com\/wp-content\/uploads\/2024\/08\/18h_Concilios_20240505-300x300.jpg 300w, https:\/\/yvcharron.com\/wp-content\/uploads\/2024\/08\/18h_Concilios_20240505-150x150.jpg 150w, https:\/\/yvcharron.com\/wp-content\/uploads\/2024\/08\/18h_Concilios_20240505-768x771.jpg 768w, https:\/\/yvcharron.com\/wp-content\/uploads\/2024\/08\/18h_Concilios_20240505-1530x1536.jpg 1530w, https:\/\/yvcharron.com\/wp-content\/uploads\/2024\/08\/18h_Concilios_20240505-2040x2048.jpg 2040w, https:\/\/yvcharron.com\/wp-content\/uploads\/2024\/08\/18h_Concilios_20240505-1024x1028.jpg 1024w, https:\/\/yvcharron.com\/wp-content\/uploads\/2024\/08\/18h_Concilios_20240505-1076x1080.jpg 1076w\" sizes=\"auto, (max-width: 1020px) 100vw, 1020px\" \/><\/figure><\/div>\n\n\n\n<p class=\"has-text-align-center\">.<\/p>\n\n\n\n<div class=\"wp-block-media-text is-stacked-on-mobile\" style=\"grid-template-columns:15% auto\"><figure class=\"wp-block-media-text__media\"><img loading=\"lazy\" decoding=\"async\" width=\"879\" height=\"1024\" src=\"https:\/\/yvcharron.com\/wp-content\/uploads\/2024\/08\/18i_San-Tome_20240505-879x1024.jpg\" alt=\"L\u2019\u00e9glise Saint Thomas est une \u00e9glise-mus\u00e9e avec une tour de style mud\u00e9jar du 14\u00e8me si\u00e8cle. Elle abrite la peinture l'Enterrement du comte d'Orgaz, un chef-d'\u0153uvre du Greco.\" class=\"wp-image-4202 size-full\" srcset=\"https:\/\/yvcharron.com\/wp-content\/uploads\/2024\/08\/18i_San-Tome_20240505-879x1024.jpg 879w, https:\/\/yvcharron.com\/wp-content\/uploads\/2024\/08\/18i_San-Tome_20240505-258x300.jpg 258w, https:\/\/yvcharron.com\/wp-content\/uploads\/2024\/08\/18i_San-Tome_20240505-768x894.jpg 768w, https:\/\/yvcharron.com\/wp-content\/uploads\/2024\/08\/18i_San-Tome_20240505-1319x1536.jpg 1319w, https:\/\/yvcharron.com\/wp-content\/uploads\/2024\/08\/18i_San-Tome_20240505-1759x2048.jpg 1759w, https:\/\/yvcharron.com\/wp-content\/uploads\/2024\/08\/18i_San-Tome_20240505-1024x1193.jpg 1024w, https:\/\/yvcharron.com\/wp-content\/uploads\/2024\/08\/18i_San-Tome_20240505-927x1080.jpg 927w\" sizes=\"auto, (max-width: 879px) 100vw, 879px\" \/><\/figure><div class=\"wp-block-media-text__content\">\n<p class=\"has-vivid-red-color has-text-color has-link-color wp-elements-3d7fa799ba21e676734a7fa9220f8d64\"><strong>La Iglesia de Santo Tome &#8211; <\/strong>L\u2019\u00e9glise Saint Thomas est une \u00e9glise-mus\u00e9e avec une tour de style mud\u00e9jar du 14<sup>\u00e8me<\/sup> si\u00e8cle. Elle abrite la peinture <strong>L&#8217;Enterrement du comte d&#8217;Orgaz, un chef-d&#8217;\u0153uvre du Greco <\/strong>(Photo ci-contre).<\/p>\n<\/div><\/div>\n\n\n\n<p class=\"has-text-align-center\">.<\/p>\n\n\n\n<div class=\"wp-block-media-text has-media-on-the-right is-stacked-on-mobile\" style=\"grid-template-columns:auto 15%\"><div class=\"wp-block-media-text__content\">\n<p class=\"has-vivid-red-color has-text-color has-link-color wp-elements-4cdde963154463b5beb3c70901bb064e\"><strong>El Real Colegio de las Doncellas Nobles <\/strong>est un ancien coll\u00e8ge de filles fond\u00e9 en 1551 par l&#8217;archev\u00eaque de Tol\u00e8de. Le projet, avec pour m\u00e9c\u00e8ne le roi Philippe II, avait pour objectif d&#8217;\u00e9duquer les jeunes filles \u00e0 \u00eatre de \u00ab&nbsp;bonnes m\u00e8res&nbsp;\u00bb. Certaines venaient de familles humbles et d&#8217;autres de familles nobles de toute l&#8217;Europe. Elles \u00e9taient cens\u00e9es \u00eatre de \u00ab sang pur \u00bb. Un financement \u00e9tait pr\u00e9vu pour les dots des anciennes \u00e9l\u00e8ves. Un pont abrit\u00e9 permet le passage entre le b\u00e2timent primitif et l\u2019extension.<\/p>\n\n\n\n<p class=\"has-text-align-center\"><a href=\"https:\/\/photos.app.goo.gl\/ToozdzB1LuyHqsEB6\">https:\/\/photos.app.goo.gl\/ToozdzB1LuyHqsEB6<\/a><\/p>\n<\/div><figure class=\"wp-block-media-text__media\"><img loading=\"lazy\" decoding=\"async\" width=\"801\" height=\"1024\" src=\"https:\/\/yvcharron.com\/wp-content\/uploads\/2024\/08\/18j_Doncellas_20240504-801x1024.jpg\" alt=\"El Real Colegio de las Doncellas Nobles est un ancien coll\u00e8ge de filles fond\u00e9 en 1551 par l'archev\u00eaque de Tol\u00e8de. Le projet, avec pour m\u00e9c\u00e8ne le roi Philippe II, avait pour objectif d'\u00e9duquer les jeunes filles \u00e0 \u00eatre de \u00ab\u00a0bonnes m\u00e8res\u00a0\u00bb.\" class=\"wp-image-4203 size-full\" srcset=\"https:\/\/yvcharron.com\/wp-content\/uploads\/2024\/08\/18j_Doncellas_20240504-801x1024.jpg 801w, https:\/\/yvcharron.com\/wp-content\/uploads\/2024\/08\/18j_Doncellas_20240504-235x300.jpg 235w, https:\/\/yvcharron.com\/wp-content\/uploads\/2024\/08\/18j_Doncellas_20240504-768x982.jpg 768w, https:\/\/yvcharron.com\/wp-content\/uploads\/2024\/08\/18j_Doncellas_20240504-1202x1536.jpg 1202w, https:\/\/yvcharron.com\/wp-content\/uploads\/2024\/08\/18j_Doncellas_20240504-1602x2048.jpg 1602w, https:\/\/yvcharron.com\/wp-content\/uploads\/2024\/08\/18j_Doncellas_20240504-1024x1309.jpg 1024w, https:\/\/yvcharron.com\/wp-content\/uploads\/2024\/08\/18j_Doncellas_20240504-845x1080.jpg 845w, https:\/\/yvcharron.com\/wp-content\/uploads\/2024\/08\/18j_Doncellas_20240504.jpg 1651w\" sizes=\"auto, (max-width: 801px) 100vw, 801px\" \/><\/figure><\/div>\n\n\n\n<p class=\"has-text-align-center has-vivid-red-color has-text-color has-link-color wp-elements-c64850c5d3e440bc1b58ad49d2c4f8da\"><strong>La Iglesia de los Jesuitas <\/strong>ou<strong>\u00e9glise Saint Ildefonse <\/strong>est un \u00e9difice <a href=\"https:\/\/fr.wikipedia.org\/wiki\/Catholicisme\">catholique<\/a> fond\u00e9 par l&#8217;<a href=\"https:\/\/fr.wikipedia.org\/wiki\/Compagnie_de_J%C3%A9sus\">ordre des J\u00e9suites<\/a>, le principal artisan de la <a href=\"https:\/\/fr.wikipedia.org\/wiki\/R%C3%A9forme_catholique\">R\u00e9forme catholique<\/a> du 16<sup>\u00e8me<\/sup> en Europe. Tol\u00e8de est consid\u00e9r\u00e9e comme le lieu de naissance de saint <a href=\"https:\/\/fr.wikipedia.org\/wiki\/Ildefonse_de_Tol%C3%A8de\">Ildefonse<\/a>, qui y occupa la charge d&#8217;<a href=\"https:\/\/fr.wikipedia.org\/wiki\/Archidioc%C3%A8se_de_Tol%C3%A8de\">archev\u00eaque<\/a> de 657 \u00e0 667. Les deux tours qui bordent la fa\u00e7ade sont remarquables mais d\u2019un important volume par rapport \u00e0 la petite fa\u00e7ade.<\/p>\n\n\n\n<p class=\"has-text-align-center\"><a href=\"https:\/\/photos.app.goo.gl\/NPZrZuqVEiwgnUZh6\">https:\/\/photos.app.goo.gl\/NPZrZuqVEiwgnUZh6<\/a>.<\/p>\n\n\n\n<figure class=\"wp-block-audio\"><audio controls src=\"https:\/\/yvcharron.com\/wp-content\/uploads\/2024\/08\/12-Finale-allegro.-String-Quartet-Op.17-NO.4-in-C-minor-1.mp3\" autoplay><\/audio><\/figure>\n","protected":false},"excerpt":{"rendered":"<p>Valencia \u00e0 Toledo \u2013 Avril \/ Mai 2024 En Espagne, nombreux sont les chemins de Compostelle emprunt\u00e9s par les p\u00e8lerins, entre autres, les caminos \/ vias Franc\u00e8s, Norte, La Plata, Mozarabe, Lana, Catalan, Ebro et Levante. Le Camino Levante, (Cam\u00ed de Levante) part de Valence et rejoint la V\u00eda de la Plata \u00e0 Zamora avant&hellip; <br \/> <a class=\"read-more\" href=\"https:\/\/yvcharron.com\/index.php\/camino-del-levante\/\">Read more<\/a><\/p>\n","protected":false},"author":1,"featured_media":0,"parent":0,"menu_order":0,"comment_status":"closed","ping_status":"closed","template":"","meta":{"footnotes":""},"class_list":["post-4144","page","type-page","status-publish","hentry"],"yoast_head":"<!-- This site is optimized with the Yoast SEO plugin v24.9 - https:\/\/yoast.com\/wordpress\/plugins\/seo\/ -->\n<title>Camino del Levante - CHARRON Yves<\/title>\n<meta name=\"robots\" content=\"index, follow, max-snippet:-1, max-image-preview:large, max-video-preview:-1\" \/>\n<link rel=\"canonical\" href=\"https:\/\/yvcharron.com\/index.php\/camino-del-levante\/\" \/>\n<meta property=\"og:locale\" content=\"en_US\" \/>\n<meta property=\"og:type\" content=\"article\" \/>\n<meta property=\"og:title\" content=\"Camino del Levante - CHARRON Yves\" \/>\n<meta property=\"og:description\" content=\"Valencia \u00e0 Toledo \u2013 Avril \/ Mai 2024 En Espagne, nombreux sont les chemins de Compostelle emprunt\u00e9s par les p\u00e8lerins, entre autres, les caminos \/ vias Franc\u00e8s, Norte, La Plata, Mozarabe, Lana, Catalan, Ebro et Levante. Le Camino Levante, (Cam\u00ed de Levante) part de Valence et rejoint la V\u00eda de la Plata \u00e0 Zamora avant&hellip; Read more\" \/>\n<meta property=\"og:url\" content=\"https:\/\/yvcharron.com\/index.php\/camino-del-levante\/\" \/>\n<meta property=\"og:site_name\" content=\"CHARRON Yves\" \/>\n<meta property=\"article:modified_time\" content=\"2024-08-25T19:52:06+00:00\" \/>\n<meta property=\"og:image\" content=\"https:\/\/yvcharron.com\/wp-content\/uploads\/2024\/08\/chemins_espagne_bis-1.png\" \/>\n<meta name=\"twitter:card\" content=\"summary_large_image\" \/>\n<meta name=\"twitter:label1\" content=\"Est. reading time\" \/>\n\t<meta name=\"twitter:data1\" content=\"28 minutes\" \/>\n<script type=\"application\/ld+json\" class=\"yoast-schema-graph\">{\"@context\":\"https:\/\/schema.org\",\"@graph\":[{\"@type\":\"WebPage\",\"@id\":\"https:\/\/yvcharron.com\/index.php\/camino-del-levante\/\",\"url\":\"https:\/\/yvcharron.com\/index.php\/camino-del-levante\/\",\"name\":\"Camino del Levante - CHARRON Yves\",\"isPartOf\":{\"@id\":\"https:\/\/yvcharron.com\/#website\"},\"primaryImageOfPage\":{\"@id\":\"https:\/\/yvcharron.com\/index.php\/camino-del-levante\/#primaryimage\"},\"image\":{\"@id\":\"https:\/\/yvcharron.com\/index.php\/camino-del-levante\/#primaryimage\"},\"thumbnailUrl\":\"https:\/\/yvcharron.com\/wp-content\/uploads\/2024\/08\/chemins_espagne_bis-1.png\",\"datePublished\":\"2024-08-16T14:04:27+00:00\",\"dateModified\":\"2024-08-25T19:52:06+00:00\",\"breadcrumb\":{\"@id\":\"https:\/\/yvcharron.com\/index.php\/camino-del-levante\/#breadcrumb\"},\"inLanguage\":\"en-US\",\"potentialAction\":[{\"@type\":\"ReadAction\",\"target\":[\"https:\/\/yvcharron.com\/index.php\/camino-del-levante\/\"]}]},{\"@type\":\"ImageObject\",\"inLanguage\":\"en-US\",\"@id\":\"https:\/\/yvcharron.com\/index.php\/camino-del-levante\/#primaryimage\",\"url\":\"https:\/\/yvcharron.com\/wp-content\/uploads\/2024\/08\/chemins_espagne_bis-1.png\",\"contentUrl\":\"https:\/\/yvcharron.com\/wp-content\/uploads\/2024\/08\/chemins_espagne_bis-1.png\",\"width\":940,\"height\":699},{\"@type\":\"BreadcrumbList\",\"@id\":\"https:\/\/yvcharron.com\/index.php\/camino-del-levante\/#breadcrumb\",\"itemListElement\":[{\"@type\":\"ListItem\",\"position\":1,\"name\":\"Home\",\"item\":\"https:\/\/yvcharron.com\/\"},{\"@type\":\"ListItem\",\"position\":2,\"name\":\"Camino del Levante\"}]},{\"@type\":\"WebSite\",\"@id\":\"https:\/\/yvcharron.com\/#website\",\"url\":\"https:\/\/yvcharron.com\/\",\"name\":\"CHARRON Yves\",\"description\":\"Site last update 2024 November 1st\",\"potentialAction\":[{\"@type\":\"SearchAction\",\"target\":{\"@type\":\"EntryPoint\",\"urlTemplate\":\"https:\/\/yvcharron.com\/?s={search_term_string}\"},\"query-input\":{\"@type\":\"PropertyValueSpecification\",\"valueRequired\":true,\"valueName\":\"search_term_string\"}}],\"inLanguage\":\"en-US\"}]}<\/script>\n<!-- \/ Yoast SEO plugin. -->","yoast_head_json":{"title":"Camino del Levante - CHARRON Yves","robots":{"index":"index","follow":"follow","max-snippet":"max-snippet:-1","max-image-preview":"max-image-preview:large","max-video-preview":"max-video-preview:-1"},"canonical":"https:\/\/yvcharron.com\/index.php\/camino-del-levante\/","og_locale":"en_US","og_type":"article","og_title":"Camino del Levante - CHARRON Yves","og_description":"Valencia \u00e0 Toledo \u2013 Avril \/ Mai 2024 En Espagne, nombreux sont les chemins de Compostelle emprunt\u00e9s par les p\u00e8lerins, entre autres, les caminos \/ vias Franc\u00e8s, Norte, La Plata, Mozarabe, Lana, Catalan, Ebro et Levante. Le Camino Levante, (Cam\u00ed de Levante) part de Valence et rejoint la V\u00eda de la Plata \u00e0 Zamora avant&hellip; Read more","og_url":"https:\/\/yvcharron.com\/index.php\/camino-del-levante\/","og_site_name":"CHARRON Yves","article_modified_time":"2024-08-25T19:52:06+00:00","og_image":[{"url":"https:\/\/yvcharron.com\/wp-content\/uploads\/2024\/08\/chemins_espagne_bis-1.png","type":"","width":"","height":""}],"twitter_card":"summary_large_image","twitter_misc":{"Est. reading time":"28 minutes"},"schema":{"@context":"https:\/\/schema.org","@graph":[{"@type":"WebPage","@id":"https:\/\/yvcharron.com\/index.php\/camino-del-levante\/","url":"https:\/\/yvcharron.com\/index.php\/camino-del-levante\/","name":"Camino del Levante - CHARRON Yves","isPartOf":{"@id":"https:\/\/yvcharron.com\/#website"},"primaryImageOfPage":{"@id":"https:\/\/yvcharron.com\/index.php\/camino-del-levante\/#primaryimage"},"image":{"@id":"https:\/\/yvcharron.com\/index.php\/camino-del-levante\/#primaryimage"},"thumbnailUrl":"https:\/\/yvcharron.com\/wp-content\/uploads\/2024\/08\/chemins_espagne_bis-1.png","datePublished":"2024-08-16T14:04:27+00:00","dateModified":"2024-08-25T19:52:06+00:00","breadcrumb":{"@id":"https:\/\/yvcharron.com\/index.php\/camino-del-levante\/#breadcrumb"},"inLanguage":"en-US","potentialAction":[{"@type":"ReadAction","target":["https:\/\/yvcharron.com\/index.php\/camino-del-levante\/"]}]},{"@type":"ImageObject","inLanguage":"en-US","@id":"https:\/\/yvcharron.com\/index.php\/camino-del-levante\/#primaryimage","url":"https:\/\/yvcharron.com\/wp-content\/uploads\/2024\/08\/chemins_espagne_bis-1.png","contentUrl":"https:\/\/yvcharron.com\/wp-content\/uploads\/2024\/08\/chemins_espagne_bis-1.png","width":940,"height":699},{"@type":"BreadcrumbList","@id":"https:\/\/yvcharron.com\/index.php\/camino-del-levante\/#breadcrumb","itemListElement":[{"@type":"ListItem","position":1,"name":"Home","item":"https:\/\/yvcharron.com\/"},{"@type":"ListItem","position":2,"name":"Camino del Levante"}]},{"@type":"WebSite","@id":"https:\/\/yvcharron.com\/#website","url":"https:\/\/yvcharron.com\/","name":"CHARRON Yves","description":"Site last update 2024 November 1st","potentialAction":[{"@type":"SearchAction","target":{"@type":"EntryPoint","urlTemplate":"https:\/\/yvcharron.com\/?s={search_term_string}"},"query-input":{"@type":"PropertyValueSpecification","valueRequired":true,"valueName":"search_term_string"}}],"inLanguage":"en-US"}]}},"_links":{"self":[{"href":"https:\/\/yvcharron.com\/index.php\/wp-json\/wp\/v2\/pages\/4144","targetHints":{"allow":["GET"]}}],"collection":[{"href":"https:\/\/yvcharron.com\/index.php\/wp-json\/wp\/v2\/pages"}],"about":[{"href":"https:\/\/yvcharron.com\/index.php\/wp-json\/wp\/v2\/types\/page"}],"author":[{"embeddable":true,"href":"https:\/\/yvcharron.com\/index.php\/wp-json\/wp\/v2\/users\/1"}],"replies":[{"embeddable":true,"href":"https:\/\/yvcharron.com\/index.php\/wp-json\/wp\/v2\/comments?post=4144"}],"version-history":[{"count":19,"href":"https:\/\/yvcharron.com\/index.php\/wp-json\/wp\/v2\/pages\/4144\/revisions"}],"predecessor-version":[{"id":4242,"href":"https:\/\/yvcharron.com\/index.php\/wp-json\/wp\/v2\/pages\/4144\/revisions\/4242"}],"wp:attachment":[{"href":"https:\/\/yvcharron.com\/index.php\/wp-json\/wp\/v2\/media?parent=4144"}],"curies":[{"name":"wp","href":"https:\/\/api.w.org\/{rel}","templated":true}]}}