{"id":2265,"date":"2021-01-13T11:32:48","date_gmt":"2021-01-13T10:32:48","guid":{"rendered":"http:\/\/yvcharron.com\/?page_id=2265"},"modified":"2024-08-26T21:31:10","modified_gmt":"2024-08-26T19:31:10","slug":"chemin-de-stevenson","status":"publish","type":"page","link":"https:\/\/yvcharron.com\/index.php\/chemin-de-stevenson\/","title":{"rendered":"Chemin de Stevenson"},"content":{"rendered":"\n<p class=\"has-text-align-center has-black-color has-text-color has-large-font-size\"><strong>Le chemin de Stevenson<\/strong><\/p>\n\n\n\n<p class=\"has-text-align-center\">.<\/p>\n\n\n\n<div class=\"wp-block-media-text alignwide is-stacked-on-mobile\" style=\"grid-template-columns:42% auto\"><figure class=\"wp-block-media-text__media\"><img loading=\"lazy\" decoding=\"async\" width=\"817\" height=\"1024\" src=\"http:\/\/yvcharron.com\/wp-content\/uploads\/2021\/01\/Chemin-Stevenson-GR70-817x1024.jpeg\" alt=\"Chemin de Stevenson du Puy-en-Velay \u00e0 Al\u00e8s. Monastier Gazeille, Bouchet St Nicolas, Pradelles, Bastide Puy Laurent, Mont-Loz\u00e8re, Finniels, Florac, St Jean du Gard, Al\u00e8s \" class=\"wp-image-2266 size-full\" srcset=\"https:\/\/yvcharron.com\/wp-content\/uploads\/2021\/01\/Chemin-Stevenson-GR70-817x1024.jpeg 817w, https:\/\/yvcharron.com\/wp-content\/uploads\/2021\/01\/Chemin-Stevenson-GR70-239x300.jpeg 239w, https:\/\/yvcharron.com\/wp-content\/uploads\/2021\/01\/Chemin-Stevenson-GR70-768x963.jpeg 768w, https:\/\/yvcharron.com\/wp-content\/uploads\/2021\/01\/Chemin-Stevenson-GR70-1024x1283.jpeg 1024w, https:\/\/yvcharron.com\/wp-content\/uploads\/2021\/01\/Chemin-Stevenson-GR70-862x1080.jpeg 862w, https:\/\/yvcharron.com\/wp-content\/uploads\/2021\/01\/Chemin-Stevenson-GR70.jpeg 1050w\" sizes=\"auto, (max-width: 817px) 100vw, 817px\" \/><\/figure><div class=\"wp-block-media-text__content\">\n<p class=\"has-very-dark-gray-color has-text-color\"><strong>Le chemin de Stevenson<\/strong>, aujourd\u2019hui GR70, relie le sud du Massif\nCentral aux C\u00e9vennes traversant quatre d\u00e9partements : la Haute Loire,\nl\u2019Ard\u00e8che, la Loz\u00e8re et le Gard ainsi que quatre r\u00e9gions historiques : <strong>le Velay<\/strong>, Du Puy en Velay \u00e0 Langogne, <strong>le G\u00e9vaudan<\/strong>, aux Alpiers, <strong>le Mont Loz\u00e8re<\/strong>, \u00e0 Pont de Montvert et <strong>le Pays Camisard<\/strong>, \u00e0 Al\u00e8s. Il\ns\u2019\u00e9chelonne sur 272 km entre 180 et 1700 m.<\/p>\n\n\n\n<p class=\"has-very-dark-gray-color has-text-color\"><strong>Robert-Louis Stevenson<\/strong> a entrepris ce voyage \u00e0 travers les C\u00e9vennes \u00e0 l\u2019automne 1878 accompagn\u00e9 de son \u00e2nesse <strong>Modestine<\/strong>. Issu d\u2019une famille \u00e9cossaise protestante, Robert-Louis Stevenson \u00e9tait \u00e9galement passionn\u00e9 par la r\u00e9volte des Camisards qui gronda, des ann\u00e9es auparavant, en pays C\u00e9venols. Stevenson transcrira son voyage dans un livre intitul\u00e9 \u00abV<em>oyage avec un \u00e2ne dans les C\u00e9vennes&nbsp;\u00bb et \u00e9crira<\/em> aussi de c\u00e9l\u00e8bres romans dont \u00ab&nbsp;<em>L\u2019Ile au tr\u00e9sor<\/em>&nbsp;\u00bb.<\/p>\n\n\n\n<p class=\"has-very-dark-gray-color has-text-color\"> Le Puy en Velay est \u00e9galement le point de d\u00e9part du chemin mythique vers St Jacques de Compostelle, la <strong>Via Podiensis<\/strong> \u2013 GR65, en direction de St Jean Pied de Port puis Burgos et Le\u00f3n. C\u2019est \u00e9galement le point de d\u00e9part du <strong>chemin de R\u00e9gordane<\/strong> (GR700) en direction de St Gilles et d\u2019Arles.<\/p>\n\n\n\n<p><a href=\"https:\/\/randonnee-occitanie.com\/boutique\/le-chemin-de-stevenson-gr70\/\">https:\/\/randonnee-occitanie.com\/boutique\/le-chemin-de-stevenson-gr70\/<\/a><\/p>\n<\/div><\/div>\n\n\n\n<p class=\"has-text-align-center has-very-dark-gray-color has-text-color\">_<\/p>\n\n\n\n<h2 class=\"wp-block-heading has-text-align-center\"><strong>Du Puy-en-Velay \u00e0 Al\u00e8s<\/strong> &#8211; Ao\u00fbt 2013<\/h2>\n\n\n<div class=\"wp-block-image\">\n<figure class=\"aligncenter size-full\"><img loading=\"lazy\" decoding=\"async\" width=\"1781\" height=\"462\" src=\"https:\/\/yvcharron.com\/wp-content\/uploads\/2021\/02\/Bandeau-Fr_Stevenson.png\" alt=\"Le Puy en Velay, Le Monastier sur Gazeille, le Bouchet St Nicolas, Pradelles, Cheylard l'\u00e9v\u00eaque, la Bastide Puylaurent, le Bleymard, le Finiels, Florac, St Jean du Gard et Al\u00e8s.\" class=\"wp-image-2484\" srcset=\"https:\/\/yvcharron.com\/wp-content\/uploads\/2021\/02\/Bandeau-Fr_Stevenson.png 1781w, https:\/\/yvcharron.com\/wp-content\/uploads\/2021\/02\/Bandeau-Fr_Stevenson-300x78.png 300w, https:\/\/yvcharron.com\/wp-content\/uploads\/2021\/02\/Bandeau-Fr_Stevenson-768x199.png 768w, https:\/\/yvcharron.com\/wp-content\/uploads\/2021\/02\/Bandeau-Fr_Stevenson-1024x266.png 1024w\" sizes=\"auto, (max-width: 1781px) 100vw, 1781px\" \/><\/figure>\n<\/div>\n\n\n<p class=\"has-text-align-center has-black-color has-text-color\" style=\"font-size:14px\"><em>Le Puy en Velay, Le Monastier sur Gazeille, le Bouchet St Nicolas, Pradelles, Cheylard l&#8217;\u00e9v\u00eaque, la Bastide Puylaurent, le Bleymard, le Finiels, Florac, St Jean du Gard et Al\u00e8s.<\/em><\/p>\n\n\n\n<p class=\"has-text-align-center has-vivid-cyan-blue-color has-text-color\"> Pour&nbsp;<strong>voir les photos<\/strong>, cliquer sur les liens bleus. Pour un&nbsp;<strong>diaporama<\/strong>,<em>&nbsp;cliquer sur la premi\u00e8re photo puis les faire d\u00e9filer.<\/em><\/p>\n\n\n\n<div class=\"wp-block-media-text alignwide is-stacked-on-mobile\" style=\"grid-template-columns:19% auto\"><figure class=\"wp-block-media-text__media\"><img loading=\"lazy\" decoding=\"async\" width=\"846\" height=\"1024\" src=\"https:\/\/yvcharron.com\/wp-content\/uploads\/2023\/08\/00_Puy-Velay_2013-08-24-22.26.00-846x1024.jpg\" alt=\"Le Puy en Velay depuis le XV\u00e8me un centre r\u00e9put\u00e9 pour l\u2019artisanat de la dentelle (cr\u00e9ation du point de Cluny). Le village \u00e9tant un haut lieu de p\u00e8lerinage, le chemin de Compostelle a favoris\u00e9 son d\u00e9veloppement\" class=\"wp-image-3268 size-full\" srcset=\"https:\/\/yvcharron.com\/wp-content\/uploads\/2023\/08\/00_Puy-Velay_2013-08-24-22.26.00-846x1024.jpg 846w, https:\/\/yvcharron.com\/wp-content\/uploads\/2023\/08\/00_Puy-Velay_2013-08-24-22.26.00-248x300.jpg 248w, https:\/\/yvcharron.com\/wp-content\/uploads\/2023\/08\/00_Puy-Velay_2013-08-24-22.26.00-768x929.jpg 768w, https:\/\/yvcharron.com\/wp-content\/uploads\/2023\/08\/00_Puy-Velay_2013-08-24-22.26.00-1269x1536.jpg 1269w, https:\/\/yvcharron.com\/wp-content\/uploads\/2023\/08\/00_Puy-Velay_2013-08-24-22.26.00-1024x1239.jpg 1024w, https:\/\/yvcharron.com\/wp-content\/uploads\/2023\/08\/00_Puy-Velay_2013-08-24-22.26.00-893x1080.jpg 893w, https:\/\/yvcharron.com\/wp-content\/uploads\/2023\/08\/00_Puy-Velay_2013-08-24-22.26.00.jpg 1429w\" sizes=\"auto, (max-width: 846px) 100vw, 846px\" \/><\/figure><div class=\"wp-block-media-text__content\">\n<p class=\"has-pale-pink-color has-text-color\"><strong>Le Puy en Velay <\/strong>(625 m d\u2019altitude)<\/p>\n\n\n\n<p class=\"has-very-dark-gray-color has-text-color\"><strong>Deux pitons rocheux<\/strong> dominent la ville, un premier \u00e9levant\nla chapelle de l\u2019Aiguilhe du XI\u00e8me \u00e0 80 m de hauteur et le rocher Corneille avec\nune statue de la vierge (ND de France) \u00e0 son sommet. La cath\u00e9drale situ\u00e9e en\nhaut de la rue des Tables pr\u00e9sente une fa\u00e7ade polychrome (blanc et noir).<\/p>\n\n\n\n<p class=\"has-very-dark-gray-color has-text-color\">Le Puy en Velay\nest depuis le XV\u00e8me un centre r\u00e9put\u00e9 pour <strong>l\u2019artisanat\nde la dentelle<\/strong> (cr\u00e9ation du point de Cluny). Le village \u00e9tant un haut lieu de\np\u00e8lerinage, le chemin de Compostelle a favoris\u00e9 son d\u00e9veloppement. De nombreux\nateliers enseignaient l\u2019art de la dentelle (congr\u00e9gation des B\u00e9ates). Depuis\nquelques dizaines d\u2019ann\u00e9es cette activit\u00e9 est en fort d\u00e9clin.<\/p>\n\n\n\n<p class=\"has-very-dark-gray-color has-text-color\">D\u2019autres\nphotos du Puy en Velay seront bient\u00f4t disponibles dans la page Podiensis (Camino)\ndu pr\u00e9sent site.<\/p>\n\n\n\n<p class=\"has-text-align-center\"><a href=\"https:\/\/photos.app.goo.gl\/qZkwbueyPVF2epUX9\">https:\/\/photos.app.goo.gl\/qZkwbueyPVF2epUX9<\/a><\/p>\n<\/div><\/div>\n\n\n\n<div class=\"wp-block-media-text alignwide has-media-on-the-right is-stacked-on-mobile\" style=\"grid-template-columns:auto 25%\"><div class=\"wp-block-media-text__content\">\n<p class=\"has-pale-pink-color has-text-color\"><strong>Le Puy en Velay \u2013 Coubon \u2013 Le Monastier sur Gazeille <\/strong>(930 m d\u2019altitude)<\/p>\n\n\n\n<p class=\"has-very-dark-gray-color has-text-color\">En quittant <strong>Le Puy<\/strong>, on aper\u00e7oit au loin les deux\npitons rocheux. Apr\u00e8s <strong>Coubon<\/strong>, apparait\nle ch\u00e2teau de Poinsac sur une cr\u00eate bois\u00e9e. <strong>Le Monastier sur Gazeille<\/strong> est le point de d\u00e9part de Stevenson en\nao\u00fbt 1878 marqu\u00e9 sur la place centrale par une st\u00e8le \u00e0 son effigie. L\u2019\u00e9glise du\nvillage, St Jean, est couverte de lauzes tandis que la fa\u00e7ade polychrome\n(ocres, briques, tufs) de l\u2019abbatiale est du XI et XVI\u00e8me. Au-dessus de\nl\u2019\u00e9glise, on d\u00e9couvre la masse imposante du ch\u00e2teau (1365), autrefois r\u00e9sidence\ndu prieur de l\u2019abbaye.<\/p>\n\n\n\n<p class=\"has-text-align-center\"><a href=\"https:\/\/photos.app.goo.gl\/1NaPEMcn2vCEKJHW8\">https:\/\/photos.app.goo.gl\/1NaPEMcn2vCEKJHW8<\/a><\/p>\n<\/div><figure class=\"wp-block-media-text__media\"><img loading=\"lazy\" decoding=\"async\" width=\"1024\" height=\"768\" src=\"https:\/\/yvcharron.com\/wp-content\/uploads\/2023\/08\/01_Monastier_2013-08-25-17.38.05-1-1024x768.jpg\" alt=\"Le Monastier sur Gazeille est le point de d\u00e9part de Stevenson en ao\u00fbt 1878\" class=\"wp-image-3271 size-full\" srcset=\"https:\/\/yvcharron.com\/wp-content\/uploads\/2023\/08\/01_Monastier_2013-08-25-17.38.05-1-1024x768.jpg 1024w, https:\/\/yvcharron.com\/wp-content\/uploads\/2023\/08\/01_Monastier_2013-08-25-17.38.05-1-300x225.jpg 300w, https:\/\/yvcharron.com\/wp-content\/uploads\/2023\/08\/01_Monastier_2013-08-25-17.38.05-1-768x576.jpg 768w, https:\/\/yvcharron.com\/wp-content\/uploads\/2023\/08\/01_Monastier_2013-08-25-17.38.05-1-1536x1152.jpg 1536w, https:\/\/yvcharron.com\/wp-content\/uploads\/2023\/08\/01_Monastier_2013-08-25-17.38.05-1-1440x1080.jpg 1440w, https:\/\/yvcharron.com\/wp-content\/uploads\/2023\/08\/01_Monastier_2013-08-25-17.38.05-1.jpg 2048w\" sizes=\"auto, (max-width: 1024px) 100vw, 1024px\" \/><\/figure><\/div>\n\n\n\n<p class=\"has-pale-pink-color has-text-color\"><\/p>\n\n\n\n<p class=\"has-pale-pink-color has-text-color\"><\/p>\n\n\n\n<div class=\"wp-block-media-text alignwide is-stacked-on-mobile\" style=\"grid-template-columns:25% auto\"><figure class=\"wp-block-media-text__media\"><img loading=\"lazy\" decoding=\"async\" width=\"1024\" height=\"768\" src=\"https:\/\/yvcharron.com\/wp-content\/uploads\/2023\/08\/02_Le-Bouchet_2013-08-26-14.22.40-1024x768.jpg\" alt=\"Eglise dans les environs de Bouchet St Nicolas)\" class=\"wp-image-3272 size-full\" srcset=\"https:\/\/yvcharron.com\/wp-content\/uploads\/2023\/08\/02_Le-Bouchet_2013-08-26-14.22.40-1024x768.jpg 1024w, https:\/\/yvcharron.com\/wp-content\/uploads\/2023\/08\/02_Le-Bouchet_2013-08-26-14.22.40-300x225.jpg 300w, https:\/\/yvcharron.com\/wp-content\/uploads\/2023\/08\/02_Le-Bouchet_2013-08-26-14.22.40-768x576.jpg 768w, https:\/\/yvcharron.com\/wp-content\/uploads\/2023\/08\/02_Le-Bouchet_2013-08-26-14.22.40-1536x1152.jpg 1536w, https:\/\/yvcharron.com\/wp-content\/uploads\/2023\/08\/02_Le-Bouchet_2013-08-26-14.22.40-1440x1080.jpg 1440w, https:\/\/yvcharron.com\/wp-content\/uploads\/2023\/08\/02_Le-Bouchet_2013-08-26-14.22.40.jpg 2048w\" sizes=\"auto, (max-width: 1024px) 100vw, 1024px\" \/><\/figure><div class=\"wp-block-media-text__content\">\n<p class=\"has-pale-pink-color has-text-color\"><strong>Le Monastier sur Gazeille \u2013 Goudet &#8211; Le Bouchet St Nicolas <\/strong>(1218 m d\u2019altitude)<\/p>\n\n\n\n<p class=\"has-very-dark-gray-color has-text-color\">Avant la\ntravers\u00e9e de la Loire (eaux claires) dans le village de <strong>Goudet<\/strong> vue sur le ch\u00e2teau de Beaufort. A l\u2019arriv\u00e9e au <strong>Bouchet St Nicolas<\/strong>, on laisse derri\u00e8re\nnous une carri\u00e8re de pouzzolane (gravillons et sables) \u00e9norme plaie b\u00e9ante\nrouge\u00e2tre sur le flanc de la montagne de Preyssac.<\/p>\n\n\n\n<p class=\"has-very-dark-gray-color has-text-color\"><strong><em>Les croix<\/em><\/strong><em>\nsont tr\u00e8s nombreuses sur le chemin avec plusieurs significations&nbsp;:\nprotection des voyageurs, situation au croisement des chemins et pr\u00e8s des\ncimeti\u00e8res \u00e9galement pour le rappel des missions.<\/em><\/p>\n\n\n\n<p class=\"has-text-align-center\"><a href=\"https:\/\/photos.app.goo.gl\/Z7D1uuXj3F6K7UR58\">https:\/\/photos.app.goo.gl\/Z7D1uuXj3F6K7UR58<\/a><\/p>\n<\/div><\/div>\n\n\n\n<p class=\"has-pale-pink-color has-text-color\"><\/p>\n\n\n\n<div class=\"wp-block-media-text alignwide has-media-on-the-right is-stacked-on-mobile\" style=\"grid-template-columns:auto 26%\"><div class=\"wp-block-media-text__content\">\n<p class=\"has-pale-pink-color has-text-color\"><strong>Le Bouchet St Nicolas \u2013 Landos \u2013 Pradelles <\/strong>(1150 m d\u2019altitude)<\/p>\n\n\n\n<p class=\"has-very-dark-gray-color has-text-color\">Un kilom\u00e8tre\napr\u00e8s le Bouchet St Nicolas (\u00e9glise 1<sup>\u00e8re<\/sup> photo) un grand lac de\nforme circulaire au milieu des sapins. Le chemin se poursuit sur un plateau,\nentre la Loire et l\u2019Allier, jusqu\u2019\u00e0 <strong>Landos<\/strong>\n(gros bourg avec quelques services), Jagonas et Arquejol (1007 m) avant\nd\u2019arriver \u00e0 <strong>Pradelles<\/strong>, un ancien\nbourg fortifi\u00e9 (castrum) pr\u00e9sentant encore de nombreux vestiges anciens.<\/p>\n\n\n\n<p class=\"has-very-dark-gray-color has-text-color\"><strong><em>L\u2019abreuvoir<\/em><\/strong><em>\nsouvent situ\u00e9 pr\u00e8s du lavoir et de la fontaine \u00e9tait g\u00e9n\u00e9ralement constitu\u00e9 de\ndeux ou trois bacs en pierre de taille plus particuli\u00e8rement en gr\u00e8s.<\/em><\/p>\n\n\n\n<p class=\"has-text-align-center\"><a href=\"https:\/\/photos.app.goo.gl\/9JQykgu5JbnsiSte6\">https:\/\/photos.app.goo.gl\/9JQykgu5JbnsiSte6<\/a><\/p>\n<\/div><figure class=\"wp-block-media-text__media\"><img loading=\"lazy\" decoding=\"async\" width=\"1024\" height=\"768\" src=\"https:\/\/yvcharron.com\/wp-content\/uploads\/2023\/08\/03_Pradelles_2013-08-27-17.45.46-1024x768.jpg\" alt=\"Pradelles, un ancien bourg fortifi\u00e9 (castrum) pr\u00e9sentant encore de nombreux vestiges anciens.\" class=\"wp-image-3273 size-full\" srcset=\"https:\/\/yvcharron.com\/wp-content\/uploads\/2023\/08\/03_Pradelles_2013-08-27-17.45.46-1024x768.jpg 1024w, https:\/\/yvcharron.com\/wp-content\/uploads\/2023\/08\/03_Pradelles_2013-08-27-17.45.46-300x225.jpg 300w, https:\/\/yvcharron.com\/wp-content\/uploads\/2023\/08\/03_Pradelles_2013-08-27-17.45.46-768x576.jpg 768w, https:\/\/yvcharron.com\/wp-content\/uploads\/2023\/08\/03_Pradelles_2013-08-27-17.45.46-1536x1152.jpg 1536w, https:\/\/yvcharron.com\/wp-content\/uploads\/2023\/08\/03_Pradelles_2013-08-27-17.45.46-1440x1080.jpg 1440w, https:\/\/yvcharron.com\/wp-content\/uploads\/2023\/08\/03_Pradelles_2013-08-27-17.45.46.jpg 2048w\" sizes=\"auto, (max-width: 1024px) 100vw, 1024px\" \/><\/figure><\/div>\n\n\n\n<p class=\"has-pale-pink-color has-text-color\"><\/p>\n\n\n\n<div class=\"wp-block-media-text alignwide is-stacked-on-mobile\" style=\"grid-template-columns:23% auto\"><figure class=\"wp-block-media-text__media\"><img loading=\"lazy\" decoding=\"async\" width=\"1024\" height=\"971\" src=\"https:\/\/yvcharron.com\/wp-content\/uploads\/2023\/08\/04_Cheylard_2013-08-28-18.43.56-1024x971.jpg\" alt=\"A Cheylard l\u2019\u00e9v\u00eaque, l\u2019\u00e9glise au centre du bourg.\" class=\"wp-image-3274 size-full\" srcset=\"https:\/\/yvcharron.com\/wp-content\/uploads\/2023\/08\/04_Cheylard_2013-08-28-18.43.56-1024x971.jpg 1024w, https:\/\/yvcharron.com\/wp-content\/uploads\/2023\/08\/04_Cheylard_2013-08-28-18.43.56-300x284.jpg 300w, https:\/\/yvcharron.com\/wp-content\/uploads\/2023\/08\/04_Cheylard_2013-08-28-18.43.56-768x728.jpg 768w, https:\/\/yvcharron.com\/wp-content\/uploads\/2023\/08\/04_Cheylard_2013-08-28-18.43.56-1536x1456.jpg 1536w, https:\/\/yvcharron.com\/wp-content\/uploads\/2023\/08\/04_Cheylard_2013-08-28-18.43.56-1139x1080.jpg 1139w, https:\/\/yvcharron.com\/wp-content\/uploads\/2023\/08\/04_Cheylard_2013-08-28-18.43.56.jpg 1592w\" sizes=\"auto, (max-width: 1024px) 100vw, 1024px\" \/><\/figure><div class=\"wp-block-media-text__content\">\n<p class=\"has-pale-pink-color has-text-color\"><strong>Pradelles \u2013 Langogne &#8211; Cheylard l\u2019\u00e9v\u00eaque <\/strong>(1125 m d\u2019altitude)<\/p>\n\n\n\n<p class=\"has-very-dark-gray-color has-text-color\">A <strong>Langogne<\/strong> on entre dans <strong>le pays du G\u00e9vaudan<\/strong> (connu pour la \u00ab&nbsp;b\u00eate\nf\u00e9roce&nbsp;\u00bb qui a sem\u00e9 la terreur pendant un si\u00e8cle) et on traverse l\u2019Allier.\nLe bourg est situ\u00e9 pr\u00e8s du grand lac de <strong>Naussac<\/strong>\n(1100 hectares). Les fermes s\u00e9culaires faites de granite et de lave du vieux\nvillage de Naussac sont maintenant englouties. Dans le centre, l\u2019\u00e9glise St\nGervais de construction romane et de style bourguignon et l\u2019ancienne halle aux\ngrains. A <strong>Cheylard l\u2019\u00e9v\u00eaque<\/strong>,\nl\u2019\u00e9glise au centre du bourg et la petite chapelle dominant le bourg.<\/p>\n\n\n\n<p class=\"has-text-align-center\"><a href=\"https:\/\/photos.app.goo.gl\/TVdWPVpibqzT1n6G6\">https:\/\/photos.app.goo.gl\/TVdWPVpibqzT1n6G6<\/a><\/p>\n<\/div><\/div>\n\n\n\n<p class=\"has-pale-pink-color has-text-color\"><\/p>\n\n\n\n<div class=\"wp-block-media-text alignwide has-media-on-the-right is-stacked-on-mobile\" style=\"grid-template-columns:auto 23%\"><div class=\"wp-block-media-text__content\">\n<p class=\"has-pale-pink-color has-text-color\"><strong>Cheylard l\u2019\u00e9v\u00eaque \u2013 Luc &#8211; La Bastide Puylaurent <\/strong>(1025 m d\u2019altitude)<\/p>\n\n\n\n<p class=\"has-very-dark-gray-color has-text-color\">Les ruines\nd\u2019un ancien ch\u00e2teau dominent le bourg de <strong>Luc<\/strong>\navec une vue remarquable sur la vall\u00e9e. A Luc changement de d\u00e9partement, de\nl\u2019Ard\u00e8che vers la Loz\u00e8re. Situ\u00e9e \u00e0 1100 m d\u2019altitude, sur les hauts plateaux du\nVivarais, <strong>l\u2019abbaye de ND des Neiges<\/strong>\nfond\u00e9e en 1850 par les Cisterciens. Elle fut le refuge de personnes c\u00e9l\u00e8bres, en\nparticulier, Charles de Foucault et Robert Schumann.<\/p>\n\n\n\n<p class=\"has-text-align-center\"><a href=\"https:\/\/photos.app.goo.gl\/jx1ATnhpKqLY9y776\">https:\/\/photos.app.goo.gl\/jx1ATnhpKqLY9y776<\/a><\/p>\n<\/div><figure class=\"wp-block-media-text__media\"><img loading=\"lazy\" decoding=\"async\" width=\"1024\" height=\"742\" src=\"https:\/\/yvcharron.com\/wp-content\/uploads\/2023\/08\/05_ND-Neiges_2013-08-29-16.48.40-1024x742.jpg\" alt=\"l\u2019abbaye de ND des Neiges fond\u00e9e en 1850 par les Cisterciens. Elle fut le refuge de personnes c\u00e9l\u00e8bres, en particulier, Charles de Foucault et Robert Schumann.\" class=\"wp-image-3275 size-full\" srcset=\"https:\/\/yvcharron.com\/wp-content\/uploads\/2023\/08\/05_ND-Neiges_2013-08-29-16.48.40-1024x742.jpg 1024w, https:\/\/yvcharron.com\/wp-content\/uploads\/2023\/08\/05_ND-Neiges_2013-08-29-16.48.40-300x217.jpg 300w, https:\/\/yvcharron.com\/wp-content\/uploads\/2023\/08\/05_ND-Neiges_2013-08-29-16.48.40-768x557.jpg 768w, https:\/\/yvcharron.com\/wp-content\/uploads\/2023\/08\/05_ND-Neiges_2013-08-29-16.48.40-1536x1114.jpg 1536w, https:\/\/yvcharron.com\/wp-content\/uploads\/2023\/08\/05_ND-Neiges_2013-08-29-16.48.40-1490x1080.jpg 1490w, https:\/\/yvcharron.com\/wp-content\/uploads\/2023\/08\/05_ND-Neiges_2013-08-29-16.48.40.jpg 1778w\" sizes=\"auto, (max-width: 1024px) 100vw, 1024px\" \/><\/figure><\/div>\n\n\n\n<p class=\"has-text-align-center\"><\/p>\n\n\n\n<div class=\"wp-block-media-text alignwide is-stacked-on-mobile\" style=\"grid-template-columns:25% auto\"><figure class=\"wp-block-media-text__media\"><img loading=\"lazy\" decoding=\"async\" width=\"1024\" height=\"768\" src=\"https:\/\/yvcharron.com\/wp-content\/uploads\/2023\/08\/06_Bleymard_2013-08-30-18.59.27-1-1024x768.jpg\" alt=\"Un m\u00e9tier \u00e0 ferrer au Bleymard (altitude 1069 m) apr\u00e8s Chasserades et Les Alpiers\" class=\"wp-image-3281 size-full\" srcset=\"https:\/\/yvcharron.com\/wp-content\/uploads\/2023\/08\/06_Bleymard_2013-08-30-18.59.27-1-1024x768.jpg 1024w, https:\/\/yvcharron.com\/wp-content\/uploads\/2023\/08\/06_Bleymard_2013-08-30-18.59.27-1-300x225.jpg 300w, https:\/\/yvcharron.com\/wp-content\/uploads\/2023\/08\/06_Bleymard_2013-08-30-18.59.27-1-768x576.jpg 768w, https:\/\/yvcharron.com\/wp-content\/uploads\/2023\/08\/06_Bleymard_2013-08-30-18.59.27-1-1536x1152.jpg 1536w, https:\/\/yvcharron.com\/wp-content\/uploads\/2023\/08\/06_Bleymard_2013-08-30-18.59.27-1-1440x1080.jpg 1440w, https:\/\/yvcharron.com\/wp-content\/uploads\/2023\/08\/06_Bleymard_2013-08-30-18.59.27-1.jpg 2048w\" sizes=\"auto, (max-width: 1024px) 100vw, 1024px\" \/><\/figure><div class=\"wp-block-media-text__content\">\n<p class=\"has-pale-pink-color has-text-color\"><strong>La Bastide Puylaurent \u2013 Chasserades \u2013 Les Alpiers &#8211; Le Bleymard <\/strong>(1069 m d\u2019altitude)<\/p>\n\n\n\n<p class=\"has-very-dark-gray-color has-text-color\">Passage par\nle col de la Mourade \u00e0 1300 m. Le chemin passe sous le <strong>viaduc de Mirandol<\/strong>, juste apr\u00e8s le village de <strong>Chasserad\u00e8s<\/strong>, un grand ouvrage d\u2019art construit sur la voie\nferroviaire Mende \u2013 La Bastide \u00e0 1215 m d\u2019altitude. <strong>Aux Alpiers <\/strong>situ\u00e9 \u00e0 1186 m, on entre dans <strong>le pays du Mont Loz\u00e8re<\/strong>.<\/p>\n\n\n\n<p><strong><em>Le m\u00e9tier \u00e0 ferrer<\/em><\/strong><em>,\nindispensable \u00e0 toute exploitation agricole, \u00e9tait utilis\u00e9 pour la protection\ndes sabots des b\u0153ufs de labour pour \u00e9viter que la corne ne s\u2019use. Les\nprotections \u00e9taient \u00e0 l\u2019origine en bois puis en fer avant que la m\u00e9canisation\nne conduise \u00e0 leur abandon.<\/em><\/p>\n\n\n\n<p class=\"has-text-align-center\"><a href=\"https:\/\/photos.app.goo.gl\/fDitWtgZZ9zY22RV9\">https:\/\/photos.app.goo.gl\/fDitWtgZZ9zY22RV9<\/a><\/p>\n<\/div><\/div>\n\n\n\n<p class=\"has-pale-pink-color has-text-color\"><\/p>\n\n\n\n<div class=\"wp-block-media-text alignwide has-media-on-the-right is-stacked-on-mobile\" style=\"grid-template-columns:auto 26%\"><div class=\"wp-block-media-text__content\">\n<p class=\"has-pale-pink-color has-text-color\"><strong>Le Bleymard \u2013 Sommet Finiels (Mont Loz\u00e8re) \u2013 Le Pont de Montvert <\/strong>(875 m d\u2019altitude)<\/p>\n\n\n\n<p class=\"has-very-dark-gray-color has-text-color\">Le chemin se\ndirige vers la station du <strong>Mont Loz\u00e8re <\/strong>situ\u00e9e\n\u00e0 1421 m puis vers le sommet de <strong>Finniels<\/strong>\n\u00e0 une <strong>altitude de 1699 m<\/strong> pour\nredescendre sur plus de 800 m vers le village de Finniels puis le Pont\nMontvert. Sur les croupes d\u00e9nud\u00e9es du mont Loz\u00e8re, les <strong>montjoies<\/strong> (sorte de pieux en pierre taill\u00e9s de fa\u00e7on grossi\u00e8re)\njalonnent le chemin. <strong>Les drailles<\/strong>,\npremi\u00e8res voies de communication \u00e0 travers les C\u00e9vennes, furent tout d\u2019abord emprunt\u00e9es\npar les animaux sauvages puis par les animaux domestiques. Elles pr\u00e9sentent un\ntrac\u00e9 relativement rectiligne le long des cr\u00eates.<\/p>\n\n\n\n<p class=\"has-text-align-center\"><a href=\"https:\/\/photos.app.goo.gl\/q9qo1sPA3ampSqRD9\">https:\/\/photos.app.goo.gl\/q9qo1sPA3ampSqRD9<\/a><\/p>\n<\/div><figure class=\"wp-block-media-text__media\"><img loading=\"lazy\" decoding=\"async\" width=\"1024\" height=\"768\" src=\"https:\/\/yvcharron.com\/wp-content\/uploads\/2023\/08\/07_Mt-Lozere_2013-08-31-12.02.00-1024x768.jpg\" alt=\"Le Mont Loz\u00e8re (1421 m). Les montjoies (sorte de pieux en pierre taill\u00e9s de fa\u00e7on grossi\u00e8re) jalonnent le chemin. Les drailles, premi\u00e8res voies de communication \u00e0 travers les C\u00e9vennes.\" class=\"wp-image-3282 size-full\" srcset=\"https:\/\/yvcharron.com\/wp-content\/uploads\/2023\/08\/07_Mt-Lozere_2013-08-31-12.02.00-1024x768.jpg 1024w, https:\/\/yvcharron.com\/wp-content\/uploads\/2023\/08\/07_Mt-Lozere_2013-08-31-12.02.00-300x225.jpg 300w, https:\/\/yvcharron.com\/wp-content\/uploads\/2023\/08\/07_Mt-Lozere_2013-08-31-12.02.00-768x576.jpg 768w, https:\/\/yvcharron.com\/wp-content\/uploads\/2023\/08\/07_Mt-Lozere_2013-08-31-12.02.00-1536x1152.jpg 1536w, https:\/\/yvcharron.com\/wp-content\/uploads\/2023\/08\/07_Mt-Lozere_2013-08-31-12.02.00-1440x1080.jpg 1440w, https:\/\/yvcharron.com\/wp-content\/uploads\/2023\/08\/07_Mt-Lozere_2013-08-31-12.02.00.jpg 2048w\" sizes=\"auto, (max-width: 1024px) 100vw, 1024px\" \/><\/figure><\/div>\n\n\n\n<p class=\"has-pale-pink-color has-text-color\"><\/p>\n\n\n\n<div class=\"wp-block-media-text alignwide is-stacked-on-mobile\" style=\"grid-template-columns:29% auto\"><figure class=\"wp-block-media-text__media\"><img loading=\"lazy\" decoding=\"async\" width=\"1024\" height=\"768\" src=\"https:\/\/yvcharron.com\/wp-content\/uploads\/2023\/08\/08_Pont-Montvert_2013-09-01-09.44.40-1024x768.jpg\" alt=\"Vue de Pont de Monvert (pays Camisard) dans la direction de Bouges. Peu apr\u00e8s, le col de la PLanette (1292 m) et le col du Sapet.\" class=\"wp-image-3283 size-full\" srcset=\"https:\/\/yvcharron.com\/wp-content\/uploads\/2023\/08\/08_Pont-Montvert_2013-09-01-09.44.40-1024x768.jpg 1024w, https:\/\/yvcharron.com\/wp-content\/uploads\/2023\/08\/08_Pont-Montvert_2013-09-01-09.44.40-300x225.jpg 300w, https:\/\/yvcharron.com\/wp-content\/uploads\/2023\/08\/08_Pont-Montvert_2013-09-01-09.44.40-768x576.jpg 768w, https:\/\/yvcharron.com\/wp-content\/uploads\/2023\/08\/08_Pont-Montvert_2013-09-01-09.44.40-1536x1152.jpg 1536w, https:\/\/yvcharron.com\/wp-content\/uploads\/2023\/08\/08_Pont-Montvert_2013-09-01-09.44.40-1440x1080.jpg 1440w, https:\/\/yvcharron.com\/wp-content\/uploads\/2023\/08\/08_Pont-Montvert_2013-09-01-09.44.40.jpg 2048w\" sizes=\"auto, (max-width: 1024px) 100vw, 1024px\" \/><\/figure><div class=\"wp-block-media-text__content\">\n<p class=\"has-pale-pink-color has-text-color\"><strong>Le Pont de Montvert \u2013 Bouges \u2013 Sapet &#8211; Bedoues &#8211; Florac <\/strong>(546 m d\u2019altitude)<\/p>\n\n\n\n<p class=\"has-very-dark-gray-color has-text-color\">A <strong>Pont de Monvert<\/strong> on entre dans <strong>le pays Camisard<\/strong>, devenu un symbole\npuisque c\u2019est dans ce village qu\u2019a \u00e9clat\u00e9 au d\u00e9but du XVIII\u00e8me la guerre entre\nles huguenots et les catholiques. Le village aux trois ponts \u00e0 la confluence de\ntrois vall\u00e9es (dont le Tarn) et aux ruelles escarp\u00e9es est tr\u00e8s touristique en\n\u00e9t\u00e9. Il faut passer le <strong>col de la\nplanette<\/strong> \u00e0 1292 m puis le <strong>col du\nSapet<\/strong> \u00e0 1080 m avant d\u2019atteindre le <strong>massif\nde Bouges<\/strong>. Derni\u00e8res photos, la <strong>coll\u00e9giale\nde Bedoues<\/strong> en schiste brun. Construite en 1363 par Urbain V, pape en\nAvignon, elle fut d\u00e9vast\u00e9e en 1581 puis reconstruite en forme de croix latine.<\/p>\n\n\n\n<p class=\"has-text-align-center\"><a href=\"https:\/\/photos.app.goo.gl\/hrA2QRqTMhUsQn9x7\">https:\/\/photos.app.goo.gl\/hrA2QRqTMhUsQn9x7<\/a><\/p>\n<\/div><\/div>\n\n\n\n<div class=\"wp-block-media-text alignwide has-media-on-the-right is-stacked-on-mobile\" style=\"grid-template-columns:auto 23%\"><div class=\"wp-block-media-text__content\">\n<p class=\"has-pale-pink-color has-text-color\"><strong>Florac \u2013 St Julien d\u2019Arpaon \u2013 Cassagnas <\/strong>(693 m d\u2019altitude)<\/p>\n\n\n\n<p class=\"has-very-dark-gray-color has-text-color\"><strong>Florac<\/strong>, entour\u00e9 de collines, est un tr\u00e8s\njoli bourg avec son vieux ch\u00e2teau, ses nombreux ponts, fontaines et rivi\u00e8res,\nses all\u00e9es de platanes et ses maisons anciennes. Au-del\u00e0 de <strong>St Julien d\u2019Arpaon<\/strong>, on emprunte un\nchemin, dans un d\u00e9cor parfois de western, entre les falaises de schiste et une\nrivi\u00e8re en contrebas, se d\u00e9roulant le long d\u2019une plateforme, ponts et tunnels\nd\u2019une ancienne voie ferr\u00e9e. <\/p>\n\n\n\n<p class=\"has-text-align-center\"><a href=\"https:\/\/photos.app.goo.gl\/CshYHU1q74e8fQ267\">https:\/\/photos.app.goo.gl\/CshYHU1q74e8fQ267<\/a><\/p>\n<\/div><figure class=\"wp-block-media-text__media\"><img loading=\"lazy\" decoding=\"async\" width=\"1024\" height=\"768\" src=\"https:\/\/yvcharron.com\/wp-content\/uploads\/2023\/08\/09_Florac_2013-09-02-09.46.54-1-1024x768.jpg\" alt=\"Florac entour\u00e9 de collines avec son vieux ch\u00e2teau, ses ponts, fontaines et rivi\u00e8res, ses all\u00e9es de platanes et ses maisons anciennes.\" class=\"wp-image-3285 size-full\" srcset=\"https:\/\/yvcharron.com\/wp-content\/uploads\/2023\/08\/09_Florac_2013-09-02-09.46.54-1-1024x768.jpg 1024w, https:\/\/yvcharron.com\/wp-content\/uploads\/2023\/08\/09_Florac_2013-09-02-09.46.54-1-300x225.jpg 300w, https:\/\/yvcharron.com\/wp-content\/uploads\/2023\/08\/09_Florac_2013-09-02-09.46.54-1-768x576.jpg 768w, https:\/\/yvcharron.com\/wp-content\/uploads\/2023\/08\/09_Florac_2013-09-02-09.46.54-1-1536x1152.jpg 1536w, https:\/\/yvcharron.com\/wp-content\/uploads\/2023\/08\/09_Florac_2013-09-02-09.46.54-1-1440x1080.jpg 1440w, https:\/\/yvcharron.com\/wp-content\/uploads\/2023\/08\/09_Florac_2013-09-02-09.46.54-1.jpg 2048w\" sizes=\"auto, (max-width: 1024px) 100vw, 1024px\" \/><\/figure><\/div>\n\n\n\n<p class=\"has-text-align-center\"><\/p>\n\n\n\n<p class=\"has-pale-pink-color has-text-color\"><\/p>\n\n\n\n<div class=\"wp-block-media-text alignwide is-stacked-on-mobile\" style=\"grid-template-columns:21% auto\"><figure class=\"wp-block-media-text__media\"><img loading=\"lazy\" decoding=\"async\" width=\"1024\" height=\"768\" src=\"https:\/\/yvcharron.com\/wp-content\/uploads\/2023\/08\/10_2013-09-03-12.46.52-1024x768.jpg\" alt=\"Col de la Pierre Plant\u00e9e (891 m) o\u00f9 l'on d\u00e9couvre des menhirs et des tombes des si\u00e8cles anciens (wisigothiques ?)\" class=\"wp-image-3286 size-full\" srcset=\"https:\/\/yvcharron.com\/wp-content\/uploads\/2023\/08\/10_2013-09-03-12.46.52-1024x768.jpg 1024w, https:\/\/yvcharron.com\/wp-content\/uploads\/2023\/08\/10_2013-09-03-12.46.52-300x225.jpg 300w, https:\/\/yvcharron.com\/wp-content\/uploads\/2023\/08\/10_2013-09-03-12.46.52-768x576.jpg 768w, https:\/\/yvcharron.com\/wp-content\/uploads\/2023\/08\/10_2013-09-03-12.46.52-1536x1152.jpg 1536w, https:\/\/yvcharron.com\/wp-content\/uploads\/2023\/08\/10_2013-09-03-12.46.52-1440x1080.jpg 1440w, https:\/\/yvcharron.com\/wp-content\/uploads\/2023\/08\/10_2013-09-03-12.46.52.jpg 2048w\" sizes=\"auto, (max-width: 1024px) 100vw, 1024px\" \/><\/figure><div class=\"wp-block-media-text__content\">\n<p class=\"has-pale-pink-color has-text-color\"><strong>Cassagnas \u2013 Mont Mars &#8211; St Germain de Calberte <\/strong>(489 m d\u2019altitude)*<\/p>\n\n\n\n<p class=\"has-very-dark-gray-color has-text-color\"><strong>Col de la Pierre Plant\u00e9e<\/strong> \u00e0 891 m (au sud du massif de la\nMargeride) o\u00f9 l\u2019on d\u00e9couvre des menhirs et des tombes des si\u00e8cles anciens (wisigothiques&nbsp;?).\nL\u2019arriv\u00e9e \u00e0 <strong>St germain de Calberte<\/strong> fait\nd\u00e9couvrir un bourg assez typique des hautes C\u00e9vennes qui s\u2019\u00e9tage en une s\u00e9rie\nde terrasses le long de la montagne. <\/p>\n\n\n\n<p class=\"has-text-align-center\"><a href=\"https:\/\/photos.app.goo.gl\/NYvCNNnSxuJYuZxF8\">https:\/\/photos.app.goo.gl\/NYvCNNnSxuJYuZxF8<\/a><\/p>\n<\/div><\/div>\n\n\n\n<p class=\"has-pale-pink-color has-text-color\"><\/p>\n\n\n\n<div class=\"wp-block-media-text alignwide has-media-on-the-right is-stacked-on-mobile\" style=\"grid-template-columns:auto 23%\"><div class=\"wp-block-media-text__content\">\n<p class=\"has-pale-pink-color has-text-color\"><strong>St Germain de Calberte \u2013 St Etienne Vall\u00e9e Fran\u00e7aise &#8211; St Jean du Gard <\/strong>(189 m d\u2019altitude)<\/p>\n\n\n\n<p class=\"has-very-dark-gray-color has-text-color\">Les C\u00e9vennes produisaient\n<strong>la soie<\/strong> qui fit la richesse du pays au\nXIX\u00e8me avant une grave \u00e9pid\u00e9mie, <strong>la\np\u00e9brine<\/strong>, et l\u2019arriv\u00e9e des soies asiatiques et artificielles. Cette activit\u00e9\nse note encore par la pr\u00e9sence de nombreux muriers et de hauts b\u00e2timents avec chemin\u00e9es\ndans lesquels se d\u00e9roulaient l\u2019\u00e9levage \u00e0 temp\u00e9rature constante des <strong>magneries<\/strong> (vers \u00e0 soie). Sur la <strong>voie royale<\/strong> (borne indiquant le passage\nde la Loz\u00e8re vers le Gard) le <strong>col St\nPierre<\/strong> laisse apercevoir un paysage m\u00e9ridional. Stevenson termina son voyage\n(adieu \u00e0 Modestine) \u00e0 <strong>St Jean du Gard<\/strong>\navant de rejoindre Al\u00e8s en voiture \u00ab&nbsp;hippomobile&nbsp;\u00bb. St Jean du Gard\nest un centre touristique \u00e0 proximit\u00e9 de la bambouseraie de Prafrance et\nd\u2019Anduze.<\/p>\n\n\n\n<p class=\"has-text-align-center\"><a href=\"https:\/\/photos.app.goo.gl\/c4mQTj6Wj51qvjHx8\">https:\/\/photos.app.goo.gl\/c4mQTj6Wj51qvjHx8<\/a><\/p>\n<\/div><figure class=\"wp-block-media-text__media\"><img loading=\"lazy\" decoding=\"async\" width=\"912\" height=\"1024\" src=\"https:\/\/yvcharron.com\/wp-content\/uploads\/2023\/08\/11_St-jean-Gard_2013-09-04-18.04.26-912x1024.jpg\" alt=\"St Jean du Gard est un centre touristique \u00e0 proximit\u00e9 de la bambouseraie de Prafrance et d\u2019Anduze\" class=\"wp-image-3287 size-full\" srcset=\"https:\/\/yvcharron.com\/wp-content\/uploads\/2023\/08\/11_St-jean-Gard_2013-09-04-18.04.26-912x1024.jpg 912w, https:\/\/yvcharron.com\/wp-content\/uploads\/2023\/08\/11_St-jean-Gard_2013-09-04-18.04.26-267x300.jpg 267w, https:\/\/yvcharron.com\/wp-content\/uploads\/2023\/08\/11_St-jean-Gard_2013-09-04-18.04.26-768x862.jpg 768w, https:\/\/yvcharron.com\/wp-content\/uploads\/2023\/08\/11_St-jean-Gard_2013-09-04-18.04.26-1369x1536.jpg 1369w, https:\/\/yvcharron.com\/wp-content\/uploads\/2023\/08\/11_St-jean-Gard_2013-09-04-18.04.26-1024x1149.jpg 1024w, https:\/\/yvcharron.com\/wp-content\/uploads\/2023\/08\/11_St-jean-Gard_2013-09-04-18.04.26-962x1080.jpg 962w, https:\/\/yvcharron.com\/wp-content\/uploads\/2023\/08\/11_St-jean-Gard_2013-09-04-18.04.26.jpg 1536w\" sizes=\"auto, (max-width: 912px) 100vw, 912px\" \/><\/figure><\/div>\n\n\n\n<p class=\"has-text-align-center\"><\/p>\n\n\n\n<div class=\"wp-block-media-text alignwide is-stacked-on-mobile\" style=\"grid-template-columns:24% auto\"><figure class=\"wp-block-media-text__media\"><img loading=\"lazy\" decoding=\"async\" width=\"1024\" height=\"768\" src=\"https:\/\/yvcharron.com\/wp-content\/uploads\/2023\/08\/12_Ales_2013-09-06-12.09.13-1024x768.jpg\" alt=\"Al\u00e8s a connu le travail du fer \u00e0 l\u2019\u00e9poque gallo-romaine, la filature de la soie et l\u2019extraction de la houille d\u00e8s le moyen \u00e2ge. Le Fort Vauban y a \u00e9t\u00e9 \u00e9difi\u00e9 \u00e0 la fin du XVII\u00e8me.\" class=\"wp-image-3288 size-full\" srcset=\"https:\/\/yvcharron.com\/wp-content\/uploads\/2023\/08\/12_Ales_2013-09-06-12.09.13-1024x768.jpg 1024w, https:\/\/yvcharron.com\/wp-content\/uploads\/2023\/08\/12_Ales_2013-09-06-12.09.13-300x225.jpg 300w, https:\/\/yvcharron.com\/wp-content\/uploads\/2023\/08\/12_Ales_2013-09-06-12.09.13-768x576.jpg 768w, https:\/\/yvcharron.com\/wp-content\/uploads\/2023\/08\/12_Ales_2013-09-06-12.09.13-1536x1152.jpg 1536w, https:\/\/yvcharron.com\/wp-content\/uploads\/2023\/08\/12_Ales_2013-09-06-12.09.13-1440x1080.jpg 1440w, https:\/\/yvcharron.com\/wp-content\/uploads\/2023\/08\/12_Ales_2013-09-06-12.09.13.jpg 2048w\" sizes=\"auto, (max-width: 1024px) 100vw, 1024px\" \/><\/figure><div class=\"wp-block-media-text__content\">\n<p class=\"has-pale-pink-color has-text-color\"><strong>St Jean du Gard \u2013 Aigladines \u2013 Al\u00e8s <\/strong>(126 m d\u2019altitude)<\/p>\n\n\n\n<p class=\"has-very-dark-gray-color has-text-color\">Passage par\nle beau hameau d\u2019<strong>Aigladines <\/strong>puis du <strong>col d\u2019Uglas<\/strong> \u00e0 536 m et la <strong>croix de Sauvage<\/strong> \u00e0 301 m avant de\nrejoindre Al\u00e8s. A partir du col d\u2019Uglas, le sentier non praticable par un \u00e2ne est\nparticuli\u00e8rement ext\u00e9nuant pour les randonneurs (\u00e9normes rochers entrecoup\u00e9s de\nlarges fissures, \u00e9pineux). <strong>Al\u00e8s <\/strong>a\nconnu le travail du fer \u00e0 l\u2019\u00e9poque gallo-romaine, la filature de la soie et\nl\u2019extraction de la houille d\u00e8s le moyen \u00e2ge. Le Fort Vauban y a \u00e9t\u00e9 \u00e9difi\u00e9 \u00e0 la\nfin du XVII\u00e8me.<\/p>\n\n\n\n<p class=\"has-text-align-center\"><a href=\"https:\/\/photos.app.goo.gl\/Ytefga1mjQk7ua5u7\">https:\/\/photos.app.goo.gl\/Ytefga1mjQk7ua5u7<\/a><\/p>\n<\/div><\/div>\n\n\n<div class=\"wp-block-image is-resized\">\n<figure class=\"aligncenter size-full\"><img loading=\"lazy\" decoding=\"async\" width=\"499\" height=\"300\" src=\"https:\/\/yvcharron.com\/wp-content\/uploads\/2020\/03\/image-7.png\" alt=\"796 gmail\" class=\"wp-image-793\" srcset=\"https:\/\/yvcharron.com\/wp-content\/uploads\/2020\/03\/image-7.png 499w, https:\/\/yvcharron.com\/wp-content\/uploads\/2020\/03\/image-7-300x180.png 300w\" sizes=\"auto, (max-width: 499px) 100vw, 499px\" \/><\/figure>\n<\/div>\n\n\n<figure class=\"wp-block-audio\"><audio controls src=\"https:\/\/yvcharron.com\/wp-content\/uploads\/2024\/08\/12-Unbekannter-Track-12.mp3\" autoplay><\/audio><\/figure>\n\n\n\n<p class=\"has-text-align-center has-cyan-bluish-gray-color has-text-color has-small-font-size\">Keywords: Chemin Stevenson GR70 Puy-en-Velay Al\u00e8s Haute-Loire Ard\u00e8che Loz\u00e8re Gard Velay G\u00e9vaudan Mont-Loz\u00e8re Pays-Camisard Modestine<\/p>\n\n\n\n<p class=\"has-text-align-center has-cyan-bluish-gray-color has-text-color has-small-font-size\">R\u00e9visions &#8212; 15\/8\/2022 : Adresse mail<\/p>\n","protected":false},"excerpt":{"rendered":"<p>Le chemin de Stevenson . Le chemin de Stevenson, aujourd\u2019hui GR70, relie le sud du Massif Central aux C\u00e9vennes traversant quatre d\u00e9partements : la Haute Loire, l\u2019Ard\u00e8che, la Loz\u00e8re et le Gard ainsi que quatre r\u00e9gions historiques : le Velay, Du Puy en Velay \u00e0 Langogne, le G\u00e9vaudan, aux Alpiers, le Mont Loz\u00e8re, \u00e0 Pont&hellip; <br \/> <a class=\"read-more\" href=\"https:\/\/yvcharron.com\/index.php\/chemin-de-stevenson\/\">Read more<\/a><\/p>\n","protected":false},"author":1,"featured_media":0,"parent":0,"menu_order":0,"comment_status":"closed","ping_status":"closed","template":"","meta":{"footnotes":""},"class_list":["post-2265","page","type-page","status-publish","hentry"],"yoast_head":"<!-- This site is optimized with the Yoast SEO plugin v24.9 - https:\/\/yoast.com\/wordpress\/plugins\/seo\/ -->\n<title>Chemin de Stevenson - CHARRON Yves<\/title>\n<meta name=\"robots\" content=\"index, follow, max-snippet:-1, max-image-preview:large, max-video-preview:-1\" \/>\n<link rel=\"canonical\" href=\"https:\/\/yvcharron.com\/index.php\/chemin-de-stevenson\/\" \/>\n<meta property=\"og:locale\" content=\"en_US\" \/>\n<meta property=\"og:type\" content=\"article\" \/>\n<meta property=\"og:title\" content=\"Chemin de Stevenson - CHARRON Yves\" \/>\n<meta property=\"og:description\" content=\"Le chemin de Stevenson . Le chemin de Stevenson, aujourd\u2019hui GR70, relie le sud du Massif Central aux C\u00e9vennes traversant quatre d\u00e9partements : la Haute Loire, l\u2019Ard\u00e8che, la Loz\u00e8re et le Gard ainsi que quatre r\u00e9gions historiques : le Velay, Du Puy en Velay \u00e0 Langogne, le G\u00e9vaudan, aux Alpiers, le Mont Loz\u00e8re, \u00e0 Pont&hellip; Read more\" \/>\n<meta property=\"og:url\" content=\"https:\/\/yvcharron.com\/index.php\/chemin-de-stevenson\/\" \/>\n<meta property=\"og:site_name\" content=\"CHARRON Yves\" \/>\n<meta property=\"article:modified_time\" content=\"2024-08-26T19:31:10+00:00\" \/>\n<meta property=\"og:image\" content=\"http:\/\/yvcharron.com\/wp-content\/uploads\/2021\/01\/Chemin-Stevenson-GR70-817x1024.jpeg\" \/>\n<meta name=\"twitter:card\" content=\"summary_large_image\" \/>\n<meta name=\"twitter:label1\" content=\"Est. reading time\" \/>\n\t<meta name=\"twitter:data1\" content=\"11 minutes\" \/>\n<script type=\"application\/ld+json\" class=\"yoast-schema-graph\">{\"@context\":\"https:\/\/schema.org\",\"@graph\":[{\"@type\":\"WebPage\",\"@id\":\"https:\/\/yvcharron.com\/index.php\/chemin-de-stevenson\/\",\"url\":\"https:\/\/yvcharron.com\/index.php\/chemin-de-stevenson\/\",\"name\":\"Chemin de Stevenson - CHARRON Yves\",\"isPartOf\":{\"@id\":\"https:\/\/yvcharron.com\/#website\"},\"primaryImageOfPage\":{\"@id\":\"https:\/\/yvcharron.com\/index.php\/chemin-de-stevenson\/#primaryimage\"},\"image\":{\"@id\":\"https:\/\/yvcharron.com\/index.php\/chemin-de-stevenson\/#primaryimage\"},\"thumbnailUrl\":\"http:\/\/yvcharron.com\/wp-content\/uploads\/2021\/01\/Chemin-Stevenson-GR70-817x1024.jpeg\",\"datePublished\":\"2021-01-13T10:32:48+00:00\",\"dateModified\":\"2024-08-26T19:31:10+00:00\",\"breadcrumb\":{\"@id\":\"https:\/\/yvcharron.com\/index.php\/chemin-de-stevenson\/#breadcrumb\"},\"inLanguage\":\"en-US\",\"potentialAction\":[{\"@type\":\"ReadAction\",\"target\":[\"https:\/\/yvcharron.com\/index.php\/chemin-de-stevenson\/\"]}]},{\"@type\":\"ImageObject\",\"inLanguage\":\"en-US\",\"@id\":\"https:\/\/yvcharron.com\/index.php\/chemin-de-stevenson\/#primaryimage\",\"url\":\"https:\/\/yvcharron.com\/wp-content\/uploads\/2021\/01\/Chemin-Stevenson-GR70.jpeg\",\"contentUrl\":\"https:\/\/yvcharron.com\/wp-content\/uploads\/2021\/01\/Chemin-Stevenson-GR70.jpeg\",\"width\":1050,\"height\":1316},{\"@type\":\"BreadcrumbList\",\"@id\":\"https:\/\/yvcharron.com\/index.php\/chemin-de-stevenson\/#breadcrumb\",\"itemListElement\":[{\"@type\":\"ListItem\",\"position\":1,\"name\":\"Home\",\"item\":\"https:\/\/yvcharron.com\/\"},{\"@type\":\"ListItem\",\"position\":2,\"name\":\"Chemin de Stevenson\"}]},{\"@type\":\"WebSite\",\"@id\":\"https:\/\/yvcharron.com\/#website\",\"url\":\"https:\/\/yvcharron.com\/\",\"name\":\"CHARRON Yves\",\"description\":\"Site last update 2024 November 1st\",\"potentialAction\":[{\"@type\":\"SearchAction\",\"target\":{\"@type\":\"EntryPoint\",\"urlTemplate\":\"https:\/\/yvcharron.com\/?s={search_term_string}\"},\"query-input\":{\"@type\":\"PropertyValueSpecification\",\"valueRequired\":true,\"valueName\":\"search_term_string\"}}],\"inLanguage\":\"en-US\"}]}<\/script>\n<!-- \/ Yoast SEO plugin. -->","yoast_head_json":{"title":"Chemin de Stevenson - CHARRON Yves","robots":{"index":"index","follow":"follow","max-snippet":"max-snippet:-1","max-image-preview":"max-image-preview:large","max-video-preview":"max-video-preview:-1"},"canonical":"https:\/\/yvcharron.com\/index.php\/chemin-de-stevenson\/","og_locale":"en_US","og_type":"article","og_title":"Chemin de Stevenson - CHARRON Yves","og_description":"Le chemin de Stevenson . Le chemin de Stevenson, aujourd\u2019hui GR70, relie le sud du Massif Central aux C\u00e9vennes traversant quatre d\u00e9partements : la Haute Loire, l\u2019Ard\u00e8che, la Loz\u00e8re et le Gard ainsi que quatre r\u00e9gions historiques : le Velay, Du Puy en Velay \u00e0 Langogne, le G\u00e9vaudan, aux Alpiers, le Mont Loz\u00e8re, \u00e0 Pont&hellip; Read more","og_url":"https:\/\/yvcharron.com\/index.php\/chemin-de-stevenson\/","og_site_name":"CHARRON Yves","article_modified_time":"2024-08-26T19:31:10+00:00","og_image":[{"url":"http:\/\/yvcharron.com\/wp-content\/uploads\/2021\/01\/Chemin-Stevenson-GR70-817x1024.jpeg","type":"","width":"","height":""}],"twitter_card":"summary_large_image","twitter_misc":{"Est. reading time":"11 minutes"},"schema":{"@context":"https:\/\/schema.org","@graph":[{"@type":"WebPage","@id":"https:\/\/yvcharron.com\/index.php\/chemin-de-stevenson\/","url":"https:\/\/yvcharron.com\/index.php\/chemin-de-stevenson\/","name":"Chemin de Stevenson - CHARRON Yves","isPartOf":{"@id":"https:\/\/yvcharron.com\/#website"},"primaryImageOfPage":{"@id":"https:\/\/yvcharron.com\/index.php\/chemin-de-stevenson\/#primaryimage"},"image":{"@id":"https:\/\/yvcharron.com\/index.php\/chemin-de-stevenson\/#primaryimage"},"thumbnailUrl":"http:\/\/yvcharron.com\/wp-content\/uploads\/2021\/01\/Chemin-Stevenson-GR70-817x1024.jpeg","datePublished":"2021-01-13T10:32:48+00:00","dateModified":"2024-08-26T19:31:10+00:00","breadcrumb":{"@id":"https:\/\/yvcharron.com\/index.php\/chemin-de-stevenson\/#breadcrumb"},"inLanguage":"en-US","potentialAction":[{"@type":"ReadAction","target":["https:\/\/yvcharron.com\/index.php\/chemin-de-stevenson\/"]}]},{"@type":"ImageObject","inLanguage":"en-US","@id":"https:\/\/yvcharron.com\/index.php\/chemin-de-stevenson\/#primaryimage","url":"https:\/\/yvcharron.com\/wp-content\/uploads\/2021\/01\/Chemin-Stevenson-GR70.jpeg","contentUrl":"https:\/\/yvcharron.com\/wp-content\/uploads\/2021\/01\/Chemin-Stevenson-GR70.jpeg","width":1050,"height":1316},{"@type":"BreadcrumbList","@id":"https:\/\/yvcharron.com\/index.php\/chemin-de-stevenson\/#breadcrumb","itemListElement":[{"@type":"ListItem","position":1,"name":"Home","item":"https:\/\/yvcharron.com\/"},{"@type":"ListItem","position":2,"name":"Chemin de Stevenson"}]},{"@type":"WebSite","@id":"https:\/\/yvcharron.com\/#website","url":"https:\/\/yvcharron.com\/","name":"CHARRON Yves","description":"Site last update 2024 November 1st","potentialAction":[{"@type":"SearchAction","target":{"@type":"EntryPoint","urlTemplate":"https:\/\/yvcharron.com\/?s={search_term_string}"},"query-input":{"@type":"PropertyValueSpecification","valueRequired":true,"valueName":"search_term_string"}}],"inLanguage":"en-US"}]}},"_links":{"self":[{"href":"https:\/\/yvcharron.com\/index.php\/wp-json\/wp\/v2\/pages\/2265","targetHints":{"allow":["GET"]}}],"collection":[{"href":"https:\/\/yvcharron.com\/index.php\/wp-json\/wp\/v2\/pages"}],"about":[{"href":"https:\/\/yvcharron.com\/index.php\/wp-json\/wp\/v2\/types\/page"}],"author":[{"embeddable":true,"href":"https:\/\/yvcharron.com\/index.php\/wp-json\/wp\/v2\/users\/1"}],"replies":[{"embeddable":true,"href":"https:\/\/yvcharron.com\/index.php\/wp-json\/wp\/v2\/comments?post=2265"}],"version-history":[{"count":20,"href":"https:\/\/yvcharron.com\/index.php\/wp-json\/wp\/v2\/pages\/2265\/revisions"}],"predecessor-version":[{"id":4270,"href":"https:\/\/yvcharron.com\/index.php\/wp-json\/wp\/v2\/pages\/2265\/revisions\/4270"}],"wp:attachment":[{"href":"https:\/\/yvcharron.com\/index.php\/wp-json\/wp\/v2\/media?parent=2265"}],"curies":[{"name":"wp","href":"https:\/\/api.w.org\/{rel}","templated":true}]}}