{"id":1678,"date":"2020-12-02T11:02:53","date_gmt":"2020-12-02T10:02:53","guid":{"rendered":"http:\/\/yvcharron.com\/?page_id=1678"},"modified":"2024-08-26T21:19:31","modified_gmt":"2024-08-26T19:19:31","slug":"corse-gr20-fr","status":"publish","type":"page","link":"https:\/\/yvcharron.com\/index.php\/corse-gr20-fr\/","title":{"rendered":"Corse &#8211; GR20 de Calenzana \u00e0 Vizzavona"},"content":{"rendered":"\n<p class=\"has-text-align-center has-black-color has-text-color has-large-font-size\"><strong>Le GR20 en Corse<\/strong><\/p>\n\n\n\n<p class=\"has-text-align-center\">.<\/p>\n\n\n\n<div class=\"wp-block-media-text alignwide is-stacked-on-mobile\" style=\"grid-template-columns:41% auto\"><figure class=\"wp-block-media-text__media\"><img loading=\"lazy\" decoding=\"async\" width=\"1024\" height=\"1024\" src=\"http:\/\/yvcharron.com\/wp-content\/uploads\/2020\/12\/GR20-Corse_BlancEtapes-aguche-1024x1024.jpg\" alt=\"GR20 enCorse reliant Calenzana (Calvi) au nord-ouest \u00e0 Conca au sud-est (Porto-Vecchio). Au milieu Vizzavona, un petit village travers\u00e9 par une voie ferr\u00e9e reliant Bastia \u00e0 Ajaccio\" class=\"wp-image-1681 size-full\" srcset=\"https:\/\/yvcharron.com\/wp-content\/uploads\/2020\/12\/GR20-Corse_BlancEtapes-aguche-1024x1024.jpg 1024w, https:\/\/yvcharron.com\/wp-content\/uploads\/2020\/12\/GR20-Corse_BlancEtapes-aguche-150x150.jpg 150w, https:\/\/yvcharron.com\/wp-content\/uploads\/2020\/12\/GR20-Corse_BlancEtapes-aguche-300x300.jpg 300w, https:\/\/yvcharron.com\/wp-content\/uploads\/2020\/12\/GR20-Corse_BlancEtapes-aguche-768x768.jpg 768w, https:\/\/yvcharron.com\/wp-content\/uploads\/2020\/12\/GR20-Corse_BlancEtapes-aguche-1080x1080.jpg 1080w, https:\/\/yvcharron.com\/wp-content\/uploads\/2020\/12\/GR20-Corse_BlancEtapes-aguche.jpg 1800w\" sizes=\"auto, (max-width: 1024px) 100vw, 1024px\" \/><\/figure><div class=\"wp-block-media-text__content\">\n<p class=\"has-very-dark-gray-color has-text-color has-medium-font-size\">Le <strong>GR20<\/strong> est le mythique sentier de randonn\u00e9e qui traverse la Corse de <strong>Calenzana<\/strong> (au nord-Ouest) \u00e0 <strong>Conca<\/strong> (au sud-est) en bordure du <strong>Monte Cinto<\/strong> soit 200 km de montagne. Il est r\u00e9put\u00e9 comme l&#8217;un des sentiers les plus difficiles d&#8217;Europe mais aussi l&#8217;un des plus beaux. Au nord du GR20, certains passages sont assez techniques tandis qu&#8217;au sud les chemins sont un peu moins accident\u00e9s.<\/p>\n\n\n<div class=\"wp-block-image is-resized\">\n<figure class=\"aligncenter size-large\"><img loading=\"lazy\" decoding=\"async\" width=\"1024\" height=\"768\" src=\"https:\/\/yvcharron.com\/wp-content\/uploads\/2023\/08\/0_DSCF0016-1024x768.jpg\" alt=\"\" class=\"wp-image-3301\" style=\"aspect-ratio:1.3333333333333333;width:278px;height:auto\" srcset=\"https:\/\/yvcharron.com\/wp-content\/uploads\/2023\/08\/0_DSCF0016-1024x768.jpg 1024w, https:\/\/yvcharron.com\/wp-content\/uploads\/2023\/08\/0_DSCF0016-300x225.jpg 300w, https:\/\/yvcharron.com\/wp-content\/uploads\/2023\/08\/0_DSCF0016-768x576.jpg 768w, https:\/\/yvcharron.com\/wp-content\/uploads\/2023\/08\/0_DSCF0016.jpg 1280w\" sizes=\"auto, (max-width: 1024px) 100vw, 1024px\" \/><\/figure>\n<\/div>\n\n\n<p><a href=\"https:\/\/www.pinterest.fr\/pin\/528187862539445853\/\">https:\/\/www.pinterest.fr\/pin\/528187862539445853\/<\/a><\/p>\n<\/div><\/div>\n\n\n\n<p class=\"has-text-align-center\">&#8211;<\/p>\n\n\n\n<h2 class=\"wp-block-heading has-text-align-center\"><strong>De Calenzana \u00e0 Vizzavona<\/strong><\/h2>\n\n\n<div class=\"wp-block-image\">\n<figure class=\"aligncenter size-full\"><img loading=\"lazy\" decoding=\"async\" width=\"1842\" height=\"462\" src=\"https:\/\/yvcharron.com\/wp-content\/uploads\/2021\/02\/Bandeau-Fr_Corse-GR20.png\" alt=\"Calvi, Ortu di u Piobbu, Carrozou, Ascu Stagnu, Corte, La Sega, Manganu, lac de M\u00e9lo, Petrapiana et Ajaccio.\" class=\"wp-image-2487\" srcset=\"https:\/\/yvcharron.com\/wp-content\/uploads\/2021\/02\/Bandeau-Fr_Corse-GR20.png 1842w, https:\/\/yvcharron.com\/wp-content\/uploads\/2021\/02\/Bandeau-Fr_Corse-GR20-300x75.png 300w, https:\/\/yvcharron.com\/wp-content\/uploads\/2021\/02\/Bandeau-Fr_Corse-GR20-768x193.png 768w, https:\/\/yvcharron.com\/wp-content\/uploads\/2021\/02\/Bandeau-Fr_Corse-GR20-1024x257.png 1024w\" sizes=\"auto, (max-width: 1842px) 100vw, 1842px\" \/><\/figure>\n<\/div>\n\n\n<p class=\"has-text-align-center has-very-dark-gray-color has-text-color\"><em>Calvi, Ortu di u Piobbu, Carrozou, passerelle de Spasimata, Bocca di Stagnu, Ascu Stagnu, Corte, La Sega, Manganu, lac de M\u00e9lo, Petrapiana et Ajaccio.<\/em><\/p>\n\n\n\n<p class=\"has-text-align-center has-vivid-cyan-blue-color has-text-color\"> Pour&nbsp;<strong>voir les photos<\/strong>,&nbsp;<em>cliquer sur les liens bleus ci-dessous.<\/em>&nbsp;Pour un&nbsp;<strong>diaporama<\/strong>,<em>&nbsp;cliquer sur la premi\u00e8re photo puis faire d\u00e9filer les suivantes.<\/em> <\/p>\n\n\n\n<div class=\"wp-block-media-text alignwide is-stacked-on-mobile\" style=\"grid-template-columns:30% auto\"><figure class=\"wp-block-media-text__media\"><img loading=\"lazy\" decoding=\"async\" width=\"1024\" height=\"768\" src=\"https:\/\/yvcharron.com\/wp-content\/uploads\/2023\/08\/0_Calvi_DSCF0019-1024x768.jpg\" alt=\"Port de Calvi et Citadelle - GR20\" class=\"wp-image-3355 size-full\" srcset=\"https:\/\/yvcharron.com\/wp-content\/uploads\/2023\/08\/0_Calvi_DSCF0019-1024x768.jpg 1024w, https:\/\/yvcharron.com\/wp-content\/uploads\/2023\/08\/0_Calvi_DSCF0019-300x225.jpg 300w, https:\/\/yvcharron.com\/wp-content\/uploads\/2023\/08\/0_Calvi_DSCF0019-768x576.jpg 768w, https:\/\/yvcharron.com\/wp-content\/uploads\/2023\/08\/0_Calvi_DSCF0019.jpg 1280w\" sizes=\"auto, (max-width: 1024px) 100vw, 1024px\" \/><\/figure><div class=\"wp-block-media-text__content\">\n<p class=\"has-pale-pink-color has-text-color\"><strong>Calvi<\/strong><\/p>\n\n\n\n<p class=\"has-very-dark-gray-color has-text-color\">Journ\u00e9e de\nd\u00e9tente avant d\u2019aborder la montagne (GR20). Calvi, situ\u00e9e sur la c\u00f4te\nNord-Ouest, est connue pour ses plages et sa baie en demi-lune. La cit\u00e9\nm\u00e9di\u00e9vale surplombe la baie. La ville travers\u00e9e par des rues pav\u00e9es accueille\nla cath\u00e9drale baroque St Jean Baptiste. Ne dites pas aux Calvais que Christophe\nColomb est n\u00e9 \u00e0 G\u00eanes. Pour eux, il est n\u00e9 \u00e0 Calvi&nbsp;! La preuve&nbsp;: on\npeut visiter sa maison natale&nbsp;! Pour s\u2019en convaincre totalement, on peut aussi\nboire un clos Colombu&nbsp;! Un tr\u00e8s bon Chardonnay&nbsp;!<\/p>\n\n\n\n<p class=\"has-text-align-center\"><a href=\"https:\/\/photos.app.goo.gl\/JXdeAa6yJtDYQt4PA\">https:\/\/photos.app.goo.gl\/JXdeAa6yJtDYQt4PA<\/a><\/p>\n<\/div><\/div>\n\n\n\n<div class=\"wp-block-media-text alignwide has-media-on-the-right is-stacked-on-mobile\" style=\"grid-template-columns:auto 36%\"><div class=\"wp-block-media-text__content\">\n<p class=\"has-pale-pink-color has-text-color\"><strong>Etape 1 \u2013 Calenzana \u00e0 Ortu di u Piobbu \u2013 10.5 km \u2013 D\u00e9nivel\u00e9&nbsp;: 1360 m \u00e0 la mont\u00e9e et 60 m \u00e0 la descente.<\/strong><\/p>\n\n\n\n<p class=\"has-very-dark-gray-color has-text-color\">Un automobiliste\nnous conduit \u00e0<strong> Calenzana (<\/strong>environ 10\nkm de Calvi), un ancien village de bergers situ\u00e9 \u00e0 250 m d\u2019altitude et point de\nd\u00e9part du GR20 (sens Nord \u2013 Sud). Le chemin commence par un ancien sentier de\nmuletiers qui monte en pente douce. Une unique fontaine sur le chemin \u00e0 <strong>Bocca di U ravalente<\/strong> \u00e0 616 m d\u2019altitude.\nOn aper\u00e7oit au loin Calvi avec la M\u00e9diterran\u00e9e en toile de fond. Passage par le\n<strong>promontoire d\u2019Arghjova<\/strong>. Par la\nsuite, le sentier devient plus raide obligeant souvent \u00e0 se servir de ses mains\npour monter. Le <strong>refuge d\u2019Ortu di U\nPiobbu <\/strong>est situ\u00e9 \u00e0 1520 m.<\/p>\n\n\n\n<p class=\"has-text-align-center has-vivid-cyan-blue-color has-text-color\"><a href=\"https:\/\/photos.app.goo.gl\/rYLoFHvmxspLx57G8\">https:\/\/photos.app.goo.gl\/rYLoFHvmxspLx57G8<\/a><\/p>\n<\/div><figure class=\"wp-block-media-text__media\"><img loading=\"lazy\" decoding=\"async\" width=\"1024\" height=\"768\" src=\"https:\/\/yvcharron.com\/wp-content\/uploads\/2023\/08\/1_DSCF0036-1024x768.jpg\" alt=\"Calenzana \u00e0 Ortu di u Piobbu \u2013 10.5 km \u2013 D\u00e9nivel\u00e9 : 1360 m \" class=\"wp-image-3306 size-full\" srcset=\"https:\/\/yvcharron.com\/wp-content\/uploads\/2023\/08\/1_DSCF0036-1024x768.jpg 1024w, https:\/\/yvcharron.com\/wp-content\/uploads\/2023\/08\/1_DSCF0036-300x225.jpg 300w, https:\/\/yvcharron.com\/wp-content\/uploads\/2023\/08\/1_DSCF0036-768x576.jpg 768w, https:\/\/yvcharron.com\/wp-content\/uploads\/2023\/08\/1_DSCF0036.jpg 1280w\" sizes=\"auto, (max-width: 1024px) 100vw, 1024px\" \/><\/figure><\/div>\n\n\n\n<p class=\"has-pale-pink-color has-text-color\"><\/p>\n\n\n\n<p><\/p>\n\n\n\n<div class=\"wp-block-media-text alignwide is-stacked-on-mobile\" style=\"grid-template-columns:29% auto\"><figure class=\"wp-block-media-text__media\"><img loading=\"lazy\" decoding=\"async\" width=\"768\" height=\"1024\" src=\"https:\/\/yvcharron.com\/wp-content\/uploads\/2023\/08\/2_DSCF0066-768x1024.jpg\" alt=\"Ortu di u Piobbu \u00e0 Carrozzu \u2013\u00a0 6.5 km \u2013 D\u00e9nivel\u00e9\u00a0: 780 m \u00e0 la mont\u00e9e et 917 m \u00e0 la descente.\" class=\"wp-image-3310 size-full\" srcset=\"https:\/\/yvcharron.com\/wp-content\/uploads\/2023\/08\/2_DSCF0066-768x1024.jpg 768w, https:\/\/yvcharron.com\/wp-content\/uploads\/2023\/08\/2_DSCF0066-225x300.jpg 225w, https:\/\/yvcharron.com\/wp-content\/uploads\/2023\/08\/2_DSCF0066-810x1080.jpg 810w, https:\/\/yvcharron.com\/wp-content\/uploads\/2023\/08\/2_DSCF0066.jpg 960w\" sizes=\"auto, (max-width: 768px) 100vw, 768px\" \/><\/figure><div class=\"wp-block-media-text__content\">\n<p class=\"has-pale-pink-color has-text-color\"><strong>Etape 2 \u2013Ortu di u Piobbu \u00e0 Carrozzu \u2013&nbsp; 6.5 km \u2013 D\u00e9nivel\u00e9&nbsp;: 780 m \u00e0 la mont\u00e9e et 917 m \u00e0 la descente.<\/strong><\/p>\n\n\n<div class=\"wp-block-image is-resized\">\n<figure class=\"aligncenter size-large\"><img loading=\"lazy\" decoding=\"async\" width=\"768\" height=\"1024\" src=\"https:\/\/yvcharron.com\/wp-content\/uploads\/2023\/08\/2_DSCF0049-768x1024.jpg\" alt=\"Etape 2 \u2013Ortu di u Piobbu \u00e0 Carrozzu \u2013\u00a0 6.5 km \" class=\"wp-image-3375\" style=\"aspect-ratio:0.75;width:193px;height:auto\" srcset=\"https:\/\/yvcharron.com\/wp-content\/uploads\/2023\/08\/2_DSCF0049-768x1024.jpg 768w, https:\/\/yvcharron.com\/wp-content\/uploads\/2023\/08\/2_DSCF0049-225x300.jpg 225w, https:\/\/yvcharron.com\/wp-content\/uploads\/2023\/08\/2_DSCF0049-810x1080.jpg 810w, https:\/\/yvcharron.com\/wp-content\/uploads\/2023\/08\/2_DSCF0049.jpg 960w\" sizes=\"auto, (max-width: 768px) 100vw, 768px\" \/><\/figure>\n<\/div>\n\n\n<p class=\"has-very-dark-gray-color has-text-color\">Quittant le\nrefuge d\u2019Ortu (1<sup>\u00e8re<\/sup> photo), la premi\u00e8re partie de l\u2019\u00e9tape s\u2019effectue\nen pente douce pour parvenir \u00e0 1950 m \u00e0 la <strong>br\u00e8che\nde Bocca di Pisciaghja<\/strong>. Impressionnant&nbsp;! Ascension dans les \u00e9boulis et\nles pierres puis encha\u00eenements de cols. La descente est longue et interminable\nvers le <strong>refuge de Carrozzu<\/strong> (le petit\ntoit rouge de la derni\u00e8re photo).<\/p>\n\n\n\n<p class=\"has-text-align-center\"><a href=\"https:\/\/photos.app.goo.gl\/QuANunvUUFhxuDb39\">https:\/\/photos.app.goo.gl\/QuANunvUUFhxuDb39<\/a><\/p>\n\n\n<div class=\"wp-block-image is-resized\">\n<figure class=\"aligncenter size-large\"><img loading=\"lazy\" decoding=\"async\" width=\"1024\" height=\"768\" src=\"https:\/\/yvcharron.com\/wp-content\/uploads\/2023\/08\/3_DSCF0072-1024x768.jpg\" alt=\"Etape 2 \u2013Ortu di u Piobbu \u00e0 Carrozzu \u2013\u00a0 D\u00e9nivel\u00e9\u00a0: 780 m \u00e0 la mont\u00e9e et 917 m \u00e0 la descente.\" class=\"wp-image-3374\" style=\"aspect-ratio:1.3333333333333333;width:155px;height:auto\" srcset=\"https:\/\/yvcharron.com\/wp-content\/uploads\/2023\/08\/3_DSCF0072-1024x768.jpg 1024w, https:\/\/yvcharron.com\/wp-content\/uploads\/2023\/08\/3_DSCF0072-300x225.jpg 300w, https:\/\/yvcharron.com\/wp-content\/uploads\/2023\/08\/3_DSCF0072-768x576.jpg 768w, https:\/\/yvcharron.com\/wp-content\/uploads\/2023\/08\/3_DSCF0072.jpg 1280w\" sizes=\"auto, (max-width: 1024px) 100vw, 1024px\" \/><\/figure>\n<\/div><\/div><\/div>\n\n\n\n<p class=\"has-pale-pink-color has-text-color\"><\/p>\n\n\n\n<div class=\"wp-block-group\"><div class=\"wp-block-group__inner-container is-layout-constrained wp-block-group-is-layout-constrained\">\n<div class=\"wp-block-columns is-layout-flex wp-container-core-columns-is-layout-9d6595d7 wp-block-columns-is-layout-flex\">\n<div class=\"wp-block-column is-layout-flow wp-block-column-is-layout-flow\"><\/div>\n\n\n\n<div class=\"wp-block-column is-layout-flow wp-block-column-is-layout-flow\"><\/div>\n\n\n\n<div class=\"wp-block-column is-layout-flow wp-block-column-is-layout-flow\"><\/div>\n<\/div>\n<\/div><\/div>\n\n\n\n<div class=\"wp-block-media-text alignwide has-media-on-the-right is-stacked-on-mobile\" style=\"grid-template-columns:auto 31%\"><div class=\"wp-block-media-text__content\">\n<p class=\"has-pale-pink-color has-text-color\"><strong>Etape 3 \u2013 Carrozzu \u00e0 la station d\u2019Ascu Stagnu &nbsp;\u2013&nbsp; 5.5 km \u2013 D\u00e9nivel\u00e9&nbsp;: 800 m \u00e0 la mont\u00e9e et 640 m \u00e0 la descente.<\/strong><\/p>\n\n\n\n<p class=\"has-very-dark-gray-color has-text-color\">Passage par\nla passerelle suspendue de <strong>Spasimata<\/strong>.\nPar la suite, le sentier grimpe fort jusqu\u2019au <strong>lac de Muvrella.<\/strong> Il faut ensuite se frayer un chemin dans un\ncouloir assez raide pour atteindre le <strong>col\nde la Bocca di Stagnu<\/strong> \u00e0 2010 m. Le sentier longe une cr\u00eate avant de\nd\u00e9boucher en contrebas sur la station de ski du <strong>Haut Asco<\/strong> o\u00f9 se trouve le <strong>refuge\nd\u2019Ascu Stagnu<\/strong>. Au programme de la journ\u00e9e neige et brouillard.<\/p>\n\n\n\n<p class=\"has-text-align-center\"><a href=\"https:\/\/photos.app.goo.gl\/jX121ybqj1nPgV9b8\">https:\/\/photos.app.goo.gl\/jX121ybqj1nPgV9b8<\/a><\/p>\n<\/div><figure class=\"wp-block-media-text__media\"><img loading=\"lazy\" decoding=\"async\" width=\"1024\" height=\"768\" src=\"https:\/\/yvcharron.com\/wp-content\/uploads\/2023\/08\/3_DSCF0103-1-1024x768.jpg\" alt=\"Carrozzu \u00e0 la station d\u2019Ascu Stagnu \u00a0\u2013\u00a0 5.5 km \u2013 D\u00e9nivel\u00e9\u00a0: 800 m \u00e0 la mont\u00e9e et 640 m \u00e0 la descente.\" class=\"wp-image-3321 size-full\" srcset=\"https:\/\/yvcharron.com\/wp-content\/uploads\/2023\/08\/3_DSCF0103-1-1024x768.jpg 1024w, https:\/\/yvcharron.com\/wp-content\/uploads\/2023\/08\/3_DSCF0103-1-300x225.jpg 300w, https:\/\/yvcharron.com\/wp-content\/uploads\/2023\/08\/3_DSCF0103-1-768x576.jpg 768w, https:\/\/yvcharron.com\/wp-content\/uploads\/2023\/08\/3_DSCF0103-1.jpg 1280w\" sizes=\"auto, (max-width: 1024px) 100vw, 1024px\" \/><\/figure><\/div>\n\n\n\n<p class=\"has-pale-pink-color has-text-color\"><\/p>\n\n\n\n<div class=\"wp-block-media-text alignwide is-stacked-on-mobile\" style=\"grid-template-columns:29% auto\"><figure class=\"wp-block-media-text__media\"><img loading=\"lazy\" decoding=\"async\" width=\"1024\" height=\"768\" src=\"https:\/\/yvcharron.com\/wp-content\/uploads\/2023\/08\/5_DSCF0112-1024x768.jpg\" alt=\"Ascu Stagnu \u00e0 Corte\" class=\"wp-image-3330 size-full\" srcset=\"https:\/\/yvcharron.com\/wp-content\/uploads\/2023\/08\/5_DSCF0112-1024x768.jpg 1024w, https:\/\/yvcharron.com\/wp-content\/uploads\/2023\/08\/5_DSCF0112-300x225.jpg 300w, https:\/\/yvcharron.com\/wp-content\/uploads\/2023\/08\/5_DSCF0112-768x576.jpg 768w, https:\/\/yvcharron.com\/wp-content\/uploads\/2023\/08\/5_DSCF0112.jpg 1280w\" sizes=\"auto, (max-width: 1024px) 100vw, 1024px\" \/><\/figure><div class=\"wp-block-media-text__content\">\n<p class=\"has-pale-pink-color has-text-color\"><strong>Etape 4 \u2013 Ascu Stagnu \u00e0 Corte<\/strong><\/p>\n\n\n\n<p class=\"has-very-dark-gray-color has-text-color\">A Ascu Stagnu\navons \u00e9t\u00e9 bloqu\u00e9s une journ\u00e9e \u00e0 cause du mauvais temps&nbsp;: froid et chutes\nde neige en altitude. Trois \u00e0 cinq randonneurs, \u00e9gar\u00e9s, seraient morts par\nhypothermie au cours des nuits du 5 au 7 juin 2002. Pas de photos pour cette\njourn\u00e9e du 6 juin 2002.<\/p>\n\n\n\n<p class=\"has-very-dark-gray-color has-text-color\">L\u2019\u00e9tape au\nd\u00e9part d\u2019Ascu passait encore en 2002 par le <strong>cirque de la Solitude<\/strong>. Le passage de ce cirque est particuli\u00e8rement\ndangereux surtout par mauvais temps&nbsp;: passage (enneig\u00e9 par endroit) le\nlong de parois quasi verticales sans visibilit\u00e9 au fond du cirque (pas le\ncourage de prendre des photos). Mis en s\u00e9rieuses difficult\u00e9s le long de la\nparoi (avec sac \u00e0 dos), avons d\u00fb rebrousser chemin et nous diriger vers <strong>Corte<\/strong>. Le passage du cirque de la\nSolitude est maintenant ferm\u00e9 suite \u00e0 un tragique accident en 2015. <\/p>\n\n\n\n<p class=\"has-text-align-center\"><a href=\"https:\/\/photos.app.goo.gl\/1VuAuz4ttwJVu9K87\">https:\/\/photos.app.goo.gl\/1VuAuz4ttwJVu9K87<\/a><\/p>\n<\/div><\/div>\n\n\n\n<div class=\"wp-block-media-text alignwide has-media-on-the-right is-stacked-on-mobile\" style=\"grid-template-columns:auto 28%\"><div class=\"wp-block-media-text__content\">\n<p class=\"has-pale-pink-color has-text-color\"><strong>Etape 5 \u2013 Corte &#8211; Refuge de la Sega \u2013 12.5 km \u2013 D\u00e9nivel\u00e9&nbsp;: 1070 m \u00e0 la mont\u00e9e et 350 m \u00e0 la descente.<\/strong><\/p>\n\n\n\n<p class=\"has-very-dark-gray-color has-text-color\">L\u2019\u00e9tape\ns\u2019effectue en pente relativement douce en for\u00eat, le long d\u2019un torrent, de\nl\u2019altitude 450 m &#8211; Corte \u00e0 1160 m \u2013 <strong>refuge\nde la Sega<\/strong>. Noter la passerelle flexible (Photos 4 et 5) pour jouer les\npetits aventuriers. Une d\u00e9tente par rapport \u00e0 l\u2019\u00e9tape 4.<\/p>\n\n\n\n<p class=\"has-text-align-right\"><a href=\"https:\/\/photos.app.goo.gl\/4sUtd9uxgEnSsDM36\">https:\/\/photos.app.goo.gl\/4sUtd9uxgEnSsDM36<\/a><\/p>\n<\/div><figure class=\"wp-block-media-text__media\"><img loading=\"lazy\" decoding=\"async\" width=\"1024\" height=\"768\" src=\"https:\/\/yvcharron.com\/wp-content\/uploads\/2023\/08\/5_DSCF0125-1024x768.jpg\" alt=\"La citadelle de Corte\" class=\"wp-image-3331 size-full\" srcset=\"https:\/\/yvcharron.com\/wp-content\/uploads\/2023\/08\/5_DSCF0125-1024x768.jpg 1024w, https:\/\/yvcharron.com\/wp-content\/uploads\/2023\/08\/5_DSCF0125-300x225.jpg 300w, https:\/\/yvcharron.com\/wp-content\/uploads\/2023\/08\/5_DSCF0125-768x576.jpg 768w, https:\/\/yvcharron.com\/wp-content\/uploads\/2023\/08\/5_DSCF0125.jpg 1280w\" sizes=\"auto, (max-width: 1024px) 100vw, 1024px\" \/><\/figure><\/div>\n\n\n\n<div class=\"wp-block-media-text alignwide is-stacked-on-mobile\" style=\"grid-template-columns:30% auto\"><figure class=\"wp-block-media-text__media\"><img loading=\"lazy\" decoding=\"async\" width=\"1024\" height=\"768\" src=\"https:\/\/yvcharron.com\/wp-content\/uploads\/2023\/08\/7_DSCF0001-1024x768.jpg\" alt=\"Refuge de la Sega au refuge de Manganu\" class=\"wp-image-3335 size-full\" srcset=\"https:\/\/yvcharron.com\/wp-content\/uploads\/2023\/08\/7_DSCF0001-1024x768.jpg 1024w, https:\/\/yvcharron.com\/wp-content\/uploads\/2023\/08\/7_DSCF0001-300x225.jpg 300w, https:\/\/yvcharron.com\/wp-content\/uploads\/2023\/08\/7_DSCF0001-768x576.jpg 768w, https:\/\/yvcharron.com\/wp-content\/uploads\/2023\/08\/7_DSCF0001.jpg 1280w\" sizes=\"auto, (max-width: 1024px) 100vw, 1024px\" \/><\/figure><div class=\"wp-block-media-text__content\">\n<p class=\"has-pale-pink-color has-text-color\"><strong>Etape 6 \u2013 Refuge de la Sega au refuge de<\/strong> <strong>Manganu<\/strong> <\/p>\n\n\n\n<p class=\"has-very-dark-gray-color has-text-color\"><strong>Le refuge de la Sega<\/strong> venait d\u2019\u00eatre construit en 2000 \u2013 2002. Comme pour la pr\u00e9c\u00e9dente, l\u2019\u00e9tape au d\u00e9part de la Sega est relativement facile. Elle s\u2019effectue le long d\u2019un torrent et de nombreuses cascades faisant traverser quelques zones humides.<\/p>\n\n\n\n<p><a href=\"https:\/\/photos.app.goo.gl\/zPqjr1CndturKcbg6\">https:\/\/photos.app.goo.gl\/zPqjr1CndturKcbg6<\/a><\/p>\n<\/div><\/div>\n\n\n\n<p class=\"has-pale-pink-color has-text-color\"><\/p>\n\n\n\n<div class=\"wp-block-media-text alignwide has-media-on-the-right is-stacked-on-mobile\" style=\"grid-template-columns:auto 28%\"><div class=\"wp-block-media-text__content\">\n<p class=\"has-pale-pink-color has-text-color\"><strong>Etape 7 \u2013 De Manganu  au lac de Nino au Refuge de Manganu<\/strong><\/p>\n\n\n\n<p class=\"has-very-dark-gray-color has-text-color\">Encore une \u00e9tape relativement facile au milieu de zones humides dans un aller-retour entre le lac de Nino situ\u00e9 \u00e0 2009 m et le<strong> refuge de Manganu <\/strong>situ\u00e9 \u00e0 1&nbsp;600 m.<\/p>\n\n\n\n<p class=\"has-text-align-center\"><a href=\"https:\/\/photos.app.goo.gl\/zj4D2NzGCpw4JAS87\">https:\/\/photos.app.goo.gl\/zj4D2NzGCpw4JAS87<\/a><\/p>\n<\/div><figure class=\"wp-block-media-text__media\"><img loading=\"lazy\" decoding=\"async\" width=\"1024\" height=\"768\" src=\"https:\/\/yvcharron.com\/wp-content\/uploads\/2023\/08\/8_DSCF0041-1024x768.jpg\" alt=\"De Manganu  au lac de Nino au Refuge de Manganu - GR20\" class=\"wp-image-3337 size-full\" srcset=\"https:\/\/yvcharron.com\/wp-content\/uploads\/2023\/08\/8_DSCF0041-1024x768.jpg 1024w, https:\/\/yvcharron.com\/wp-content\/uploads\/2023\/08\/8_DSCF0041-300x225.jpg 300w, https:\/\/yvcharron.com\/wp-content\/uploads\/2023\/08\/8_DSCF0041-768x576.jpg 768w, https:\/\/yvcharron.com\/wp-content\/uploads\/2023\/08\/8_DSCF0041.jpg 1280w\" sizes=\"auto, (max-width: 1024px) 100vw, 1024px\" \/><\/figure><\/div>\n\n\n\n<p><\/p>\n\n\n\n<div class=\"wp-block-media-text alignwide is-stacked-on-mobile\" style=\"grid-template-columns:33% auto\"><figure class=\"wp-block-media-text__media\"><img loading=\"lazy\" decoding=\"async\" width=\"768\" height=\"1024\" src=\"https:\/\/yvcharron.com\/wp-content\/uploads\/2023\/08\/9_DSCF0090-768x1024.jpg\" alt=\"Refuge de Manganu au Lac de M\u00e9lo et au refuge Petra Piana\" class=\"wp-image-3343 size-full\" srcset=\"https:\/\/yvcharron.com\/wp-content\/uploads\/2023\/08\/9_DSCF0090-768x1024.jpg 768w, https:\/\/yvcharron.com\/wp-content\/uploads\/2023\/08\/9_DSCF0090-225x300.jpg 225w, https:\/\/yvcharron.com\/wp-content\/uploads\/2023\/08\/9_DSCF0090-810x1080.jpg 810w, https:\/\/yvcharron.com\/wp-content\/uploads\/2023\/08\/9_DSCF0090.jpg 960w\" sizes=\"auto, (max-width: 768px) 100vw, 768px\" \/><\/figure><div class=\"wp-block-media-text__content\">\n<p class=\"has-pale-pink-color has-text-color\"><strong>Etape 8 \u2013 Refuge de Manganu au Lac de M\u00e9lo et au refuge Petra Piana &nbsp;\u2013 8 km \u2013 D\u00e9nivel\u00e9&nbsp;: 850 m \u00e0 la mont\u00e9e et 600 m \u00e0 la descente<\/strong><\/p>\n\n\n<div class=\"wp-block-image is-resized\">\n<figure class=\"aligncenter size-large\"><img loading=\"lazy\" decoding=\"async\" width=\"1024\" height=\"768\" src=\"https:\/\/yvcharron.com\/wp-content\/uploads\/2023\/08\/9_DSCF0112-1024x768.jpg\" alt=\"Refuge de Manganu au Lac de M\u00e9lo et au refuge Petra Piana - GR20\" class=\"wp-image-3344\" style=\"aspect-ratio:1.3333333333333333;width:185px;height:auto\" srcset=\"https:\/\/yvcharron.com\/wp-content\/uploads\/2023\/08\/9_DSCF0112-1024x768.jpg 1024w, https:\/\/yvcharron.com\/wp-content\/uploads\/2023\/08\/9_DSCF0112-300x225.jpg 300w, https:\/\/yvcharron.com\/wp-content\/uploads\/2023\/08\/9_DSCF0112-768x576.jpg 768w, https:\/\/yvcharron.com\/wp-content\/uploads\/2023\/08\/9_DSCF0112.jpg 1280w\" sizes=\"auto, (max-width: 1024px) 100vw, 1024px\" \/><\/figure>\n<\/div>\n\n\n<p class=\"has-very-dark-gray-color has-text-color\">La marche est\nparticuli\u00e8rement difficile pour rejoindre la <strong>Br\u00e8che du Capitello<\/strong> situ\u00e9e \u00e0 2&nbsp;200 m. Le sentier fait passer\ndevant de nombreux lacs et franchir plusieurs cols dont le <strong>Col de Rinosu<\/strong> (2&nbsp;200 m) et le <strong>Col Bocca Muzella <\/strong>(2&nbsp;100 m). Une derni\u00e8re descente raide et\nplut\u00f4t longue nous conduit au <strong>refuge de\nPetra Piana <\/strong>(altitude 1&nbsp;840m &#8211; derni\u00e8re photo).<\/p>\n\n\n\n<p class=\"has-text-align-center\"><a href=\"https:\/\/photos.app.goo.gl\/G9M4knD91BgW5nnZ9\">https:\/\/photos.app.goo.gl\/G9M4knD91BgW5nnZ9<\/a><\/p>\n\n\n<div class=\"wp-block-image is-resized\">\n<figure class=\"aligncenter size-large\"><img loading=\"lazy\" decoding=\"async\" width=\"1024\" height=\"768\" src=\"https:\/\/yvcharron.com\/wp-content\/uploads\/2023\/08\/9_DSCF0084-1024x768.jpg\" alt=\"Refuge de Manganu au Lac de M\u00e9lo et au refuge Petra Piana - D\u00e9nivel\u00e8 : 850 m \u00e0 la mont\u00e9e et 600 m \u00e0 la descente\" class=\"wp-image-3342\" style=\"aspect-ratio:1.3333333333333333;width:217px;height:auto\" srcset=\"https:\/\/yvcharron.com\/wp-content\/uploads\/2023\/08\/9_DSCF0084-1024x768.jpg 1024w, https:\/\/yvcharron.com\/wp-content\/uploads\/2023\/08\/9_DSCF0084-300x225.jpg 300w, https:\/\/yvcharron.com\/wp-content\/uploads\/2023\/08\/9_DSCF0084-768x576.jpg 768w, https:\/\/yvcharron.com\/wp-content\/uploads\/2023\/08\/9_DSCF0084.jpg 1280w\" sizes=\"auto, (max-width: 1024px) 100vw, 1024px\" \/><\/figure>\n<\/div><\/div><\/div>\n\n\n\n<div class=\"wp-block-media-text alignwide has-media-on-the-right is-stacked-on-mobile\" style=\"grid-template-columns:auto 44%\"><div class=\"wp-block-media-text__content\">\n<p class=\"has-text-align-center\">_<\/p>\n\n\n\n<p class=\"has-pale-pink-color has-text-color\"><strong>Etape 9 \u2013 Petra Piana \u00e0 L\u2019Onda&nbsp; \u2013&nbsp; 10 km \u2013 D\u00e9nivel\u00e9&nbsp;: 390 m \u00e0 la mont\u00e9e et 800 m \u00e0 la descente.<\/strong><\/p>\n\n\n\n<p class=\"has-very-dark-gray-color has-text-color\">Premi\u00e8res\nphotos&nbsp;: l\u2019am\u00e9nagement typique d\u2019un refuge corse avec dortoirs \u00e0 tous les\n\u00e9tages. Deux itin\u00e9raires sont possibles&nbsp;: par les cr\u00eates ou par la vall\u00e9e.\nLa premi\u00e8re est d\u00e9conseill\u00e9e en cas de vent. Le chemin par la vall\u00e9e fait passer\ndevant plusieurs bergeries. Arriv\u00e9e au <strong>refuge\nde l\u2019Onda<\/strong> situ\u00e9 \u00e0 1&nbsp;430 m.<\/p>\n\n\n\n<p class=\"has-text-align-center\"><a href=\"https:\/\/photos.app.goo.gl\/refS4HcRL9j5EiSb9\">https:\/\/photos.app.goo.gl\/refS4HcRL9j5EiSb9<\/a><\/p>\n\n\n<div class=\"wp-block-image is-resized\">\n<figure class=\"aligncenter size-large\"><img loading=\"lazy\" decoding=\"async\" width=\"1024\" height=\"768\" src=\"https:\/\/yvcharron.com\/wp-content\/uploads\/2023\/08\/9_DSCF0109-1024x768.jpg\" alt=\"Petra Piana \u00e0 L\u2019Onda\u00a0 \u2013\u00a0 10 km \u2013 D\u00e9nivel\u00e9\u00a0: 390 m \u00e0 la mont\u00e9e et 800 m \u00e0 la descente. - GR20\" class=\"wp-image-3345\" style=\"aspect-ratio:1.3333333333333333;width:227px;height:auto\" srcset=\"https:\/\/yvcharron.com\/wp-content\/uploads\/2023\/08\/9_DSCF0109-1024x768.jpg 1024w, https:\/\/yvcharron.com\/wp-content\/uploads\/2023\/08\/9_DSCF0109-300x225.jpg 300w, https:\/\/yvcharron.com\/wp-content\/uploads\/2023\/08\/9_DSCF0109-768x576.jpg 768w, https:\/\/yvcharron.com\/wp-content\/uploads\/2023\/08\/9_DSCF0109.jpg 1280w\" sizes=\"auto, (max-width: 1024px) 100vw, 1024px\" \/><\/figure>\n<\/div><\/div><figure class=\"wp-block-media-text__media\"><img loading=\"lazy\" decoding=\"async\" width=\"1024\" height=\"768\" src=\"https:\/\/yvcharron.com\/wp-content\/uploads\/2023\/08\/9_DSCF0101-1024x768.jpg\" alt=\"Petra Piana \u00e0 L\u2019Onda\u00a0 \u2013\u00a0 10 km \u2013 D\u00e9nivel\u00e9\u00a0: 390 m \u00e0 la mont\u00e9e et 800 m \u00e0 la descente.\" class=\"wp-image-3346 size-full\" srcset=\"https:\/\/yvcharron.com\/wp-content\/uploads\/2023\/08\/9_DSCF0101-1024x768.jpg 1024w, https:\/\/yvcharron.com\/wp-content\/uploads\/2023\/08\/9_DSCF0101-300x225.jpg 300w, https:\/\/yvcharron.com\/wp-content\/uploads\/2023\/08\/9_DSCF0101-768x576.jpg 768w, https:\/\/yvcharron.com\/wp-content\/uploads\/2023\/08\/9_DSCF0101.jpg 1280w\" sizes=\"auto, (max-width: 1024px) 100vw, 1024px\" \/><\/figure><\/div>\n\n\n\n<div class=\"wp-block-media-text alignwide is-stacked-on-mobile\" style=\"grid-template-columns:20% auto\"><figure class=\"wp-block-media-text__media\"><img loading=\"lazy\" decoding=\"async\" width=\"768\" height=\"1024\" src=\"https:\/\/yvcharron.com\/wp-content\/uploads\/2023\/08\/10_DSCF0137-768x1024.jpg\" alt=\"L\u2019Onda \u00e0 Vizzavona\u00a0 \u2013 10 km \u2013 D\u00e9nivel\u00e9\u00a0: 700 m \u00e0 la mont\u00e9e et 1 200 m \u00e0 la descente.\" class=\"wp-image-3349 size-full\" srcset=\"https:\/\/yvcharron.com\/wp-content\/uploads\/2023\/08\/10_DSCF0137-768x1024.jpg 768w, https:\/\/yvcharron.com\/wp-content\/uploads\/2023\/08\/10_DSCF0137-225x300.jpg 225w, https:\/\/yvcharron.com\/wp-content\/uploads\/2023\/08\/10_DSCF0137-810x1080.jpg 810w, https:\/\/yvcharron.com\/wp-content\/uploads\/2023\/08\/10_DSCF0137.jpg 960w\" sizes=\"auto, (max-width: 768px) 100vw, 768px\" \/><\/figure><div class=\"wp-block-media-text__content\">\n<p class=\"has-pale-pink-color has-text-color\"><strong>Etape 10 \u2013 L\u2019Onda \u00e0 Vizzavona&nbsp; \u2013 10 km \u2013 D\u00e9nivel\u00e9&nbsp;: 700 m \u00e0 la mont\u00e9e et 1 200 m \u00e0 la descente.<\/strong><\/p>\n\n\n\n<p class=\"has-very-dark-gray-color has-text-color\">Au d\u00e9part du <strong>refuge de l\u2019Onda<\/strong>, il faut grimper\njusqu\u2019\u00e0 la <strong>Punta Muratellu<\/strong> situ\u00e9e \u00e0\n2&nbsp;020 m. Apr\u00e8s une tr\u00e8s longue descente passant par les bergeries du\nPuzaatelli un sentier en for\u00eat permet de rejoindre le hameau de <strong>Vizzavona <\/strong>situ\u00e9 \u00e0 une altitude de 900m.\nLe sentier fait passer \u00e0 proximit\u00e9 de la Cascade des Anglais (1&nbsp;112 m).<\/p>\n\n\n\n<p class=\"has-text-align-center\"><a href=\"https:\/\/photos.app.goo.gl\/BiTU3A3DA38SEdQYA\">https:\/\/photos.app.goo.gl\/BiTU3A3DA38SEdQYA<\/a><\/p>\n<\/div><\/div>\n\n\n\n<p class=\"has-pale-pink-color has-text-color\"><\/p>\n\n\n\n<div class=\"wp-block-media-text alignwide has-media-on-the-right is-stacked-on-mobile\" style=\"grid-template-columns:auto 29%\"><div class=\"wp-block-media-text__content\">\n<p class=\"has-pale-pink-color has-text-color\"><strong>Vizzavona \u00e0 Ajaccio <\/strong><\/p>\n\n\n\n<p class=\"has-very-dark-gray-color has-text-color\">Le trajet\ns\u2019effectue par un petit train qui relie le village \u00e0 la pr\u00e9fecture du\nd\u00e9partement de la Corse du Sud (ligne Bastia \u2013 Ajaccio). A Ajaccio, d\u00e9ambulation\nsur le chemin des cr\u00eates avec vue sur les iles sanguinaires.<\/p>\n\n\n\n<p class=\"has-text-align-center\"><a href=\"https:\/\/photos.app.goo.gl\/eeRdCspbLZSPaoqa6\">https:\/\/photos.app.goo.gl\/eeRdCspbLZSPaoqa6<\/a><\/p>\n\n\n<div class=\"wp-block-image is-resized\">\n<figure class=\"aligncenter size-large\"><img loading=\"lazy\" decoding=\"async\" width=\"1024\" height=\"768\" src=\"https:\/\/yvcharron.com\/wp-content\/uploads\/2023\/08\/11_DSCF0186-1024x768.jpg\" alt=\"Descente vers Vizzavona\" class=\"wp-image-3370\" style=\"aspect-ratio:1.3333333333333333;width:173px;height:auto\" srcset=\"https:\/\/yvcharron.com\/wp-content\/uploads\/2023\/08\/11_DSCF0186-1024x768.jpg 1024w, https:\/\/yvcharron.com\/wp-content\/uploads\/2023\/08\/11_DSCF0186-300x225.jpg 300w, https:\/\/yvcharron.com\/wp-content\/uploads\/2023\/08\/11_DSCF0186-768x576.jpg 768w, https:\/\/yvcharron.com\/wp-content\/uploads\/2023\/08\/11_DSCF0186.jpg 1280w\" sizes=\"auto, (max-width: 1024px) 100vw, 1024px\" \/><\/figure>\n<\/div><\/div><figure class=\"wp-block-media-text__media\"><img loading=\"lazy\" decoding=\"async\" width=\"1024\" height=\"768\" src=\"https:\/\/yvcharron.com\/wp-content\/uploads\/2023\/08\/11_DSCF0148-1024x768.jpg\" alt=\"Descente vers Vizzavona - GR20\" class=\"wp-image-3369 size-full\" srcset=\"https:\/\/yvcharron.com\/wp-content\/uploads\/2023\/08\/11_DSCF0148-1024x768.jpg 1024w, https:\/\/yvcharron.com\/wp-content\/uploads\/2023\/08\/11_DSCF0148-300x225.jpg 300w, https:\/\/yvcharron.com\/wp-content\/uploads\/2023\/08\/11_DSCF0148-768x576.jpg 768w, https:\/\/yvcharron.com\/wp-content\/uploads\/2023\/08\/11_DSCF0148.jpg 1280w\" sizes=\"auto, (max-width: 1024px) 100vw, 1024px\" \/><\/figure><\/div>\n\n\n\n<p class=\"has-pale-pink-color has-text-color\"><\/p>\n\n\n\n<div class=\"wp-block-media-text alignwide is-stacked-on-mobile\" style=\"grid-template-columns:35% auto\"><figure class=\"wp-block-media-text__media\"><img loading=\"lazy\" decoding=\"async\" width=\"1024\" height=\"768\" src=\"https:\/\/yvcharron.com\/wp-content\/uploads\/2023\/08\/13_DSCF0213-1024x768.jpg\" alt=\"Ajaccio - le Port\" class=\"wp-image-3371 size-full\" srcset=\"https:\/\/yvcharron.com\/wp-content\/uploads\/2023\/08\/13_DSCF0213-1024x768.jpg 1024w, https:\/\/yvcharron.com\/wp-content\/uploads\/2023\/08\/13_DSCF0213-300x225.jpg 300w, https:\/\/yvcharron.com\/wp-content\/uploads\/2023\/08\/13_DSCF0213-768x576.jpg 768w, https:\/\/yvcharron.com\/wp-content\/uploads\/2023\/08\/13_DSCF0213.jpg 1280w\" sizes=\"auto, (max-width: 1024px) 100vw, 1024px\" \/><\/figure><div class=\"wp-block-media-text__content\">\n<p class=\"has-pale-pink-color has-text-color\"><strong>Ajaccio <\/strong><\/p>\n\n\n<div class=\"wp-block-image is-resized\">\n<figure class=\"aligncenter size-large\"><img loading=\"lazy\" decoding=\"async\" width=\"1024\" height=\"768\" src=\"https:\/\/yvcharron.com\/wp-content\/uploads\/2023\/08\/12_DSCF0195-1024x768.jpg\" alt=\"Ajaccio enville\" class=\"wp-image-3373\" style=\"aspect-ratio:1.3333333333333333;width:217px;height:auto\" srcset=\"https:\/\/yvcharron.com\/wp-content\/uploads\/2023\/08\/12_DSCF0195-1024x768.jpg 1024w, https:\/\/yvcharron.com\/wp-content\/uploads\/2023\/08\/12_DSCF0195-300x225.jpg 300w, https:\/\/yvcharron.com\/wp-content\/uploads\/2023\/08\/12_DSCF0195-768x576.jpg 768w, https:\/\/yvcharron.com\/wp-content\/uploads\/2023\/08\/12_DSCF0195.jpg 1280w\" sizes=\"auto, (max-width: 1024px) 100vw, 1024px\" \/><\/figure>\n<\/div>\n\n\n<p class=\"has-very-dark-gray-color has-text-color\">Quelques photos du port avant de rejoindre l\u2019a\u00e9roport d\u2019Ajaccio pour le retour vers le continent.<\/p>\n\n\n\n<p class=\"has-text-align-center\"><a href=\"https:\/\/photos.app.goo.gl\/sVi27pnNGcrirnm46\">https:\/\/photos.app.goo.gl\/sVi27pnNGcrirnm46<\/a><\/p>\n\n\n<div class=\"wp-block-image is-resized\">\n<figure class=\"aligncenter size-large\"><img loading=\"lazy\" decoding=\"async\" width=\"1024\" height=\"768\" src=\"https:\/\/yvcharron.com\/wp-content\/uploads\/2023\/08\/12_DSCF0203-1024x768.jpg\" alt=\"D\u00e9ambulation sur le chemin des cr\u00eates avec vue sur les iles sanguinaires.\" class=\"wp-image-3372\" style=\"aspect-ratio:1.3333333333333333;width:193px;height:auto\" srcset=\"https:\/\/yvcharron.com\/wp-content\/uploads\/2023\/08\/12_DSCF0203-1024x768.jpg 1024w, https:\/\/yvcharron.com\/wp-content\/uploads\/2023\/08\/12_DSCF0203-300x225.jpg 300w, https:\/\/yvcharron.com\/wp-content\/uploads\/2023\/08\/12_DSCF0203-768x576.jpg 768w, https:\/\/yvcharron.com\/wp-content\/uploads\/2023\/08\/12_DSCF0203.jpg 1280w\" sizes=\"auto, (max-width: 1024px) 100vw, 1024px\" \/><\/figure>\n<\/div>\n\n\n<p class=\"has-text-align-center\"><\/p>\n<\/div><\/div>\n\n\n\n<p class=\"has-pale-pink-color has-text-color\"><\/p>\n\n\n\n<p class=\"has-text-align-center has-cyan-bluish-gray-color has-text-color\">_<\/p>\n\n\n\n<figure class=\"wp-block-audio\"><audio controls src=\"https:\/\/yvcharron.com\/wp-content\/uploads\/2024\/08\/12-Finale-allegro.-String-Quartet-Op.17-NO.4-in-C-minor-1.mp3\" autoplay><\/audio><\/figure>\n\n\n<div class=\"wp-block-image\">\n<figure class=\"aligncenter size-full\"><img loading=\"lazy\" decoding=\"async\" width=\"499\" height=\"300\" src=\"https:\/\/yvcharron.com\/wp-content\/uploads\/2020\/03\/image-7.png\" alt=\"796gmail\" class=\"wp-image-793\" srcset=\"https:\/\/yvcharron.com\/wp-content\/uploads\/2020\/03\/image-7.png 499w, https:\/\/yvcharron.com\/wp-content\/uploads\/2020\/03\/image-7-300x180.png 300w\" sizes=\"auto, (max-width: 499px) 100vw, 499px\" \/><\/figure>\n<\/div>\n\n\n<p class=\"has-text-align-center has-cyan-bluish-gray-color has-text-color has-small-font-size\">Keywords: GR20 Corse Calvi Calenzana, Monte Cinto, Vizzavona conca ajaccio porto vecchio<\/p>\n\n\n\n<p class=\"has-text-align-center has-cyan-bluish-gray-color has-text-color has-small-font-size\">R\u00e9visions : Adresse gmail<\/p>\n","protected":false},"excerpt":{"rendered":"<p>Le GR20 en Corse . &#8211; De Calenzana \u00e0 Vizzavona Calvi, Ortu di u Piobbu, Carrozou, passerelle de Spasimata, Bocca di Stagnu, Ascu Stagnu, Corte, La Sega, Manganu, lac de M\u00e9lo, Petrapiana et Ajaccio. Pour&nbsp;voir les photos,&nbsp;cliquer sur les liens bleus ci-dessous.&nbsp;Pour un&nbsp;diaporama,&nbsp;cliquer sur la premi\u00e8re photo puis faire d\u00e9filer les suivantes. Calvi Journ\u00e9e de&hellip; <br \/> <a class=\"read-more\" href=\"https:\/\/yvcharron.com\/index.php\/corse-gr20-fr\/\">Read more<\/a><\/p>\n","protected":false},"author":1,"featured_media":0,"parent":0,"menu_order":0,"comment_status":"closed","ping_status":"closed","template":"","meta":{"footnotes":""},"class_list":["post-1678","page","type-page","status-publish","hentry"],"yoast_head":"<!-- This site is optimized with the Yoast SEO plugin v24.9 - https:\/\/yoast.com\/wordpress\/plugins\/seo\/ -->\n<title>Corse - GR20 de Calenzana \u00e0 Vizzavona - CHARRON Yves<\/title>\n<meta name=\"robots\" content=\"index, follow, max-snippet:-1, max-image-preview:large, max-video-preview:-1\" \/>\n<link rel=\"canonical\" href=\"https:\/\/yvcharron.com\/index.php\/corse-gr20-fr\/\" \/>\n<meta property=\"og:locale\" content=\"en_US\" \/>\n<meta property=\"og:type\" content=\"article\" \/>\n<meta property=\"og:title\" content=\"Corse - GR20 de Calenzana \u00e0 Vizzavona - CHARRON Yves\" \/>\n<meta property=\"og:description\" content=\"Le GR20 en Corse . &#8211; De Calenzana \u00e0 Vizzavona Calvi, Ortu di u Piobbu, Carrozou, passerelle de Spasimata, Bocca di Stagnu, Ascu Stagnu, Corte, La Sega, Manganu, lac de M\u00e9lo, Petrapiana et Ajaccio. Pour&nbsp;voir les photos,&nbsp;cliquer sur les liens bleus ci-dessous.&nbsp;Pour un&nbsp;diaporama,&nbsp;cliquer sur la premi\u00e8re photo puis faire d\u00e9filer les suivantes. Calvi Journ\u00e9e de&hellip; Read more\" \/>\n<meta property=\"og:url\" content=\"https:\/\/yvcharron.com\/index.php\/corse-gr20-fr\/\" \/>\n<meta property=\"og:site_name\" content=\"CHARRON Yves\" \/>\n<meta property=\"article:modified_time\" content=\"2024-08-26T19:19:31+00:00\" \/>\n<meta property=\"og:image\" content=\"http:\/\/yvcharron.com\/wp-content\/uploads\/2020\/12\/GR20-Corse_BlancEtapes-aguche-1024x1024.jpg\" \/>\n<meta name=\"twitter:card\" content=\"summary_large_image\" \/>\n<meta name=\"twitter:label1\" content=\"Est. reading time\" \/>\n\t<meta name=\"twitter:data1\" content=\"11 minutes\" \/>\n<script type=\"application\/ld+json\" class=\"yoast-schema-graph\">{\"@context\":\"https:\/\/schema.org\",\"@graph\":[{\"@type\":\"WebPage\",\"@id\":\"https:\/\/yvcharron.com\/index.php\/corse-gr20-fr\/\",\"url\":\"https:\/\/yvcharron.com\/index.php\/corse-gr20-fr\/\",\"name\":\"Corse - GR20 de Calenzana \u00e0 Vizzavona - CHARRON Yves\",\"isPartOf\":{\"@id\":\"https:\/\/yvcharron.com\/#website\"},\"primaryImageOfPage\":{\"@id\":\"https:\/\/yvcharron.com\/index.php\/corse-gr20-fr\/#primaryimage\"},\"image\":{\"@id\":\"https:\/\/yvcharron.com\/index.php\/corse-gr20-fr\/#primaryimage\"},\"thumbnailUrl\":\"http:\/\/yvcharron.com\/wp-content\/uploads\/2020\/12\/GR20-Corse_BlancEtapes-aguche-1024x1024.jpg\",\"datePublished\":\"2020-12-02T10:02:53+00:00\",\"dateModified\":\"2024-08-26T19:19:31+00:00\",\"breadcrumb\":{\"@id\":\"https:\/\/yvcharron.com\/index.php\/corse-gr20-fr\/#breadcrumb\"},\"inLanguage\":\"en-US\",\"potentialAction\":[{\"@type\":\"ReadAction\",\"target\":[\"https:\/\/yvcharron.com\/index.php\/corse-gr20-fr\/\"]}]},{\"@type\":\"ImageObject\",\"inLanguage\":\"en-US\",\"@id\":\"https:\/\/yvcharron.com\/index.php\/corse-gr20-fr\/#primaryimage\",\"url\":\"https:\/\/yvcharron.com\/wp-content\/uploads\/2020\/12\/GR20-Corse_BlancEtapes-aguche.jpg\",\"contentUrl\":\"https:\/\/yvcharron.com\/wp-content\/uploads\/2020\/12\/GR20-Corse_BlancEtapes-aguche.jpg\",\"width\":1800,\"height\":1800},{\"@type\":\"BreadcrumbList\",\"@id\":\"https:\/\/yvcharron.com\/index.php\/corse-gr20-fr\/#breadcrumb\",\"itemListElement\":[{\"@type\":\"ListItem\",\"position\":1,\"name\":\"Home\",\"item\":\"https:\/\/yvcharron.com\/\"},{\"@type\":\"ListItem\",\"position\":2,\"name\":\"Corse &#8211; GR20 de Calenzana \u00e0 Vizzavona\"}]},{\"@type\":\"WebSite\",\"@id\":\"https:\/\/yvcharron.com\/#website\",\"url\":\"https:\/\/yvcharron.com\/\",\"name\":\"CHARRON Yves\",\"description\":\"Site last update 2024 November 1st\",\"potentialAction\":[{\"@type\":\"SearchAction\",\"target\":{\"@type\":\"EntryPoint\",\"urlTemplate\":\"https:\/\/yvcharron.com\/?s={search_term_string}\"},\"query-input\":{\"@type\":\"PropertyValueSpecification\",\"valueRequired\":true,\"valueName\":\"search_term_string\"}}],\"inLanguage\":\"en-US\"}]}<\/script>\n<!-- \/ Yoast SEO plugin. -->","yoast_head_json":{"title":"Corse - GR20 de Calenzana \u00e0 Vizzavona - CHARRON Yves","robots":{"index":"index","follow":"follow","max-snippet":"max-snippet:-1","max-image-preview":"max-image-preview:large","max-video-preview":"max-video-preview:-1"},"canonical":"https:\/\/yvcharron.com\/index.php\/corse-gr20-fr\/","og_locale":"en_US","og_type":"article","og_title":"Corse - GR20 de Calenzana \u00e0 Vizzavona - CHARRON Yves","og_description":"Le GR20 en Corse . &#8211; De Calenzana \u00e0 Vizzavona Calvi, Ortu di u Piobbu, Carrozou, passerelle de Spasimata, Bocca di Stagnu, Ascu Stagnu, Corte, La Sega, Manganu, lac de M\u00e9lo, Petrapiana et Ajaccio. Pour&nbsp;voir les photos,&nbsp;cliquer sur les liens bleus ci-dessous.&nbsp;Pour un&nbsp;diaporama,&nbsp;cliquer sur la premi\u00e8re photo puis faire d\u00e9filer les suivantes. Calvi Journ\u00e9e de&hellip; Read more","og_url":"https:\/\/yvcharron.com\/index.php\/corse-gr20-fr\/","og_site_name":"CHARRON Yves","article_modified_time":"2024-08-26T19:19:31+00:00","og_image":[{"url":"http:\/\/yvcharron.com\/wp-content\/uploads\/2020\/12\/GR20-Corse_BlancEtapes-aguche-1024x1024.jpg","type":"","width":"","height":""}],"twitter_card":"summary_large_image","twitter_misc":{"Est. reading time":"11 minutes"},"schema":{"@context":"https:\/\/schema.org","@graph":[{"@type":"WebPage","@id":"https:\/\/yvcharron.com\/index.php\/corse-gr20-fr\/","url":"https:\/\/yvcharron.com\/index.php\/corse-gr20-fr\/","name":"Corse - GR20 de Calenzana \u00e0 Vizzavona - CHARRON Yves","isPartOf":{"@id":"https:\/\/yvcharron.com\/#website"},"primaryImageOfPage":{"@id":"https:\/\/yvcharron.com\/index.php\/corse-gr20-fr\/#primaryimage"},"image":{"@id":"https:\/\/yvcharron.com\/index.php\/corse-gr20-fr\/#primaryimage"},"thumbnailUrl":"http:\/\/yvcharron.com\/wp-content\/uploads\/2020\/12\/GR20-Corse_BlancEtapes-aguche-1024x1024.jpg","datePublished":"2020-12-02T10:02:53+00:00","dateModified":"2024-08-26T19:19:31+00:00","breadcrumb":{"@id":"https:\/\/yvcharron.com\/index.php\/corse-gr20-fr\/#breadcrumb"},"inLanguage":"en-US","potentialAction":[{"@type":"ReadAction","target":["https:\/\/yvcharron.com\/index.php\/corse-gr20-fr\/"]}]},{"@type":"ImageObject","inLanguage":"en-US","@id":"https:\/\/yvcharron.com\/index.php\/corse-gr20-fr\/#primaryimage","url":"https:\/\/yvcharron.com\/wp-content\/uploads\/2020\/12\/GR20-Corse_BlancEtapes-aguche.jpg","contentUrl":"https:\/\/yvcharron.com\/wp-content\/uploads\/2020\/12\/GR20-Corse_BlancEtapes-aguche.jpg","width":1800,"height":1800},{"@type":"BreadcrumbList","@id":"https:\/\/yvcharron.com\/index.php\/corse-gr20-fr\/#breadcrumb","itemListElement":[{"@type":"ListItem","position":1,"name":"Home","item":"https:\/\/yvcharron.com\/"},{"@type":"ListItem","position":2,"name":"Corse &#8211; GR20 de Calenzana \u00e0 Vizzavona"}]},{"@type":"WebSite","@id":"https:\/\/yvcharron.com\/#website","url":"https:\/\/yvcharron.com\/","name":"CHARRON Yves","description":"Site last update 2024 November 1st","potentialAction":[{"@type":"SearchAction","target":{"@type":"EntryPoint","urlTemplate":"https:\/\/yvcharron.com\/?s={search_term_string}"},"query-input":{"@type":"PropertyValueSpecification","valueRequired":true,"valueName":"search_term_string"}}],"inLanguage":"en-US"}]}},"_links":{"self":[{"href":"https:\/\/yvcharron.com\/index.php\/wp-json\/wp\/v2\/pages\/1678","targetHints":{"allow":["GET"]}}],"collection":[{"href":"https:\/\/yvcharron.com\/index.php\/wp-json\/wp\/v2\/pages"}],"about":[{"href":"https:\/\/yvcharron.com\/index.php\/wp-json\/wp\/v2\/types\/page"}],"author":[{"embeddable":true,"href":"https:\/\/yvcharron.com\/index.php\/wp-json\/wp\/v2\/users\/1"}],"replies":[{"embeddable":true,"href":"https:\/\/yvcharron.com\/index.php\/wp-json\/wp\/v2\/comments?post=1678"}],"version-history":[{"count":42,"href":"https:\/\/yvcharron.com\/index.php\/wp-json\/wp\/v2\/pages\/1678\/revisions"}],"predecessor-version":[{"id":4261,"href":"https:\/\/yvcharron.com\/index.php\/wp-json\/wp\/v2\/pages\/1678\/revisions\/4261"}],"wp:attachment":[{"href":"https:\/\/yvcharron.com\/index.php\/wp-json\/wp\/v2\/media?parent=1678"}],"curies":[{"name":"wp","href":"https:\/\/api.w.org\/{rel}","templated":true}]}}