{"id":1404,"date":"2020-09-20T15:23:28","date_gmt":"2020-09-20T13:23:28","guid":{"rendered":"http:\/\/yvcharron.com\/?page_id=1404"},"modified":"2024-08-26T21:28:09","modified_gmt":"2024-08-26T19:28:09","slug":"voie-de-tours","status":"publish","type":"page","link":"https:\/\/yvcharron.com\/index.php\/voie-de-tours\/","title":{"rendered":"Voie de Tours &#8211; Paris \u00e0 St Jean-Pied-de-Port"},"content":{"rendered":"\n<p class=\"has-text-align-center has-cyan-bluish-gray-color has-text-color has-small-font-size\"><\/p>\n\n\n<div class=\"wp-block-image\">\n<figure class=\"aligncenter\"><img loading=\"lazy\" decoding=\"async\" width=\"1024\" height=\"676\" src=\"http:\/\/yvcharron.com\/wp-content\/uploads\/2020\/09\/Turonensis_carte-lep\u00e8re-1024x676.jpg\" alt=\"Carte ACIR - Voie de Compostelle - Voie de Tours \u00e9galement appel\u00e9e Via Turonensis en provenance de Paris, plus au nord de Bruxelles et encore plus au nord des pays scandinaves\" class=\"wp-image-1487\" srcset=\"https:\/\/yvcharron.com\/wp-content\/uploads\/2020\/09\/Turonensis_carte-lep\u00e8re-1024x676.jpg 1024w, https:\/\/yvcharron.com\/wp-content\/uploads\/2020\/09\/Turonensis_carte-lep\u00e8re-300x198.jpg 300w, https:\/\/yvcharron.com\/wp-content\/uploads\/2020\/09\/Turonensis_carte-lep\u00e8re-768x507.jpg 768w, https:\/\/yvcharron.com\/wp-content\/uploads\/2020\/09\/Turonensis_carte-lep\u00e8re-1635x1080.jpg 1635w\" sizes=\"auto, (max-width: 1024px) 100vw, 1024px\" \/><figcaption class=\"wp-element-caption\">cr\u00e9dit : <a href=\"https:\/\/www.webcompostella.com\/les-chemins-de-saint-jacques\/la-route-de-tours\/\">https:\/\/www.webcompostella.com\/les-chemins-de-saint-jacques\/la-route-de-tours\/<\/a><\/figcaption><\/figure>\n<\/div>\n\n\n<h1 class=\"wp-block-heading has-text-align-center\"><strong>Via Turonensis<\/strong>&nbsp;: d\u2019Orl\u00e9ans \u00e0 Poitiers (octobre 2017), de Poitiers \u00e0 Bordeaux (septembre 2018) et d&#8217;Arcachon \u00e0 Biarritz (mai 2021)<\/h1>\n\n\n\n<p class=\"has-text-align-center\">___________________________________________________________________<\/p>\n\n\n\n<h2 class=\"wp-block-heading has-text-align-center\"><strong>D\u2019Orl\u00e9ans \u00e0 Poitiers <\/strong>\u2013 Octobre 2017<\/h2>\n\n\n<div class=\"wp-block-image\">\n<figure class=\"aligncenter size-full\"><img loading=\"lazy\" decoding=\"async\" width=\"1742\" height=\"442\" src=\"https:\/\/yvcharron.com\/wp-content\/uploads\/2021\/02\/Bandeau-Fr_Orleans_Poitiers.png\" alt=\"Orl\u00e9ans, Beaugency, Blois, Chaumont, Amboise, Tours, Ste Maure, Chatellerault, Poitiers\" class=\"wp-image-2478\" srcset=\"https:\/\/yvcharron.com\/wp-content\/uploads\/2021\/02\/Bandeau-Fr_Orleans_Poitiers.png 1742w, https:\/\/yvcharron.com\/wp-content\/uploads\/2021\/02\/Bandeau-Fr_Orleans_Poitiers-300x76.png 300w, https:\/\/yvcharron.com\/wp-content\/uploads\/2021\/02\/Bandeau-Fr_Orleans_Poitiers-768x195.png 768w, https:\/\/yvcharron.com\/wp-content\/uploads\/2021\/02\/Bandeau-Fr_Orleans_Poitiers-1024x260.png 1024w\" sizes=\"auto, (max-width: 1742px) 100vw, 1742px\" \/><\/figure>\n<\/div>\n\n\n<p class=\"has-text-align-center has-very-dark-gray-color has-text-color\"><em>Orl\u00e9ans, Beaugency, Blois, Chaumont, Amboise, Tours, Sorigny, Ste Maure en Touraine, Chatellerault, Poitiers<\/em><\/p>\n\n\n\n<p class=\"has-text-align-center has-vivid-cyan-blue-color has-text-color\">Pour&nbsp;<strong>voir les photos<\/strong>,<em>&nbsp;cliquer sur les liens bleus ci-dessous<\/em>. Pour un&nbsp;<strong>diaporama<\/strong>,<em>&nbsp;cliquer sur la premi\u00e8re photo puis faire d\u00e9filer les suivantes.<\/em><\/p>\n\n\n\n<p class=\"has-pale-pink-color has-text-color has-medium-font-size\"><strong>Orl\u00e9ans<\/strong><\/p>\n\n\n\n<p class=\"has-black-color has-text-color\">Maisons \u00e0 colombages, cath\u00e9drale Sainte Croix, rue Jeanne d\u2019Arc, H\u00f4tel de ville et H\u00f4tel Groslot.<\/p>\n\n\n\n<p class=\"has-text-align-center\"><a href=\"https:\/\/photos.app.goo.gl\/3ZjLRrD8OoLUCFWy2\">https:\/\/photos.app.goo.gl\/3ZjLRrD8OoLUCFWy2<\/a><\/p>\n\n\n\n<p class=\"has-pale-pink-color has-text-color has-medium-font-size\"><strong>D\u2019Orl\u00e9ans \u00e0 Beaugency<\/strong><\/p>\n\n\n\n<p class=\"has-black-color has-text-color\">La chapelle St Mesmin, bords de Loire (rive droite), le ch\u00e2teau de Meung\/Loire et Beaugency (canal, ch\u00e2teau fort, tour de l\u2019horloge et h\u00f4tel de ville renaissance).<\/p>\n\n\n\n<p class=\"has-text-align-center\"><a href=\"https:\/\/photos.app.goo.gl\/kHjCz8shihyVYsf62\">https:\/\/photos.app.goo.gl\/kHjCz8shihyVYsf62<\/a><\/p>\n\n\n\n<p class=\"has-pale-pink-color has-text-color has-medium-font-size\"><strong>De Beaugency \u00e0 Blois<\/strong><\/p>\n\n\n\n<p class=\"has-black-color has-text-color\">La centrale nucl\u00e9aire de St Laurent des Eaux, Su\u00e8vres (rivi\u00e8re et place principale) et arriv\u00e9e sur Blois.<\/p>\n\n\n\n<p class=\"has-text-align-center\"><a href=\"https:\/\/photos.app.goo.gl\/kZcJ0j4zFWoQ9ZNU2\">https:\/\/photos.app.goo.gl\/kZcJ0j4zFWoQ9ZNU2<\/a><\/p>\n\n\n\n<p class=\"has-pale-pink-color has-text-color has-medium-font-size\"><strong>Ch\u00e2teau de Blois<\/strong><\/p>\n\n\n\n<p class=\"has-black-color has-text-color\">L\u2019entr\u00e9e principale, l\u2019aile classique (Gaston d\u2019Orl\u00e9ans), l\u2019aile de transition gothique-renaissance, l\u2019aile renaissance (Fran\u00e7ois I avec le fameux escalier) et la salle des \u00c9tats G\u00e9n\u00e9raux (\u00e9poque f\u00e9odale), int\u00e9rieurs, tour du Foix et chapelle St Calais.<\/p>\n\n\n\n<p class=\"has-text-align-center\"><a href=\"https:\/\/photos.app.goo.gl\/4deVIIO40pkX7qKw2\">https:\/\/photos.app.goo.gl\/4deVIIO40pkX7qKw2<\/a><\/p>\n\n\n\n<p class=\"has-pale-pink-color has-text-color has-medium-font-size\"><strong>De Blois \u00e0 Chaumont\/Loire<\/strong><\/p>\n\n\n\n<p class=\"has-black-color has-text-color\">Maisons \u00e0 colombage, avenue Denis Papin (n\u00e9 \u00e0 12 km de Blois), travers\u00e9e de la Loire sur le pont Gabriel, bords de Loire, Cond\u00e9 sur Beuvron avec travers\u00e9e de la rivi\u00e8re Beuvron et poursuite du chemin jusqu\u2019\u00e0 Chaumont en suivant la rive gauche de la Loire.<\/p>\n\n\n\n<p class=\"has-text-align-center\"><a href=\"https:\/\/photos.app.goo.gl\/IPinCuu19Po7FJoi1\">https:\/\/photos.app.goo.gl\/IPinCuu19Po7FJoi1<\/a><\/p>\n\n\n\n<p class=\"has-pale-pink-color has-text-color has-medium-font-size\"><strong>Ch\u00e2teau de Chaumont\/Loire<\/strong><\/p>\n\n\n\n<p class=\"has-black-color has-text-color\">Ch\u00e2teau de la famille d\u2019Amboise mais \u00e9galement occup\u00e9 par Diane de Poitiers et Catherine de M\u00e9dicis (de grandes \u00ab&nbsp;amies&nbsp;\u00bb). Beaucoup d\u2019\u0153uvres contemporaines y sont expos\u00e9es.<\/p>\n\n\n\n<p class=\"has-text-align-center\"><a href=\"https:\/\/photos.app.goo.gl\/2pju6ffENS2xKKqu1\">https:\/\/photos.app.goo.gl\/2pju6ffENS2xKKqu1<\/a><\/p>\n\n\n\n<p class=\"has-pale-pink-color has-text-color has-medium-font-size\"><strong>De Chaumont\/Loire \u00e0 Amboise<\/strong><\/p>\n\n\n\n<p class=\"has-black-color has-text-color\">Loire rive gauche, marche entre Loire et Vignes. Passage par le Clos Luc\u00e9 o\u00f9 L\u00e9onard da Vinci y passa ses derni\u00e8res ann\u00e9es.<\/p>\n\n\n\n<p class=\"has-text-align-center\"><a href=\"https:\/\/photos.app.goo.gl\/16sG0izrrh06Qr563\">https:\/\/photos.app.goo.gl\/16sG0izrrh06Qr563<\/a><\/p>\n\n\n\n<p class=\"has-pale-pink-color has-text-color has-medium-font-size\"><strong>Ch\u00e2teau d\u2019Amboise<\/strong><\/p>\n\n\n\n<p class=\"has-black-color has-text-color\">Ch\u00e2teau de Charles VIII et d\u2019Anne de Bretagne \u2026 entre autres&nbsp;!<\/p>\n\n\n\n<p class=\"has-text-align-center\"><a href=\"https:\/\/photos.app.goo.gl\/lWWGeCikmB2zkg5E2\">https:\/\/photos.app.goo.gl\/lWWGeCikmB2zkg5E2<\/a><\/p>\n\n\n\n<p class=\"has-pale-pink-color has-text-color has-medium-font-size\"><strong>D\u2019Amboise \u00e0 Tours<\/strong><\/p>\n\n\n\n<p class=\"has-black-color has-text-color\">Marche toujours sur la rive gauche de la Loire. Les vignes sont de plus en plus nombreuses. Passage par Montlouis sur Loire (vin blanc) et Vouvray (le p\u00e9tillant). Vouvray est le point de jonction entre les voies de Paris passant, respectivement, par Chartres et par Orl\u00e9ans. A Tours, la basilique St Martin, la tour Charlemagne, la place Plumereau et la cath\u00e9drale St Gatien.<\/p>\n\n\n\n<p class=\"has-text-align-center\"><a href=\"https:\/\/photos.app.goo.gl\/44aKRE55GInr2K363\">https:\/\/photos.app.goo.gl\/44aKRE55GInr2K363<\/a><\/p>\n\n\n\n<p class=\"has-pale-pink-color has-text-color has-medium-font-size\"><strong>De Tours \u00e0 Sorigny<\/strong><\/p>\n\n\n\n<p class=\"has-black-color has-text-color\">A Tours, l\u2019op\u00e9ra, le mus\u00e9e des Beaux Arts, un c\u00e8dre (200 ans), le ch\u00e2teau, l\u2019h\u00f4tel de ville, la palais de justice. Marche le long du Cher sur plusieurs km. Les champs de Ma\u00efs et de tournesol remplacent les vignes.<\/p>\n\n\n\n<p class=\"has-text-align-center\"><a href=\"https:\/\/photos.app.goo.gl\/aIyPb6gdKGfSMve42\">https:\/\/photos.app.goo.gl\/aIyPb6gdKGfSMve42<\/a><\/p>\n\n\n\n<p class=\"has-pale-pink-color has-text-color has-medium-font-size\"><strong>De Sorigny \u00e0 Ste Maure de Touraine<\/strong><\/p>\n\n\n\n<p class=\"has-black-color has-text-color\">Entre Sorigny et Ste Maure passage par Ste Catherine de Fierbois o\u00f9 sont pass\u00e9s Charles Martel (D\u00e9posa son \u00e9p\u00e9e aux pieds de la Sainte apr\u00e8s sa victoire de 732) et Jeanne d\u2019Arc (y fait halte dans son d\u00e9placement vers Chinon puis y envoya un \u00e9cuyer pour \u00ab&nbsp;Qu\u00e9rir une \u00e9p\u00e9e marqu\u00e9e de 5 croix&nbsp;\u00bb). Ste Maure de Touraine, c\u00e9l\u00e8bre pour son fromage de ch\u00e8vre (la petite paille) \u00e9labor\u00e9 par les Maures (Ch\u00e2teau, h\u00f4tel de ville, lavoir, chapelle, porte, maison renaissance).<\/p>\n\n\n\n<p class=\"has-text-align-center\"><a href=\"https:\/\/photos.app.goo.gl\/ZLgh5e2p2m2Y0nOo2\">https:\/\/photos.app.goo.gl\/ZLgh5e2p2m2Y0nOo2<\/a><\/p>\n\n\n\n<p class=\"has-pale-pink-color has-text-color has-medium-font-size\"><strong>De Ste Maure de Touraine aux Ormes<\/strong><\/p>\n\n\n\n<p class=\"has-black-color has-text-color\">Apr\u00e8s croix, dolmen, ch\u00e8vres&nbsp;: la pierre perc\u00e9e \u00e0 Drach\u00e9, l\u2019\u00e9glise du XII\u00e8me de la Celle St Avant. Aux Ormes&nbsp;: la bergerie avec fronton n\u00e9o classique, la poste aux chevaux (un des plus grands relais de poste du XVIII\u00e8me int\u00e9gralement conserv\u00e9), tourelle sur la Vienne ainsi que lavoir et \u00e9glise.<\/p>\n\n\n\n<p class=\"has-text-align-center\"><a href=\"https:\/\/photos.app.goo.gl\/WQWFoqK9XMaNxEBq2\">https:\/\/photos.app.goo.gl\/WQWFoqK9XMaNxEBq2<\/a><\/p>\n\n\n\n<p class=\"has-pale-pink-color has-text-color has-medium-font-size\"><strong>Des Ormes \u00e0 Ch\u00e2tellerault<\/strong><\/p>\n\n\n\n<p class=\"has-black-color has-text-color\">Le ch\u00e2teau des Ormes, plusieurs vues sur la Vienne, Dang\u00e9 St Romain (H\u00f4tel de ville) et Ch\u00e2tellerault&nbsp;: H\u00f4tel de ville, \u00e9glise Jean Baptiste (XIV\u00e8), la maison d\u2019enfance de Descartres, son portrait (par Bernard Pras \u2013 Assemblage d\u2019objets en 3D avec vue en un seul axe \u2013 Artoth\u00e8que), les deux tours du pont Henri IV, l\u2019ancienne manufacture d\u2019armes du XIX\u00e8me (Centre culturel, la Forge) et l\u2019\u00e9glise St Jacques du XII\u00e8me.<\/p>\n\n\n\n<p class=\"has-text-align-center\"><a href=\"https:\/\/photos.app.goo.gl\/bhkIQLfhlY8Gd3i73\">https:\/\/photos.app.goo.gl\/bhkIQLfhlY8Gd3i73<\/a><\/p>\n\n\n\n<p class=\"has-pale-pink-color has-text-color has-medium-font-size\"><strong>De Ch\u00e2tellerault \u00e0 Poitiers<\/strong><\/p>\n\n\n\n<p class=\"has-black-color has-text-color\">Sortie de Ch\u00e2tellerault en suivant la Vienne avant de la traverser \u00e0 Cenon sur Vienne pour rejoindre le Clain jusqu\u2019\u00e0 Poitiers. Ruines romaines (ancien th\u00e9\u00e2tre) du Vieux Poitiers, passage par Moussais (bataille de Poitiers avec C. Martel), le Futuroscope \u00e0 Chasseneuil du Poitou, la longue voie romaine (rectiligne jusqu\u2019\u00e0 Poitiers), Bruxerolles (au Nord de Poitiers), une tour et l\u2019h\u00f4tel de ville.<\/p>\n\n\n\n<p class=\"has-text-align-center\"><a href=\"https:\/\/photos.app.goo.gl\/AyHhGoyWm6wtVhwl1\">https:\/\/photos.app.goo.gl\/AyHhGoyWm6wtVhwl1<\/a><\/p>\n\n\n\n<p class=\"has-pale-pink-color has-text-color has-medium-font-size\"><strong>Poitiers<\/strong><\/p>\n\n\n\n<p class=\"has-black-color has-text-color\">La pr\u00e9fecture, une fa\u00e7ade renaissance, l\u2019ancien Palais Comtal (ou ancien Palais de Justice), Eglise Ste Radegonde (dentelles de pierre), ancien moulin sur la rivi\u00e8re Clain (vue du pont Joubert), H\u00f4tel Fum\u00e9, place de la Libert\u00e9, Baptist\u00e8re St Jean, H\u00f4tel Jean Bauc\u00e9 (Renaissance), Cath\u00e9drale ND de La Grande (XII\u00e8me), Eglise St Porchaire (XI au XVI\u00e8me), H\u00f4tel de ville, \u00ab&nbsp;service d\u2019accueil&nbsp;\u00bb.<\/p>\n\n\n\n<p class=\"has-text-align-center\"><a href=\"https:\/\/photos.app.goo.gl\/6WtghgiYzILUEH4y1\">https:\/\/photos.app.goo.gl\/6WtghgiYzILUEH4y1<\/a><\/p>\n\n\n\n<p class=\"has-pale-pink-color has-text-color has-medium-font-size\"><strong>Course cycliste Paris Tours<\/strong><\/p>\n\n\n\n<p class=\"has-black-color has-text-color\">La course Paris Tours passait \u00e0 Sorigny le 8\/10\/17. Course des amateurs qui pr\u00e9c\u00e9daient les professionnels. Lancer la vid\u00e9o.<\/p>\n\n\n\n<p class=\"has-text-align-center\"><a href=\"https:\/\/photos.app.goo.gl\/NkNpWlIFHgJ2Fbxm2\">https:\/\/photos.app.goo.gl\/NkNpWlIFHgJ2Fbxm2<\/a><\/p>\n\n\n\n<p class=\"has-text-align-center has-cyan-bluish-gray-color has-text-color\">\u2013<\/p>\n\n\n<div class=\"wp-block-image\">\n<figure class=\"aligncenter size-large is-resized\"><img loading=\"lazy\" decoding=\"async\" width=\"1024\" height=\"650\" src=\"https:\/\/yvcharron.com\/wp-content\/uploads\/2022\/08\/Tmpn_FR_Orleans-Maure-St-Cyr_10_2017-1024x650.jpeg\" alt=\"Oc\u00e9ania Orl\u00e9ans, Madeleine de Proust Chaumont\/Loire, Pause du Temps Amboise, Chuchoti\u00e8re Ste Maure de Touraine, Colombiers \u00e0 Ormes.\" class=\"wp-image-3012\" style=\"width:886px;height:562px\" srcset=\"https:\/\/yvcharron.com\/wp-content\/uploads\/2022\/08\/Tmpn_FR_Orleans-Maure-St-Cyr_10_2017-1024x650.jpeg 1024w, https:\/\/yvcharron.com\/wp-content\/uploads\/2022\/08\/Tmpn_FR_Orleans-Maure-St-Cyr_10_2017-300x190.jpeg 300w, https:\/\/yvcharron.com\/wp-content\/uploads\/2022\/08\/Tmpn_FR_Orleans-Maure-St-Cyr_10_2017-768x488.jpeg 768w, https:\/\/yvcharron.com\/wp-content\/uploads\/2022\/08\/Tmpn_FR_Orleans-Maure-St-Cyr_10_2017-1536x975.jpeg 1536w, https:\/\/yvcharron.com\/wp-content\/uploads\/2022\/08\/Tmpn_FR_Orleans-Maure-St-Cyr_10_2017-2048x1300.jpeg 2048w, https:\/\/yvcharron.com\/wp-content\/uploads\/2022\/08\/Tmpn_FR_Orleans-Maure-St-Cyr_10_2017-1701x1080.jpeg 1701w\" sizes=\"auto, (max-width: 1024px) 100vw, 1024px\" \/><\/figure>\n<\/div>\n\n\n<p class=\"has-text-align-center\">Tampons Cr\u00e9dentiale : Orl\u00e9ans, Beaugency, Blois, Chaumont\/Loire, Amboise, Tours Sorigny, St Maure de Touraine, les Ormes, Ch\u00e2tellerault, Poitiers<\/p>\n\n\n\n<p class=\"has-text-align-center has-cyan-bluish-gray-color has-text-color\">&#8211;<\/p>\n\n\n\n<h2 class=\"wp-block-heading has-text-align-center\"><strong>De Poitiers \u00e0 Bordeaux \u2013 <\/strong>Septembre 2018<\/h2>\n\n\n<div class=\"wp-block-image\">\n<figure class=\"aligncenter size-full\"><img loading=\"lazy\" decoding=\"async\" width=\"1781\" height=\"442\" src=\"https:\/\/yvcharron.com\/wp-content\/uploads\/2021\/02\/Bandeau-Fr_Poitiers_Bordeaux.png\" alt=\"Fontaine le Compte, Coulombiers, Melle, Aulnay en Saintonge, Brioux sur Boutonne, St Jean d'Angely, Saintes, Pons, la Gironde \u00e0 Blaye et Bordeaux\" class=\"wp-image-2479\" srcset=\"https:\/\/yvcharron.com\/wp-content\/uploads\/2021\/02\/Bandeau-Fr_Poitiers_Bordeaux.png 1781w, https:\/\/yvcharron.com\/wp-content\/uploads\/2021\/02\/Bandeau-Fr_Poitiers_Bordeaux-300x74.png 300w, https:\/\/yvcharron.com\/wp-content\/uploads\/2021\/02\/Bandeau-Fr_Poitiers_Bordeaux-768x191.png 768w, https:\/\/yvcharron.com\/wp-content\/uploads\/2021\/02\/Bandeau-Fr_Poitiers_Bordeaux-1024x254.png 1024w\" sizes=\"auto, (max-width: 1781px) 100vw, 1781px\" \/><\/figure>\n<\/div>\n\n\n<p class=\"has-text-align-center has-very-dark-gray-color has-text-color\"><em>Fontaine le Comte, Coulombiers, Melle, Aulnay en Saintonge, Brioux sur Boutonne, St Jean d&#8217;Angely, Saintes, Pons, la Gironde \u00e0 Blaye et Bordeaux<\/em><\/p>\n\n\n\n<p class=\"has-text-align-center has-vivid-cyan-blue-color has-text-color\">Pour&nbsp;<strong>voir les photos<\/strong>,<em>&nbsp;cliquer sur les liens bleus ci-dessous<\/em>. Pour un&nbsp;<strong>diaporama<\/strong>,<em>&nbsp;cliquer sur la premi\u00e8re photo puis faire d\u00e9filer les suivantes.<\/em><\/p>\n\n\n\n<p class=\"has-pale-pink-color has-text-color has-medium-font-size\"><strong>Poitiers \u2013 Coulombiers<\/strong><\/p>\n\n\n\n<p class=\"has-very-dark-gray-color has-text-color\">\u00c9tape d\u2019une vingtaine de km de mise en jambes. A Poitiers&nbsp;: une \u00e9chauguette, un office dans une \u00e9glise orthodoxe franco \u2013 russe, une construction moderne, l\u2019abbatiale de Fontaine le Conte (monument historique). A Coulombiers (petit village), l\u2019h\u00f4tel, l\u2019\u00e9glise, le lavoir et le pont.<\/p>\n\n\n\n<p class=\"has-text-align-center\"><a href=\"https:\/\/photos.app.goo.gl\/JqH2AtRZjNH6Gdwq5\">https:\/\/photos.app.goo.gl\/JqH2AtRZjNH6Gdwq5<\/a><\/p>\n\n\n\n<p class=\"has-pale-pink-color has-text-color has-medium-font-size\"><strong>Coulombiers \u2013 Chenay _ Passage par Lusignan<\/strong><\/p>\n\n\n\n<p class=\"has-very-dark-gray-color has-text-color\">On quitte le d\u00e9partement de la Vienne \u00e0 Chenay (Deux S\u00e8vres). Lusignan, le pays de la f\u00e9e M\u00e9lusine \u2013 la femme serpent que son mari Raymondin ne devait pas voir le samedi, sinon \u2026 Toujours selon la l\u00e9gende, les seigneurs de Lusignan descendraient de la f\u00e9e M\u00e9lusine. En revanche, les seigneurs de Lusignan ont bien \u00e9t\u00e9, eux, roi de Chypre et de J\u00e9rusalem. Un petit Panth\u00e9on dans l\u2019\u00e9glise du village. Sur le chemin, beaucoup de petits cimeti\u00e8res protestants situ\u00e9s dans des lieux priv\u00e9s (ant\u00e9rieur \u00e0 la promulgation de l\u2019\u00e9dit de Nantes). Ils sont parfois marqu\u00e9s par un cypr\u00e8s ou un if.<\/p>\n\n\n\n<p class=\"has-text-align-center\"><a href=\"https:\/\/photos.app.goo.gl\/joHpLdrF3Qh1bExB7\">https:\/\/photos.app.goo.gl\/joHpLdrF3Qh1bExB7<\/a><\/p>\n\n\n\n<p class=\"has-pale-pink-color has-text-color has-medium-font-size\"><strong>Chenay \u2013 Melle<\/strong><\/p>\n\n\n\n<p class=\"has-very-dark-gray-color has-text-color\">L\u2019h\u00f4tel des trois pigeons, des \u00e2nes du Poitou, la S\u00e8vre niortaise pr\u00e8s de sa source. De larges plaines. A Melle, trois belles \u00e9glises d\u2019art roman. La plus c\u00e9l\u00e8bre, St Hilaire (XI \u00e8me), est inscrite au patrimoine de l\u2019UNESCO (situ\u00e9e sur le chemin de St Jacques). Nombreux chapiteaux repr\u00e9sentant musiciens et monstres. Les deux autres du XII \u00e8me&nbsp;: St Savinien et St Pierre.<\/p>\n\n\n\n<p class=\"has-text-align-center\"><a href=\"https:\/\/photos.app.goo.gl\/f63PqfKAL2wNaA2j8\">https:\/\/photos.app.goo.gl\/f63PqfKAL2wNaA2j8<\/a><\/p>\n\n\n\n<p class=\"has-pale-pink-color has-text-color has-medium-font-size\"><strong>Melle \u2013 Aulnay en Saintonge<\/strong><\/p>\n\n\n\n<p class=\"has-very-dark-gray-color has-text-color\">Apr\u00e8s les mines d\u2019argent de Melle, les mines d\u2019or \u00e0 Brioux sur Boutonne. Sur le chemin, une \u00e9glise en ruines. Juste avant Aulnay en Saintonge on quitte les Deux S\u00e8vres pour la Charente Maritime. A Aulnay, une autre \u00e9glise romane inscrite au patrimoine de l\u2019UNESCO (St Pierre du XII \u00e8me) avec de tr\u00e8s nombreux et tr\u00e8s beaux chapiteaux. Elle a \u00e9t\u00e9 \u00e9difi\u00e9e sur un ancien site gallo romain (lieu de culte pa\u00efen \u2013 reste d\u2019un ancien temple celtique).<\/p>\n\n\n\n<p class=\"has-text-align-center\"><a href=\"https:\/\/photos.app.goo.gl\/Zz9aU1gNKLaw6NvV7\">https:\/\/photos.app.goo.gl\/Zz9aU1gNKLaw6NvV7<\/a><\/p>\n\n\n\n<p class=\"has-pale-pink-color has-text-color has-medium-font-size\"><strong>Aulnay \u2013 St Jean d\u2019Ang\u00e9ly<\/strong><\/p>\n\n\n\n<p class=\"has-very-dark-gray-color has-text-color\">Toujours de vastes plaines. A St Jean d\u2019Ang\u00e9ly, la place de la mairie, une exposition dans une \u00e9glise d\u00e9saffect\u00e9e, les halles, la tour de l\u2019horloge (beffroi gothique avec m\u00e2chicoulis), maisons \u00e0 colombages, la fontaine du Pilori (renaissance), b\u00e2timents conventuels, ancienne abbaye, \u00e9glise, mairie et palais de justice.<\/p>\n\n\n\n<p class=\"has-text-align-center\"><a href=\"https:\/\/photos.app.goo.gl\/KwXDapDELh9yFunq6\">https:\/\/photos.app.goo.gl\/KwXDapDELh9yFunq6<\/a><\/p>\n\n\n\n<p class=\"has-pale-pink-color has-text-color has-medium-font-size\"><strong>St Jean d\u2019Ang\u00e9ly \u2013 Saintes<\/strong><\/p>\n\n\n\n<p class=\"has-very-dark-gray-color has-text-color\">Journ\u00e9e pluvieuse, peu agr\u00e9able. A St jean d\u2019Ang\u00e9ly, la maison d\u2019h\u00f4tes et nouvelle travers\u00e9e de la Boutonne. A Fenioux, la lanterne des morts du XII \u00e8me (style roman, 11 colonnes avec un escalier int\u00e9rieur de 38 marches donnant acc\u00e8s au lanternon surmont\u00e9 d\u2019une croix). De nombreuses vignes \u00e0 pineau dans cette \u00e9tape (raisins blancs). Saintes le soir, cath\u00e9drale St Pierre, l\u2019arc de Germanicus et le pont sur la Charente. Autres curiosit\u00e9s&nbsp;: l\u2019\u00e9glise St Eutrope, les ar\u00e8nes, l\u2019abbaye aux Dames et l\u2019aqueduc romain long \u00e0 l\u2019origine de 17 km.<\/p>\n\n\n\n<p class=\"has-text-align-center\"><a href=\"https:\/\/photos.app.goo.gl\/qtBx2wcseBdoToaq8\">https:\/\/photos.app.goo.gl\/qtBx2wcseBdoToaq8<\/a><\/p>\n\n\n\n<p class=\"has-pale-pink-color has-text-color has-medium-font-size\"><strong>Saintes \u2013 Pons<\/strong><\/p>\n\n\n\n<p class=\"has-very-dark-gray-color has-text-color\">Travers\u00e9e puis marche le long de la Charente. Sur le chemin un habitat troglodyte, une for\u00eat (ch\u00eanes), des terres agricoles et des vignes (vins blancs). Arriv\u00e9e \u00e0 Pons (prononcer Pon \u2013 20 km de Cognac). Chemin le long d\u2019un canal (diff\u00e9rents bras de la Seugne \u2013 parc am\u00e9nag\u00e9 pr\u00e8s du ch\u00e2teau), l\u2019\u00e9glise St Vivien, une st\u00e8le \u00e0 la m\u00e9moire des p\u00e8lerins d\u2019autrefois, l\u2019ancien h\u00f4pital des P\u00e8lerins connu pour sa collection de Graffitis (r\u00e9alis\u00e9s autrefois par les p\u00e8lerins lors de leur convalescence \u2013 Inscrit au patrimoine de l\u2019humanit\u00e9), la mairie et le donjon.<\/p>\n\n\n\n<p class=\"has-text-align-center\"><a href=\"https:\/\/photos.app.goo.gl\/vzZW7zPynvo8pTcu9\">https:\/\/photos.app.goo.gl\/vzZW7zPynvo8pTcu9<\/a><\/p>\n\n\n\n<p class=\"has-pale-pink-color has-text-color has-medium-font-size\"><strong>Pons \u2013 Pleine Selve (Sud Mirambeau)<\/strong><\/p>\n\n\n\n<p class=\"has-very-dark-gray-color has-text-color\">D\u00e9part de Pons (Mairie, St Vivien, h\u00f4pital des p\u00e8lerins), vignes, \u00e9glise style roman du Petit Niort. Un petit crachin accompagne la randonn\u00e9e.<\/p>\n\n\n\n<p class=\"has-text-align-center\"><a href=\"https:\/\/photos.app.goo.gl\/y3YruS6r3FcGdBrW8\">https:\/\/photos.app.goo.gl\/y3YruS6r3FcGdBrW8<\/a><\/p>\n\n\n\n<p class=\"has-pale-pink-color has-text-color has-medium-font-size\"><strong>Pleine Selve \u2013 Blaye<\/strong><\/p>\n\n\n\n<p class=\"has-very-dark-gray-color has-text-color\">D\u00e9part maison d\u2019h\u00f4tes (tr\u00e8s joli parc). Vignes des c\u00f4tes de Blaye (raisins noirs). Vendanges m\u00e9caniques. Arriv\u00e9e \u00e0 Blaye (prononcer Blaille ou Bla\u00cf)<\/p>\n\n\n\n<p class=\"has-text-align-center\"><a href=\"https:\/\/photos.app.goo.gl\/wg72QUTVn6VwETfE6\">https:\/\/photos.app.goo.gl\/wg72QUTVn6VwETfE6<\/a><\/p>\n\n\n\n<p class=\"has-pale-pink-color has-text-color has-medium-font-size\"><strong>Blaye \u2013 Blanquefort<\/strong><\/p>\n\n\n\n<p class=\"has-very-dark-gray-color has-text-color\">D\u00e9part maison d\u2019h\u00f4tes. Vue de l\u2019embarcad\u00e8re \u00e0 Blaye (rive droite) sur la Gironde. Vues de la Gironde (bac) sur le fort Vauban puis sur l\u2019\u00eele au milieu de la Gironde. Carrelets de p\u00eache \u00e0 Lamarque (rive gauche). \u00c9tang avec leurres en plastique pour les chasseurs. Vendange m\u00e9canique dans le Haut M\u00e9doc. Vendange \u00e0 la main dans la r\u00e9gion de Margaux (ch\u00e2teau Lascombes). For\u00eat dans la r\u00e9gion de Pian M\u00e9doc. Faisan juste avant Blanquefort.<\/p>\n\n\n\n<p class=\"has-text-align-center\"><a href=\"https:\/\/photos.app.goo.gl\/D9hhx5Vaw1m84ynZ6\">https:\/\/photos.app.goo.gl\/D9hhx5Vaw1m84ynZ6<\/a><\/p>\n\n\n\n<p class=\"has-pale-pink-color has-text-color has-medium-font-size\"><strong>Blanquefort \u2013 Bordeaux<\/strong><\/p>\n\n\n\n<p class=\"has-very-dark-gray-color has-text-color\">Ch\u00e2teau Le Lout \u00e0 Blanquefort. Entr\u00e9e \u00e0 Bordeaux par la grande art\u00e8re (en travaux pour le tramway). \u00c9difice moderne, culturel pr\u00e8s de la gare St Jean. Abbatiale Sainte Croix. Porte de Bourgogne. Basilique St Michel avec sa fl\u00e8che sur le parvis. Porte Cailhou. Place de la Bourse. Esplanade des Quinconces. Quartier des Chartrons (les Halles et l\u2019\u00e9glise St Louis). Baillardran et le grand th\u00e9\u00e2tre. La cath\u00e9drale St Andr\u00e9 et l\u2019h\u00f4tel de ville.<\/p>\n\n\n\n<p class=\"has-text-align-center\"><a href=\"https:\/\/photos.app.goo.gl\/NJd1VFnLmbewoimu6\">https:\/\/photos.app.goo.gl\/NJd1VFnLmbewoimu6<\/a><\/p>\n\n\n\n<p class=\"has-text-align-center\">_<\/p>\n\n\n\n<h2 class=\"wp-block-heading has-text-align-center\"><strong>D&#8217;Arcachon \u00e0 Biarritz<\/strong> par la for\u00eat des Landes (mai 2021)<\/h2>\n\n\n\n<p class=\"has-text-align-center has-vivid-cyan-blue-color has-text-color\">Pour&nbsp;<strong>voir les photos<\/strong>,<em>&nbsp;cliquer sur les liens bleus ci-dessous<\/em>. Pour un&nbsp;<strong>diaporama<\/strong>,<em>&nbsp;cliquer sur la premi\u00e8re photo puis faire d\u00e9filer les suivantes.<\/em><\/p>\n\n\n\n<p class=\"has-black-color has-text-color\">Apr\u00e8s avoir parcouru la voie Turonensis (Tours) de Paris \u00e0 Bordeaux nous &nbsp;avons d\u00e9cid\u00e9, pour cette nouvelle \u00e9tape, de partir d\u2019Arcachon pour d\u00e9laisser la grande agglom\u00e9ration de Bordeaux et ainsi profiter du tr\u00e8s beau cadre du bassin d\u2019Arcachon. De Paris \u00e0 St Jean pied de Port la distance est l\u00e9g\u00e8rement sup\u00e9rieure \u00e0 1000 km. A Peyrehorade, nous quittons toutefois, la Turonensis pour nous diriger vers l\u2019ouest, Bayonne et Biarritz.<\/p>\n\n\n\n<p class=\"has-pale-pink-color has-text-color has-medium-font-size\"><strong>Arcachon au Teich (Gironde) \u2013 26 km<\/strong><\/p>\n\n\n\n<p class=\"has-black-color has-text-color\">On emprunte le GR6 qui va de la Gironde aux Alpes de Haute Provence. Au cours de cette premi\u00e8re \u00e9tape, le chemin longe le bassin d\u2019Arcachon dans sa partie sud traversant les villages de Teste de Buch, la Hume et Gujan Mestras. Au cours de cette randonn\u00e9e on d\u00e9couvre des pr\u00e9s sal\u00e9s (Teste de Buch), des plages (la Hume), une r\u00e9serve ornithologique (Le Teich), des ports de plaisance (Arcachon, le Teich) ainsi que de tr\u00e8s nombreux ports et bassins huitriers.<\/p>\n\n\n\n<p class=\"has-text-align-center\"><a href=\"https:\/\/photos.app.goo.gl\/8v8E5SeJd8NY9k7N9\">https:\/\/photos.app.goo.gl\/8v8E5SeJd8NY9k7N9<\/a><\/p>\n\n\n\n<p class=\"has-pale-pink-color has-text-color has-medium-font-size\"><strong>Le Teich \u00e0 Belin Beliet (Gironde) \u2013 30.5 km<\/strong><\/p>\n\n\n\n<p class=\"has-black-color has-text-color\">A partir du Teich, nous rencontrons les premiers pins et traversons les villages de Mios et Salles. Suite aux pluies r\u00e9centes, le chemin est parfois peu praticable. Nous quittons le GR6 \u00e0 Belin Beliet pour suivre vers le sud la voie de Tours, GR 655, en direction de St Jean Pied de Port.<\/p>\n\n\n\n<p class=\"has-text-align-center\"><a href=\"https:\/\/photos.app.goo.gl\/vyBRJNeZ6kZR9HbU8\">https:\/\/photos.app.goo.gl\/vyBRJNeZ6kZR9HbU8<\/a><\/p>\n\n\n\n<p class=\"has-pale-pink-color has-text-color has-medium-font-size\"><strong>Belin Beliet \u00e0 Moustey (Landes) \u2013 30 km<\/strong><\/p>\n\n\n\n<p class=\"has-black-color has-text-color\">C\u2019est au milieu des pins que se d\u00e9roule cette \u00e9tape bien que le p\u00e8lerin &#8211; randonneur suivra \u00e0 courte distance la nationale 10 ou l\u2019A63. Au sud de Belin Beliet, l\u2019\u00e9glise Saint Pierre pr\u00e9sentant de beaux chapiteaux ainsi qu\u2019une belle fontaine en alignement avec l\u2019\u00e9glise. Plus au sud, l\u2019\u00e9glise <strong>Saint Pierre de Mons<\/strong> est inscrite \u00e0 l\u2019inventaire des monuments historiques. Construite en blocs de gr\u00e8s ferrugineux, elle poss\u00e8de une abside romane du XI\u00e8me. A <strong>Moustey<\/strong> (prononcer \u00ab&nbsp;Mousteuil&nbsp;\u00bb) se trouve la borne des 1000 km restant \u00e0 parcourir jusqu\u2019\u00e0 Saint Jacques. Dans le village, deux \u00e9glises se disputent la place rappelant la rivalit\u00e9 des seigneurs locaux (Pelay et Couy\u00e8s) qui voulaient chacun leur \u00e9glise.<\/p>\n\n\n\n<p class=\"has-text-align-center\"><a href=\"https:\/\/photos.app.goo.gl\/4pD4uCFBEnxu4u4x6\">https:\/\/photos.app.goo.gl\/4pD4uCFBEnxu4u4x6<\/a><\/p>\n\n\n\n<p class=\"has-pale-pink-color has-text-color has-medium-font-size\"><strong>Moustey \u00e0 Labouheyre (Landes) \u2013 26 km<\/strong><\/p>\n\n\n\n<p class=\"has-black-color has-text-color\">A Moustey, on quitte la maison d\u2019h\u00f4tes sous le signe de Bouddha pour atteindre, 10 km plus au sud, le village de <strong>Pissos<\/strong> (photos de l\u2019\u00e9glise avec autel et orgue) et 14 km plus loin en ligne droite dans une for\u00eat de pins, <strong>Labouheyre<\/strong>. Dans le village, on peut voir l\u2019\u00e9glise St Jacques, en particulier, son clocher qui constituait la porte des remparts de la bourgade et de son ch\u00e2teau. Au XIX\u00e8me, le clocher servit de support au t\u00e9l\u00e9graphe de Chappe. On peut \u00e9galement voir un lavoir gascon et une tr\u00e8s belle poste. Sommes log\u00e9s \u00e0 l\u2019h\u00f4tel Br\u00e9montier du nom de l\u2019ing\u00e9nieur ayant invent\u00e9 des techniques pour la fixation des dunes.<\/p>\n\n\n\n<p class=\"has-text-align-center\"><a href=\"https:\/\/photos.app.goo.gl\/xGAVWM8KmHhBHnDZ8\">https:\/\/photos.app.goo.gl\/xGAVWM8KmHhBHnDZ8<\/a><\/p>\n\n\n\n<p class=\"has-pale-pink-color has-text-color has-medium-font-size\"><strong>Labouheyre \u00e0 Lesperon (Landes) \u2013 38 km<\/strong><\/p>\n\n\n\n<p class=\"has-black-color has-text-color\">Tr\u00e8s longue marche dans la for\u00eat des Landes&nbsp;: \u00ab&nbsp;Marche de tr\u00e8s grande solitude&nbsp;\u00bb comme sp\u00e9cifie le guide. Un seul village travers\u00e9, celui <strong>d\u2019Onesse et Laharie<\/strong> o\u00f9 l\u2019on peut voir une \u00e9glise fortifi\u00e9e (de nombreuses meurtri\u00e8res) reconstruite au XIX\u00e8me.<\/p>\n\n\n\n<p class=\"has-text-align-center\"><a href=\"https:\/\/photos.app.goo.gl\/JkQH58EhuVi2a7wCA\">https:\/\/photos.app.goo.gl\/JkQH58EhuVi2a7wCA<\/a><\/p>\n\n\n\n<p class=\"has-pale-pink-color has-text-color has-medium-font-size\"><strong>Lesperon \u00e0 Dax (Landes) \u2013 39 km<\/strong><\/p>\n\n\n\n<p class=\"has-black-color has-text-color\">Encore une randonn\u00e9e dans la for\u00eat des Landes passant par les villages de Taller et de la Gourbera avant d\u2019atteindre Dax. A <strong>Taller<\/strong>, l\u2019\u00e9glise St Barth\u00e9lemy du XIII (remani\u00e9e au XVI\u00e8me) pr\u00e9sentant un clocher \u2013 tour. Peu avant Dax, on peut voir <strong>l\u2019\u00e9glise Saint Paul<\/strong> (abside romane du XII\u00e8me et clocher du XIV\u00e8me) de <strong>St Paul les Dax<\/strong> qui \u00e9tait autrefois une \u00e9tape importante sur la voie de Tours. Elle a \u00e9t\u00e9 b\u00e2tie sur une colline connue pour l\u2019importance de ses sources. Elle comporte d\u2019int\u00e9ressants bas-reliefs. <strong>Dax<\/strong> sur la rive sud de l\u2019Adour vit principalement du tourisme estival et du thermalisme d\u00e9couvert il y a deux mille ans par les romains.<\/p>\n\n\n\n<p class=\"has-text-align-center\"><a href=\"https:\/\/photos.app.goo.gl\/cPdYeaT5JwqeZBsk8\">https:\/\/photos.app.goo.gl\/cPdYeaT5JwqeZBsk8<\/a><\/p>\n\n\n\n<p class=\"has-pale-pink-color has-text-color has-medium-font-size\"><strong>Dax \u00e0 Hastingues (Peyrehorade &#8211; Landes) \u2013 32 km<\/strong><\/p>\n\n\n\n<p class=\"has-black-color has-text-color\">On peut voir \u00e0 Dax&nbsp;: l\u2019h\u00f4tel d\u2019Ages (si\u00e8ge de la soci\u00e9t\u00e9 de Borda \u2013 Sciences, lettres, arts et patrimoine), le mus\u00e9e Borda, l\u2019ancien h\u00f4tel de Chi\u00e8vres (h\u00f4tel de ville), les remparts gallo-romains (IV\u00e8me \u2013 Photo 11), la <strong>fontaine chaude<\/strong>, (XIX\u00e8me), les nombreuses installations thermales, les ar\u00e8nes (photos 13 \u00e0 17), la <strong>cath\u00e9drale Sainte Marie<\/strong> de style n\u00e9o grec (XVII et XVIII\u00e8me \u2013 Photos 3 \u00e0 10) ainsi que l\u2019\u00e9glise St Vincent de Xaintes au S.O. de Dax (de style n\u00e9o-roman reconstruite en 1893 &#8211; au milieu de la nef une superbe mosa\u00efque du II\u00e8me, vestige d\u2019un temple romain \u2013 Photos 20 \u00e0 26). A <strong>Peyrehorade<\/strong>, le ch\u00e2teau des ducs Montr\u00e9al maintenant l\u2019h\u00f4tel de ville (photos 35 et 36). La bastide d\u2019<strong>Hastingues<\/strong> (nom en hommage \u00e0 John Hastings, S\u00e9n\u00e9chal de Gascogne et constructeur de la bastide &#8211; lui-m\u00eame originaire de la ville d\u2019Hastings). Porte d\u2019entr\u00e9e sud et maison du S\u00e9n\u00e9chal (Photos 37 et 38), Maison des Jurats et \u00e9glise St Sauveur (Photos 40 et 41).<\/p>\n\n\n\n<p class=\"has-text-align-center\"><a href=\"https:\/\/photos.app.goo.gl\/SkVh38f6h4dyEeJWA\">https:\/\/photos.app.goo.gl\/SkVh38f6h4dyEeJWA<\/a><\/p>\n\n\n\n<p class=\"has-pale-pink-color has-text-color has-medium-font-size\"><strong>Hastingues \u00e0 Bayonne (Pyr\u00e9n\u00e9es Atlantique) \u2013 32 km<\/strong><\/p>\n\n\n\n<p class=\"has-black-color has-text-color\">Nous avons quitt\u00e9 la voie de Tours \u00e0 Peyrehorade (5 km \u00e0 l\u2019est d\u2019Hastingues) et suivons l\u2019Adour sur le chemin de halage (malheureusement une route accessible aux v\u00e9hicules \u00e0 moteur) en direction de Bayonne. Sur le chemin, de nombreux champs de production de kiwis. A <strong>Bayonne<\/strong> quelques vues de la partie Ouest et Nord-Ouest&nbsp;: La gare, les bords de l\u2019Adour, les halles. La ville est situ\u00e9e \u00e0 la confluence de la Nive et de l\u2019Adour.<\/p>\n\n\n\n<p class=\"has-text-align-center\"><a href=\"https:\/\/photos.app.goo.gl\/iL7ZyisThE8rhYWM7\">https:\/\/photos.app.goo.gl\/iL7ZyisThE8rhYWM7<\/a><\/p>\n\n\n\n<p class=\"has-pale-pink-color has-text-color has-medium-font-size\"><strong>Bayonne \u00e0 Biarritz \u2013 10 km<\/strong><\/p>\n\n\n\n<p class=\"has-black-color has-text-color\">A <strong>Bayonne<\/strong>, le p\u00e8lerin \u2013 randonneur &nbsp;visitera la <strong>cath\u00e9drale gothique Notre Dame<\/strong> (Ste Marie) construite du XIII au XIV\u00e8me et son clo\u00eetre du XIII\u00e8me. Inscrite au patrimoine mondial en 1998 dans le cadre des chemins de Compostelle (voie de Soulac), la cath\u00e9drale est surmont\u00e9e de deux fl\u00e8ches de 85 m. Elle a \u00e9t\u00e9 r\u00e9alis\u00e9e \u00e0 partir de pierres ocres et blanches Autour du ch\u0153ur, sept chapelles rayonnantes. A noter encore, de tr\u00e8s belles orgues (du XV\u00e8me pour la partie la plus ancienne), la chaire \u00e0 pr\u00eacher du XVIII\u00e8me et de tr\u00e8s beaux vitraux (pour certains de la renaissance). Le clo\u00eetre, l\u2019un des plus grands de France est de style gothique. Le ch\u00e2teau Vieux, forteresse m\u00e9di\u00e9vale, se situe dans le centre-ville.<\/p>\n\n\n\n<p class=\"has-text-align-center\"><a href=\"https:\/\/photos.app.goo.gl\/V1uFc11cefv5usWL6\">https:\/\/photos.app.goo.gl\/V1uFc11cefv5usWL6<\/a><\/p>\n\n\n\n<p class=\"has-pale-pink-color has-text-color has-medium-font-size\"><strong>Biarritz<\/strong><\/p>\n\n\n\n<p class=\"has-black-color has-text-color\">On rejoint <strong>Biarritz<\/strong> en passant par la commune d\u2019Anglet. La ville est pris\u00e9e pour ses grandes plages et ses \u00e9coles de surf. A noter \u00e9galement le rocher de la Vierge (en forme de longue coque de navire) que l\u2019on atteint par une longue passerelle, l\u2019h\u00f4tel du Palais (monuments historiques), le casino municipal (art d\u00e9co), le phare de la pointe St Martin, la chapelle imp\u00e9riale (1863) et aussi le vieux port.<\/p>\n\n\n\n<p class=\"has-text-align-center\"><a href=\"https:\/\/photos.app.goo.gl\/P5qELD6f27BgypEY9\">https:\/\/photos.app.goo.gl\/P5qELD6f27BgypEY9<\/a><\/p>\n\n\n<div class=\"wp-block-image\">\n<figure class=\"aligncenter size-large is-resized\"><img loading=\"lazy\" decoding=\"async\" width=\"1024\" height=\"681\" src=\"https:\/\/yvcharron.com\/wp-content\/uploads\/2022\/08\/Tmpn_FR_Arcachon-Biarritz_Mai-2021-1024x681.jpeg\" alt=\"All Suites au Teich, La Cabane \u00e0 Belin Beliet, Br\u00e9montier \u00e0 Labouheyre, Maison du Lierre \u00e0 Biarritz\" class=\"wp-image-3011\" style=\"width:893px;height:593px\" srcset=\"https:\/\/yvcharron.com\/wp-content\/uploads\/2022\/08\/Tmpn_FR_Arcachon-Biarritz_Mai-2021-1024x681.jpeg 1024w, https:\/\/yvcharron.com\/wp-content\/uploads\/2022\/08\/Tmpn_FR_Arcachon-Biarritz_Mai-2021-300x200.jpeg 300w, https:\/\/yvcharron.com\/wp-content\/uploads\/2022\/08\/Tmpn_FR_Arcachon-Biarritz_Mai-2021-768x511.jpeg 768w, https:\/\/yvcharron.com\/wp-content\/uploads\/2022\/08\/Tmpn_FR_Arcachon-Biarritz_Mai-2021-1536x1022.jpeg 1536w, https:\/\/yvcharron.com\/wp-content\/uploads\/2022\/08\/Tmpn_FR_Arcachon-Biarritz_Mai-2021-2048x1363.jpeg 2048w, https:\/\/yvcharron.com\/wp-content\/uploads\/2022\/08\/Tmpn_FR_Arcachon-Biarritz_Mai-2021-1623x1080.jpeg 1623w\" sizes=\"auto, (max-width: 1024px) 100vw, 1024px\" \/><\/figure>\n<\/div>\n\n\n<p class=\"has-text-align-center\">Tampons Cr\u00e9dentiale : Le Tech, Belin Beliet, Moustey, Labouheyre, Lesperon, Dax, Hastingues, Bayonne, Biarritz<\/p>\n\n\n\n<figure class=\"wp-block-audio\"><audio controls src=\"https:\/\/yvcharron.com\/wp-content\/uploads\/2024\/08\/01-String-Quartet-No.-14-in-E-flat-major-Op.-9-2-H.-3-20-Moderato.mp3\" autoplay><\/audio><\/figure>\n\n\n\n<p class=\"has-text-align-center has-large-font-size\"><\/p>\n\n\n\n<figure class=\"wp-block-image\"><img loading=\"lazy\" decoding=\"async\" width=\"499\" height=\"300\" src=\"https:\/\/yvcharron.com\/wp-content\/uploads\/2020\/03\/image-7.png\" alt=\"796 gmail\" class=\"wp-image-793\" srcset=\"https:\/\/yvcharron.com\/wp-content\/uploads\/2020\/03\/image-7.png 499w, https:\/\/yvcharron.com\/wp-content\/uploads\/2020\/03\/image-7-300x180.png 300w\" sizes=\"auto, (max-width: 499px) 100vw, 499px\" \/><\/figure>\n\n\n\n<p class=\"has-text-align-center has-cyan-bluish-gray-color has-text-color has-small-font-size\">Keywords: turonensis paris orleans Orl\u00e9ans, Beaugency  Blois Chaumont\/Loire Amboise Tours Sorigny Ste Maure Touraine Ormes Ch\u00e2tellerault Poitiers saintes bordeaux landes St-Jean-Pied-de-Port<\/p>\n\n\n\n<p class=\"has-text-align-center has-cyan-bluish-gray-color has-text-color has-small-font-size\">R\u00e9visions &#8212; 12\/8\/2022 : Ajout tampons Cr\u00e9dentiale, taille des titres, ajout keywords; 15\/8\/2022 : adresse mail<\/p>\n","protected":false},"excerpt":{"rendered":"<p>Via Turonensis&nbsp;: d\u2019Orl\u00e9ans \u00e0 Poitiers (octobre 2017), de Poitiers \u00e0 Bordeaux (septembre 2018) et d&#8217;Arcachon \u00e0 Biarritz (mai 2021) ___________________________________________________________________ D\u2019Orl\u00e9ans \u00e0 Poitiers \u2013 Octobre 2017 Orl\u00e9ans, Beaugency, Blois, Chaumont, Amboise, Tours, Sorigny, Ste Maure en Touraine, Chatellerault, Poitiers Pour&nbsp;voir les photos,&nbsp;cliquer sur les liens bleus ci-dessous. Pour un&nbsp;diaporama,&nbsp;cliquer sur la premi\u00e8re photo puis faire&hellip; <br \/> <a class=\"read-more\" href=\"https:\/\/yvcharron.com\/index.php\/voie-de-tours\/\">Read more<\/a><\/p>\n","protected":false},"author":1,"featured_media":0,"parent":0,"menu_order":0,"comment_status":"closed","ping_status":"closed","template":"","meta":{"footnotes":""},"class_list":["post-1404","page","type-page","status-publish","hentry"],"yoast_head":"<!-- This site is optimized with the Yoast SEO plugin v24.9 - https:\/\/yoast.com\/wordpress\/plugins\/seo\/ -->\n<title>Voie de Tours - Paris \u00e0 St Jean-Pied-de-Port - CHARRON Yves<\/title>\n<meta name=\"robots\" content=\"index, follow, max-snippet:-1, max-image-preview:large, max-video-preview:-1\" \/>\n<link rel=\"canonical\" href=\"https:\/\/yvcharron.com\/index.php\/voie-de-tours\/\" \/>\n<meta property=\"og:locale\" content=\"en_US\" \/>\n<meta property=\"og:type\" content=\"article\" \/>\n<meta property=\"og:title\" content=\"Voie de Tours - Paris \u00e0 St Jean-Pied-de-Port - CHARRON Yves\" \/>\n<meta property=\"og:description\" content=\"Via Turonensis&nbsp;: d\u2019Orl\u00e9ans \u00e0 Poitiers (octobre 2017), de Poitiers \u00e0 Bordeaux (septembre 2018) et d&#8217;Arcachon \u00e0 Biarritz (mai 2021) ___________________________________________________________________ D\u2019Orl\u00e9ans \u00e0 Poitiers \u2013 Octobre 2017 Orl\u00e9ans, Beaugency, Blois, Chaumont, Amboise, Tours, Sorigny, Ste Maure en Touraine, Chatellerault, Poitiers Pour&nbsp;voir les photos,&nbsp;cliquer sur les liens bleus ci-dessous. Pour un&nbsp;diaporama,&nbsp;cliquer sur la premi\u00e8re photo puis faire&hellip; Read more\" \/>\n<meta property=\"og:url\" content=\"https:\/\/yvcharron.com\/index.php\/voie-de-tours\/\" \/>\n<meta property=\"og:site_name\" content=\"CHARRON Yves\" \/>\n<meta property=\"article:modified_time\" content=\"2024-08-26T19:28:09+00:00\" \/>\n<meta property=\"og:image\" content=\"https:\/\/yvcharron.com\/wp-content\/uploads\/2021\/02\/Bandeau-Fr_Orleans_Poitiers.png\" \/>\n<meta name=\"twitter:card\" content=\"summary_large_image\" \/>\n<meta name=\"twitter:label1\" content=\"Est. reading time\" \/>\n\t<meta name=\"twitter:data1\" content=\"14 minutes\" \/>\n<script type=\"application\/ld+json\" class=\"yoast-schema-graph\">{\"@context\":\"https:\/\/schema.org\",\"@graph\":[{\"@type\":\"WebPage\",\"@id\":\"https:\/\/yvcharron.com\/index.php\/voie-de-tours\/\",\"url\":\"https:\/\/yvcharron.com\/index.php\/voie-de-tours\/\",\"name\":\"Voie de Tours - Paris \u00e0 St Jean-Pied-de-Port - CHARRON Yves\",\"isPartOf\":{\"@id\":\"https:\/\/yvcharron.com\/#website\"},\"primaryImageOfPage\":{\"@id\":\"https:\/\/yvcharron.com\/index.php\/voie-de-tours\/#primaryimage\"},\"image\":{\"@id\":\"https:\/\/yvcharron.com\/index.php\/voie-de-tours\/#primaryimage\"},\"thumbnailUrl\":\"https:\/\/yvcharron.com\/wp-content\/uploads\/2021\/02\/Bandeau-Fr_Orleans_Poitiers.png\",\"datePublished\":\"2020-09-20T13:23:28+00:00\",\"dateModified\":\"2024-08-26T19:28:09+00:00\",\"breadcrumb\":{\"@id\":\"https:\/\/yvcharron.com\/index.php\/voie-de-tours\/#breadcrumb\"},\"inLanguage\":\"en-US\",\"potentialAction\":[{\"@type\":\"ReadAction\",\"target\":[\"https:\/\/yvcharron.com\/index.php\/voie-de-tours\/\"]}]},{\"@type\":\"ImageObject\",\"inLanguage\":\"en-US\",\"@id\":\"https:\/\/yvcharron.com\/index.php\/voie-de-tours\/#primaryimage\",\"url\":\"https:\/\/yvcharron.com\/wp-content\/uploads\/2021\/02\/Bandeau-Fr_Orleans_Poitiers.png\",\"contentUrl\":\"https:\/\/yvcharron.com\/wp-content\/uploads\/2021\/02\/Bandeau-Fr_Orleans_Poitiers.png\",\"width\":1742,\"height\":442},{\"@type\":\"BreadcrumbList\",\"@id\":\"https:\/\/yvcharron.com\/index.php\/voie-de-tours\/#breadcrumb\",\"itemListElement\":[{\"@type\":\"ListItem\",\"position\":1,\"name\":\"Home\",\"item\":\"https:\/\/yvcharron.com\/\"},{\"@type\":\"ListItem\",\"position\":2,\"name\":\"Voie de Tours &#8211; Paris \u00e0 St Jean-Pied-de-Port\"}]},{\"@type\":\"WebSite\",\"@id\":\"https:\/\/yvcharron.com\/#website\",\"url\":\"https:\/\/yvcharron.com\/\",\"name\":\"CHARRON Yves\",\"description\":\"Site last update 2024 November 1st\",\"potentialAction\":[{\"@type\":\"SearchAction\",\"target\":{\"@type\":\"EntryPoint\",\"urlTemplate\":\"https:\/\/yvcharron.com\/?s={search_term_string}\"},\"query-input\":{\"@type\":\"PropertyValueSpecification\",\"valueRequired\":true,\"valueName\":\"search_term_string\"}}],\"inLanguage\":\"en-US\"}]}<\/script>\n<!-- \/ Yoast SEO plugin. -->","yoast_head_json":{"title":"Voie de Tours - Paris \u00e0 St Jean-Pied-de-Port - CHARRON Yves","robots":{"index":"index","follow":"follow","max-snippet":"max-snippet:-1","max-image-preview":"max-image-preview:large","max-video-preview":"max-video-preview:-1"},"canonical":"https:\/\/yvcharron.com\/index.php\/voie-de-tours\/","og_locale":"en_US","og_type":"article","og_title":"Voie de Tours - Paris \u00e0 St Jean-Pied-de-Port - CHARRON Yves","og_description":"Via Turonensis&nbsp;: d\u2019Orl\u00e9ans \u00e0 Poitiers (octobre 2017), de Poitiers \u00e0 Bordeaux (septembre 2018) et d&#8217;Arcachon \u00e0 Biarritz (mai 2021) ___________________________________________________________________ D\u2019Orl\u00e9ans \u00e0 Poitiers \u2013 Octobre 2017 Orl\u00e9ans, Beaugency, Blois, Chaumont, Amboise, Tours, Sorigny, Ste Maure en Touraine, Chatellerault, Poitiers Pour&nbsp;voir les photos,&nbsp;cliquer sur les liens bleus ci-dessous. Pour un&nbsp;diaporama,&nbsp;cliquer sur la premi\u00e8re photo puis faire&hellip; Read more","og_url":"https:\/\/yvcharron.com\/index.php\/voie-de-tours\/","og_site_name":"CHARRON Yves","article_modified_time":"2024-08-26T19:28:09+00:00","og_image":[{"url":"https:\/\/yvcharron.com\/wp-content\/uploads\/2021\/02\/Bandeau-Fr_Orleans_Poitiers.png","type":"","width":"","height":""}],"twitter_card":"summary_large_image","twitter_misc":{"Est. reading time":"14 minutes"},"schema":{"@context":"https:\/\/schema.org","@graph":[{"@type":"WebPage","@id":"https:\/\/yvcharron.com\/index.php\/voie-de-tours\/","url":"https:\/\/yvcharron.com\/index.php\/voie-de-tours\/","name":"Voie de Tours - Paris \u00e0 St Jean-Pied-de-Port - CHARRON Yves","isPartOf":{"@id":"https:\/\/yvcharron.com\/#website"},"primaryImageOfPage":{"@id":"https:\/\/yvcharron.com\/index.php\/voie-de-tours\/#primaryimage"},"image":{"@id":"https:\/\/yvcharron.com\/index.php\/voie-de-tours\/#primaryimage"},"thumbnailUrl":"https:\/\/yvcharron.com\/wp-content\/uploads\/2021\/02\/Bandeau-Fr_Orleans_Poitiers.png","datePublished":"2020-09-20T13:23:28+00:00","dateModified":"2024-08-26T19:28:09+00:00","breadcrumb":{"@id":"https:\/\/yvcharron.com\/index.php\/voie-de-tours\/#breadcrumb"},"inLanguage":"en-US","potentialAction":[{"@type":"ReadAction","target":["https:\/\/yvcharron.com\/index.php\/voie-de-tours\/"]}]},{"@type":"ImageObject","inLanguage":"en-US","@id":"https:\/\/yvcharron.com\/index.php\/voie-de-tours\/#primaryimage","url":"https:\/\/yvcharron.com\/wp-content\/uploads\/2021\/02\/Bandeau-Fr_Orleans_Poitiers.png","contentUrl":"https:\/\/yvcharron.com\/wp-content\/uploads\/2021\/02\/Bandeau-Fr_Orleans_Poitiers.png","width":1742,"height":442},{"@type":"BreadcrumbList","@id":"https:\/\/yvcharron.com\/index.php\/voie-de-tours\/#breadcrumb","itemListElement":[{"@type":"ListItem","position":1,"name":"Home","item":"https:\/\/yvcharron.com\/"},{"@type":"ListItem","position":2,"name":"Voie de Tours &#8211; Paris \u00e0 St Jean-Pied-de-Port"}]},{"@type":"WebSite","@id":"https:\/\/yvcharron.com\/#website","url":"https:\/\/yvcharron.com\/","name":"CHARRON Yves","description":"Site last update 2024 November 1st","potentialAction":[{"@type":"SearchAction","target":{"@type":"EntryPoint","urlTemplate":"https:\/\/yvcharron.com\/?s={search_term_string}"},"query-input":{"@type":"PropertyValueSpecification","valueRequired":true,"valueName":"search_term_string"}}],"inLanguage":"en-US"}]}},"_links":{"self":[{"href":"https:\/\/yvcharron.com\/index.php\/wp-json\/wp\/v2\/pages\/1404","targetHints":{"allow":["GET"]}}],"collection":[{"href":"https:\/\/yvcharron.com\/index.php\/wp-json\/wp\/v2\/pages"}],"about":[{"href":"https:\/\/yvcharron.com\/index.php\/wp-json\/wp\/v2\/types\/page"}],"author":[{"embeddable":true,"href":"https:\/\/yvcharron.com\/index.php\/wp-json\/wp\/v2\/users\/1"}],"replies":[{"embeddable":true,"href":"https:\/\/yvcharron.com\/index.php\/wp-json\/wp\/v2\/comments?post=1404"}],"version-history":[{"count":41,"href":"https:\/\/yvcharron.com\/index.php\/wp-json\/wp\/v2\/pages\/1404\/revisions"}],"predecessor-version":[{"id":4267,"href":"https:\/\/yvcharron.com\/index.php\/wp-json\/wp\/v2\/pages\/1404\/revisions\/4267"}],"wp:attachment":[{"href":"https:\/\/yvcharron.com\/index.php\/wp-json\/wp\/v2\/media?parent=1404"}],"curies":[{"name":"wp","href":"https:\/\/api.w.org\/{rel}","templated":true}]}}