{"id":1252,"date":"2020-07-23T14:59:09","date_gmt":"2020-07-23T12:59:09","guid":{"rendered":"http:\/\/yvcharron.com\/?page_id=1252"},"modified":"2024-02-01T09:32:40","modified_gmt":"2024-02-01T08:32:40","slug":"lusitana","status":"publish","type":"page","link":"https:\/\/yvcharron.com\/index.php\/lusitana\/","title":{"rendered":"Via Lusitana &#8211; Lisbonne \u00e0 St Jacques de Compostelle"},"content":{"rendered":"\n<p class=\"has-text-align-center has-cyan-bluish-gray-color has-text-color has-small-font-size\">REVISION &#8212; 10\/8\/22 : Centrage liens photos, Cr\u00e9dentialle<\/p>\n\n\n<div class=\"wp-block-image\">\n<figure class=\"aligncenter\"><img loading=\"lazy\" decoding=\"async\" width=\"388\" height=\"485\" src=\"http:\/\/yvcharron.com\/wp-content\/uploads\/2020\/09\/via-lusitana-carte-Rogn\u00e9e.jpg\" alt=\"Voie de Compostelle - La Via Lusitana relie Lisboa \u00e0 Santiago passant par Coimbra, Porto et Pontevedra. Elle suit le Tage jusqu'\u00e0 Santarem.\" class=\"wp-image-1505\" srcset=\"https:\/\/yvcharron.com\/wp-content\/uploads\/2020\/09\/via-lusitana-carte-Rogn\u00e9e.jpg 388w, https:\/\/yvcharron.com\/wp-content\/uploads\/2020\/09\/via-lusitana-carte-Rogn\u00e9e-240x300.jpg 240w\" sizes=\"auto, (max-width: 388px) 100vw, 388px\" \/><figcaption class=\"wp-element-caption\">Cr\u00e9dit : <a href=\"https:\/\/www.chemin-compostelle.fr\/etapes-via-lusitana\/\">https:\/\/www.chemin-compostelle.fr\/etapes-via-lusitana\/<\/a><\/figcaption><\/figure>\n<\/div>\n\n\n<h1 class=\"wp-block-heading has-text-align-center\"> <strong>Via Lusitana<\/strong>  : Lisbonne \u00e0 Porto  et Porto \u00e0 Santiago<\/h1>\n\n\n\n<p class=\"has-text-align-center\">_<\/p>\n\n\n\n<h2 class=\"wp-block-heading has-text-align-center\"><strong>De Lisbonne \u00e0 Porto <\/strong>&#8211; Septembre 2019<\/h2>\n\n\n<div class=\"wp-block-image\">\n<figure class=\"aligncenter size-full\"><img loading=\"lazy\" decoding=\"async\" width=\"2235\" height=\"442\" src=\"https:\/\/yvcharron.com\/wp-content\/uploads\/2021\/02\/Bandeau-Pt_Lisboa_Porto.png\" alt=\"Lisboa, Alverca, Azambuja, Santarem, Amiais de Baixa, Fatima, Condeixa, Coimbra, Sernadelo, Agueda, San Jao Madeira, Porto.\" class=\"wp-image-2499\" srcset=\"https:\/\/yvcharron.com\/wp-content\/uploads\/2021\/02\/Bandeau-Pt_Lisboa_Porto.png 2235w, https:\/\/yvcharron.com\/wp-content\/uploads\/2021\/02\/Bandeau-Pt_Lisboa_Porto-300x59.png 300w, https:\/\/yvcharron.com\/wp-content\/uploads\/2021\/02\/Bandeau-Pt_Lisboa_Porto-768x152.png 768w, https:\/\/yvcharron.com\/wp-content\/uploads\/2021\/02\/Bandeau-Pt_Lisboa_Porto-1024x203.png 1024w, https:\/\/yvcharron.com\/wp-content\/uploads\/2021\/02\/Bandeau-Pt_Lisboa_Porto-1920x380.png 1920w\" sizes=\"auto, (max-width: 2235px) 100vw, 2235px\" \/><\/figure>\n<\/div>\n\n\n<p class=\"has-text-align-center has-very-dark-gray-color has-text-color\">Ci-dessus : <em>Lisboa, Alverca, Azambuja, Santarem, Amiais de Baixa, Fatima, Condeixa, Coimbra, Sernadelo, Agueda, San Jao Madeira, Porto.<\/em><\/p>\n\n\n\n<p class=\"has-text-align-center has-vivid-cyan-blue-color has-text-color\"> Pour <strong>voir les photos<\/strong>, <em>cliquer sur les liens bleus ci-dessous<\/em>. Pour un <strong>diaporama<\/strong>,<em> cliquer sur la premi\u00e8re photo puis les faire d\u00e9filer.<\/em>   <\/p>\n\n\n\n<div class=\"wp-block-media-text is-stacked-on-mobile\" style=\"grid-template-columns:17% auto\"><figure class=\"wp-block-media-text__media\"><img loading=\"lazy\" decoding=\"async\" width=\"768\" height=\"1024\" src=\"https:\/\/yvcharron.com\/wp-content\/uploads\/2023\/10\/190904_1_Centre-Lisboa-768x1024.jpg\" alt=\"Centre de Lisbonne - Lisboa\" class=\"wp-image-3522 size-full\" srcset=\"https:\/\/yvcharron.com\/wp-content\/uploads\/2023\/10\/190904_1_Centre-Lisboa-768x1024.jpg 768w, https:\/\/yvcharron.com\/wp-content\/uploads\/2023\/10\/190904_1_Centre-Lisboa-225x300.jpg 225w, https:\/\/yvcharron.com\/wp-content\/uploads\/2023\/10\/190904_1_Centre-Lisboa-1152x1536.jpg 1152w, https:\/\/yvcharron.com\/wp-content\/uploads\/2023\/10\/190904_1_Centre-Lisboa-1536x2048.jpg 1536w, https:\/\/yvcharron.com\/wp-content\/uploads\/2023\/10\/190904_1_Centre-Lisboa-1024x1365.jpg 1024w, https:\/\/yvcharron.com\/wp-content\/uploads\/2023\/10\/190904_1_Centre-Lisboa-810x1080.jpg 810w, https:\/\/yvcharron.com\/wp-content\/uploads\/2023\/10\/190904_1_Centre-Lisboa-scaled.jpg 1920w\" sizes=\"auto, (max-width: 768px) 100vw, 768px\" \/><\/figure><div class=\"wp-block-media-text__content\">\n<p class=\"has-vivid-cyan-blue-color has-text-color has-medium-font-size\"><strong>Lisbonne centre&nbsp;<\/strong><\/p>\n\n\n\n<p class=\"has-vivid-cyan-blue-color has-text-color\">Baixa, la maison andalouse, le Bairro alto, l\u2019ascenseur m\u00e9tallique Eiffel, la place du commerce (pr\u00e8s de la mer), la cath\u00e9drale, le quartier Sao Jorge et celui du parc Eduardo.<\/p>\n\n\n\n<p class=\"has-text-align-center\"><a href=\"https:\/\/photos.app.goo.gl\/et5T9ZzGpq4oZbVDA\">https:\/\/photos.app.goo.gl\/et5T9ZzGpq4oZbVDA<\/a><\/p>\n<\/div><\/div>\n\n\n\n<p class=\"has-text-align-center\"><\/p>\n\n\n\n<div class=\"wp-block-media-text has-media-on-the-right is-stacked-on-mobile\" style=\"grid-template-columns:auto 22%\"><div class=\"wp-block-media-text__content\">\n<p class=\"has-vivid-cyan-blue-color has-text-color has-medium-font-size\"><strong>Lisbonne Sud-ouest<\/strong><\/p>\n\n\n\n<p class=\"has-vivid-cyan-blue-color has-text-color\">Le monast\u00e8re Jeronimos (Photo ci-contre) et la tour de B\u00e9lem. Retour vers le centre par l\u2019avenue du Br\u00e9sil.<\/p>\n\n\n\n<p class=\"has-text-align-center\"><a href=\"https:\/\/photos.app.goo.gl\/pS39h3gmFEfofNZp7\">https:\/\/photos.app.goo.gl\/pS39h3gmFEfofNZp7<\/a><\/p>\n<\/div><figure class=\"wp-block-media-text__media\"><img loading=\"lazy\" decoding=\"async\" width=\"959\" height=\"1024\" src=\"https:\/\/yvcharron.com\/wp-content\/uploads\/2023\/10\/190905_1_Geronimos-959x1024.jpg\" alt=\"Le monast\u00e8re Jeronimos\" class=\"wp-image-3523 size-full\" srcset=\"https:\/\/yvcharron.com\/wp-content\/uploads\/2023\/10\/190905_1_Geronimos-959x1024.jpg 959w, https:\/\/yvcharron.com\/wp-content\/uploads\/2023\/10\/190905_1_Geronimos-281x300.jpg 281w, https:\/\/yvcharron.com\/wp-content\/uploads\/2023\/10\/190905_1_Geronimos-768x820.jpg 768w, https:\/\/yvcharron.com\/wp-content\/uploads\/2023\/10\/190905_1_Geronimos-1438x1536.jpg 1438w, https:\/\/yvcharron.com\/wp-content\/uploads\/2023\/10\/190905_1_Geronimos-1917x2048.jpg 1917w, https:\/\/yvcharron.com\/wp-content\/uploads\/2023\/10\/190905_1_Geronimos-1024x1094.jpg 1024w, https:\/\/yvcharron.com\/wp-content\/uploads\/2023\/10\/190905_1_Geronimos-1011x1080.jpg 1011w\" sizes=\"auto, (max-width: 959px) 100vw, 959px\" \/><\/figure><\/div>\n\n\n\n<p class=\"has-pale-pink-color has-text-color has-medium-font-size\">.<\/p>\n\n\n\n<div class=\"wp-block-media-text is-stacked-on-mobile\" style=\"grid-template-columns:27% auto\"><figure class=\"wp-block-media-text__media\"><img loading=\"lazy\" decoding=\"async\" width=\"1024\" height=\"768\" src=\"https:\/\/yvcharron.com\/wp-content\/uploads\/2023\/10\/190906_2_Pont-Vers-Alverca-1024x768.jpg\" alt=\"\" class=\"wp-image-3524 size-full\" srcset=\"https:\/\/yvcharron.com\/wp-content\/uploads\/2023\/10\/190906_2_Pont-Vers-Alverca-1024x768.jpg 1024w, https:\/\/yvcharron.com\/wp-content\/uploads\/2023\/10\/190906_2_Pont-Vers-Alverca-300x225.jpg 300w, https:\/\/yvcharron.com\/wp-content\/uploads\/2023\/10\/190906_2_Pont-Vers-Alverca-768x576.jpg 768w, https:\/\/yvcharron.com\/wp-content\/uploads\/2023\/10\/190906_2_Pont-Vers-Alverca-1536x1152.jpg 1536w, https:\/\/yvcharron.com\/wp-content\/uploads\/2023\/10\/190906_2_Pont-Vers-Alverca-2048x1536.jpg 2048w, https:\/\/yvcharron.com\/wp-content\/uploads\/2023\/10\/190906_2_Pont-Vers-Alverca-1440x1080.jpg 1440w\" sizes=\"auto, (max-width: 1024px) 100vw, 1024px\" \/><\/figure><div class=\"wp-block-media-text__content\">\n<p class=\"has-vivid-red-color has-text-color has-medium-font-size\">.<\/p>\n\n\n\n<p class=\"has-vivid-red-color has-text-color has-medium-font-size\"><strong>De Lisbonne \u00e0 Alverca<\/strong><\/p>\n\n\n\n<p class=\"has-very-dark-gray-color has-text-color\">Banlieue est de Lisbonne, en passant par le parc des nations, la tour et le pont Vasco de Gama (Photo ci-contre) en suivant le Tage (Tejo). Sur le Tage des flamands roses.<\/p>\n\n\n\n<p class=\"has-text-align-center\"><a href=\"https:\/\/photos.app.goo.gl\/AEu7pftCcK1f5rYJ8\">https:\/\/photos.app.goo.gl\/AEu7pftCcK1f5rYJ8<\/a><\/p>\n<\/div><\/div>\n\n\n\n<p class=\"has-pale-pink-color has-text-color has-medium-font-size\">.<\/p>\n\n\n\n<div class=\"wp-block-media-text has-media-on-the-right is-stacked-on-mobile\" style=\"grid-template-columns:auto 24%\"><div class=\"wp-block-media-text__content\">\n<p class=\"has-vivid-red-color has-text-color has-medium-font-size\">.<\/p>\n\n\n\n<p class=\"has-vivid-red-color has-text-color has-medium-font-size\"><strong>D\u2019Alverca \u00e0 Azambuja<\/strong><\/p>\n\n\n\n<p class=\"has-very-dark-gray-color has-text-color\">En passant par Vila Franca de Xira et Vila Nova de Rainha et en suivant le Tage. Sur les sachets de sucre des slogans contre la violence conjugale, on peut lire \u00ab&nbsp;Ne remettez pas \u00e0 demain la d\u00e9nonciation que vous pouvez faire aujourd\u2019hui&nbsp;!&nbsp;\u00bb.<\/p>\n\n\n\n<p class=\"has-text-align-center\"><a href=\"https:\/\/photos.app.goo.gl\/yjPz4dWPgU56Se9t7\">https:\/\/photos.app.goo.gl\/yjPz4dWPgU56Se9t7<\/a><\/p>\n<\/div><figure class=\"wp-block-media-text__media\"><img loading=\"lazy\" decoding=\"async\" width=\"1024\" height=\"768\" src=\"https:\/\/yvcharron.com\/wp-content\/uploads\/2023\/10\/190907_3_OffToursm-Villafranca-Xira-1024x768.jpg\" alt=\"Office de tourisme \u00e0 Villa Franca de Xira\" class=\"wp-image-3525 size-full\" srcset=\"https:\/\/yvcharron.com\/wp-content\/uploads\/2023\/10\/190907_3_OffToursm-Villafranca-Xira-1024x768.jpg 1024w, https:\/\/yvcharron.com\/wp-content\/uploads\/2023\/10\/190907_3_OffToursm-Villafranca-Xira-300x225.jpg 300w, https:\/\/yvcharron.com\/wp-content\/uploads\/2023\/10\/190907_3_OffToursm-Villafranca-Xira-768x576.jpg 768w, https:\/\/yvcharron.com\/wp-content\/uploads\/2023\/10\/190907_3_OffToursm-Villafranca-Xira-1536x1152.jpg 1536w, https:\/\/yvcharron.com\/wp-content\/uploads\/2023\/10\/190907_3_OffToursm-Villafranca-Xira-2048x1536.jpg 2048w, https:\/\/yvcharron.com\/wp-content\/uploads\/2023\/10\/190907_3_OffToursm-Villafranca-Xira-1440x1080.jpg 1440w\" sizes=\"auto, (max-width: 1024px) 100vw, 1024px\" \/><\/figure><\/div>\n\n\n\n<p class=\"has-pale-pink-color has-text-color has-medium-font-size\">.<\/p>\n\n\n\n<div class=\"wp-block-media-text is-stacked-on-mobile\" style=\"grid-template-columns:24% auto\"><figure class=\"wp-block-media-text__media\"><img loading=\"lazy\" decoding=\"async\" width=\"1024\" height=\"756\" src=\"https:\/\/yvcharron.com\/wp-content\/uploads\/2023\/10\/190909_4_Santarem-1024x756.jpg\" alt=\"Santarem\" class=\"wp-image-3526 size-full\" srcset=\"https:\/\/yvcharron.com\/wp-content\/uploads\/2023\/10\/190909_4_Santarem-1024x756.jpg 1024w, https:\/\/yvcharron.com\/wp-content\/uploads\/2023\/10\/190909_4_Santarem-300x221.jpg 300w, https:\/\/yvcharron.com\/wp-content\/uploads\/2023\/10\/190909_4_Santarem-768x567.jpg 768w, https:\/\/yvcharron.com\/wp-content\/uploads\/2023\/10\/190909_4_Santarem-1536x1134.jpg 1536w, https:\/\/yvcharron.com\/wp-content\/uploads\/2023\/10\/190909_4_Santarem-2048x1512.jpg 2048w, https:\/\/yvcharron.com\/wp-content\/uploads\/2023\/10\/190909_4_Santarem-1463x1080.jpg 1463w\" sizes=\"auto, (max-width: 1024px) 100vw, 1024px\" \/><\/figure><div class=\"wp-block-media-text__content\">\n<p class=\"has-vivid-red-color has-text-color has-medium-font-size\">.<\/p>\n\n\n\n<p class=\"has-vivid-red-color has-text-color has-medium-font-size\"><strong>Azambuja \u00e0 Santarem<\/strong><\/p>\n\n\n\n<p class=\"has-very-dark-gray-color has-text-color\">En passant par Valada et Porto de Mugado toujours en suivant le Tage et la digue le long du Tage. Culture intensive de la tomate pour le concentr\u00e9 (peau tr\u00e8s dure). Par endroits, des restes de for\u00eats br\u00fbl\u00e9es.<\/p>\n\n\n\n<p class=\"has-text-align-center\"><a href=\"https:\/\/photos.app.goo.gl\/DjaYEEpoP9oTW7RV7\">https:\/\/photos.app.goo.gl\/DjaYEEpoP9oTW7RV7<\/a><\/p>\n<\/div><\/div>\n\n\n\n<p class=\"has-text-align-center\">.<\/p>\n\n\n\n<div class=\"wp-block-media-text has-media-on-the-right is-stacked-on-mobile\" style=\"grid-template-columns:auto 26%\"><div class=\"wp-block-media-text__content\">\n<p class=\"has-vivid-red-color has-text-color has-medium-font-size\"><strong>Santarem \u00e0 Amiais de Baixa<\/strong><\/p>\n\n\n\n<p class=\"has-very-dark-gray-color has-text-color\">On quitte le Tage. On passe par Arneiro. Culture intensive des poivrons. Ch\u00eane li\u00e8ge, Oliviers et Eucalyptus. R\u00e9gion d\u2019une personnalit\u00e9 portugaise&nbsp; (po\u00e8te, historien) : Alexandre Herculano. Sp\u00e9cialit\u00e9 locale la \u00ab&nbsp;Sopa de pedra&nbsp;\u00bb &#8211; La soupe de pierre.<\/p>\n\n\n\n<p class=\"has-text-align-center\"><a href=\"https:\/\/photos.app.goo.gl\/5E8Aqx7rTeQaAqTz8\">https:\/\/photos.app.goo.gl\/5E8Aqx7rTeQaAqTz8<\/a><\/p>\n<\/div><figure class=\"wp-block-media-text__media\"><img loading=\"lazy\" decoding=\"async\" width=\"1024\" height=\"863\" src=\"https:\/\/yvcharron.com\/wp-content\/uploads\/2023\/10\/190910_5_Am-Baixa_Pays-Azul-1024x863.jpg\" alt=\"\" class=\"wp-image-3545 size-full\" srcset=\"https:\/\/yvcharron.com\/wp-content\/uploads\/2023\/10\/190910_5_Am-Baixa_Pays-Azul-1024x863.jpg 1024w, https:\/\/yvcharron.com\/wp-content\/uploads\/2023\/10\/190910_5_Am-Baixa_Pays-Azul-300x253.jpg 300w, https:\/\/yvcharron.com\/wp-content\/uploads\/2023\/10\/190910_5_Am-Baixa_Pays-Azul-768x647.jpg 768w, https:\/\/yvcharron.com\/wp-content\/uploads\/2023\/10\/190910_5_Am-Baixa_Pays-Azul-1536x1294.jpg 1536w, https:\/\/yvcharron.com\/wp-content\/uploads\/2023\/10\/190910_5_Am-Baixa_Pays-Azul-2048x1726.jpg 2048w, https:\/\/yvcharron.com\/wp-content\/uploads\/2023\/10\/190910_5_Am-Baixa_Pays-Azul-1282x1080.jpg 1282w\" sizes=\"auto, (max-width: 1024px) 100vw, 1024px\" \/><\/figure><\/div>\n\n\n\n<p class=\"has-pale-pink-color has-text-color has-medium-font-size\">.<\/p>\n\n\n\n<div class=\"wp-block-media-text is-stacked-on-mobile\" style=\"grid-template-columns:26% auto\"><figure class=\"wp-block-media-text__media\"><img loading=\"lazy\" decoding=\"async\" width=\"1024\" height=\"768\" src=\"https:\/\/yvcharron.com\/wp-content\/uploads\/2023\/10\/190910_6_Fatima-Plc-Crt-1024x768.jpg\" alt=\"La place devant la basilique de Fatima \" class=\"wp-image-3528 size-full\" srcset=\"https:\/\/yvcharron.com\/wp-content\/uploads\/2023\/10\/190910_6_Fatima-Plc-Crt-1024x768.jpg 1024w, https:\/\/yvcharron.com\/wp-content\/uploads\/2023\/10\/190910_6_Fatima-Plc-Crt-300x225.jpg 300w, https:\/\/yvcharron.com\/wp-content\/uploads\/2023\/10\/190910_6_Fatima-Plc-Crt-768x576.jpg 768w, https:\/\/yvcharron.com\/wp-content\/uploads\/2023\/10\/190910_6_Fatima-Plc-Crt-1536x1152.jpg 1536w, https:\/\/yvcharron.com\/wp-content\/uploads\/2023\/10\/190910_6_Fatima-Plc-Crt-2048x1536.jpg 2048w, https:\/\/yvcharron.com\/wp-content\/uploads\/2023\/10\/190910_6_Fatima-Plc-Crt-1440x1080.jpg 1440w\" sizes=\"auto, (max-width: 1024px) 100vw, 1024px\" \/><\/figure><div class=\"wp-block-media-text__content\">\n<p class=\"has-vivid-red-color has-text-color has-medium-font-size\"><strong>Amiais de Baixa \u00e0 Fatima<\/strong><\/p>\n\n\n\n<p class=\"has-very-dark-gray-color has-text-color\">En passant par le petit col de Giesteira. Beaucoup d\u2019azulejos, encore des for\u00eats br\u00fbl\u00e9es et des murs de pierres. Fatima, le sanctuaire et l\u2019ancienne basilique.<\/p>\n\n\n\n<p class=\"has-text-align-center\"><a href=\"https:\/\/photos.app.goo.gl\/nYgH93TRXnFysewR8\">https:\/\/photos.app.goo.gl\/nYgH93TRXnFysewR8<\/a><\/p>\n<\/div><\/div>\n\n\n\n<p class=\"has-pale-pink-color has-text-color has-medium-font-size\">.<\/p>\n\n\n\n<div class=\"wp-block-media-text has-media-on-the-right is-stacked-on-mobile\" style=\"grid-template-columns:auto 27%\"><div class=\"wp-block-media-text__content\">\n<p class=\"has-vivid-red-color has-text-color has-medium-font-size\"><strong>Fatima \u00e0 Caxarias<\/strong><\/p>\n\n\n\n<p class=\"has-very-dark-gray-color has-text-color\">Fatima, la nouvelle basilique et l\u2019esplanade. Chez Manalvo \u00e0 Caxarias ce n\u2019est pas le luxe mais on y mange tr\u00e8s bien.<\/p>\n\n\n\n<p class=\"has-text-align-center\"><a href=\"https:\/\/photos.app.goo.gl\/wrK6S7k7HQNXdGbG9\">https:\/\/photos.app.goo.gl\/wrK6S7k7HQNXdGbG9<\/a><\/p>\n<\/div><figure class=\"wp-block-media-text__media\"><img loading=\"lazy\" decoding=\"async\" width=\"1024\" height=\"768\" src=\"https:\/\/yvcharron.com\/wp-content\/uploads\/2023\/10\/190911_7_Fatm-Int-Basil_Cax-1024x768.jpg\" alt=\"L'int\u00e9rieur de la nouvelle basilique \u00e0 Fatima\" class=\"wp-image-3529 size-full\" srcset=\"https:\/\/yvcharron.com\/wp-content\/uploads\/2023\/10\/190911_7_Fatm-Int-Basil_Cax-1024x768.jpg 1024w, https:\/\/yvcharron.com\/wp-content\/uploads\/2023\/10\/190911_7_Fatm-Int-Basil_Cax-300x225.jpg 300w, https:\/\/yvcharron.com\/wp-content\/uploads\/2023\/10\/190911_7_Fatm-Int-Basil_Cax-768x576.jpg 768w, https:\/\/yvcharron.com\/wp-content\/uploads\/2023\/10\/190911_7_Fatm-Int-Basil_Cax-1536x1152.jpg 1536w, https:\/\/yvcharron.com\/wp-content\/uploads\/2023\/10\/190911_7_Fatm-Int-Basil_Cax-2048x1536.jpg 2048w, https:\/\/yvcharron.com\/wp-content\/uploads\/2023\/10\/190911_7_Fatm-Int-Basil_Cax-1440x1080.jpg 1440w\" sizes=\"auto, (max-width: 1024px) 100vw, 1024px\" \/><\/figure><\/div>\n\n\n\n<p class=\"has-pale-pink-color has-text-color has-medium-font-size\">.<\/p>\n\n\n\n<div class=\"wp-block-media-text is-stacked-on-mobile\" style=\"grid-template-columns:28% auto\"><figure class=\"wp-block-media-text__media\"><img loading=\"lazy\" decoding=\"async\" width=\"1024\" height=\"751\" src=\"https:\/\/yvcharron.com\/wp-content\/uploads\/2023\/10\/190912_-8_Ansiao-1024x751.jpg\" alt=\"Fresque d'azulejos \u00e0 Ansiao\" class=\"wp-image-3530 size-full\" srcset=\"https:\/\/yvcharron.com\/wp-content\/uploads\/2023\/10\/190912_-8_Ansiao-1024x751.jpg 1024w, https:\/\/yvcharron.com\/wp-content\/uploads\/2023\/10\/190912_-8_Ansiao-300x220.jpg 300w, https:\/\/yvcharron.com\/wp-content\/uploads\/2023\/10\/190912_-8_Ansiao-768x563.jpg 768w, https:\/\/yvcharron.com\/wp-content\/uploads\/2023\/10\/190912_-8_Ansiao-1536x1126.jpg 1536w, https:\/\/yvcharron.com\/wp-content\/uploads\/2023\/10\/190912_-8_Ansiao-2048x1501.jpg 2048w, https:\/\/yvcharron.com\/wp-content\/uploads\/2023\/10\/190912_-8_Ansiao-1474x1080.jpg 1474w\" sizes=\"auto, (max-width: 1024px) 100vw, 1024px\" \/><\/figure><div class=\"wp-block-media-text__content\">\n<p class=\"has-vivid-red-color has-text-color\"><strong>Caxarias \u00e0 Ansiao<\/strong><\/p>\n\n\n\n<p class=\"has-very-dark-gray-color has-text-color\">Sierra de Sico (quelques petits cols \u00e0 passer) r\u00e9put\u00e9e pour ses vins et ses aromates (thym, estragon, origan, sauge, laurier). De nouvelles for\u00eats br\u00fbl\u00e9es. Le pilori d\u2019Ansiao. Sp\u00e9cialit\u00e9 culinaire&nbsp;: la langue de bacalao.<\/p>\n\n\n\n<p class=\"has-text-align-center\"><a href=\"https:\/\/photos.app.goo.gl\/FWxmeM6fmkYDTpaa7\">https:\/\/photos.app.goo.gl\/FWxmeM6fmkYDTpaa7<\/a><\/p>\n<\/div><\/div>\n\n\n\n<p>.<\/p>\n\n\n\n<div class=\"wp-block-media-text has-media-on-the-right is-stacked-on-mobile\" style=\"grid-template-columns:auto 24%\"><div class=\"wp-block-media-text__content\">\n<p class=\"has-vivid-red-color has-text-color has-medium-font-size\"><strong>Ansiao \u00e0 Condeixa<\/strong><\/p>\n\n\n\n<p class=\"has-very-dark-gray-color has-text-color\">Condeixa, l\u2019ancienne cit\u00e9 celte puis romaine.<\/p>\n\n\n\n<p class=\"has-text-align-center\"><a href=\"https:\/\/photos.app.goo.gl\/vH7uDz5NvuV71wxV8\">https:\/\/photos.app.goo.gl\/vH7uDz5NvuV71wxV8<\/a><\/p>\n<\/div><figure class=\"wp-block-media-text__media\"><img loading=\"lazy\" decoding=\"async\" width=\"1024\" height=\"768\" src=\"https:\/\/yvcharron.com\/wp-content\/uploads\/2023\/10\/190913_9_Condeixa-1024x768.jpg\" alt=\"Fresque et banc d'azulejos \u00e0 Condeixa\" class=\"wp-image-3531 size-full\" srcset=\"https:\/\/yvcharron.com\/wp-content\/uploads\/2023\/10\/190913_9_Condeixa-1024x768.jpg 1024w, https:\/\/yvcharron.com\/wp-content\/uploads\/2023\/10\/190913_9_Condeixa-300x225.jpg 300w, https:\/\/yvcharron.com\/wp-content\/uploads\/2023\/10\/190913_9_Condeixa-768x576.jpg 768w, https:\/\/yvcharron.com\/wp-content\/uploads\/2023\/10\/190913_9_Condeixa-1536x1152.jpg 1536w, https:\/\/yvcharron.com\/wp-content\/uploads\/2023\/10\/190913_9_Condeixa-2048x1536.jpg 2048w, https:\/\/yvcharron.com\/wp-content\/uploads\/2023\/10\/190913_9_Condeixa-1440x1080.jpg 1440w\" sizes=\"auto, (max-width: 1024px) 100vw, 1024px\" \/><\/figure><\/div>\n\n\n\n<p class=\"has-text-align-center\">.<\/p>\n\n\n\n<div class=\"wp-block-media-text is-stacked-on-mobile\" style=\"grid-template-columns:19% auto\"><figure class=\"wp-block-media-text__media\"><img loading=\"lazy\" decoding=\"async\" width=\"768\" height=\"1024\" src=\"https:\/\/yvcharron.com\/wp-content\/uploads\/2023\/10\/190914_10_Coimbra-768x1024.jpg\" alt=\"Les quartiers de la vieille cath\u00e9drale \u00e0 Coimbra\" class=\"wp-image-3532 size-full\" srcset=\"https:\/\/yvcharron.com\/wp-content\/uploads\/2023\/10\/190914_10_Coimbra-768x1024.jpg 768w, https:\/\/yvcharron.com\/wp-content\/uploads\/2023\/10\/190914_10_Coimbra-225x300.jpg 225w, https:\/\/yvcharron.com\/wp-content\/uploads\/2023\/10\/190914_10_Coimbra-1152x1536.jpg 1152w, https:\/\/yvcharron.com\/wp-content\/uploads\/2023\/10\/190914_10_Coimbra-1536x2048.jpg 1536w, https:\/\/yvcharron.com\/wp-content\/uploads\/2023\/10\/190914_10_Coimbra-1024x1365.jpg 1024w, https:\/\/yvcharron.com\/wp-content\/uploads\/2023\/10\/190914_10_Coimbra-810x1080.jpg 810w, https:\/\/yvcharron.com\/wp-content\/uploads\/2023\/10\/190914_10_Coimbra-scaled.jpg 1920w\" sizes=\"auto, (max-width: 768px) 100vw, 768px\" \/><\/figure><div class=\"wp-block-media-text__content\">\n<p class=\"has-vivid-red-color has-text-color has-medium-font-size\"><strong>Condeixa \u00e0 Coimbra<\/strong><\/p>\n\n\n\n<p class=\"has-very-dark-gray-color has-text-color\">Culture du kiwi. Arriv\u00e9e \u00e0 Coimbra par le quartier \/ monast\u00e8re de Santa Clara (mariage). Travers\u00e9e du fleuve Mondego. Les quartiers de la vieille cath\u00e9drale (Photo ci-contre) et de l\u2019universit\u00e9.<\/p>\n\n\n\n<p class=\"has-text-align-center\"><a href=\"https:\/\/photos.app.goo.gl\/pnwjoeGBU6pHEW9UA\">https:\/\/photos.app.goo.gl\/pnwjoeGBU6pHEW9UA<\/a><\/p>\n<\/div><\/div>\n\n\n\n<p class=\"has-pale-pink-color has-text-color has-medium-font-size\">.<\/p>\n\n\n\n<div class=\"wp-block-media-text has-media-on-the-right is-stacked-on-mobile\" style=\"grid-template-columns:auto 25%\"><div class=\"wp-block-media-text__content\">\n<p class=\"has-vivid-red-color has-text-color\"><strong>Coimbra \u00e0 Sernadelo<\/strong><\/p>\n\n\n\n<p class=\"has-very-dark-gray-color has-text-color\">La traduction de la petite affichette&nbsp;: \u00ab&nbsp;Bois. N\u2019aies pas peur. Si tu as un petit grain dans l\u2019aile (ou le nez pour les fran\u00e7ais), nous le garderons secret et nous te raccompagnerons \u00e0 la maison&nbsp;\u00bb.<\/p>\n\n\n\n<p class=\"has-text-align-center\"><a href=\"https:\/\/photos.app.goo.gl\/Ufu3J6wEFRVa4wfb6\">https:\/\/photos.app.goo.gl\/Ufu3J6wEFRVa4wfb6<\/a><\/p>\n<\/div><figure class=\"wp-block-media-text__media\"><img loading=\"lazy\" decoding=\"async\" width=\"1024\" height=\"768\" src=\"https:\/\/yvcharron.com\/wp-content\/uploads\/2023\/10\/190915_11_Sernadelo-1024x768.jpg\" alt=\"Petit \u00e9glise sur le chemin entre Coimbra et Sernadelo\" class=\"wp-image-3533 size-full\" srcset=\"https:\/\/yvcharron.com\/wp-content\/uploads\/2023\/10\/190915_11_Sernadelo-1024x768.jpg 1024w, https:\/\/yvcharron.com\/wp-content\/uploads\/2023\/10\/190915_11_Sernadelo-300x225.jpg 300w, https:\/\/yvcharron.com\/wp-content\/uploads\/2023\/10\/190915_11_Sernadelo-768x576.jpg 768w, https:\/\/yvcharron.com\/wp-content\/uploads\/2023\/10\/190915_11_Sernadelo-1536x1152.jpg 1536w, https:\/\/yvcharron.com\/wp-content\/uploads\/2023\/10\/190915_11_Sernadelo-2048x1536.jpg 2048w, https:\/\/yvcharron.com\/wp-content\/uploads\/2023\/10\/190915_11_Sernadelo-1440x1080.jpg 1440w\" sizes=\"auto, (max-width: 1024px) 100vw, 1024px\" \/><\/figure><\/div>\n\n\n\n<p class=\"has-pale-pink-color has-text-color\">.<\/p>\n\n\n\n<div class=\"wp-block-media-text is-stacked-on-mobile\" style=\"grid-template-columns:26% auto\"><figure class=\"wp-block-media-text__media\"><img loading=\"lazy\" decoding=\"async\" width=\"1024\" height=\"731\" src=\"https:\/\/yvcharron.com\/wp-content\/uploads\/2023\/10\/190916_12-Agueda-1024x731.jpg\" alt=\"Eglise \u00e0 Agueda\" class=\"wp-image-3534 size-full\" srcset=\"https:\/\/yvcharron.com\/wp-content\/uploads\/2023\/10\/190916_12-Agueda-1024x731.jpg 1024w, https:\/\/yvcharron.com\/wp-content\/uploads\/2023\/10\/190916_12-Agueda-300x214.jpg 300w, https:\/\/yvcharron.com\/wp-content\/uploads\/2023\/10\/190916_12-Agueda-768x548.jpg 768w, https:\/\/yvcharron.com\/wp-content\/uploads\/2023\/10\/190916_12-Agueda-1536x1096.jpg 1536w, https:\/\/yvcharron.com\/wp-content\/uploads\/2023\/10\/190916_12-Agueda-2048x1462.jpg 2048w, https:\/\/yvcharron.com\/wp-content\/uploads\/2023\/10\/190916_12-Agueda-1513x1080.jpg 1513w\" sizes=\"auto, (max-width: 1024px) 100vw, 1024px\" \/><\/figure><div class=\"wp-block-media-text__content\">\n<p class=\"has-vivid-red-color has-text-color has-medium-font-size\"><strong>Sernadelo \u00e0 Agueda<\/strong><\/p>\n\n\n\n<p class=\"has-very-dark-gray-color has-text-color\">Sp\u00e9cialit\u00e9 de la r\u00e9gion&nbsp;: le cochon de lait accompagn\u00e9 d\u2019un vin de Barrada.<\/p>\n\n\n\n<p class=\"has-text-align-center\"><a href=\"https:\/\/photos.app.goo.gl\/MhBXT5ZaLBgQFztR6\">https:\/\/photos.app.goo.gl\/MhBXT5ZaLBgQFztR6<\/a><\/p>\n<\/div><\/div>\n\n\n\n<p class=\"has-pale-pink-color has-text-color has-medium-font-size\">.<\/p>\n\n\n\n<div class=\"wp-block-media-text has-media-on-the-right is-stacked-on-mobile\" style=\"grid-template-columns:auto 22%\"><div class=\"wp-block-media-text__content\">\n<p class=\"has-vivid-red-color has-text-color has-medium-font-size\"><strong>Agueda \u00e0 Bemposta<\/strong><\/p>\n\n\n\n<p class=\"has-very-dark-gray-color has-text-color\">Les restes d\u2019un incendie de for\u00eat. Passage par Albergaria et arriv\u00e9e au moulin de Bemposta (h\u00e9bergement) tenu par un allemand.<\/p>\n\n\n\n<p class=\"has-text-align-center\"><a href=\"https:\/\/photos.app.goo.gl\/n6T2DCCYogEvUAg5A\">https:\/\/photos.app.goo.gl\/n6T2DCCYogEvUAg5A<\/a><\/p>\n<\/div><figure class=\"wp-block-media-text__media\"><img loading=\"lazy\" decoding=\"async\" width=\"768\" height=\"1024\" src=\"https:\/\/yvcharron.com\/wp-content\/uploads\/2023\/10\/190917_13_Vers-Bemposta-768x1024.jpg\" alt=\"Maison ancienne entre Agueda et Bemposta\" class=\"wp-image-3535 size-full\" srcset=\"https:\/\/yvcharron.com\/wp-content\/uploads\/2023\/10\/190917_13_Vers-Bemposta-768x1024.jpg 768w, https:\/\/yvcharron.com\/wp-content\/uploads\/2023\/10\/190917_13_Vers-Bemposta-225x300.jpg 225w, https:\/\/yvcharron.com\/wp-content\/uploads\/2023\/10\/190917_13_Vers-Bemposta-1152x1536.jpg 1152w, https:\/\/yvcharron.com\/wp-content\/uploads\/2023\/10\/190917_13_Vers-Bemposta-1536x2048.jpg 1536w, https:\/\/yvcharron.com\/wp-content\/uploads\/2023\/10\/190917_13_Vers-Bemposta-1024x1365.jpg 1024w, https:\/\/yvcharron.com\/wp-content\/uploads\/2023\/10\/190917_13_Vers-Bemposta-810x1080.jpg 810w, https:\/\/yvcharron.com\/wp-content\/uploads\/2023\/10\/190917_13_Vers-Bemposta-scaled.jpg 1920w\" sizes=\"auto, (max-width: 768px) 100vw, 768px\" \/><\/figure><\/div>\n\n\n\n<p class=\"has-pale-pink-color has-text-color has-medium-font-size\">.<\/p>\n\n\n\n<div class=\"wp-block-media-text is-stacked-on-mobile\" style=\"grid-template-columns:24% auto\"><figure class=\"wp-block-media-text__media\"><img loading=\"lazy\" decoding=\"async\" width=\"1024\" height=\"768\" src=\"https:\/\/yvcharron.com\/wp-content\/uploads\/2023\/10\/190918_14_Vers-S-J-Madeira-1024x768.jpg\" alt=\"Eglise entre Bemposta et S.J. Madeira\" class=\"wp-image-3536 size-full\" srcset=\"https:\/\/yvcharron.com\/wp-content\/uploads\/2023\/10\/190918_14_Vers-S-J-Madeira-1024x768.jpg 1024w, https:\/\/yvcharron.com\/wp-content\/uploads\/2023\/10\/190918_14_Vers-S-J-Madeira-300x225.jpg 300w, https:\/\/yvcharron.com\/wp-content\/uploads\/2023\/10\/190918_14_Vers-S-J-Madeira-768x576.jpg 768w, https:\/\/yvcharron.com\/wp-content\/uploads\/2023\/10\/190918_14_Vers-S-J-Madeira-1536x1152.jpg 1536w, https:\/\/yvcharron.com\/wp-content\/uploads\/2023\/10\/190918_14_Vers-S-J-Madeira-2048x1536.jpg 2048w, https:\/\/yvcharron.com\/wp-content\/uploads\/2023\/10\/190918_14_Vers-S-J-Madeira-1440x1080.jpg 1440w\" sizes=\"auto, (max-width: 1024px) 100vw, 1024px\" \/><\/figure><div class=\"wp-block-media-text__content\">\n<p class=\"has-vivid-red-color has-text-color has-medium-font-size\"><strong>Bemposta \u00e0 S.J. Madeira<\/strong><\/p>\n\n\n\n<p class=\"has-very-dark-gray-color has-text-color\">Les anciennes maisons de Bemposta. Passage par Pinheiro puis Oliveira avant d\u2019arriver \u00e0 Sao Jao de Madeira.<\/p>\n\n\n\n<p class=\"has-text-align-center\"><a href=\"https:\/\/photos.app.goo.gl\/jTiUUtjc9jkLH5C19\">https:\/\/photos.app.goo.gl\/jTiUUtjc9jkLH5C19<\/a><\/p>\n<\/div><\/div>\n\n\n\n<p class=\"has-pale-pink-color has-text-color has-medium-font-size\">.<\/p>\n\n\n\n<div class=\"wp-block-media-text has-media-on-the-right is-stacked-on-mobile\" style=\"grid-template-columns:auto 25%\"><div class=\"wp-block-media-text__content\">\n<p class=\"has-vivid-red-color has-text-color has-medium-font-size\"><strong>S.J. Madeira \u00e0 Porto<\/strong><\/p>\n\n\n\n<p class=\"has-very-dark-gray-color has-text-color\">Des sentiers escarp\u00e9s peu avant Porto puis arriv\u00e9e \u00e0 Porto par la ville de Gaia (la ville jumelle de Porto) avant la travers\u00e9e du Douro (quartier historique de la Ribeira et des caves de Porto). Derni\u00e8res photos&nbsp;: la gare de San Bento avec de grandes mosa\u00efques.<\/p>\n\n\n\n<p class=\"has-text-align-center\"><a href=\"https:\/\/photos.app.goo.gl\/oSYQnbupzeEt2Jfv7\">https:\/\/photos.app.goo.gl\/oSYQnbupzeEt2Jfv7<\/a><\/p>\n<\/div><figure class=\"wp-block-media-text__media\"><img loading=\"lazy\" decoding=\"async\" width=\"1024\" height=\"768\" src=\"https:\/\/yvcharron.com\/wp-content\/uploads\/2023\/10\/190919_15-Arv-Porto-1024x768.jpg\" alt=\"Vue sur la ville de Porto et le Douro\" class=\"wp-image-3539 size-full\" srcset=\"https:\/\/yvcharron.com\/wp-content\/uploads\/2023\/10\/190919_15-Arv-Porto-1024x768.jpg 1024w, https:\/\/yvcharron.com\/wp-content\/uploads\/2023\/10\/190919_15-Arv-Porto-300x225.jpg 300w, https:\/\/yvcharron.com\/wp-content\/uploads\/2023\/10\/190919_15-Arv-Porto-768x576.jpg 768w, https:\/\/yvcharron.com\/wp-content\/uploads\/2023\/10\/190919_15-Arv-Porto-1536x1152.jpg 1536w, https:\/\/yvcharron.com\/wp-content\/uploads\/2023\/10\/190919_15-Arv-Porto-2048x1536.jpg 2048w, https:\/\/yvcharron.com\/wp-content\/uploads\/2023\/10\/190919_15-Arv-Porto-1440x1080.jpg 1440w\" sizes=\"auto, (max-width: 1024px) 100vw, 1024px\" \/><\/figure><\/div>\n\n\n\n<p class=\"has-pale-pink-color has-text-color has-medium-font-size\">.<\/p>\n\n\n\n<div class=\"wp-block-media-text is-stacked-on-mobile\" style=\"grid-template-columns:29% auto\"><figure class=\"wp-block-media-text__media\"><img loading=\"lazy\" decoding=\"async\" width=\"1024\" height=\"768\" src=\"https:\/\/yvcharron.com\/wp-content\/uploads\/2023\/10\/190920_16_Porto-1024x768.jpg\" alt=\"Eglise \u00e0 Porto\" class=\"wp-image-3540 size-full\" srcset=\"https:\/\/yvcharron.com\/wp-content\/uploads\/2023\/10\/190920_16_Porto-1024x768.jpg 1024w, https:\/\/yvcharron.com\/wp-content\/uploads\/2023\/10\/190920_16_Porto-300x225.jpg 300w, https:\/\/yvcharron.com\/wp-content\/uploads\/2023\/10\/190920_16_Porto-768x576.jpg 768w, https:\/\/yvcharron.com\/wp-content\/uploads\/2023\/10\/190920_16_Porto-1536x1152.jpg 1536w, https:\/\/yvcharron.com\/wp-content\/uploads\/2023\/10\/190920_16_Porto-2048x1536.jpg 2048w, https:\/\/yvcharron.com\/wp-content\/uploads\/2023\/10\/190920_16_Porto-1440x1080.jpg 1440w\" sizes=\"auto, (max-width: 1024px) 100vw, 1024px\" \/><\/figure><div class=\"wp-block-media-text__content\">\n<p class=\"has-vivid-red-color has-text-color has-medium-font-size\"><strong>Porto<\/strong><\/p>\n\n\n\n<p class=\"has-very-dark-gray-color has-text-color\">Divers quartiers, la cath\u00e9drale et les jardins du parc de Cristal.<\/p>\n\n\n\n<p class=\"has-text-align-center\"><a href=\"https:\/\/photos.app.goo.gl\/4ScGQazkW2YsrfibA\">https:\/\/photos.app.goo.gl\/4ScGQazkW2YsrfibA<\/a><\/p>\n<\/div><\/div>\n\n\n\n<p class=\"has-pale-pink-color has-text-color has-medium-font-size\"><\/p>\n\n\n<div class=\"wp-block-image is-resized\">\n<figure class=\"aligncenter size-large\"><img loading=\"lazy\" decoding=\"async\" width=\"1024\" height=\"476\" src=\"https:\/\/yvcharron.com\/wp-content\/uploads\/2022\/08\/Tmpn_PT_Lisboa_Porto_Mai-2017-1024x476.jpeg\" alt=\"Tampons cr\u00e9dentiale : Lisboa, Villafranca de Xira, Santarem, Gardencia, Conimbriga, Coimbra, Joao de Madeira, Porto\" class=\"wp-image-2961\" srcset=\"https:\/\/yvcharron.com\/wp-content\/uploads\/2022\/08\/Tmpn_PT_Lisboa_Porto_Mai-2017-1024x476.jpeg 1024w, https:\/\/yvcharron.com\/wp-content\/uploads\/2022\/08\/Tmpn_PT_Lisboa_Porto_Mai-2017-300x140.jpeg 300w, https:\/\/yvcharron.com\/wp-content\/uploads\/2022\/08\/Tmpn_PT_Lisboa_Porto_Mai-2017-768x357.jpeg 768w, https:\/\/yvcharron.com\/wp-content\/uploads\/2022\/08\/Tmpn_PT_Lisboa_Porto_Mai-2017-1536x714.jpeg 1536w, https:\/\/yvcharron.com\/wp-content\/uploads\/2022\/08\/Tmpn_PT_Lisboa_Porto_Mai-2017-2048x953.jpeg 2048w, https:\/\/yvcharron.com\/wp-content\/uploads\/2022\/08\/Tmpn_PT_Lisboa_Porto_Mai-2017-1920x893.jpeg 1920w\" sizes=\"auto, (max-width: 1024px) 100vw, 1024px\" \/><\/figure>\n<\/div>\n\n\n<p class=\"has-text-align-center has-black-color has-text-color\">Tampons cr\u00e9dentiale : Lisboa, Villafranca de Xira, Santarem, Gardencia, Conimbriga, Coimbra, Joao de Madeira, Porto<\/p>\n\n\n\n<h2 class=\"wp-block-heading has-text-align-center\"><strong>De Porto \u00e0 Santiago<\/strong><\/h2>\n\n\n\n<p class=\"has-text-align-center has-very-dark-gray-color has-text-color\">Cette section sera pr\u00e9sent\u00e9e ult\u00e9rieurement.<\/p>\n\n\n<div class=\"wp-block-image is-resized\">\n<figure class=\"aligncenter size-large\"><img loading=\"lazy\" decoding=\"async\" width=\"1024\" height=\"596\" src=\"https:\/\/yvcharron.com\/wp-content\/uploads\/2022\/08\/Tmpn_PT_Porto_Santiago_Mai-2013-1-1024x596.jpeg\" alt=\"Tampons cr\u00e9dentiale : Porto, Lima, Valen\u00e7\u00e0 do Minho,Tuy, Padron, Santiago \" class=\"wp-image-2963\" srcset=\"https:\/\/yvcharron.com\/wp-content\/uploads\/2022\/08\/Tmpn_PT_Porto_Santiago_Mai-2013-1-1024x596.jpeg 1024w, https:\/\/yvcharron.com\/wp-content\/uploads\/2022\/08\/Tmpn_PT_Porto_Santiago_Mai-2013-1-300x175.jpeg 300w, https:\/\/yvcharron.com\/wp-content\/uploads\/2022\/08\/Tmpn_PT_Porto_Santiago_Mai-2013-1-768x447.jpeg 768w, https:\/\/yvcharron.com\/wp-content\/uploads\/2022\/08\/Tmpn_PT_Porto_Santiago_Mai-2013-1-1536x894.jpeg 1536w, https:\/\/yvcharron.com\/wp-content\/uploads\/2022\/08\/Tmpn_PT_Porto_Santiago_Mai-2013-1-2048x1192.jpeg 2048w, https:\/\/yvcharron.com\/wp-content\/uploads\/2022\/08\/Tmpn_PT_Porto_Santiago_Mai-2013-1-1855x1080.jpeg 1855w\" sizes=\"auto, (max-width: 1024px) 100vw, 1024px\" \/><\/figure>\n<\/div>\n\n\n<p class=\"has-text-align-center\">Tampons cr\u00e9dentiale : Porto, Lima, Valen\u00e7\u00e0 do Minho,Tuy, Padron, Santiago  <\/p>\n\n\n\n<p class=\"has-text-align-center has-cyan-bluish-gray-color has-text-color has-small-font-size\">Keywords: Compostelle lusitana lisbonne fatima coimbra porto pontevedra santiago<\/p>\n\n\n<p><!--EndFragment--><\/p>\n<\/p>","protected":false},"excerpt":{"rendered":"<p>REVISION &#8212; 10\/8\/22 : Centrage liens photos, Cr\u00e9dentialle Via Lusitana : Lisbonne \u00e0 Porto et Porto \u00e0 Santiago _ De Lisbonne \u00e0 Porto &#8211; Septembre 2019 Ci-dessus : Lisboa, Alverca, Azambuja, Santarem, Amiais de Baixa, Fatima, Condeixa, Coimbra, Sernadelo, Agueda, San Jao Madeira, Porto. Pour voir les photos, cliquer sur les liens bleus ci-dessous. Pour&hellip; <br \/> <a class=\"read-more\" href=\"https:\/\/yvcharron.com\/index.php\/lusitana\/\">Read more<\/a><\/p>\n","protected":false},"author":1,"featured_media":0,"parent":0,"menu_order":0,"comment_status":"closed","ping_status":"closed","template":"","meta":{"footnotes":""},"class_list":["post-1252","page","type-page","status-publish","hentry"],"yoast_head":"<!-- This site is optimized with the Yoast SEO plugin v24.9 - https:\/\/yoast.com\/wordpress\/plugins\/seo\/ -->\n<title>Via Lusitana - Lisbonne \u00e0 St Jacques de Compostelle - CHARRON Yves<\/title>\n<meta name=\"robots\" content=\"index, follow, max-snippet:-1, max-image-preview:large, max-video-preview:-1\" \/>\n<link rel=\"canonical\" href=\"https:\/\/yvcharron.com\/index.php\/lusitana\/\" \/>\n<meta property=\"og:locale\" content=\"en_US\" \/>\n<meta property=\"og:type\" content=\"article\" \/>\n<meta property=\"og:title\" content=\"Via Lusitana - Lisbonne \u00e0 St Jacques de Compostelle - CHARRON Yves\" \/>\n<meta property=\"og:description\" content=\"REVISION &#8212; 10\/8\/22 : Centrage liens photos, Cr\u00e9dentialle Via Lusitana : Lisbonne \u00e0 Porto et Porto \u00e0 Santiago _ De Lisbonne \u00e0 Porto &#8211; Septembre 2019 Ci-dessus : Lisboa, Alverca, Azambuja, Santarem, Amiais de Baixa, Fatima, Condeixa, Coimbra, Sernadelo, Agueda, San Jao Madeira, Porto. Pour voir les photos, cliquer sur les liens bleus ci-dessous. Pour&hellip; Read more\" \/>\n<meta property=\"og:url\" content=\"https:\/\/yvcharron.com\/index.php\/lusitana\/\" \/>\n<meta property=\"og:site_name\" content=\"CHARRON Yves\" \/>\n<meta property=\"article:modified_time\" content=\"2024-02-01T08:32:40+00:00\" \/>\n<meta property=\"og:image\" content=\"https:\/\/yvcharron.com\/wp-content\/uploads\/2021\/02\/Bandeau-Pt_Lisboa_Porto.png\" \/>\n<meta name=\"twitter:card\" content=\"summary_large_image\" \/>\n<meta name=\"twitter:label1\" content=\"Est. reading time\" \/>\n\t<meta name=\"twitter:data1\" content=\"7 minutes\" \/>\n<script type=\"application\/ld+json\" class=\"yoast-schema-graph\">{\"@context\":\"https:\/\/schema.org\",\"@graph\":[{\"@type\":\"WebPage\",\"@id\":\"https:\/\/yvcharron.com\/index.php\/lusitana\/\",\"url\":\"https:\/\/yvcharron.com\/index.php\/lusitana\/\",\"name\":\"Via Lusitana - Lisbonne \u00e0 St Jacques de Compostelle - CHARRON Yves\",\"isPartOf\":{\"@id\":\"https:\/\/yvcharron.com\/#website\"},\"primaryImageOfPage\":{\"@id\":\"https:\/\/yvcharron.com\/index.php\/lusitana\/#primaryimage\"},\"image\":{\"@id\":\"https:\/\/yvcharron.com\/index.php\/lusitana\/#primaryimage\"},\"thumbnailUrl\":\"https:\/\/yvcharron.com\/wp-content\/uploads\/2021\/02\/Bandeau-Pt_Lisboa_Porto.png\",\"datePublished\":\"2020-07-23T12:59:09+00:00\",\"dateModified\":\"2024-02-01T08:32:40+00:00\",\"breadcrumb\":{\"@id\":\"https:\/\/yvcharron.com\/index.php\/lusitana\/#breadcrumb\"},\"inLanguage\":\"en-US\",\"potentialAction\":[{\"@type\":\"ReadAction\",\"target\":[\"https:\/\/yvcharron.com\/index.php\/lusitana\/\"]}]},{\"@type\":\"ImageObject\",\"inLanguage\":\"en-US\",\"@id\":\"https:\/\/yvcharron.com\/index.php\/lusitana\/#primaryimage\",\"url\":\"https:\/\/yvcharron.com\/wp-content\/uploads\/2021\/02\/Bandeau-Pt_Lisboa_Porto.png\",\"contentUrl\":\"https:\/\/yvcharron.com\/wp-content\/uploads\/2021\/02\/Bandeau-Pt_Lisboa_Porto.png\",\"width\":2235,\"height\":442},{\"@type\":\"BreadcrumbList\",\"@id\":\"https:\/\/yvcharron.com\/index.php\/lusitana\/#breadcrumb\",\"itemListElement\":[{\"@type\":\"ListItem\",\"position\":1,\"name\":\"Home\",\"item\":\"https:\/\/yvcharron.com\/\"},{\"@type\":\"ListItem\",\"position\":2,\"name\":\"Via Lusitana &#8211; Lisbonne \u00e0 St Jacques de Compostelle\"}]},{\"@type\":\"WebSite\",\"@id\":\"https:\/\/yvcharron.com\/#website\",\"url\":\"https:\/\/yvcharron.com\/\",\"name\":\"CHARRON Yves\",\"description\":\"Site last update 2024 November 1st\",\"potentialAction\":[{\"@type\":\"SearchAction\",\"target\":{\"@type\":\"EntryPoint\",\"urlTemplate\":\"https:\/\/yvcharron.com\/?s={search_term_string}\"},\"query-input\":{\"@type\":\"PropertyValueSpecification\",\"valueRequired\":true,\"valueName\":\"search_term_string\"}}],\"inLanguage\":\"en-US\"}]}<\/script>\n<!-- \/ Yoast SEO plugin. -->","yoast_head_json":{"title":"Via Lusitana - Lisbonne \u00e0 St Jacques de Compostelle - CHARRON Yves","robots":{"index":"index","follow":"follow","max-snippet":"max-snippet:-1","max-image-preview":"max-image-preview:large","max-video-preview":"max-video-preview:-1"},"canonical":"https:\/\/yvcharron.com\/index.php\/lusitana\/","og_locale":"en_US","og_type":"article","og_title":"Via Lusitana - Lisbonne \u00e0 St Jacques de Compostelle - CHARRON Yves","og_description":"REVISION &#8212; 10\/8\/22 : Centrage liens photos, Cr\u00e9dentialle Via Lusitana : Lisbonne \u00e0 Porto et Porto \u00e0 Santiago _ De Lisbonne \u00e0 Porto &#8211; Septembre 2019 Ci-dessus : Lisboa, Alverca, Azambuja, Santarem, Amiais de Baixa, Fatima, Condeixa, Coimbra, Sernadelo, Agueda, San Jao Madeira, Porto. Pour voir les photos, cliquer sur les liens bleus ci-dessous. Pour&hellip; Read more","og_url":"https:\/\/yvcharron.com\/index.php\/lusitana\/","og_site_name":"CHARRON Yves","article_modified_time":"2024-02-01T08:32:40+00:00","og_image":[{"url":"https:\/\/yvcharron.com\/wp-content\/uploads\/2021\/02\/Bandeau-Pt_Lisboa_Porto.png","type":"","width":"","height":""}],"twitter_card":"summary_large_image","twitter_misc":{"Est. reading time":"7 minutes"},"schema":{"@context":"https:\/\/schema.org","@graph":[{"@type":"WebPage","@id":"https:\/\/yvcharron.com\/index.php\/lusitana\/","url":"https:\/\/yvcharron.com\/index.php\/lusitana\/","name":"Via Lusitana - Lisbonne \u00e0 St Jacques de Compostelle - CHARRON Yves","isPartOf":{"@id":"https:\/\/yvcharron.com\/#website"},"primaryImageOfPage":{"@id":"https:\/\/yvcharron.com\/index.php\/lusitana\/#primaryimage"},"image":{"@id":"https:\/\/yvcharron.com\/index.php\/lusitana\/#primaryimage"},"thumbnailUrl":"https:\/\/yvcharron.com\/wp-content\/uploads\/2021\/02\/Bandeau-Pt_Lisboa_Porto.png","datePublished":"2020-07-23T12:59:09+00:00","dateModified":"2024-02-01T08:32:40+00:00","breadcrumb":{"@id":"https:\/\/yvcharron.com\/index.php\/lusitana\/#breadcrumb"},"inLanguage":"en-US","potentialAction":[{"@type":"ReadAction","target":["https:\/\/yvcharron.com\/index.php\/lusitana\/"]}]},{"@type":"ImageObject","inLanguage":"en-US","@id":"https:\/\/yvcharron.com\/index.php\/lusitana\/#primaryimage","url":"https:\/\/yvcharron.com\/wp-content\/uploads\/2021\/02\/Bandeau-Pt_Lisboa_Porto.png","contentUrl":"https:\/\/yvcharron.com\/wp-content\/uploads\/2021\/02\/Bandeau-Pt_Lisboa_Porto.png","width":2235,"height":442},{"@type":"BreadcrumbList","@id":"https:\/\/yvcharron.com\/index.php\/lusitana\/#breadcrumb","itemListElement":[{"@type":"ListItem","position":1,"name":"Home","item":"https:\/\/yvcharron.com\/"},{"@type":"ListItem","position":2,"name":"Via Lusitana &#8211; Lisbonne \u00e0 St Jacques de Compostelle"}]},{"@type":"WebSite","@id":"https:\/\/yvcharron.com\/#website","url":"https:\/\/yvcharron.com\/","name":"CHARRON Yves","description":"Site last update 2024 November 1st","potentialAction":[{"@type":"SearchAction","target":{"@type":"EntryPoint","urlTemplate":"https:\/\/yvcharron.com\/?s={search_term_string}"},"query-input":{"@type":"PropertyValueSpecification","valueRequired":true,"valueName":"search_term_string"}}],"inLanguage":"en-US"}]}},"_links":{"self":[{"href":"https:\/\/yvcharron.com\/index.php\/wp-json\/wp\/v2\/pages\/1252","targetHints":{"allow":["GET"]}}],"collection":[{"href":"https:\/\/yvcharron.com\/index.php\/wp-json\/wp\/v2\/pages"}],"about":[{"href":"https:\/\/yvcharron.com\/index.php\/wp-json\/wp\/v2\/types\/page"}],"author":[{"embeddable":true,"href":"https:\/\/yvcharron.com\/index.php\/wp-json\/wp\/v2\/users\/1"}],"replies":[{"embeddable":true,"href":"https:\/\/yvcharron.com\/index.php\/wp-json\/wp\/v2\/comments?post=1252"}],"version-history":[{"count":37,"href":"https:\/\/yvcharron.com\/index.php\/wp-json\/wp\/v2\/pages\/1252\/revisions"}],"predecessor-version":[{"id":3822,"href":"https:\/\/yvcharron.com\/index.php\/wp-json\/wp\/v2\/pages\/1252\/revisions\/3822"}],"wp:attachment":[{"href":"https:\/\/yvcharron.com\/index.php\/wp-json\/wp\/v2\/media?parent=1252"}],"curies":[{"name":"wp","href":"https:\/\/api.w.org\/{rel}","templated":true}]}}