{"id":1250,"date":"2020-07-23T14:58:30","date_gmt":"2020-07-23T12:58:30","guid":{"rendered":"http:\/\/yvcharron.com\/?page_id=1250"},"modified":"2024-08-25T22:25:18","modified_gmt":"2024-08-25T20:25:18","slug":"mozarabe","status":"publish","type":"page","link":"https:\/\/yvcharron.com\/index.php\/mozarabe\/","title":{"rendered":"Via Mozarabe &#8211; Granada \u00e0 Merida"},"content":{"rendered":"\n<p class=\"has-text-align-center has-cyan-bluish-gray-color has-text-color has-small-font-size\">Keywords: Mozarabe malaga almeria granada jaen cordoba baena monterrubio merida<\/p>\n\n\n\n<p class=\"has-text-align-center has-cyan-bluish-gray-color has-text-color has-small-font-size\">R\u00e9visions &#8212; 11\/8\/22 : Keywords d\u00e9plac\u00e9s, Tampons cr\u00e9dentiale, centrage liens, titres caract\u00e8re 13<\/p>\n\n\n<div class=\"wp-block-image\">\n<figure class=\"aligncenter\"><img loading=\"lazy\" decoding=\"async\" width=\"764\" height=\"479\" src=\"http:\/\/yvcharron.com\/wp-content\/uploads\/2020\/09\/Via-Mozaraba-rogn\u00e9e.jpg\" alt=\"Voie de Compostelle - La Via Mozarabe relie Malaga et Granada (Almeria) \u00e0 M\u00e9rida situ\u00e9e  sur la Via de la Plata apr\u00e8s avoir travers\u00e9 Cordoba.\" class=\"wp-image-1503\" srcset=\"https:\/\/yvcharron.com\/wp-content\/uploads\/2020\/09\/Via-Mozaraba-rogn\u00e9e.jpg 764w, https:\/\/yvcharron.com\/wp-content\/uploads\/2020\/09\/Via-Mozaraba-rogn\u00e9e-300x188.jpg 300w\" sizes=\"auto, (max-width: 764px) 100vw, 764px\" \/><figcaption class=\"wp-element-caption\">Cr\u00e9dit : <a href=\"http:\/\/www.xacobeo.fr\/ZE3.05.Moz.htm\">http:\/\/www.xacobeo.fr\/ZE3.05.Moz.htm<\/a><\/figcaption><\/figure>\n<\/div>\n\n\n<h1 class=\"wp-block-heading has-text-align-center\"><strong>De Grenade \u00e0 M\u00e9rida&nbsp;&#8211;&nbsp;<\/strong>Septembre&nbsp;2018<\/h1>\n\n\n<div class=\"wp-block-image\">\n<figure class=\"aligncenter size-full\"><img loading=\"lazy\" decoding=\"async\" width=\"2371\" height=\"482\" src=\"https:\/\/yvcharron.com\/wp-content\/uploads\/2021\/02\/Bandeau-Sp_Mozarabe.png\" alt=\"Malaga, Granada, Pinos Puente, Moclin, Alcala la Real, Alcaudete, Baena, Castro del Rio, Cordoba, Cerro Muriano, Hinojosa del Duque, Sevilla\" class=\"wp-image-2503\" srcset=\"https:\/\/yvcharron.com\/wp-content\/uploads\/2021\/02\/Bandeau-Sp_Mozarabe.png 2371w, https:\/\/yvcharron.com\/wp-content\/uploads\/2021\/02\/Bandeau-Sp_Mozarabe-300x61.png 300w, https:\/\/yvcharron.com\/wp-content\/uploads\/2021\/02\/Bandeau-Sp_Mozarabe-768x156.png 768w, https:\/\/yvcharron.com\/wp-content\/uploads\/2021\/02\/Bandeau-Sp_Mozarabe-1024x208.png 1024w, https:\/\/yvcharron.com\/wp-content\/uploads\/2021\/02\/Bandeau-Sp_Mozarabe-1920x390.png 1920w\" sizes=\"auto, (max-width: 2371px) 100vw, 2371px\" \/><\/figure>\n<\/div>\n\n\n<p class=\"has-text-align-center has-black-color has-text-color\"><em>Malaga, Granada, Pinos Puente, Moclin, Alcala la Real, Alcaudete, Baena, Castro del Rio, Cordoba, Cerro Muriano, Hinojosa del Duque, Sevilla<\/em><\/p>\n\n\n\n<p class=\"has-text-align-center has-vivid-cyan-blue-color has-text-color\"> Pour&nbsp;<strong>voir les photos<\/strong>, <em>cliquer sur les liens bleus ci-dessous<\/em>. Pour un&nbsp;<strong>diaporama<\/strong>,<em>&nbsp;cliquer sur la premi\u00e8re photo puis les faire d\u00e9filer.<\/em> <\/p>\n\n\n\n<div class=\"wp-block-media-text is-stacked-on-mobile\" style=\"grid-template-columns:24% auto\"><figure class=\"wp-block-media-text__media\"><img loading=\"lazy\" decoding=\"async\" width=\"1024\" height=\"690\" src=\"https:\/\/yvcharron.com\/wp-content\/uploads\/2024\/01\/a_Malaga_20180824_180141-1024x690.jpg\" alt=\"Malaga, le port, l\u2019imposante et tr\u00e8s belle cath\u00e9drale (orgues baroques), la forteresse (l\u2019Alcazaba), le palais \u00e9piscopal.\" class=\"wp-image-3630 size-full\" srcset=\"https:\/\/yvcharron.com\/wp-content\/uploads\/2024\/01\/a_Malaga_20180824_180141-1024x690.jpg 1024w, https:\/\/yvcharron.com\/wp-content\/uploads\/2024\/01\/a_Malaga_20180824_180141-300x202.jpg 300w, https:\/\/yvcharron.com\/wp-content\/uploads\/2024\/01\/a_Malaga_20180824_180141-768x518.jpg 768w, https:\/\/yvcharron.com\/wp-content\/uploads\/2024\/01\/a_Malaga_20180824_180141-1536x1036.jpg 1536w, https:\/\/yvcharron.com\/wp-content\/uploads\/2024\/01\/a_Malaga_20180824_180141-2048x1381.jpg 2048w, https:\/\/yvcharron.com\/wp-content\/uploads\/2024\/01\/a_Malaga_20180824_180141-1602x1080.jpg 1602w\" sizes=\"auto, (max-width: 1024px) 100vw, 1024px\" \/><\/figure><div class=\"wp-block-media-text__content\">\n<p class=\"has-vivid-cyan-blue-color has-text-color has-medium-font-size\"><strong>Malaga<\/strong><\/p>\n\n\n\n<p class=\"has-vivid-cyan-blue-color has-text-color\">La ville, le port, l\u2019imposante et tr\u00e8s belle cath\u00e9drale (superbes stalles et deux magnifiques orgues baroques), la forteresse (l\u2019Alcazaba), le palais \u00e9piscopal (portail de marbre gris, fa\u00e7ade rose et ocre) ainsi que quelques graffitis assez r\u00e9ussis.<\/p>\n\n\n\n<p class=\"has-text-align-center\"><a href=\"https:\/\/photos.app.goo.gl\/Mrz3By9uJoaTChMm7\">https:\/\/photos.app.goo.gl\/Mrz3By9uJoaTChMm7<\/a><\/p>\n<\/div><\/div>\n\n\n\n<p class=\"has-pale-pink-color has-text-color has-medium-font-size\">.<\/p>\n\n\n\n<div class=\"wp-block-media-text has-media-on-the-right is-stacked-on-mobile\" style=\"grid-template-columns:auto 33%\"><div class=\"wp-block-media-text__content\">\n<p class=\"has-vivid-cyan-blue-color has-text-color has-medium-font-size\"><strong>Grenade<\/strong><\/p>\n\n\n\n<p class=\"has-vivid-cyan-blue-color has-text-color\">Transfert par bus de Malaga \u00e0 Grenade. Gare routi\u00e8re \u00e0 3 km au nord du centre faisant passer devant les ar\u00e8nes et quelques b\u00e2timents universitaires. Une demi journ\u00e9e de visite. Grenade est b\u00e2tie sur trois collines&nbsp;: l\u2019Albayzin, le Sacramonte et l\u2019Alhambra. La ville avec le march\u00e9 de l\u2019Alcaicera (ressemblance avec un souk oriental), les deux avenues principales (Gran Via Colon et los Reyes Catolicos), la cath\u00e9drale (cinq larges vaisseaux et de tr\u00e8s belles orgues) et vue depuis la colline de l\u2019Albayzin sur l\u2019Alhambra_l\u2019Alcazaba, le palais Nasrides et la Generalife.<\/p>\n\n\n\n<p class=\"has-text-align-center\"><a href=\"https:\/\/photos.app.goo.gl\/19AQUVtrXuetZP7S6\">https:\/\/photos.app.goo.gl\/19AQUVtrXuetZP7S6<\/a><\/p>\n<\/div><figure class=\"wp-block-media-text__media\"><img loading=\"lazy\" decoding=\"async\" width=\"1024\" height=\"576\" src=\"https:\/\/yvcharron.com\/wp-content\/uploads\/2024\/01\/b_Grenade_20180825_185219-1024x576.jpg\" alt=\"Grenade est b\u00e2tie sur trois collines\u00a0: l\u2019Albayzin, le Sacramonte et l\u2019Alhambra. Le march\u00e9 de l\u2019Alcaicera\" class=\"wp-image-3631 size-full\" srcset=\"https:\/\/yvcharron.com\/wp-content\/uploads\/2024\/01\/b_Grenade_20180825_185219-1024x576.jpg 1024w, https:\/\/yvcharron.com\/wp-content\/uploads\/2024\/01\/b_Grenade_20180825_185219-300x169.jpg 300w, https:\/\/yvcharron.com\/wp-content\/uploads\/2024\/01\/b_Grenade_20180825_185219-768x432.jpg 768w, https:\/\/yvcharron.com\/wp-content\/uploads\/2024\/01\/b_Grenade_20180825_185219-1536x864.jpg 1536w, https:\/\/yvcharron.com\/wp-content\/uploads\/2024\/01\/b_Grenade_20180825_185219-2048x1152.jpg 2048w, https:\/\/yvcharron.com\/wp-content\/uploads\/2024\/01\/b_Grenade_20180825_185219-1920x1080.jpg 1920w\" sizes=\"auto, (max-width: 1024px) 100vw, 1024px\" \/><\/figure><\/div>\n\n\n\n<p class=\"has-pale-pink-color has-text-color has-medium-font-size\"><\/p>\n\n\n\n<div class=\"wp-block-media-text is-stacked-on-mobile\" style=\"grid-template-columns:25% auto\"><figure class=\"wp-block-media-text__media\"><img loading=\"lazy\" decoding=\"async\" width=\"1024\" height=\"861\" src=\"https:\/\/yvcharron.com\/wp-content\/uploads\/2024\/01\/c_Pinos-Puente_20180826_181716-1024x861.jpg\" alt=\"Pinos Puente\u00a0: un pont m\u00e9di\u00e9val traversant un ravin escarp\u00e9.\" class=\"wp-image-3632 size-full\" srcset=\"https:\/\/yvcharron.com\/wp-content\/uploads\/2024\/01\/c_Pinos-Puente_20180826_181716-1024x861.jpg 1024w, https:\/\/yvcharron.com\/wp-content\/uploads\/2024\/01\/c_Pinos-Puente_20180826_181716-300x252.jpg 300w, https:\/\/yvcharron.com\/wp-content\/uploads\/2024\/01\/c_Pinos-Puente_20180826_181716-768x646.jpg 768w, https:\/\/yvcharron.com\/wp-content\/uploads\/2024\/01\/c_Pinos-Puente_20180826_181716-1536x1292.jpg 1536w, https:\/\/yvcharron.com\/wp-content\/uploads\/2024\/01\/c_Pinos-Puente_20180826_181716-1284x1080.jpg 1284w, https:\/\/yvcharron.com\/wp-content\/uploads\/2024\/01\/c_Pinos-Puente_20180826_181716.jpg 1989w\" sizes=\"auto, (max-width: 1024px) 100vw, 1024px\" \/><\/figure><div class=\"wp-block-media-text__content\">\n<p class=\"has-pale-pink-color has-text-color has-medium-font-size\"><strong>Etape 1&nbsp;: Grenade \u2013 Pinos Puente<\/strong><\/p>\n\n\n\n<p class=\"has-very-dark-gray-color has-text-color\">\u00c9tape sans difficult\u00e9s \u00e0 part une forte chaleur. Sur le chemin, figuiers de barbarie et collines \u00e0 l\u2019horizon.Travers\u00e9e du village d\u2019Atarfe (grande structure m\u00e9tallique). Arriv\u00e9e \u00e0 Pinos Puente&nbsp;: pont m\u00e9di\u00e9val traversant un ravin escarp\u00e9.<\/p>\n\n\n\n<p class=\"has-text-align-center\"><a href=\"https:\/\/photos.app.goo.gl\/pcHnfpEi5zt2o8kb6\">https:\/\/photos.app.goo.gl\/pcHnfpEi5zt2o8kb6<\/a><\/p>\n<\/div><\/div>\n\n\n\n<p class=\"has-pale-pink-color has-text-color has-medium-font-size\"><\/p>\n\n\n\n<div class=\"wp-block-media-text has-media-on-the-right is-stacked-on-mobile\" style=\"grid-template-columns:auto 32%\"><div class=\"wp-block-media-text__content\">\n<p class=\"has-pale-pink-color has-text-color has-medium-font-size\"><strong>Etape 2&nbsp;: Pinos Puente \u2013 Moclin<\/strong><\/p>\n\n\n\n<p class=\"has-very-dark-gray-color has-text-color\">Mont\u00e9e de 575 m \u00e0 1030 m toujours par une forte chaleur surtout \u00e0 partir de 13h. Suivi d\u2019un canal d\u2019irrigation. Chemin au milieu des oliviers. Travers\u00e9e d\u2019un rio (Velilos). Chapelle en brique dans le hameau Cortijo Bucor. Vue sur le village Los Olivares. Rude mont\u00e9e vers Moclin r\u00e9compens\u00e9e par une tr\u00e8s belle vue sur une \u00e9norme forteresse. \u00c9galement, dans les rochers, l\u2019\u00e9glise de l\u2019Encarnacion, un Ermitage et des p\u00e9troglyphes.<\/p>\n\n\n\n<p class=\"has-text-align-center\"><a href=\"https:\/\/photos.app.goo.gl\/UC8RMjTWLa6LgKAj9\">https:\/\/photos.app.goo.gl\/UC8RMjTWLa6LgKAj9<\/a><\/p>\n<\/div><figure class=\"wp-block-media-text__media\"><img loading=\"lazy\" decoding=\"async\" width=\"1024\" height=\"799\" src=\"https:\/\/yvcharron.com\/wp-content\/uploads\/2024\/01\/d_Moclin_20180827_174552-1024x799.jpg\" alt=\"Moclin, via Mozarabe, dans les rochers, l\u2019\u00e9glise de l\u2019Encarnacion, un Ermitage et des p\u00e9troglyphes.\" class=\"wp-image-3633 size-full\" srcset=\"https:\/\/yvcharron.com\/wp-content\/uploads\/2024\/01\/d_Moclin_20180827_174552-1024x799.jpg 1024w, https:\/\/yvcharron.com\/wp-content\/uploads\/2024\/01\/d_Moclin_20180827_174552-300x234.jpg 300w, https:\/\/yvcharron.com\/wp-content\/uploads\/2024\/01\/d_Moclin_20180827_174552-768x599.jpg 768w, https:\/\/yvcharron.com\/wp-content\/uploads\/2024\/01\/d_Moclin_20180827_174552-1536x1198.jpg 1536w, https:\/\/yvcharron.com\/wp-content\/uploads\/2024\/01\/d_Moclin_20180827_174552-2048x1597.jpg 2048w, https:\/\/yvcharron.com\/wp-content\/uploads\/2024\/01\/d_Moclin_20180827_174552-1385x1080.jpg 1385w\" sizes=\"auto, (max-width: 1024px) 100vw, 1024px\" \/><\/figure><\/div>\n\n\n\n<p class=\"has-pale-pink-color has-text-color has-medium-font-size\"><\/p>\n\n\n\n<div class=\"wp-block-media-text is-stacked-on-mobile\" style=\"grid-template-columns:28% auto\"><figure class=\"wp-block-media-text__media\"><img loading=\"lazy\" decoding=\"async\" width=\"1024\" height=\"893\" src=\"https:\/\/yvcharron.com\/wp-content\/uploads\/2024\/01\/e_Alcala-Real_20180828_144544-1024x893.jpg\" alt=\"Alcala la Real, la forteresse de la Mota \" class=\"wp-image-3634 size-full\" srcset=\"https:\/\/yvcharron.com\/wp-content\/uploads\/2024\/01\/e_Alcala-Real_20180828_144544-1024x893.jpg 1024w, https:\/\/yvcharron.com\/wp-content\/uploads\/2024\/01\/e_Alcala-Real_20180828_144544-300x262.jpg 300w, https:\/\/yvcharron.com\/wp-content\/uploads\/2024\/01\/e_Alcala-Real_20180828_144544-768x670.jpg 768w, https:\/\/yvcharron.com\/wp-content\/uploads\/2024\/01\/e_Alcala-Real_20180828_144544-1536x1340.jpg 1536w, https:\/\/yvcharron.com\/wp-content\/uploads\/2024\/01\/e_Alcala-Real_20180828_144544-1238x1080.jpg 1238w, https:\/\/yvcharron.com\/wp-content\/uploads\/2024\/01\/e_Alcala-Real_20180828_144544.jpg 1747w\" sizes=\"auto, (max-width: 1024px) 100vw, 1024px\" \/><\/figure><div class=\"wp-block-media-text__content\">\n<p class=\"has-pale-pink-color has-text-color has-medium-font-size\"><strong>Etape 3&nbsp;: Moclin &#8211; Alcala la Real<\/strong><\/p>\n\n\n\n<p class=\"has-very-dark-gray-color has-text-color\">Forte descente depuis Moclin parmi les oliviers. Sur les collines, on peut apercevoir de nombreuses tours d\u2019observation moyen\u00e2geuses (musulmanes et chr\u00e9tiennes). A Alcala la Real, un ch\u00e2teau et une \u00e9glise \u00e0 l\u2019int\u00e9rieur de la forteresse de la Mota dans un tr\u00e8s beau cadre. En ville, l\u2019h\u00f4tel de ville (Ayuntamiento), le palais Abacial (balcon en fer forg\u00e9 renaissance) faisant face \u00e0 la fontaine de Los Alamos.<\/p>\n\n\n\n<p class=\"has-text-align-center\"><a href=\"https:\/\/photos.app.goo.gl\/tJ41i4Pv5WXwC4pFA\">https:\/\/photos.app.goo.gl\/tJ41i4Pv5WXwC4pFA<\/a><\/p>\n<\/div><\/div>\n\n\n\n<p class=\"has-pale-pink-color has-text-color has-medium-font-size\"><\/p>\n\n\n\n<div class=\"wp-block-media-text has-media-on-the-right is-stacked-on-mobile\" style=\"grid-template-columns:auto 29%\"><div class=\"wp-block-media-text__content\">\n<p class=\"has-pale-pink-color has-text-color has-medium-font-size\"><strong>Etape 4&nbsp;: Alcala la Real \u2013 Alcaudete<\/strong><\/p>\n\n\n\n<p class=\"has-very-dark-gray-color has-text-color\">Sur le chemin toujours de nombreux oliviers. A l\u2019entr\u00e9e d\u2019Alcaudete un parc puis le sanctuaire de Nuestra Se\u00f1ora de la Fuensanta au milieu des palmiers. En ville, le tr\u00e8s beau Castillo d\u2019Alcaudete. \u00c9galement, une Plaza Mayor au milieu de ruelles \u00e9troites bord\u00e9es de magasins, bars et restaurants.<\/p>\n\n\n\n<p class=\"has-text-align-center\"><a href=\"https:\/\/photos.app.goo.gl\/MJrpLgLW5RSxoCyk6\">https:\/\/photos.app.goo.gl\/MJrpLgLW5RSxoCyk6<\/a><\/p>\n<\/div><figure class=\"wp-block-media-text__media\"><img loading=\"lazy\" decoding=\"async\" width=\"1024\" height=\"606\" src=\"https:\/\/yvcharron.com\/wp-content\/uploads\/2024\/01\/f-Alcaudete_20180829_153410-1-1024x606.jpg\" alt=\"Alcaudete, Via Mozarabe, sanctuaire de Nuestra Se\u00f1ora de la Fuensanta \" class=\"wp-image-3660 size-full\" srcset=\"https:\/\/yvcharron.com\/wp-content\/uploads\/2024\/01\/f-Alcaudete_20180829_153410-1-1024x606.jpg 1024w, https:\/\/yvcharron.com\/wp-content\/uploads\/2024\/01\/f-Alcaudete_20180829_153410-1-300x177.jpg 300w, https:\/\/yvcharron.com\/wp-content\/uploads\/2024\/01\/f-Alcaudete_20180829_153410-1-768x454.jpg 768w, https:\/\/yvcharron.com\/wp-content\/uploads\/2024\/01\/f-Alcaudete_20180829_153410-1-1536x908.jpg 1536w, https:\/\/yvcharron.com\/wp-content\/uploads\/2024\/01\/f-Alcaudete_20180829_153410-1-2048x1211.jpg 2048w, https:\/\/yvcharron.com\/wp-content\/uploads\/2024\/01\/f-Alcaudete_20180829_153410-1-1826x1080.jpg 1826w\" sizes=\"auto, (max-width: 1024px) 100vw, 1024px\" \/><\/figure><\/div>\n\n\n\n<p class=\"has-pale-pink-color has-text-color has-medium-font-size\"><\/p>\n\n\n\n<div class=\"wp-block-media-text is-stacked-on-mobile\" style=\"grid-template-columns:31% auto\"><figure class=\"wp-block-media-text__media\"><img loading=\"lazy\" decoding=\"async\" width=\"1024\" height=\"634\" src=\"https:\/\/yvcharron.com\/wp-content\/uploads\/2024\/01\/g_Baena_20180830_111015-1024x634.jpg\" alt=\"Baena, Notre Dame de la Guadalupe, un ancien ch\u00e2teau restaur\u00e9 de fa\u00e7on tr\u00e8s moderne), la Plaza de la Constitucion, un couvent \" class=\"wp-image-3636 size-full\" srcset=\"https:\/\/yvcharron.com\/wp-content\/uploads\/2024\/01\/g_Baena_20180830_111015-1024x634.jpg 1024w, https:\/\/yvcharron.com\/wp-content\/uploads\/2024\/01\/g_Baena_20180830_111015-300x186.jpg 300w, https:\/\/yvcharron.com\/wp-content\/uploads\/2024\/01\/g_Baena_20180830_111015-768x475.jpg 768w, https:\/\/yvcharron.com\/wp-content\/uploads\/2024\/01\/g_Baena_20180830_111015-1536x951.jpg 1536w, https:\/\/yvcharron.com\/wp-content\/uploads\/2024\/01\/g_Baena_20180830_111015-2048x1268.jpg 2048w, https:\/\/yvcharron.com\/wp-content\/uploads\/2024\/01\/g_Baena_20180830_111015-1745x1080.jpg 1745w\" sizes=\"auto, (max-width: 1024px) 100vw, 1024px\" \/><\/figure><div class=\"wp-block-media-text__content\">\n<p class=\"has-pale-pink-color has-text-color has-medium-font-size\"><strong>Etape 5&nbsp;: Alcaudete \u2013 Baena<\/strong><\/p>\n\n\n\n<p class=\"has-very-dark-gray-color has-text-color\">On quitte Alcaudete en passant devant la pension Hidalgo. Sur le chemin, oliviers, pins, alo\u00e8s, des fermes en ruine, une zone de protection des oiseaux avec au centre un lac circulaire (\u00e0 sec en \u00e9t\u00e9 &#8211; Photo ci-contre), de nombreux rios \u00e0 sec&nbsp;\u2026.. et une centrale photovolta\u00efque. En ville, Notre Dame de la Guadalupe (\u00e0 l&#8217;arriv\u00e9e), un ancien ch\u00e2teau restaur\u00e9 de fa\u00e7on tr\u00e8s moderne (m\u00e9lange de pierres anciennes et de parements modernes), la Plaza de la Constitucion, une belle mairie, un couvent &#8230;<\/p>\n\n\n\n<p class=\"has-text-align-center\"><a href=\"https:\/\/photos.app.goo.gl\/xzqNY2abF5rHY8AMA\">https:\/\/photos.app.goo.gl\/xzqNY2abF5rHY8AMA<\/a><\/p>\n<\/div><\/div>\n\n\n\n<p class=\"has-pale-pink-color has-text-color has-medium-font-size\"><\/p>\n\n\n\n<p class=\"has-pale-pink-color has-text-color has-medium-font-size\"><\/p>\n\n\n\n<div class=\"wp-block-media-text has-media-on-the-right is-stacked-on-mobile\" style=\"grid-template-columns:auto 27%\"><div class=\"wp-block-media-text__content\">\n<p class=\"has-pale-pink-color has-text-color has-medium-font-size\"><strong>Etape 6&nbsp;: Baena \u2013 Castro del Rio<\/strong><\/p>\n\n\n\n<p class=\"has-very-dark-gray-color has-text-color\">On quitte Baena, pays du jambon ib\u00e9rique en passant par un rond point avec quatre sculptures na\u00efves. Descente jusqu&#8217;\u00e0 Castro Del Rio (215 m), toujours au milieu des oliviers et des orangers. La temp\u00e9rature continue de monter (on atteint 43\u00b0C vers les 16 \u2013 17 h avec seulement 18 \u00b0C \u00e0 8 h. Augmentation de la temp\u00e9rature d\u2019environ 3 \u00b0C par heure). En ville, la maison o\u00f9 Cervant\u00e8s aurait \u00e9t\u00e9 fait prisonnier et commenc\u00e9 \u00e0 \u00e9crire Don Quijote de la Mancha. De nombreuses \u00e9glises dont la Madre de Dios (entre deux rues), une forteresse (moins spectaculaire que les pr\u00e9c\u00e9dentes _ Elles faisaient toutes partie de la d\u00e9fense Maures) \u2026. et des chats surveillant les p\u00e8lerins.<\/p>\n\n\n\n<p class=\"has-text-align-center\"><a href=\"https:\/\/photos.app.goo.gl\/XTH1tkahAHHsxSHQA\">https:\/\/photos.app.goo.gl\/XTH1tkahAHHsxSHQA<\/a><\/p>\n<\/div><figure class=\"wp-block-media-text__media\"><img loading=\"lazy\" decoding=\"async\" width=\"1024\" height=\"576\" src=\"https:\/\/yvcharron.com\/wp-content\/uploads\/2024\/01\/h_Castro-del-Rio_20180831_173335-1-1024x576.jpg\" alt=\"Castro del Rio, Via mozarabe, \u00e9glise Madre de Dios, une forteresse, la maison de Cervant\u00e8s\" class=\"wp-image-3662 size-full\" srcset=\"https:\/\/yvcharron.com\/wp-content\/uploads\/2024\/01\/h_Castro-del-Rio_20180831_173335-1-1024x576.jpg 1024w, https:\/\/yvcharron.com\/wp-content\/uploads\/2024\/01\/h_Castro-del-Rio_20180831_173335-1-300x169.jpg 300w, https:\/\/yvcharron.com\/wp-content\/uploads\/2024\/01\/h_Castro-del-Rio_20180831_173335-1-768x432.jpg 768w, https:\/\/yvcharron.com\/wp-content\/uploads\/2024\/01\/h_Castro-del-Rio_20180831_173335-1-1536x864.jpg 1536w, https:\/\/yvcharron.com\/wp-content\/uploads\/2024\/01\/h_Castro-del-Rio_20180831_173335-1-2048x1152.jpg 2048w, https:\/\/yvcharron.com\/wp-content\/uploads\/2024\/01\/h_Castro-del-Rio_20180831_173335-1-1920x1080.jpg 1920w\" sizes=\"auto, (max-width: 1024px) 100vw, 1024px\" \/><\/figure><\/div>\n\n\n\n<div class=\"wp-block-media-text is-stacked-on-mobile\" style=\"grid-template-columns:20% auto\"><figure class=\"wp-block-media-text__media\"><img loading=\"lazy\" decoding=\"async\" width=\"753\" height=\"1024\" src=\"https:\/\/yvcharron.com\/wp-content\/uploads\/2024\/01\/i_Cordoba_Cheval_20180901_162250-753x1024.jpg\" alt=\"Cordoue, Les places de las Tendillas, de la Corredera, Del Potro, la tour de la Calahorra, la puerta Del Puente\" class=\"wp-image-3637 size-full\" srcset=\"https:\/\/yvcharron.com\/wp-content\/uploads\/2024\/01\/i_Cordoba_Cheval_20180901_162250-753x1024.jpg 753w, https:\/\/yvcharron.com\/wp-content\/uploads\/2024\/01\/i_Cordoba_Cheval_20180901_162250-221x300.jpg 221w, https:\/\/yvcharron.com\/wp-content\/uploads\/2024\/01\/i_Cordoba_Cheval_20180901_162250-768x1044.jpg 768w, https:\/\/yvcharron.com\/wp-content\/uploads\/2024\/01\/i_Cordoba_Cheval_20180901_162250-1130x1536.jpg 1130w, https:\/\/yvcharron.com\/wp-content\/uploads\/2024\/01\/i_Cordoba_Cheval_20180901_162250-1506x2048.jpg 1506w, https:\/\/yvcharron.com\/wp-content\/uploads\/2024\/01\/i_Cordoba_Cheval_20180901_162250-1024x1392.jpg 1024w, https:\/\/yvcharron.com\/wp-content\/uploads\/2024\/01\/i_Cordoba_Cheval_20180901_162250-794x1080.jpg 794w, https:\/\/yvcharron.com\/wp-content\/uploads\/2024\/01\/i_Cordoba_Cheval_20180901_162250.jpg 1774w\" sizes=\"auto, (max-width: 753px) 100vw, 753px\" \/><\/figure><div class=\"wp-block-media-text__content\">\n<p class=\"has-vivid-cyan-blue-color has-text-color has-medium-font-size\"><strong>Cordoue \u2013 La ville<\/strong><\/p>\n\n\n\n<p class=\"has-vivid-cyan-blue-color has-text-color\">Bus pris \u00e0 Castro del Rio sur 20 km pour rejoindre Cordoue. Pas vu donc le beau petit village d\u2019Espejo situ\u00e9, \u00e0 mi chemin, sur un \u00e9peron rocheux. La place de las Tendillas (statue de la victoire), les restes d\u2019un temple romain, la grande place de la Corredera (Plaza Mayor \u2013 fa\u00e7ade rouge avec des arcades. Autrefois, lieu d\u2019ex\u00e9cution, corridas, etc ..), la place del Potro (le Poulain. On y vendait chevaux et mules &#8211; Photo ci-contre), le mus\u00e9e arch\u00e9ologique, restaurants, ruelles et jardins typiques, un spectacle musical (andalou-s\u00e9farade, pr\u00e8s de la synagogue et des murailles), le pont romain sur le Guadalquivir, la Puerta del Puente (arc de triomphe), la tour de la Calahorra et le quartier de la cath\u00e9drale (de nuit).<\/p>\n\n\n\n<p class=\"has-text-align-center\"><a href=\"https:\/\/photos.app.goo.gl\/MAXJfoVKYhMtr9X89\">https:\/\/photos.app.goo.gl\/MAXJfoVKYhMtr9X89<\/a><\/p>\n<\/div><\/div>\n\n\n\n<p class=\"has-pale-pink-color has-text-color has-medium-font-size\"><\/p>\n\n\n\n<div class=\"wp-block-media-text has-media-on-the-right is-stacked-on-mobile\" style=\"grid-template-columns:auto 25%\"><div class=\"wp-block-media-text__content\">\n<p class=\"has-vivid-cyan-blue-color has-text-color has-medium-font-size\"><strong>Cordoue \u2013 L&#8217;alcazar<\/strong><\/p>\n\n\n\n<p class=\"has-vivid-cyan-blue-color has-text-color\">Apr\u00e8s quelques photos de la ville, l\u2019Alcazar et ses jardins (Photo ci-contre). Sortie sud ouest de l\u2019Alcazar, pour contourner les murailles par l\u2019ext\u00e9rieur, entr\u00e9e dans la Juderia, murailles vues de l\u2019int\u00e9rieur.<\/p>\n\n\n\n<p class=\"has-text-align-center\"><a href=\"https:\/\/photos.app.goo.gl\/qj7EYW9bwmVxU9iu9\">https:\/\/photos.app.goo.gl\/qj7EYW9bwmVxU9iu9<\/a><\/p>\n<\/div><figure class=\"wp-block-media-text__media\"><img loading=\"lazy\" decoding=\"async\" width=\"1024\" height=\"662\" src=\"https:\/\/yvcharron.com\/wp-content\/uploads\/2024\/01\/j_Alcazar_20180902_103016-1024x662.jpg\" alt=\"Cordouen l'Alcazar, la Juderia\" class=\"wp-image-3638 size-full\" srcset=\"https:\/\/yvcharron.com\/wp-content\/uploads\/2024\/01\/j_Alcazar_20180902_103016-1024x662.jpg 1024w, https:\/\/yvcharron.com\/wp-content\/uploads\/2024\/01\/j_Alcazar_20180902_103016-300x194.jpg 300w, https:\/\/yvcharron.com\/wp-content\/uploads\/2024\/01\/j_Alcazar_20180902_103016-768x496.jpg 768w, https:\/\/yvcharron.com\/wp-content\/uploads\/2024\/01\/j_Alcazar_20180902_103016-1536x992.jpg 1536w, https:\/\/yvcharron.com\/wp-content\/uploads\/2024\/01\/j_Alcazar_20180902_103016-2048x1323.jpg 2048w, https:\/\/yvcharron.com\/wp-content\/uploads\/2024\/01\/j_Alcazar_20180902_103016-1672x1080.jpg 1672w\" sizes=\"auto, (max-width: 1024px) 100vw, 1024px\" \/><\/figure><\/div>\n\n\n\n<p class=\"has-pale-pink-color has-text-color has-medium-font-size\"><\/p>\n\n\n\n<div class=\"wp-block-media-text is-stacked-on-mobile\" style=\"grid-template-columns:24% auto\"><figure class=\"wp-block-media-text__media\"><img loading=\"lazy\" decoding=\"async\" width=\"1024\" height=\"638\" src=\"https:\/\/yvcharron.com\/wp-content\/uploads\/2024\/01\/j_Mezquita_20180902_130009-1-1024x638.jpg\" alt=\"Cordoue, la Mezquita\" class=\"wp-image-3640 size-full\" srcset=\"https:\/\/yvcharron.com\/wp-content\/uploads\/2024\/01\/j_Mezquita_20180902_130009-1-1024x638.jpg 1024w, https:\/\/yvcharron.com\/wp-content\/uploads\/2024\/01\/j_Mezquita_20180902_130009-1-300x187.jpg 300w, https:\/\/yvcharron.com\/wp-content\/uploads\/2024\/01\/j_Mezquita_20180902_130009-1-768x479.jpg 768w, https:\/\/yvcharron.com\/wp-content\/uploads\/2024\/01\/j_Mezquita_20180902_130009-1-1536x958.jpg 1536w, https:\/\/yvcharron.com\/wp-content\/uploads\/2024\/01\/j_Mezquita_20180902_130009-1-2048x1277.jpg 2048w, https:\/\/yvcharron.com\/wp-content\/uploads\/2024\/01\/j_Mezquita_20180902_130009-1-1732x1080.jpg 1732w\" sizes=\"auto, (max-width: 1024px) 100vw, 1024px\" \/><\/figure><div class=\"wp-block-media-text__content\">\n<p class=\"has-vivid-cyan-blue-color has-text-color has-medium-font-size\"><strong>Cordoue _ La Mezquita<\/strong><\/p>\n\n\n\n<p class=\"has-vivid-cyan-blue-color has-text-color\">Visite de la Mezquita \u00e0 l\u2019occasion d\u2019une c\u00e9r\u00e9monie religieuse pour pouvoir visiter le ch\u0153ur de la cath\u00e9drale. La mosqu\u00e9e a \u00e9t\u00e9 \u00e9rig\u00e9e du 8\u00e8me au 10\u00e8me si\u00e8cle sur les restes d\u2019une \u00e9glise wisigothe. Apr\u00e8s la reconqu\u00eate, les chr\u00e9tiens construisent une cath\u00e9drale \u00e0 l\u2019int\u00e9rieur (au centre) de la Mosqu\u00e9e&nbsp;(unique et tr\u00e8s spectaculaire) ! Superbes chaires et stalles.<\/p>\n\n\n\n<p class=\"has-text-align-center\"><a href=\"https:\/\/photos.app.goo.gl\/YDJnfGwbyFJhUanj6\">https:\/\/photos.app.goo.gl\/YDJnfGwbyFJhUanj6<\/a><\/p>\n<\/div><\/div>\n\n\n\n<p class=\"has-pale-pink-color has-text-color has-medium-font-size\"><\/p>\n\n\n\n<div class=\"wp-block-media-text has-media-on-the-right is-stacked-on-mobile\" style=\"grid-template-columns:auto 27%\"><div class=\"wp-block-media-text__content\">\n<p class=\"has-pale-pink-color has-text-color has-medium-font-size\"><strong>Etape 7&nbsp;: Cordoue \u2013 Cerro Muriano<\/strong><\/p>\n\n\n\n<p class=\"has-very-dark-gray-color has-text-color\">Sortie de Cordoue en passant devant l\u2019\u00e9glise N.D. de las Gracias (photo ci-contre). Mont\u00e9e de 130 m (Guadalquivir) jusqu\u2019\u00e0 515 m (Cerro Muriano). Des champs de c\u00e9r\u00e9ales \u00e0 basse altitude. Puis des ch\u00eanes li\u00e8ges, des eucalyptus et des pins parasol. En de nombreux endroits les restes d\u2019une voie ferr\u00e9e et d\u2019une gare, l\u2019Ermita de N.D. de las Linares ainsi qu\u2019un convoyeur de minerai de cuivre (encore en fonctionnement). Cerro Muriano est r\u00e9put\u00e9 pour ses mines de cuivre. Derni\u00e8res photos&nbsp;: les restes d\u2019un centre de traitement du cuivre ainsi que des d\u00e9p\u00f4ts de minerai de cuivre sur des pierres. Derni\u00e8re photo, le Salmorejo Cordobes (plat typique andalou \u2013 Recette donn\u00e9e par une photo plus bas \u00ab&nbsp;Cordoue &#8211; Retour&nbsp;\u00bb) \u00e0 la Casa Del Brigadier.<\/p>\n\n\n\n<p class=\"has-text-align-center\"><a href=\"https:\/\/photos.app.goo.gl\/GqXGjhm8ai7ijgLB9\">https:\/\/photos.app.goo.gl\/GqXGjhm8ai7ijgLB9<\/a><\/p>\n<\/div><figure class=\"wp-block-media-text__media\"><img loading=\"lazy\" decoding=\"async\" width=\"1024\" height=\"576\" src=\"https:\/\/yvcharron.com\/wp-content\/uploads\/2024\/01\/k_Cerro-Muriano_20180903_093910-1024x576.jpg\" alt=\"Cerro Muriano, mines de cuivre. Le Salmorejo Cordobes (plat typique andalou)\" class=\"wp-image-3641 size-full\" srcset=\"https:\/\/yvcharron.com\/wp-content\/uploads\/2024\/01\/k_Cerro-Muriano_20180903_093910-1024x576.jpg 1024w, https:\/\/yvcharron.com\/wp-content\/uploads\/2024\/01\/k_Cerro-Muriano_20180903_093910-300x169.jpg 300w, https:\/\/yvcharron.com\/wp-content\/uploads\/2024\/01\/k_Cerro-Muriano_20180903_093910-768x432.jpg 768w, https:\/\/yvcharron.com\/wp-content\/uploads\/2024\/01\/k_Cerro-Muriano_20180903_093910-1536x864.jpg 1536w, https:\/\/yvcharron.com\/wp-content\/uploads\/2024\/01\/k_Cerro-Muriano_20180903_093910-2048x1152.jpg 2048w, https:\/\/yvcharron.com\/wp-content\/uploads\/2024\/01\/k_Cerro-Muriano_20180903_093910-1920x1080.jpg 1920w\" sizes=\"auto, (max-width: 1024px) 100vw, 1024px\" \/><\/figure><\/div>\n\n\n\n<p class=\"has-pale-pink-color has-text-color has-medium-font-size\"><\/p>\n\n\n\n<p class=\"has-pale-pink-color has-text-color has-medium-font-size\"><\/p>\n\n\n\n<div class=\"wp-block-media-text is-stacked-on-mobile\" style=\"grid-template-columns:18% auto\"><figure class=\"wp-block-media-text__media\"><img loading=\"lazy\" decoding=\"async\" width=\"678\" height=\"1024\" src=\"https:\/\/yvcharron.com\/wp-content\/uploads\/2024\/01\/l_Villaharta_20180904_120741-1-678x1024.jpg\" alt=\"Villaharta, Via Mozarabe\" class=\"wp-image-3643 size-full\" srcset=\"https:\/\/yvcharron.com\/wp-content\/uploads\/2024\/01\/l_Villaharta_20180904_120741-1-678x1024.jpg 678w, https:\/\/yvcharron.com\/wp-content\/uploads\/2024\/01\/l_Villaharta_20180904_120741-1-198x300.jpg 198w, https:\/\/yvcharron.com\/wp-content\/uploads\/2024\/01\/l_Villaharta_20180904_120741-1-768x1161.jpg 768w, https:\/\/yvcharron.com\/wp-content\/uploads\/2024\/01\/l_Villaharta_20180904_120741-1-1016x1536.jpg 1016w, https:\/\/yvcharron.com\/wp-content\/uploads\/2024\/01\/l_Villaharta_20180904_120741-1-1355x2048.jpg 1355w, https:\/\/yvcharron.com\/wp-content\/uploads\/2024\/01\/l_Villaharta_20180904_120741-1-1024x1548.jpg 1024w, https:\/\/yvcharron.com\/wp-content\/uploads\/2024\/01\/l_Villaharta_20180904_120741-1-715x1080.jpg 715w, https:\/\/yvcharron.com\/wp-content\/uploads\/2024\/01\/l_Villaharta_20180904_120741-1-scaled.jpg 1694w\" sizes=\"auto, (max-width: 678px) 100vw, 678px\" \/><\/figure><div class=\"wp-block-media-text__content\">\n<p class=\"has-pale-pink-color has-text-color has-medium-font-size\"><strong>Etape 8&nbsp;: Cerro Muriano \u2013 Villaharta<\/strong><\/p>\n\n\n\n<p class=\"has-very-dark-gray-color has-text-color\">Le brigadier, propri\u00e9taire de la Casa Rural, est un fervent admirateur de Picasso (1\u00e8re photo). Sur le chemin, travers\u00e9e d\u2019arroyos et de mar\u00e9cages \u00e0 sec tout en croisant parfois une voie ferr\u00e9e d\u00e9saffect\u00e9e. Nombreux ch\u00eanes (verts, li\u00e8ges) et rochers. A El vacar, l\u2019ancienne gare, l\u2019\u00e9picerie \u2013 bar du village et l\u2019\u00e9glise o\u00f9 nous rencontrons deux pr\u00eatres argentins qui c\u00e9l\u00e8brent la messe chaque matin sans le moindre fid\u00e8le. Quelques km avant l\u2019arriv\u00e9e, l\u2019ancien Castillo (en ruine \u2013 avant photo sur figues de barbarie). A l\u2019arriv\u00e9e, l\u2019\u00e9glise de Villaharta. A noter une station thermale \u00e0 l\u2019\u00e9cart du village (eaux chaudes).<\/p>\n\n\n\n<p class=\"has-text-align-center\"><a href=\"https:\/\/photos.app.goo.gl\/aHpF33tXMphtr7cf9\">https:\/\/photos.app.goo.gl\/aHpF33tXMphtr7cf9<\/a><\/p>\n<\/div><\/div>\n\n\n\n<div class=\"wp-block-media-text has-media-on-the-right is-stacked-on-mobile\" style=\"grid-template-columns:auto 23%\"><div class=\"wp-block-media-text__content\">\n<p class=\"has-pale-pink-color has-text-color has-medium-font-size\"><strong>Etape 9&nbsp;: Villaharta \u2013 Alcaracejos<\/strong><\/p>\n\n\n\n<p class=\"has-very-dark-gray-color has-text-color\">\u00c9tape redout\u00e9e&nbsp;: tr\u00e8s longue, nombreux d\u00e9nivel\u00e9s sans village interm\u00e9diaire sinon une hypoth\u00e9tique fontaine \u00e0 mi-chemin et tout cela sous une tr\u00e8s forte chaleur. D\u00e9part au lever du soleil. Marche relativement facile dans la premi\u00e8re partie jusqu\u2019\u00e0 la fontaine San Juan situ\u00e9e \u00e0 mi-chemin. Sur le chemin, des oliviers et des \u00e9levages de porcs ib\u00e9riques. Seconde partie quelque peu \u00e9prouvante (peu de photos) et \u00e0 l\u2019arriv\u00e9e notre h\u00f4tel Casa Rural San Miguel (r\u00e9sa par Booking.com) ferm\u00e9 (propri\u00e9taires partis en vacances)&nbsp;!!!! Finalement, heureux de trouver l\u2019h\u00f4tel Cesar.<\/p>\n\n\n\n<p class=\"has-text-align-center\"><a href=\"https:\/\/photos.app.goo.gl\/SqP88dpChqmh9XYGA\">https:\/\/photos.app.goo.gl\/SqP88dpChqmh9XYGA<\/a><\/p>\n<\/div><figure class=\"wp-block-media-text__media\"><img loading=\"lazy\" decoding=\"async\" width=\"1024\" height=\"856\" src=\"https:\/\/yvcharron.com\/wp-content\/uploads\/2024\/01\/m_Alcaraceros_20180906_100712-1024x856.jpg\" alt=\"Alcaracejos, sur le chemin oliviers et \u00e9levage de porcs ib\u00e9riques\" class=\"wp-image-3644 size-full\" srcset=\"https:\/\/yvcharron.com\/wp-content\/uploads\/2024\/01\/m_Alcaraceros_20180906_100712-1024x856.jpg 1024w, https:\/\/yvcharron.com\/wp-content\/uploads\/2024\/01\/m_Alcaraceros_20180906_100712-300x251.jpg 300w, https:\/\/yvcharron.com\/wp-content\/uploads\/2024\/01\/m_Alcaraceros_20180906_100712-768x642.jpg 768w, https:\/\/yvcharron.com\/wp-content\/uploads\/2024\/01\/m_Alcaraceros_20180906_100712-1536x1284.jpg 1536w, https:\/\/yvcharron.com\/wp-content\/uploads\/2024\/01\/m_Alcaraceros_20180906_100712-2048x1711.jpg 2048w, https:\/\/yvcharron.com\/wp-content\/uploads\/2024\/01\/m_Alcaraceros_20180906_100712-1292x1080.jpg 1292w\" sizes=\"auto, (max-width: 1024px) 100vw, 1024px\" \/><\/figure><\/div>\n\n\n\n<p class=\"has-pale-pink-color has-text-color has-medium-font-size\"><\/p>\n\n\n\n<div class=\"wp-block-media-text is-stacked-on-mobile\" style=\"grid-template-columns:30% auto\"><figure class=\"wp-block-media-text__media\"><img loading=\"lazy\" decoding=\"async\" width=\"1024\" height=\"576\" src=\"https:\/\/yvcharron.com\/wp-content\/uploads\/2024\/01\/n_Hinojosa-del-Duque_20180907_094958-1024x576.jpg\" alt=\"Hinojosa Del Duque, nombreuses \u00e9glises, couvents, Ermitages (Virgen del Castillo et San Isidro Labrador) la Cath\u00e9drale (Trompe l\u2019\u0153il en Granit).\" class=\"wp-image-3645 size-full\" srcset=\"https:\/\/yvcharron.com\/wp-content\/uploads\/2024\/01\/n_Hinojosa-del-Duque_20180907_094958-1024x576.jpg 1024w, https:\/\/yvcharron.com\/wp-content\/uploads\/2024\/01\/n_Hinojosa-del-Duque_20180907_094958-300x169.jpg 300w, https:\/\/yvcharron.com\/wp-content\/uploads\/2024\/01\/n_Hinojosa-del-Duque_20180907_094958-768x432.jpg 768w, https:\/\/yvcharron.com\/wp-content\/uploads\/2024\/01\/n_Hinojosa-del-Duque_20180907_094958-1536x864.jpg 1536w, https:\/\/yvcharron.com\/wp-content\/uploads\/2024\/01\/n_Hinojosa-del-Duque_20180907_094958-2048x1152.jpg 2048w, https:\/\/yvcharron.com\/wp-content\/uploads\/2024\/01\/n_Hinojosa-del-Duque_20180907_094958-1920x1080.jpg 1920w\" sizes=\"auto, (max-width: 1024px) 100vw, 1024px\" \/><\/figure><div class=\"wp-block-media-text__content\">\n<p class=\"has-pale-pink-color has-text-color has-medium-font-size\"><strong>Etape 10&nbsp;: Alcajaceros \u2013 Hinojosa Del Duque<\/strong><\/p>\n\n\n\n<p class=\"has-very-dark-gray-color has-text-color\">Quelques photos prises en sortie d\u2019Alcaracejos et de Villanueva Del Duque (ancienne ville mini\u00e8re). En sortie, un ancien four. Ch\u00eanes verts, arroyos et rochers avant d\u2019arriver \u00e0 Fuente la Lancha. Des \u00e9levages de moutons en seconde partie avant de rejoindre le Parque Recreativo Virgen de Guia. Quelques km plus loin, un pressoir \u00e0 olive et une belle fontaine en granit (Fuente del Pilar de los Llanos) aux abords d\u2019Hinojosa Del Duque, village tr\u00e8s riche en \u00e9glises, couvents (Madres Conceptionistas), Ermitages (Virgen del Castillo et San Isidro Labrador) sans oublier la Cath\u00e9drale (<strong>Trompe l\u2019\u0153il en Granit<\/strong>).<\/p>\n\n\n\n<p class=\"has-text-align-center\"><a href=\"https:\/\/photos.app.goo.gl\/4HTHNSzAE4pZz9SW7\">https:\/\/photos.app.goo.gl\/4HTHNSzAE4pZz9SW7<\/a><\/p>\n<\/div><\/div>\n\n\n\n<p class=\"has-pale-pink-color has-text-color has-medium-font-size\"><\/p>\n\n\n\n<div class=\"wp-block-media-text has-media-on-the-right is-stacked-on-mobile\" style=\"grid-template-columns:auto 33%\"><div class=\"wp-block-media-text__content\">\n<p class=\"has-vivid-cyan-blue-color has-text-color has-medium-font-size\"><strong>Cordoue &#8211; Retour<\/strong><\/p>\n\n\n\n<p class=\"has-vivid-cyan-blue-color has-text-color\">Pour une question de temps, retour en bus d\u2019Hinojosa Del Duque vers Cordoue avant de prendre le bus le lendemain pour S\u00e9ville. A Cordoue, promenade dans le quartier de la Juderia, de l\u2019Alcazar et de la cath\u00e9drale. Le soir, une procession \u00e0 Cordoue anim\u00e9e par de tr\u00e8s nombreux musiciens jouant des morceaux tr\u00e8s lugubres.<\/p>\n\n\n\n<p class=\"has-text-align-center\"><a href=\"https:\/\/photos.app.goo.gl\/y4sF5XiUzN92Zv1y9\">https:\/\/photos.app.goo.gl\/y4sF5XiUzN92Zv1y9<\/a><\/p>\n<\/div><figure class=\"wp-block-media-text__media\"><img loading=\"lazy\" decoding=\"async\" width=\"1024\" height=\"576\" src=\"https:\/\/yvcharron.com\/wp-content\/uploads\/2024\/01\/o_Cordoba_20180907_185419-1-1024x576.jpg\" alt=\"Cordoue, via mozarabe\" class=\"wp-image-3647 size-full\" srcset=\"https:\/\/yvcharron.com\/wp-content\/uploads\/2024\/01\/o_Cordoba_20180907_185419-1-1024x576.jpg 1024w, https:\/\/yvcharron.com\/wp-content\/uploads\/2024\/01\/o_Cordoba_20180907_185419-1-300x169.jpg 300w, https:\/\/yvcharron.com\/wp-content\/uploads\/2024\/01\/o_Cordoba_20180907_185419-1-768x432.jpg 768w, https:\/\/yvcharron.com\/wp-content\/uploads\/2024\/01\/o_Cordoba_20180907_185419-1-1536x864.jpg 1536w, https:\/\/yvcharron.com\/wp-content\/uploads\/2024\/01\/o_Cordoba_20180907_185419-1-2048x1152.jpg 2048w, https:\/\/yvcharron.com\/wp-content\/uploads\/2024\/01\/o_Cordoba_20180907_185419-1-1920x1080.jpg 1920w\" sizes=\"auto, (max-width: 1024px) 100vw, 1024px\" \/><\/figure><\/div>\n\n\n\n<p class=\"has-pale-pink-color has-text-color has-medium-font-size\"><\/p>\n\n\n\n<div class=\"wp-block-media-text is-stacked-on-mobile\" style=\"grid-template-columns:29% auto\"><figure class=\"wp-block-media-text__media\"><img loading=\"lazy\" decoding=\"async\" width=\"1024\" height=\"576\" src=\"https:\/\/yvcharron.com\/wp-content\/uploads\/2024\/01\/p_Cordoba_Mezq_20180908_091904-1024x576.jpg\" alt=\"Cordoba, la Mezquita, Via mozarabe\" class=\"wp-image-3648 size-full\" srcset=\"https:\/\/yvcharron.com\/wp-content\/uploads\/2024\/01\/p_Cordoba_Mezq_20180908_091904-1024x576.jpg 1024w, https:\/\/yvcharron.com\/wp-content\/uploads\/2024\/01\/p_Cordoba_Mezq_20180908_091904-300x169.jpg 300w, https:\/\/yvcharron.com\/wp-content\/uploads\/2024\/01\/p_Cordoba_Mezq_20180908_091904-768x432.jpg 768w, https:\/\/yvcharron.com\/wp-content\/uploads\/2024\/01\/p_Cordoba_Mezq_20180908_091904-1536x864.jpg 1536w, https:\/\/yvcharron.com\/wp-content\/uploads\/2024\/01\/p_Cordoba_Mezq_20180908_091904-2048x1152.jpg 2048w, https:\/\/yvcharron.com\/wp-content\/uploads\/2024\/01\/p_Cordoba_Mezq_20180908_091904-1920x1080.jpg 1920w\" sizes=\"auto, (max-width: 1024px) 100vw, 1024px\" \/><\/figure><div class=\"wp-block-media-text__content\">\n<p class=\"has-vivid-cyan-blue-color has-text-color has-medium-font-size\"><strong>Cordoue \u2013 Mezquita \u2013 Seconde visite<\/strong><\/p>\n\n\n\n<p class=\"has-vivid-cyan-blue-color has-text-color\">Au cours de la premi\u00e8re visite, seul le ch\u0153ur pouvait \u00eatre vu pendant une c\u00e9r\u00e9monie religieuse. Une seconde visite a permis de voir plus en d\u00e9tail la mosqu\u00e9e ainsi que des \u00e9l\u00e9ments ext\u00e9rieurs \u00e0 la cath\u00e9drale (int\u00e9rieur de la mosqu\u00e9e).<\/p>\n\n\n\n<p class=\"has-text-align-center\"><a href=\"https:\/\/photos.app.goo.gl\/5F7iJGKhLS3aesNE6\">https:\/\/photos.app.goo.gl\/5F7iJGKhLS3aesNE6<\/a><\/p>\n<\/div><\/div>\n\n\n\n<p class=\"has-pale-pink-color has-text-color has-medium-font-size\"><\/p>\n\n\n\n<div class=\"wp-block-media-text has-media-on-the-right is-stacked-on-mobile\" style=\"grid-template-columns:auto 27%\"><div class=\"wp-block-media-text__content\">\n<p class=\"has-vivid-cyan-blue-color has-text-color has-medium-font-size\"><strong>S\u00e9ville \u2013 Premi\u00e8re journ\u00e9e<\/strong><\/p>\n\n\n\n<p class=\"has-vivid-cyan-blue-color has-text-color\">D\u00e9part de Cordoue le matin pour S\u00e9ville. Promenade du nord de la ville (quartier de la Macarena) jusqu\u2019\u00e0 la Cath\u00e9drale en passant par le quartier \u00e0 l\u2019est de Santa Cruz. Le soir, une procession similaire \u00e0 celle de Cordoue mais avec des morceaux de musique plus gais.<\/p>\n\n\n\n<p class=\"has-text-align-center\"><a href=\"https:\/\/photos.app.goo.gl\/pVJyXHJJ7qCKVw3X7\">https:\/\/photos.app.goo.gl\/pVJyXHJJ7qCKVw3X7<\/a><\/p>\n<\/div><figure class=\"wp-block-media-text__media\"><img loading=\"lazy\" decoding=\"async\" width=\"1024\" height=\"576\" src=\"https:\/\/yvcharron.com\/wp-content\/uploads\/2024\/01\/q_Seville_Cath_20180908_191606-1024x576.jpg\" alt=\"S\u00e9ville, la cath\u00e9drale, quartier Santa Cruz\" class=\"wp-image-3649 size-full\" srcset=\"https:\/\/yvcharron.com\/wp-content\/uploads\/2024\/01\/q_Seville_Cath_20180908_191606-1024x576.jpg 1024w, https:\/\/yvcharron.com\/wp-content\/uploads\/2024\/01\/q_Seville_Cath_20180908_191606-300x169.jpg 300w, https:\/\/yvcharron.com\/wp-content\/uploads\/2024\/01\/q_Seville_Cath_20180908_191606-768x432.jpg 768w, https:\/\/yvcharron.com\/wp-content\/uploads\/2024\/01\/q_Seville_Cath_20180908_191606-1536x864.jpg 1536w, https:\/\/yvcharron.com\/wp-content\/uploads\/2024\/01\/q_Seville_Cath_20180908_191606-2048x1152.jpg 2048w, https:\/\/yvcharron.com\/wp-content\/uploads\/2024\/01\/q_Seville_Cath_20180908_191606-1920x1080.jpg 1920w\" sizes=\"auto, (max-width: 1024px) 100vw, 1024px\" \/><\/figure><\/div>\n\n\n\n<p class=\"has-text-align-center\"><\/p>\n\n\n\n<div class=\"wp-block-media-text is-stacked-on-mobile\" style=\"grid-template-columns:21% auto\"><figure class=\"wp-block-media-text__media\"><img loading=\"lazy\" decoding=\"async\" width=\"739\" height=\"1024\" src=\"https:\/\/yvcharron.com\/wp-content\/uploads\/2024\/01\/r_Sevil_Tor_Oro_20180909_202806-739x1024.jpg\" alt=\"S\u00e9ville, la Torre del Oro, la Macarena, Palacio San Telmo, H\u00f4tel Alfonso XIII.\" class=\"wp-image-3652 size-full\" srcset=\"https:\/\/yvcharron.com\/wp-content\/uploads\/2024\/01\/r_Sevil_Tor_Oro_20180909_202806-739x1024.jpg 739w, https:\/\/yvcharron.com\/wp-content\/uploads\/2024\/01\/r_Sevil_Tor_Oro_20180909_202806-216x300.jpg 216w, https:\/\/yvcharron.com\/wp-content\/uploads\/2024\/01\/r_Sevil_Tor_Oro_20180909_202806-768x1065.jpg 768w, https:\/\/yvcharron.com\/wp-content\/uploads\/2024\/01\/r_Sevil_Tor_Oro_20180909_202806-1108x1536.jpg 1108w, https:\/\/yvcharron.com\/wp-content\/uploads\/2024\/01\/r_Sevil_Tor_Oro_20180909_202806-1477x2048.jpg 1477w, https:\/\/yvcharron.com\/wp-content\/uploads\/2024\/01\/r_Sevil_Tor_Oro_20180909_202806-1024x1419.jpg 1024w, https:\/\/yvcharron.com\/wp-content\/uploads\/2024\/01\/r_Sevil_Tor_Oro_20180909_202806-779x1080.jpg 779w, https:\/\/yvcharron.com\/wp-content\/uploads\/2024\/01\/r_Sevil_Tor_Oro_20180909_202806.jpg 1836w\" sizes=\"auto, (max-width: 739px) 100vw, 739px\" \/><\/figure><div class=\"wp-block-media-text__content\">\n<p class=\"has-vivid-cyan-blue-color has-text-color has-medium-font-size\"><strong>S\u00e9ville \u2013 Seconde journ\u00e9e<\/strong><\/p>\n\n\n\n<p class=\"has-vivid-cyan-blue-color has-text-color\">L\u2019int\u00e9rieur de la riche \u00e9glise de la Macarena. L\u2019Alameda de Hercules (les deux colonnes). Divers \u00e9difices. La place de la Gavidia (pr\u00e8s du restaurant &#8220;2 de Mayo&#8221;). Mus\u00e9e des Beaux Arts (expo Murillo). Place de l\u2019Encarnacion avec la c\u00e9l\u00e8bre sculpture en bois, le Metropol Parasol de 150 m de long, 75 m de large et 28 m de haut soutenue par six piliers (travaux de 2005 \u00e0 2011 &#8211; Co\u00fbt tr\u00e8s \u00e9lev\u00e9 avec beaucoup de retard : nombreuses difficult\u00e9s techniques \u2013 Visite possible de la partie sup\u00e9rieure). Le parlement andalou. La place d\u2019Espagne (Voir ci-dessous) situ\u00e9e au sud de S\u00e9ville et r\u00e9alis\u00e9e lors de la premi\u00e8re exposition mondiale&nbsp;de 1929 : structure en demi cercle, orn\u00e9e d\u2019azulejos et parcourue par un canal. Travers\u00e9e du Parque de Maria Luisa puis remont\u00e9e vers le centre en longeant le Guadalquivir. Vues sur le Palacio de S. Telmo, l\u2019h\u00f4tel Alfonso XIII, la Torre del Oro (Photo ci-contre), les ar\u00e8nes (La Maestranza). Quelques vues de nuit sur le quartier de la cath\u00e9drale dont la Giralda.<\/p>\n\n\n\n<p class=\"has-text-align-center\"><a href=\"https:\/\/photos.app.goo.gl\/hiMv4Ec3p1BxEfKr5\">https:\/\/photos.app.goo.gl\/hiMv4Ec3p1BxEfKr5<\/a><\/p>\n<\/div><\/div>\n\n\n\n<p class=\"has-pale-pink-color has-text-color has-medium-font-size\"><\/p>\n\n\n\n<div class=\"wp-block-media-text has-media-on-the-right is-stacked-on-mobile\" style=\"grid-template-columns:auto 30%\"><div class=\"wp-block-media-text__content\">\n<p class=\"has-vivid-cyan-blue-color has-text-color has-medium-font-size\"><strong>S\u00e9ville \u2013 Avant d\u00e9part pour Paris<\/strong><\/p>\n\n\n\n<p class=\"has-vivid-cyan-blue-color has-text-color\">Ciel beaucoup moins charg\u00e9 que les deux jours pr\u00e9c\u00e9dents. Quartier de la Macarena et Parlement andalou. Quartier de la place Nueva, l\u2019h\u00f4tel de ville (fa\u00e7ade blanche orn\u00e9e de nombreuses d\u00e9corations) et l\u2019\u00e9glise Del Salvador (fa\u00e7ade rose). Quartier de la cath\u00e9drale et quelques \u00e9difices sur la rue Sierpes.<\/p>\n\n\n\n<p class=\"has-text-align-center\"><a href=\"https:\/\/photos.app.goo.gl\/zvu4yh6ocCUgCTjU6\">https:\/\/photos.app.goo.gl\/zvu4yh6ocCUgCTjU6<\/a><\/p>\n<\/div><figure class=\"wp-block-media-text__media\"><img loading=\"lazy\" decoding=\"async\" width=\"1024\" height=\"576\" src=\"https:\/\/yvcharron.com\/wp-content\/uploads\/2024\/01\/r_Sev_Plaz-Espana_20180909_184536-1024x576.jpg\" alt=\"S\u00e9ville, La Plaza de Espana\" class=\"wp-image-3653 size-full\" srcset=\"https:\/\/yvcharron.com\/wp-content\/uploads\/2024\/01\/r_Sev_Plaz-Espana_20180909_184536-1024x576.jpg 1024w, https:\/\/yvcharron.com\/wp-content\/uploads\/2024\/01\/r_Sev_Plaz-Espana_20180909_184536-300x169.jpg 300w, https:\/\/yvcharron.com\/wp-content\/uploads\/2024\/01\/r_Sev_Plaz-Espana_20180909_184536-768x432.jpg 768w, https:\/\/yvcharron.com\/wp-content\/uploads\/2024\/01\/r_Sev_Plaz-Espana_20180909_184536-1536x864.jpg 1536w, https:\/\/yvcharron.com\/wp-content\/uploads\/2024\/01\/r_Sev_Plaz-Espana_20180909_184536-2048x1152.jpg 2048w, https:\/\/yvcharron.com\/wp-content\/uploads\/2024\/01\/r_Sev_Plaz-Espana_20180909_184536-1920x1080.jpg 1920w\" sizes=\"auto, (max-width: 1024px) 100vw, 1024px\" \/><\/figure><\/div>\n\n\n\n<p class=\"has-pale-pink-color has-text-color has-medium-font-size\"><\/p>\n\n\n\n<figure class=\"wp-block-audio\"><audio controls src=\"https:\/\/yvcharron.com\/wp-content\/uploads\/2024\/08\/12-Unbekannter-Track-12.mp3\" autoplay><\/audio><\/figure>\n\n\n<div class=\"wp-block-image is-resized\">\n<figure class=\"aligncenter size-large\"><img loading=\"lazy\" decoding=\"async\" width=\"1024\" height=\"474\" src=\"https:\/\/yvcharron.com\/wp-content\/uploads\/2022\/08\/Tmpn_SP_Malaga_Hirajosa-Duque_Sept-2018-1024x474.jpeg\" alt=\"Tampons cr\u00e9dentiale : Malaga, Granada, Pinos Puente, Alcala la Real, Castro del Rio, Cordoba, Pedro Muriano, El Vacar, Merida, Alcaracejos, Villanueva des Duque, Hinorosa del Duque\" class=\"wp-image-2973\" srcset=\"https:\/\/yvcharron.com\/wp-content\/uploads\/2022\/08\/Tmpn_SP_Malaga_Hirajosa-Duque_Sept-2018-1024x474.jpeg 1024w, https:\/\/yvcharron.com\/wp-content\/uploads\/2022\/08\/Tmpn_SP_Malaga_Hirajosa-Duque_Sept-2018-300x139.jpeg 300w, https:\/\/yvcharron.com\/wp-content\/uploads\/2022\/08\/Tmpn_SP_Malaga_Hirajosa-Duque_Sept-2018-768x356.jpeg 768w, https:\/\/yvcharron.com\/wp-content\/uploads\/2022\/08\/Tmpn_SP_Malaga_Hirajosa-Duque_Sept-2018-1536x711.jpeg 1536w, https:\/\/yvcharron.com\/wp-content\/uploads\/2022\/08\/Tmpn_SP_Malaga_Hirajosa-Duque_Sept-2018-2048x948.jpeg 2048w, https:\/\/yvcharron.com\/wp-content\/uploads\/2022\/08\/Tmpn_SP_Malaga_Hirajosa-Duque_Sept-2018-1920x889.jpeg 1920w\" sizes=\"auto, (max-width: 1024px) 100vw, 1024px\" \/><\/figure>\n<\/div>\n\n\n<p class=\"has-text-align-center has-black-color has-text-color\">Tampons cr\u00e9dentiale : Malaga, Granada, Pinos Puente, Alcala la Real, Castro del Rio, Cordoba, Pedro Muriano, El Vacar, Merida, Alcaracejos, Villanueva des Duque, Hinorosa del Duque<\/p>\n\n\n\n<p class=\"has-text-align-center has-cyan-bluish-gray-color has-text-color has-small-font-size\"><\/p>\n\n\n<div class=\"wp-block-image\">\n<figure class=\"aligncenter size-full\"><img loading=\"lazy\" decoding=\"async\" width=\"499\" height=\"300\" src=\"https:\/\/yvcharron.com\/wp-content\/uploads\/2020\/03\/image-7.png\" alt=\"796 gmail\" class=\"wp-image-793\" srcset=\"https:\/\/yvcharron.com\/wp-content\/uploads\/2020\/03\/image-7.png 499w, https:\/\/yvcharron.com\/wp-content\/uploads\/2020\/03\/image-7-300x180.png 300w\" sizes=\"auto, (max-width: 499px) 100vw, 499px\" \/><\/figure>\n<\/div>","protected":false},"excerpt":{"rendered":"<p>Keywords: Mozarabe malaga almeria granada jaen cordoba baena monterrubio merida R\u00e9visions &#8212; 11\/8\/22 : Keywords d\u00e9plac\u00e9s, Tampons cr\u00e9dentiale, centrage liens, titres caract\u00e8re 13 De Grenade \u00e0 M\u00e9rida&nbsp;&#8211;&nbsp;Septembre&nbsp;2018 Malaga, Granada, Pinos Puente, Moclin, Alcala la Real, Alcaudete, Baena, Castro del Rio, Cordoba, Cerro Muriano, Hinojosa del Duque, Sevilla Pour&nbsp;voir les photos, cliquer sur les liens bleus&hellip; <br \/> <a class=\"read-more\" href=\"https:\/\/yvcharron.com\/index.php\/mozarabe\/\">Read more<\/a><\/p>\n","protected":false},"author":1,"featured_media":0,"parent":0,"menu_order":0,"comment_status":"closed","ping_status":"closed","template":"","meta":{"footnotes":""},"class_list":["post-1250","page","type-page","status-publish","hentry"],"yoast_head":"<!-- This site is optimized with the Yoast SEO plugin v24.9 - https:\/\/yoast.com\/wordpress\/plugins\/seo\/ -->\n<title>Via Mozarabe - Granada \u00e0 Merida - CHARRON Yves<\/title>\n<meta name=\"robots\" content=\"index, follow, max-snippet:-1, max-image-preview:large, max-video-preview:-1\" \/>\n<link rel=\"canonical\" href=\"https:\/\/yvcharron.com\/index.php\/mozarabe\/\" \/>\n<meta property=\"og:locale\" content=\"en_US\" \/>\n<meta property=\"og:type\" content=\"article\" \/>\n<meta property=\"og:title\" content=\"Via Mozarabe - Granada \u00e0 Merida - CHARRON Yves\" \/>\n<meta property=\"og:description\" content=\"Keywords: Mozarabe malaga almeria granada jaen cordoba baena monterrubio merida R\u00e9visions &#8212; 11\/8\/22 : Keywords d\u00e9plac\u00e9s, Tampons cr\u00e9dentiale, centrage liens, titres caract\u00e8re 13 De Grenade \u00e0 M\u00e9rida&nbsp;&#8211;&nbsp;Septembre&nbsp;2018 Malaga, Granada, Pinos Puente, Moclin, Alcala la Real, Alcaudete, Baena, Castro del Rio, Cordoba, Cerro Muriano, Hinojosa del Duque, Sevilla Pour&nbsp;voir les photos, cliquer sur les liens bleus&hellip; Read more\" \/>\n<meta property=\"og:url\" content=\"https:\/\/yvcharron.com\/index.php\/mozarabe\/\" \/>\n<meta property=\"og:site_name\" content=\"CHARRON Yves\" \/>\n<meta property=\"article:modified_time\" content=\"2024-08-25T20:25:18+00:00\" \/>\n<meta property=\"og:image\" content=\"https:\/\/yvcharron.com\/wp-content\/uploads\/2021\/02\/Bandeau-Sp_Mozarabe.png\" \/>\n<meta name=\"twitter:card\" content=\"summary_large_image\" \/>\n<meta name=\"twitter:label1\" content=\"Est. reading time\" \/>\n\t<meta name=\"twitter:data1\" content=\"13 minutes\" \/>\n<script type=\"application\/ld+json\" class=\"yoast-schema-graph\">{\"@context\":\"https:\/\/schema.org\",\"@graph\":[{\"@type\":\"WebPage\",\"@id\":\"https:\/\/yvcharron.com\/index.php\/mozarabe\/\",\"url\":\"https:\/\/yvcharron.com\/index.php\/mozarabe\/\",\"name\":\"Via Mozarabe - Granada \u00e0 Merida - CHARRON Yves\",\"isPartOf\":{\"@id\":\"https:\/\/yvcharron.com\/#website\"},\"primaryImageOfPage\":{\"@id\":\"https:\/\/yvcharron.com\/index.php\/mozarabe\/#primaryimage\"},\"image\":{\"@id\":\"https:\/\/yvcharron.com\/index.php\/mozarabe\/#primaryimage\"},\"thumbnailUrl\":\"https:\/\/yvcharron.com\/wp-content\/uploads\/2021\/02\/Bandeau-Sp_Mozarabe.png\",\"datePublished\":\"2020-07-23T12:58:30+00:00\",\"dateModified\":\"2024-08-25T20:25:18+00:00\",\"breadcrumb\":{\"@id\":\"https:\/\/yvcharron.com\/index.php\/mozarabe\/#breadcrumb\"},\"inLanguage\":\"en-US\",\"potentialAction\":[{\"@type\":\"ReadAction\",\"target\":[\"https:\/\/yvcharron.com\/index.php\/mozarabe\/\"]}]},{\"@type\":\"ImageObject\",\"inLanguage\":\"en-US\",\"@id\":\"https:\/\/yvcharron.com\/index.php\/mozarabe\/#primaryimage\",\"url\":\"https:\/\/yvcharron.com\/wp-content\/uploads\/2021\/02\/Bandeau-Sp_Mozarabe.png\",\"contentUrl\":\"https:\/\/yvcharron.com\/wp-content\/uploads\/2021\/02\/Bandeau-Sp_Mozarabe.png\",\"width\":2371,\"height\":482},{\"@type\":\"BreadcrumbList\",\"@id\":\"https:\/\/yvcharron.com\/index.php\/mozarabe\/#breadcrumb\",\"itemListElement\":[{\"@type\":\"ListItem\",\"position\":1,\"name\":\"Home\",\"item\":\"https:\/\/yvcharron.com\/\"},{\"@type\":\"ListItem\",\"position\":2,\"name\":\"Via Mozarabe &#8211; Granada \u00e0 Merida\"}]},{\"@type\":\"WebSite\",\"@id\":\"https:\/\/yvcharron.com\/#website\",\"url\":\"https:\/\/yvcharron.com\/\",\"name\":\"CHARRON Yves\",\"description\":\"Site last update 2024 November 1st\",\"potentialAction\":[{\"@type\":\"SearchAction\",\"target\":{\"@type\":\"EntryPoint\",\"urlTemplate\":\"https:\/\/yvcharron.com\/?s={search_term_string}\"},\"query-input\":{\"@type\":\"PropertyValueSpecification\",\"valueRequired\":true,\"valueName\":\"search_term_string\"}}],\"inLanguage\":\"en-US\"}]}<\/script>\n<!-- \/ Yoast SEO plugin. -->","yoast_head_json":{"title":"Via Mozarabe - Granada \u00e0 Merida - CHARRON Yves","robots":{"index":"index","follow":"follow","max-snippet":"max-snippet:-1","max-image-preview":"max-image-preview:large","max-video-preview":"max-video-preview:-1"},"canonical":"https:\/\/yvcharron.com\/index.php\/mozarabe\/","og_locale":"en_US","og_type":"article","og_title":"Via Mozarabe - Granada \u00e0 Merida - CHARRON Yves","og_description":"Keywords: Mozarabe malaga almeria granada jaen cordoba baena monterrubio merida R\u00e9visions &#8212; 11\/8\/22 : Keywords d\u00e9plac\u00e9s, Tampons cr\u00e9dentiale, centrage liens, titres caract\u00e8re 13 De Grenade \u00e0 M\u00e9rida&nbsp;&#8211;&nbsp;Septembre&nbsp;2018 Malaga, Granada, Pinos Puente, Moclin, Alcala la Real, Alcaudete, Baena, Castro del Rio, Cordoba, Cerro Muriano, Hinojosa del Duque, Sevilla Pour&nbsp;voir les photos, cliquer sur les liens bleus&hellip; Read more","og_url":"https:\/\/yvcharron.com\/index.php\/mozarabe\/","og_site_name":"CHARRON Yves","article_modified_time":"2024-08-25T20:25:18+00:00","og_image":[{"url":"https:\/\/yvcharron.com\/wp-content\/uploads\/2021\/02\/Bandeau-Sp_Mozarabe.png","type":"","width":"","height":""}],"twitter_card":"summary_large_image","twitter_misc":{"Est. reading time":"13 minutes"},"schema":{"@context":"https:\/\/schema.org","@graph":[{"@type":"WebPage","@id":"https:\/\/yvcharron.com\/index.php\/mozarabe\/","url":"https:\/\/yvcharron.com\/index.php\/mozarabe\/","name":"Via Mozarabe - Granada \u00e0 Merida - CHARRON Yves","isPartOf":{"@id":"https:\/\/yvcharron.com\/#website"},"primaryImageOfPage":{"@id":"https:\/\/yvcharron.com\/index.php\/mozarabe\/#primaryimage"},"image":{"@id":"https:\/\/yvcharron.com\/index.php\/mozarabe\/#primaryimage"},"thumbnailUrl":"https:\/\/yvcharron.com\/wp-content\/uploads\/2021\/02\/Bandeau-Sp_Mozarabe.png","datePublished":"2020-07-23T12:58:30+00:00","dateModified":"2024-08-25T20:25:18+00:00","breadcrumb":{"@id":"https:\/\/yvcharron.com\/index.php\/mozarabe\/#breadcrumb"},"inLanguage":"en-US","potentialAction":[{"@type":"ReadAction","target":["https:\/\/yvcharron.com\/index.php\/mozarabe\/"]}]},{"@type":"ImageObject","inLanguage":"en-US","@id":"https:\/\/yvcharron.com\/index.php\/mozarabe\/#primaryimage","url":"https:\/\/yvcharron.com\/wp-content\/uploads\/2021\/02\/Bandeau-Sp_Mozarabe.png","contentUrl":"https:\/\/yvcharron.com\/wp-content\/uploads\/2021\/02\/Bandeau-Sp_Mozarabe.png","width":2371,"height":482},{"@type":"BreadcrumbList","@id":"https:\/\/yvcharron.com\/index.php\/mozarabe\/#breadcrumb","itemListElement":[{"@type":"ListItem","position":1,"name":"Home","item":"https:\/\/yvcharron.com\/"},{"@type":"ListItem","position":2,"name":"Via Mozarabe &#8211; Granada \u00e0 Merida"}]},{"@type":"WebSite","@id":"https:\/\/yvcharron.com\/#website","url":"https:\/\/yvcharron.com\/","name":"CHARRON Yves","description":"Site last update 2024 November 1st","potentialAction":[{"@type":"SearchAction","target":{"@type":"EntryPoint","urlTemplate":"https:\/\/yvcharron.com\/?s={search_term_string}"},"query-input":{"@type":"PropertyValueSpecification","valueRequired":true,"valueName":"search_term_string"}}],"inLanguage":"en-US"}]}},"_links":{"self":[{"href":"https:\/\/yvcharron.com\/index.php\/wp-json\/wp\/v2\/pages\/1250","targetHints":{"allow":["GET"]}}],"collection":[{"href":"https:\/\/yvcharron.com\/index.php\/wp-json\/wp\/v2\/pages"}],"about":[{"href":"https:\/\/yvcharron.com\/index.php\/wp-json\/wp\/v2\/types\/page"}],"author":[{"embeddable":true,"href":"https:\/\/yvcharron.com\/index.php\/wp-json\/wp\/v2\/users\/1"}],"replies":[{"embeddable":true,"href":"https:\/\/yvcharron.com\/index.php\/wp-json\/wp\/v2\/comments?post=1250"}],"version-history":[{"count":37,"href":"https:\/\/yvcharron.com\/index.php\/wp-json\/wp\/v2\/pages\/1250\/revisions"}],"predecessor-version":[{"id":4255,"href":"https:\/\/yvcharron.com\/index.php\/wp-json\/wp\/v2\/pages\/1250\/revisions\/4255"}],"wp:attachment":[{"href":"https:\/\/yvcharron.com\/index.php\/wp-json\/wp\/v2\/media?parent=1250"}],"curies":[{"name":"wp","href":"https:\/\/api.w.org\/{rel}","templated":true}]}}