{"id":1202,"date":"2020-07-22T16:50:50","date_gmt":"2020-07-22T14:50:50","guid":{"rendered":"http:\/\/yvcharron.com\/?page_id=1202"},"modified":"2024-02-20T09:05:25","modified_gmt":"2024-02-20T08:05:25","slug":"camino","status":"publish","type":"page","link":"https:\/\/yvcharron.com\/index.php\/camino\/","title":{"rendered":"CAMINO &#8211; Chemins de St Jacques, Francigena et G.R."},"content":{"rendered":"\n<p class=\"has-text-align-center has-small-font-size\"> Keywords: Camino Chemin Compostelle France Espagne Portugal Italie Charron Yves Isabelle nord sud europe informations g\u00e9n\u00e9rales<\/p>\n\n\n\n<p class=\"has-very-dark-gray-color has-text-color\">Cette page fournit quelques informations sur des chemins de randonn\u00e9e, principalement, ceux de St Jacques de Compostelle. Elles consistent tout d&#8217;abord en un survol des chemins de randonn\u00e9e en Europe et, plus particuli\u00e8rement, dans le sud de l&#8217;Europe. Les informations ont trait \u00e9galement aux moyens de rep\u00e9rage (en d\u00e9veloppement), \u00e0 la documentation (en d\u00e9veloppement) et aux illustrations. <strong>L&#8217;installation des photos et commentaires : \u00e0 85% au 1er janvier 2023<\/strong>. Chemins \u00e0 d\u00e9crire prochainement : Camino Franc\u00e9s, Via de la Plata, etc .<\/p>\n\n\n<div class=\"wp-block-image is-style-default\">\n<figure class=\"aligncenter size-large is-resized\"><img loading=\"lazy\" decoding=\"async\" width=\"1024\" height=\"799\" src=\"https:\/\/yvcharron.com\/wp-content\/uploads\/2024\/02\/Itineraire-Janvier-2024_4-1024x799.jpg\" alt=\"\" class=\"wp-image-3941\" style=\"aspect-ratio:1.2875816993464053;width:560px;height:auto\" srcset=\"https:\/\/yvcharron.com\/wp-content\/uploads\/2024\/02\/Itineraire-Janvier-2024_4-1024x799.jpg 1024w, https:\/\/yvcharron.com\/wp-content\/uploads\/2024\/02\/Itineraire-Janvier-2024_4-300x234.jpg 300w, https:\/\/yvcharron.com\/wp-content\/uploads\/2024\/02\/Itineraire-Janvier-2024_4-768x599.jpg 768w, https:\/\/yvcharron.com\/wp-content\/uploads\/2024\/02\/Itineraire-Janvier-2024_4.jpg 1178w\" sizes=\"auto, (max-width: 1024px) 100vw, 1024px\" \/><figcaption class=\"wp-element-caption\"><strong>Chemins parcourus au 1er janvier 2024<\/strong><\/figcaption><\/figure>\n<\/div>\n\n\n<h2 class=\"wp-block-heading has-text-align-center\">Chemins parcourus avec acc\u00e8s photos par les liens ci-dessous<\/h2>\n\n\n\n<p class=\"has-vivid-green-cyan-color has-text-color has-medium-font-size\"><strong>En France<\/strong><\/p>\n\n\n\n<p><strong>Ile de France<\/strong> : <a href=\"https:\/\/yvcharron.com\/index.php\/ile-de-france\/\">https:\/\/yvcharron.com\/index.php\/ile-de-france\/<\/a><\/p>\n\n\n\n<p><strong>La Loire<\/strong> : <a href=\"https:\/\/yvcharron.com\/index.php\/gr3-la-loire\/\">https:\/\/yvcharron.com\/index.php\/gr3-la-loire\/<\/a><\/p>\n\n\n\n<p><strong>Alsace <\/strong>: <a href=\"http:\/\/yvcharron.com\/index.php\/alsace\/\">http:\/\/yvcharron.com\/index.php\/alsace\/<\/a><\/p>\n\n\n\n<p><strong>C\u00f4te Atlantique<\/strong> : <a href=\"https:\/\/yvcharron.com\/index.php\/gr8-cote-atlantique\/\">https:\/\/yvcharron.com\/index.php\/gr8-cote-atlantique\/<\/a><\/p>\n\n\n\n<p><strong>Corse &#8211; GR20<\/strong> : <a href=\"http:\/\/yvcharron.com\/index.php\/corse-gr20-fr\/\">http:\/\/yvcharron.com\/index.php\/corse-gr20-fr\/<\/a><\/p>\n\n\n\n<p><strong>Voie du Puy en Velay<\/strong> : <a href=\"https:\/\/yvcharron.com\/index.php\/voie-du-puy-en-velay-via-podiensis\/\">https:\/\/yvcharron.com\/index.php\/voie-du-puy-en-velay-via-podiensis\/<\/a>;<\/p>\n\n\n\n<p><strong>Voie d&#8217;Arles<\/strong> : <a href=\"https:\/\/yvcharron.com\/index.php\/via-tolosana\/\">https:\/\/yvcharron.com\/index.php\/via-tolosana\/<\/a><\/p>\n\n\n\n<p><strong>Voie de V\u00e9zelay<\/strong> : <a href=\"https:\/\/yvcharron.com\/index.php\/vezelay\/\">https:\/\/yvcharron.com\/index.php\/vezelay\/<\/a>;  <\/p>\n\n\n\n<p><strong>Voie de Tours<\/strong> : <a href=\"http:\/\/yvcharron.com\/index.php\/voie-de-tours\/\">http:\/\/yvcharron.com\/index.php\/voie-de-tours\/<\/a> ;<\/p>\n\n\n\n<p><strong>Chemin de Stevenson<\/strong> : <a href=\"http:\/\/yvcharron.com\/index.php\/chemin-de-stevenson\/\">http:\/\/yvcharron.com\/index.php\/chemin-de-stevenson\/<\/a><\/p>\n\n\n\n<p><strong>Pi\u00e9mont pyr\u00e9n\u00e9en<\/strong> : <a href=\"http:\/\/yvcharron.com\/index.php\/piemont-pyreneen\/\">http:\/\/yvcharron.com\/index.php\/piemont-pyreneen\/<\/a> ;  <\/p>\n\n\n\n<p><strong>Bretagne<\/strong> : <a href=\"https:\/\/yvcharron.com\/index.php\/bretagne\/\">https:\/\/yvcharron.com\/index.php\/bretagne\/<\/a><\/p>\n\n\n\n<p class=\"has-text-align-center\">_<\/p>\n\n\n\n<p class=\"has-vivid-green-cyan-color has-text-color has-medium-font-size\"><strong>En Espagne<\/strong><\/p>\n\n\n\n<p><strong>Camino Frances<\/strong> : <a href=\"http:\/\/yvcharron.com\/index.php\/camino-frances\/\">http:\/\/yvcharron.com\/index.php\/camino-frances\/<\/a> ;<\/p>\n\n\n\n<p><strong>Camino del Norte : <\/strong><a href=\"http:\/\/yvcharron.com\/index.php\/camino-del-norte\/\">http:\/\/yvcharron.com\/index.php\/camino-del-norte\/<\/a><strong>&nbsp;; <\/strong><\/p>\n\n\n\n<p><strong>Via de la plata<\/strong> : <a href=\"http:\/\/yvcharron.com\/index.php\/via-de-la-plata\/\">http:\/\/yvcharron.com\/index.php\/via-de-la-plata\/<\/a><strong>&nbsp;; <\/strong><\/p>\n\n\n\n<p><strong>Via Mozarabe<\/strong> : <a href=\"https:\/\/yvcharron.com\/index.php\/mozarabe\/\">https:\/\/yvcharron.com\/index.php\/mozarabe\/<\/a><\/p>\n\n\n\n<p class=\"has-text-align-center has-cyan-bluish-gray-color has-text-color\">_<\/p>\n\n\n\n<p class=\"has-vivid-green-cyan-color has-text-color has-medium-font-size\"><strong>Au Portugal<\/strong> <\/p>\n\n\n\n<p><strong>Via Lusitana<\/strong> : <a href=\"https:\/\/yvcharron.com\/index.php\/lusitana\/\">https:\/\/yvcharron.com\/index.php\/lusitana\/<\/a><\/p>\n\n\n\n<p class=\"has-text-align-center has-cyan-bluish-gray-color has-text-color\">_<\/p>\n\n\n\n<p class=\"has-text-align-left has-vivid-green-cyan-color has-text-color has-medium-font-size\"><strong>En Italie<\/strong><\/p>\n\n\n\n<p><strong>Via Francigena :<\/strong><a href=\"http:\/\/yvcharron.com\/index.php\/via-francigena-it\/\">http:\/\/yvcharron.com\/index.php\/via-francigena-it\/<\/a><\/p>\n\n\n\n<p class=\"has-text-align-center has-cyan-bluish-gray-color has-text-color\">_<\/p>\n\n\n\n<p class=\"has-vivid-green-cyan-color has-text-color has-medium-font-size\"><strong>En Suisse<\/strong><\/p>\n\n\n\n<p><strong>Via Jacobi <\/strong>: <a href=\"https:\/\/yvcharron.com\/index.php\/via-jacobi\/\">https:\/\/yvcharron.com\/index.php\/via-jacobi\/<\/a><\/p>\n\n\n\n<p class=\"has-text-align-center has-cyan-bluish-gray-color has-text-color\">_<\/p>\n\n\n\n<h2 class=\"wp-block-heading has-text-align-center has-very-dark-gray-color has-text-color has-large-font-size\"><strong>Chemins parcourus<\/strong> par les auteurs de ce site au cours de ces derni\u00e8res ann\u00e9es<\/h2>\n\n\n\n<p>.<\/p>\n\n\n\n<div class=\"wp-block-media-text is-stacked-on-mobile\" style=\"grid-template-columns:53% auto\"><figure class=\"wp-block-media-text__media\"><img loading=\"lazy\" decoding=\"async\" width=\"1024\" height=\"799\" src=\"https:\/\/yvcharron.com\/wp-content\/uploads\/2024\/02\/Itineraire-Janvier-2024_4-1024x799.jpg\" alt=\"\" class=\"wp-image-3941 size-full\" srcset=\"https:\/\/yvcharron.com\/wp-content\/uploads\/2024\/02\/Itineraire-Janvier-2024_4-1024x799.jpg 1024w, https:\/\/yvcharron.com\/wp-content\/uploads\/2024\/02\/Itineraire-Janvier-2024_4-300x234.jpg 300w, https:\/\/yvcharron.com\/wp-content\/uploads\/2024\/02\/Itineraire-Janvier-2024_4-768x599.jpg 768w, https:\/\/yvcharron.com\/wp-content\/uploads\/2024\/02\/Itineraire-Janvier-2024_4.jpg 1178w\" sizes=\"auto, (max-width: 1024px) 100vw, 1024px\" \/><\/figure><div class=\"wp-block-media-text__content\">\n<p class=\"has-text-align-center has-vivid-green-cyan-color has-text-color has-large-font-size\"><strong>Chemins parcourus<\/strong><\/p>\n\n\n\n<p class=\"has-text-align-center has-vivid-green-cyan-color has-text-color has-large-font-size\"><strong> en 2023<\/strong> <\/p>\n\n\n\n<p class=\"has-text-align-center has-black-color has-text-color\">&#8211; <strong>Le GR1 <\/strong>(L&#8217;\u00eele de France) : de Dammartin en Go\u00eble \u00e0 Verneuil l&#8217;\u00e9tang<\/p>\n\n\n\n<p class=\"has-text-align-center has-black-color has-text-color\">&#8211; <strong>La Francigena <\/strong> : de Reims \u00e0 Lausanne<\/p>\n\n\n\n<p class=\"has-text-align-center has-black-color has-text-color\">&#8211; <strong>La Via Jacobi<\/strong> : d&#8217;Interlaken \u00e0 Gen\u00e8ve<\/p>\n<\/div><\/div>\n\n\n\n<p class=\"has-text-align-center\">.<\/p>\n\n\n\n<div class=\"wp-block-media-text alignwide is-stacked-on-mobile\" style=\"grid-template-columns:45% auto\"><figure class=\"wp-block-media-text__media\"><img loading=\"lazy\" decoding=\"async\" width=\"1024\" height=\"798\" src=\"https:\/\/yvcharron.com\/wp-content\/uploads\/2022\/11\/Chemins-Compostelle_Janv-2023-YvIsa-1024x798.png\" alt=\"\" class=\"wp-image-3092 size-full\" srcset=\"https:\/\/yvcharron.com\/wp-content\/uploads\/2022\/11\/Chemins-Compostelle_Janv-2023-YvIsa-1024x798.png 1024w, https:\/\/yvcharron.com\/wp-content\/uploads\/2022\/11\/Chemins-Compostelle_Janv-2023-YvIsa-300x234.png 300w, https:\/\/yvcharron.com\/wp-content\/uploads\/2022\/11\/Chemins-Compostelle_Janv-2023-YvIsa-768x599.png 768w, https:\/\/yvcharron.com\/wp-content\/uploads\/2022\/11\/Chemins-Compostelle_Janv-2023-YvIsa.png 1188w\" sizes=\"auto, (max-width: 1024px) 100vw, 1024px\" \/><\/figure><div class=\"wp-block-media-text__content\">\n<p class=\"has-text-align-center has-vivid-green-cyan-color has-text-color has-large-font-size\"><strong>Chemins parcourus<\/strong><\/p>\n\n\n\n<p class=\"has-text-align-center has-vivid-green-cyan-color has-text-color has-large-font-size\"><strong> en 2022<\/strong> <\/p>\n\n\n\n<p class=\"has-text-align-center has-black-color has-text-color\">&#8211; <strong>Le GR1 <\/strong>(L&#8217;\u00eele de France) : de Bouray \/ Juine \u00e0 Dammartin en Go\u00eble par l&#8217;ouest<\/p>\n\n\n\n<p class=\"has-text-align-center has-black-color has-text-color\">&#8211; <strong>Le GR3<\/strong> (La Loire) : de Nevers \u00e0 Gien, de Tours \u00e0 Angers et d&#8217;Angers \u00e0 St Nazaire<\/p>\n\n\n\n<p class=\"has-text-align-center has-black-color has-text-color\">&#8211; <strong>Le GR8 <\/strong>(C\u00f4te atlantique)<strong> <\/strong>: de St Nazaire \u00e0 La Rochelle<\/p>\n\n\n\n<p class=\"has-text-align-center has-black-color has-text-color\">&#8211; <strong>La Via Jacobi<\/strong> : de St Gallen \u00e0 Interlaken<\/p>\n<\/div><\/div>\n\n\n\n<p class=\"has-text-align-center\">.<\/p>\n\n\n\n<div class=\"wp-block-media-text alignwide is-stacked-on-mobile\" style=\"grid-template-columns:40% auto\"><figure class=\"wp-block-media-text__media\"><img loading=\"lazy\" decoding=\"async\" width=\"1024\" height=\"800\" src=\"https:\/\/yvcharron.com\/wp-content\/uploads\/2022\/08\/Chemins-Compostelle-Janv-2022-1024x800.png\" alt=\"\" class=\"wp-image-2937 size-full\" srcset=\"https:\/\/yvcharron.com\/wp-content\/uploads\/2022\/08\/Chemins-Compostelle-Janv-2022-1024x800.png 1024w, https:\/\/yvcharron.com\/wp-content\/uploads\/2022\/08\/Chemins-Compostelle-Janv-2022-300x234.png 300w, https:\/\/yvcharron.com\/wp-content\/uploads\/2022\/08\/Chemins-Compostelle-Janv-2022-768x600.png 768w, https:\/\/yvcharron.com\/wp-content\/uploads\/2022\/08\/Chemins-Compostelle-Janv-2022.png 1187w\" sizes=\"auto, (max-width: 1024px) 100vw, 1024px\" \/><\/figure><div class=\"wp-block-media-text__content\">\n<p class=\"has-text-align-center has-vivid-green-cyan-color has-text-color has-large-font-size\"><strong>Chemins parcourus<\/strong><\/p>\n\n\n\n<p class=\"has-text-align-center has-vivid-green-cyan-color has-text-color has-large-font-size\"><strong> en 2021<\/strong> <\/p>\n\n\n\n<p class=\"has-text-align-center has-black-color has-text-color\">&#8211; <strong>La voie de V\u00e9zelay<\/strong> : d&#8217;Avalon \u00e0 Argenton sur Creuse<\/p>\n\n\n\n<p class=\"has-text-align-center has-black-color has-text-color\">&#8211; <strong>La Bretagne<\/strong> : de la pointe St Mathieu \u00e0 Redon<\/p>\n\n\n\n<p class=\"has-text-align-center has-black-color has-text-color\">&#8211; <strong>La voie de Tours <\/strong>: d&#8217;Arcachon \u00e0 Bayonne <\/p>\n<\/div><\/div>\n\n\n\n<p class=\"has-cyan-bluish-gray-color has-text-color has-small-font-size\">.<\/p>\n\n\n\n<div class=\"wp-block-media-text alignwide is-stacked-on-mobile\" style=\"grid-template-columns:35% auto\"><figure class=\"wp-block-media-text__media\"><img loading=\"lazy\" decoding=\"async\" width=\"1024\" height=\"766\" src=\"http:\/\/yvcharron.com\/wp-content\/uploads\/2021\/01\/Chemins-Compostelle-Jan2021_2101_NBA4-1024x766.png\" alt=\"Chemins parcourus par Yves et Isabelle - Janvier 2021\" class=\"wp-image-2276 size-full\" srcset=\"https:\/\/yvcharron.com\/wp-content\/uploads\/2021\/01\/Chemins-Compostelle-Jan2021_2101_NBA4-1024x766.png 1024w, https:\/\/yvcharron.com\/wp-content\/uploads\/2021\/01\/Chemins-Compostelle-Jan2021_2101_NBA4-300x225.png 300w, https:\/\/yvcharron.com\/wp-content\/uploads\/2021\/01\/Chemins-Compostelle-Jan2021_2101_NBA4-768x575.png 768w, https:\/\/yvcharron.com\/wp-content\/uploads\/2021\/01\/Chemins-Compostelle-Jan2021_2101_NBA4.png 1244w\" sizes=\"auto, (max-width: 1024px) 100vw, 1024px\" \/><\/figure><div class=\"wp-block-media-text__content\">\n<p class=\"has-text-align-center has-vivid-green-cyan-color has-text-color has-large-font-size\"><strong>Chemins parcourus<\/strong><\/p>\n\n\n\n<p class=\"has-text-align-center has-vivid-green-cyan-color has-text-color has-large-font-size\"><strong> ant\u00e9rieurement \u00e0 2021<\/strong><\/p>\n\n\n\n<p class=\"has-text-align-center has-black-color has-text-color\"><strong>en France, en Espagne, au Portugal et en Italie<\/strong> :  des chemins de Compostelle, de Rome (Francigena) mais \u00e9galement des G.R.<\/p>\n<\/div><\/div>\n\n\n\n<p class=\"has-text-align-center\">_<\/p>\n\n\n\n<h2 class=\"wp-block-heading has-text-align-center\"><strong>Cartes des chemins de Compostelle<\/strong> : du Nord vers le Sud de l&#8217;Europe<\/h2>\n\n\n\n<p class=\"has-text-align-center\">_<\/p>\n\n\n\n<p class=\"has-text-align-center has-very-dark-gray-color has-text-color has-medium-font-size\"><strong>Chemins de l&#8217;Europe du Nord et de l&#8217;Est vers l&#8217;Europe du Sud<\/strong><\/p>\n\n\n\n<div class=\"wp-block-media-text alignwide is-stacked-on-mobile\" style=\"grid-template-columns:52% auto\"><figure class=\"wp-block-media-text__media\"><img loading=\"lazy\" decoding=\"async\" width=\"1024\" height=\"721\" src=\"http:\/\/yvcharron.com\/wp-content\/uploads\/2021\/01\/1200px-Stjacquescompostelle-1024x721.png\" alt=\"Carte Europe - St Jacques \" class=\"wp-image-2279 size-full\" srcset=\"https:\/\/yvcharron.com\/wp-content\/uploads\/2021\/01\/1200px-Stjacquescompostelle-1024x721.png 1024w, https:\/\/yvcharron.com\/wp-content\/uploads\/2021\/01\/1200px-Stjacquescompostelle-300x211.png 300w, https:\/\/yvcharron.com\/wp-content\/uploads\/2021\/01\/1200px-Stjacquescompostelle-768x541.png 768w, https:\/\/yvcharron.com\/wp-content\/uploads\/2021\/01\/1200px-Stjacquescompostelle.png 1200w\" sizes=\"auto, (max-width: 1024px) 100vw, 1024px\" \/><\/figure><div class=\"wp-block-media-text__content\">\n<p class=\"has-very-dark-gray-color has-text-color\">Ces chemins se dirigent vers St Jacques de Compostelle et vers Rome. Apr\u00e8s Rome, ces chemins peuvent se poursuivre, en Italie, vers Bari et Brindisi pour rejoindre par la suite J\u00e9rusalem par bateau.  <\/p>\n\n\n\n<p>Carte extraite de Wikip\u00e9dia. Remerciements \u00e0 son auteur : Mr Manfred Zentgraf  \u2014 <a href=\"http:\/\/www.jakobuspilger-zentgraf.de\/\">Manfred Zentgraf, Volkach, Germany<\/a>, <a href=\"http:\/\/creativecommons.org\/licenses\/by-sa\/3.0\/\">CC BY-SA 3.0<\/a>, <a href=\"https:\/\/commons.wikimedia.org\/w\/index.php?curid=1377930\">Lien<\/a><\/p>\n<\/div><\/div>\n\n\n\n<p class=\"has-text-align-center\">&#8211;<\/p>\n\n\n\n<p class=\"has-text-align-center has-very-dark-gray-color has-text-color has-medium-font-size\"><strong>Principaux chemins de Compostelle en France<\/strong> <\/p>\n\n\n\n<div class=\"wp-block-media-text alignwide is-stacked-on-mobile\" style=\"grid-template-columns:53% auto\"><figure class=\"wp-block-media-text__media\"><img loading=\"lazy\" decoding=\"async\" width=\"978\" height=\"1024\" src=\"http:\/\/yvcharron.com\/wp-content\/uploads\/2021\/01\/1032px-Chemins-Saint-Jacques-PM-en-France_fr.svg_-978x1024-978x1024.png\" alt=\"Turonensis, Lemovocensis, Podiensis et Tolosana\" class=\"wp-image-2280 size-full\" srcset=\"https:\/\/yvcharron.com\/wp-content\/uploads\/2021\/01\/1032px-Chemins-Saint-Jacques-PM-en-France_fr.svg_-978x1024.png 978w, https:\/\/yvcharron.com\/wp-content\/uploads\/2021\/01\/1032px-Chemins-Saint-Jacques-PM-en-France_fr.svg_-978x1024-287x300.png 287w, https:\/\/yvcharron.com\/wp-content\/uploads\/2021\/01\/1032px-Chemins-Saint-Jacques-PM-en-France_fr.svg_-978x1024-768x804.png 768w\" sizes=\"auto, (max-width: 978px) 100vw, 978px\" \/><\/figure><div class=\"wp-block-media-text__content\">\n<p class=\"has-very-dark-gray-color has-text-color\"> <br>Principales voies de Compostelle en France : Via Turonensis (Paris, Tours, Bordeaux), Via Lemovicensis (V\u00e9zelay, Limoges), Via Podiensis (Le Puy en Velay, Cahors) et la Via Tolosona (Arles, Toulouse).<\/p>\n\n\n\n<p>Elles convergent g\u00e9n\u00e9ralement vers St Jean Pied de Port et Roncevaux sauf la Via Tolosana qui passe par le col du Somport.<\/p>\n\n\n\n<p class=\"has-vivid-green-cyan-color has-white-background-color has-text-color has-background\">Nous avons personnellement parcouru des sections de la Via Turonensis, de la Via Lemovicensis, de la Via Podiensis et de la Via Tolosona. Acc\u00e8s aux photos dans la section * * FRANCE * *. <\/p>\n\n\n\n<p class=\"has-vivid-cyan-blue-color has-text-color\"><a href=\"https:\/\/fr.wikipedia.org\/wiki\/Chemins_de_Compostelle_en_France\">https:\/\/fr.wikipedia.org\/wiki\/Chemins_de_Compostelle_en_France<\/a>  <\/p>\n<\/div><\/div>\n\n\n\n<p class=\"has-text-align-center\">&#8211;<\/p>\n\n\n\n<p class=\"has-text-align-center has-very-dark-gray-color has-text-color has-medium-font-size\"><strong>Liaison entre les principaux chemins de Compostelle en France et le Camino Franc\u00e9s en Espagne<\/strong><\/p>\n\n\n\n<div class=\"wp-block-media-text alignwide is-stacked-on-mobile\" style=\"grid-template-columns:45% auto\"><figure class=\"wp-block-media-text__media\"><img loading=\"lazy\" decoding=\"async\" width=\"1024\" height=\"862\" src=\"http:\/\/yvcharron.com\/wp-content\/uploads\/2021\/01\/Routes_de_St_jacques_de_Compostelle.svg_-1024x862.png\" alt=\"Jonction dans le sud Ouest avec le Camino Franc\u00e9s\" class=\"wp-image-2287 size-full\" srcset=\"https:\/\/yvcharron.com\/wp-content\/uploads\/2021\/01\/Routes_de_St_jacques_de_Compostelle.svg_-1024x862.png 1024w, https:\/\/yvcharron.com\/wp-content\/uploads\/2021\/01\/Routes_de_St_jacques_de_Compostelle.svg_-300x253.png 300w, https:\/\/yvcharron.com\/wp-content\/uploads\/2021\/01\/Routes_de_St_jacques_de_Compostelle.svg_-768x646.png 768w, https:\/\/yvcharron.com\/wp-content\/uploads\/2021\/01\/Routes_de_St_jacques_de_Compostelle.svg_.png 1200w\" sizes=\"auto, (max-width: 1024px) 100vw, 1024px\" \/><\/figure><div class=\"wp-block-media-text__content\">\n<p class=\"has-very-dark-gray-color has-text-color\"> Les chemins fran\u00e7ais en provenance de St Jean de Pied de Port (Tours, V\u00e9zelay et Le Puy en Velay) et du Somport (Arles et Toulouse) se rejoignent en Espagne \u00e0 Puente la Reina.<\/p>\n\n\n\n<p class=\"has-very-dark-gray-color has-text-color\">Le Camino Franc\u00e9s se poursuit en Espagne par les villes de <strong>Burgos<\/strong>, <strong>L\u00e9on<\/strong> avant de rejoindre St Jacques de Compostelle. Le Camino Franc\u00e9s se termine en r\u00e9alit\u00e9 au del\u00e0 de St Jacques, \u00e0 <strong>Finisterre<\/strong> (voir carte Espagne). <\/p>\n\n\n\n<p><br>Carte Par <a href=\"https:\/\/commons.wikimedia.org\/w\/index.php?curid=1375186\">Routes de St jacques de Compostelle.svg<\/a>  <a href=\"https:\/\/commons.wikimedia.org\/w\/index.php?curid=1375186\">Lien<\/a> <\/p>\n<\/div><\/div>\n\n\n\n<p class=\"has-text-align-center\">&#8211;<\/p>\n\n\n\n<p class=\"has-text-align-center has-very-dark-gray-color has-text-color has-medium-font-size\"><strong>Principaux chemins de Compostelle en Espagne<\/strong><\/p>\n\n\n\n<div class=\"wp-block-media-text alignwide is-stacked-on-mobile\" style=\"grid-template-columns:41% auto\"><figure class=\"wp-block-media-text__media\"><img loading=\"lazy\" decoding=\"async\" width=\"795\" height=\"624\" src=\"http:\/\/yvcharron.com\/wp-content\/uploads\/2021\/01\/chemins_espagne_portugal.png\" alt=\"Principales voies en Espagne\" class=\"wp-image-2288 size-full\" srcset=\"https:\/\/yvcharron.com\/wp-content\/uploads\/2021\/01\/chemins_espagne_portugal.png 795w, https:\/\/yvcharron.com\/wp-content\/uploads\/2021\/01\/chemins_espagne_portugal-300x235.png 300w, https:\/\/yvcharron.com\/wp-content\/uploads\/2021\/01\/chemins_espagne_portugal-768x603.png 768w\" sizes=\"auto, (max-width: 795px) 100vw, 795px\" \/><\/figure><div class=\"wp-block-media-text__content\">\n<p class=\"has-very-dark-gray-color has-text-color\">Camino Franc\u00e9s (Roncevales, Burgos, L\u00e9on \u00e0 Santiago), Camino del Norte (Irun, Bilbao, Oviedo, Lugo \u00e0 Santiago), La Via de la Plata (S\u00e9ville, Salamanque \u00e0 Santiago), Mozarabe (Grenade, Coudoue \u00e0 M\u00e9rida), Camino de Sanabria (Valencia, Tol\u00e8de, Ourense \u00e0 Santiago) pour ne citer que quelques uns.  Source de la carte :<\/p>\n\n\n\n<p><a href=\"https:\/\/images.app.goo.gl\/P2k98QFvE1vUH6kM6\">https:\/\/images.app.goo.gl\/P2k98QFvE1vUH6kM6<\/a><\/p>\n\n\n\n<p class=\"has-vivid-green-cyan-color has-white-background-color has-text-color has-background\">Nous avons personnellement parcouru el Camino Franc\u00e9s, el Camino del Norte, la Via de la Plata et el Camino Mozarabe<strong>. <\/strong> Voir les photos dans l&#8217;annexe * * ESPAGNE * *.   <\/p>\n<\/div><\/div>\n\n\n\n<p class=\"has-text-align-center\">&#8211;<\/p>\n\n\n\n<p class=\"has-text-align-center has-very-dark-gray-color has-text-color has-medium-font-size\"><strong>Principaux chemins de Compostelle au Portugal<\/strong><\/p>\n\n\n\n<div class=\"wp-block-media-text alignwide is-stacked-on-mobile\" style=\"grid-template-columns:32% auto\"><figure class=\"wp-block-media-text__media\"><img loading=\"lazy\" decoding=\"async\" width=\"551\" height=\"1024\" src=\"http:\/\/yvcharron.com\/wp-content\/uploads\/2021\/01\/Carte-Compostelle-Portugal-551x1024-551x1024.jpg\" alt=\"Principaux chemins au Portugal.\" class=\"wp-image-2289 size-full\" srcset=\"https:\/\/yvcharron.com\/wp-content\/uploads\/2021\/01\/Carte-Compostelle-Portugal-551x1024.jpg 551w, https:\/\/yvcharron.com\/wp-content\/uploads\/2021\/01\/Carte-Compostelle-Portugal-551x1024-161x300.jpg 161w\" sizes=\"auto, (max-width: 551px) 100vw, 551px\" \/><\/figure><div class=\"wp-block-media-text__content\">\n<p class=\"has-very-dark-gray-color has-text-color\"> Les chemins les plus connus partent de Lisbonne toutefois quelques chemins partent de l&#8217;Algarve. Un premier chemin longe la c\u00f4te atlantique en passant par Sintra, Batalha, Porto, Viana de Castelo, Tui (\u00e0 la fronti\u00e8re) puis en Espagne, Pontevedra, Padron avant de rejoindre Santiago.<\/p>\n\n\n\n<p class=\"has-very-dark-gray-color has-text-color\">Un autre chemin s&#8217;\u00e9loigne  l\u00e9g\u00e8rement de la c\u00f4te en passant par Santarem, Tomar, Coimbra, Guimares et Barcelos. Il existe \u00e9galement un chemin traversant l&#8217;Alentejo et passant par Beja, Evora, Guarda et Bragan\u00e7\u00e0. Ce chemin rejoint la Via de la Plata en Espagne \u00e0 Ourense.  <\/p>\n\n\n\n<p class=\"has-vivid-green-cyan-color has-white-background-color has-text-color has-background\"> Nous avons personnellement parcouru le chemin portugais ou <strong>Via Lusitana<\/strong> comme d\u00e9crit dans le livre des \u00e9ditions Lep\u00e8re (auteurs : Andr\u00e9 Dehnel et Yvette Terrien). Ce chemin part de Lisbonne et passe par Santarem, Fatima, Coimbra, Porto et Pontevedra. Voir les photos dans l&#8217;annexe * * PORTUGAL * *. <\/p>\n\n\n\n<p><a href=\"https:\/\/images.app.goo.gl\/pVWPhrn9enLR3MBX9\">https:\/\/images.app.goo.gl\/pVWPhrn9enLR3MBX9<\/a><\/p>\n<\/div><\/div>\n\n\n\n<p class=\"has-vivid-cyan-blue-color has-text-color\">_<\/p>\n","protected":false},"excerpt":{"rendered":"<p>Keywords: Camino Chemin Compostelle France Espagne Portugal Italie Charron Yves Isabelle nord sud europe informations g\u00e9n\u00e9rales Cette page fournit quelques informations sur des chemins de randonn\u00e9e, principalement, ceux de St Jacques de Compostelle. Elles consistent tout d&#8217;abord en un survol des chemins de randonn\u00e9e en Europe et, plus particuli\u00e8rement, dans le sud de l&#8217;Europe. Les&hellip; <br \/> <a class=\"read-more\" href=\"https:\/\/yvcharron.com\/index.php\/camino\/\">Read more<\/a><\/p>\n","protected":false},"author":1,"featured_media":0,"parent":0,"menu_order":0,"comment_status":"closed","ping_status":"closed","template":"","meta":{"footnotes":""},"class_list":["post-1202","page","type-page","status-publish","hentry"],"yoast_head":"<!-- This site is optimized with the Yoast SEO plugin v24.9 - https:\/\/yoast.com\/wordpress\/plugins\/seo\/ -->\n<title>CAMINO - Chemins de St Jacques, Francigena et G.R. - CHARRON Yves<\/title>\n<meta name=\"robots\" content=\"index, follow, max-snippet:-1, max-image-preview:large, max-video-preview:-1\" \/>\n<link rel=\"canonical\" href=\"https:\/\/yvcharron.com\/index.php\/camino\/\" \/>\n<meta property=\"og:locale\" content=\"en_US\" \/>\n<meta property=\"og:type\" content=\"article\" \/>\n<meta property=\"og:title\" content=\"CAMINO - Chemins de St Jacques, Francigena et G.R. - CHARRON Yves\" \/>\n<meta property=\"og:description\" content=\"Keywords: Camino Chemin Compostelle France Espagne Portugal Italie Charron Yves Isabelle nord sud europe informations g\u00e9n\u00e9rales Cette page fournit quelques informations sur des chemins de randonn\u00e9e, principalement, ceux de St Jacques de Compostelle. Elles consistent tout d&#8217;abord en un survol des chemins de randonn\u00e9e en Europe et, plus particuli\u00e8rement, dans le sud de l&#8217;Europe. Les&hellip; Read more\" \/>\n<meta property=\"og:url\" content=\"https:\/\/yvcharron.com\/index.php\/camino\/\" \/>\n<meta property=\"og:site_name\" content=\"CHARRON Yves\" \/>\n<meta property=\"article:modified_time\" content=\"2024-02-20T08:05:25+00:00\" \/>\n<meta property=\"og:image\" content=\"https:\/\/yvcharron.com\/wp-content\/uploads\/2024\/02\/Itineraire-Janvier-2024_4-1024x799.jpg\" \/>\n<meta name=\"twitter:card\" content=\"summary_large_image\" \/>\n<meta name=\"twitter:label1\" content=\"Est. reading time\" \/>\n\t<meta name=\"twitter:data1\" content=\"6 minutes\" \/>\n<script type=\"application\/ld+json\" class=\"yoast-schema-graph\">{\"@context\":\"https:\/\/schema.org\",\"@graph\":[{\"@type\":\"WebPage\",\"@id\":\"https:\/\/yvcharron.com\/index.php\/camino\/\",\"url\":\"https:\/\/yvcharron.com\/index.php\/camino\/\",\"name\":\"CAMINO - Chemins de St Jacques, Francigena et G.R. - CHARRON Yves\",\"isPartOf\":{\"@id\":\"https:\/\/yvcharron.com\/#website\"},\"primaryImageOfPage\":{\"@id\":\"https:\/\/yvcharron.com\/index.php\/camino\/#primaryimage\"},\"image\":{\"@id\":\"https:\/\/yvcharron.com\/index.php\/camino\/#primaryimage\"},\"thumbnailUrl\":\"https:\/\/yvcharron.com\/wp-content\/uploads\/2024\/02\/Itineraire-Janvier-2024_4-1024x799.jpg\",\"datePublished\":\"2020-07-22T14:50:50+00:00\",\"dateModified\":\"2024-02-20T08:05:25+00:00\",\"breadcrumb\":{\"@id\":\"https:\/\/yvcharron.com\/index.php\/camino\/#breadcrumb\"},\"inLanguage\":\"en-US\",\"potentialAction\":[{\"@type\":\"ReadAction\",\"target\":[\"https:\/\/yvcharron.com\/index.php\/camino\/\"]}]},{\"@type\":\"ImageObject\",\"inLanguage\":\"en-US\",\"@id\":\"https:\/\/yvcharron.com\/index.php\/camino\/#primaryimage\",\"url\":\"https:\/\/yvcharron.com\/wp-content\/uploads\/2024\/02\/Itineraire-Janvier-2024_4.jpg\",\"contentUrl\":\"https:\/\/yvcharron.com\/wp-content\/uploads\/2024\/02\/Itineraire-Janvier-2024_4.jpg\",\"width\":1178,\"height\":919},{\"@type\":\"BreadcrumbList\",\"@id\":\"https:\/\/yvcharron.com\/index.php\/camino\/#breadcrumb\",\"itemListElement\":[{\"@type\":\"ListItem\",\"position\":1,\"name\":\"Home\",\"item\":\"https:\/\/yvcharron.com\/\"},{\"@type\":\"ListItem\",\"position\":2,\"name\":\"CAMINO &#8211; Chemins de St Jacques, Francigena et G.R.\"}]},{\"@type\":\"WebSite\",\"@id\":\"https:\/\/yvcharron.com\/#website\",\"url\":\"https:\/\/yvcharron.com\/\",\"name\":\"CHARRON Yves\",\"description\":\"Site last update 2024 November 1st\",\"potentialAction\":[{\"@type\":\"SearchAction\",\"target\":{\"@type\":\"EntryPoint\",\"urlTemplate\":\"https:\/\/yvcharron.com\/?s={search_term_string}\"},\"query-input\":{\"@type\":\"PropertyValueSpecification\",\"valueRequired\":true,\"valueName\":\"search_term_string\"}}],\"inLanguage\":\"en-US\"}]}<\/script>\n<!-- \/ Yoast SEO plugin. -->","yoast_head_json":{"title":"CAMINO - Chemins de St Jacques, Francigena et G.R. - CHARRON Yves","robots":{"index":"index","follow":"follow","max-snippet":"max-snippet:-1","max-image-preview":"max-image-preview:large","max-video-preview":"max-video-preview:-1"},"canonical":"https:\/\/yvcharron.com\/index.php\/camino\/","og_locale":"en_US","og_type":"article","og_title":"CAMINO - Chemins de St Jacques, Francigena et G.R. - CHARRON Yves","og_description":"Keywords: Camino Chemin Compostelle France Espagne Portugal Italie Charron Yves Isabelle nord sud europe informations g\u00e9n\u00e9rales Cette page fournit quelques informations sur des chemins de randonn\u00e9e, principalement, ceux de St Jacques de Compostelle. Elles consistent tout d&#8217;abord en un survol des chemins de randonn\u00e9e en Europe et, plus particuli\u00e8rement, dans le sud de l&#8217;Europe. Les&hellip; Read more","og_url":"https:\/\/yvcharron.com\/index.php\/camino\/","og_site_name":"CHARRON Yves","article_modified_time":"2024-02-20T08:05:25+00:00","og_image":[{"url":"https:\/\/yvcharron.com\/wp-content\/uploads\/2024\/02\/Itineraire-Janvier-2024_4-1024x799.jpg","type":"","width":"","height":""}],"twitter_card":"summary_large_image","twitter_misc":{"Est. reading time":"6 minutes"},"schema":{"@context":"https:\/\/schema.org","@graph":[{"@type":"WebPage","@id":"https:\/\/yvcharron.com\/index.php\/camino\/","url":"https:\/\/yvcharron.com\/index.php\/camino\/","name":"CAMINO - Chemins de St Jacques, Francigena et G.R. - CHARRON Yves","isPartOf":{"@id":"https:\/\/yvcharron.com\/#website"},"primaryImageOfPage":{"@id":"https:\/\/yvcharron.com\/index.php\/camino\/#primaryimage"},"image":{"@id":"https:\/\/yvcharron.com\/index.php\/camino\/#primaryimage"},"thumbnailUrl":"https:\/\/yvcharron.com\/wp-content\/uploads\/2024\/02\/Itineraire-Janvier-2024_4-1024x799.jpg","datePublished":"2020-07-22T14:50:50+00:00","dateModified":"2024-02-20T08:05:25+00:00","breadcrumb":{"@id":"https:\/\/yvcharron.com\/index.php\/camino\/#breadcrumb"},"inLanguage":"en-US","potentialAction":[{"@type":"ReadAction","target":["https:\/\/yvcharron.com\/index.php\/camino\/"]}]},{"@type":"ImageObject","inLanguage":"en-US","@id":"https:\/\/yvcharron.com\/index.php\/camino\/#primaryimage","url":"https:\/\/yvcharron.com\/wp-content\/uploads\/2024\/02\/Itineraire-Janvier-2024_4.jpg","contentUrl":"https:\/\/yvcharron.com\/wp-content\/uploads\/2024\/02\/Itineraire-Janvier-2024_4.jpg","width":1178,"height":919},{"@type":"BreadcrumbList","@id":"https:\/\/yvcharron.com\/index.php\/camino\/#breadcrumb","itemListElement":[{"@type":"ListItem","position":1,"name":"Home","item":"https:\/\/yvcharron.com\/"},{"@type":"ListItem","position":2,"name":"CAMINO &#8211; Chemins de St Jacques, Francigena et G.R."}]},{"@type":"WebSite","@id":"https:\/\/yvcharron.com\/#website","url":"https:\/\/yvcharron.com\/","name":"CHARRON Yves","description":"Site last update 2024 November 1st","potentialAction":[{"@type":"SearchAction","target":{"@type":"EntryPoint","urlTemplate":"https:\/\/yvcharron.com\/?s={search_term_string}"},"query-input":{"@type":"PropertyValueSpecification","valueRequired":true,"valueName":"search_term_string"}}],"inLanguage":"en-US"}]}},"_links":{"self":[{"href":"https:\/\/yvcharron.com\/index.php\/wp-json\/wp\/v2\/pages\/1202","targetHints":{"allow":["GET"]}}],"collection":[{"href":"https:\/\/yvcharron.com\/index.php\/wp-json\/wp\/v2\/pages"}],"about":[{"href":"https:\/\/yvcharron.com\/index.php\/wp-json\/wp\/v2\/types\/page"}],"author":[{"embeddable":true,"href":"https:\/\/yvcharron.com\/index.php\/wp-json\/wp\/v2\/users\/1"}],"replies":[{"embeddable":true,"href":"https:\/\/yvcharron.com\/index.php\/wp-json\/wp\/v2\/comments?post=1202"}],"version-history":[{"count":74,"href":"https:\/\/yvcharron.com\/index.php\/wp-json\/wp\/v2\/pages\/1202\/revisions"}],"predecessor-version":[{"id":3946,"href":"https:\/\/yvcharron.com\/index.php\/wp-json\/wp\/v2\/pages\/1202\/revisions\/3946"}],"wp:attachment":[{"href":"https:\/\/yvcharron.com\/index.php\/wp-json\/wp\/v2\/media?parent=1202"}],"curies":[{"name":"wp","href":"https:\/\/api.w.org\/{rel}","templated":true}]}}