{"version":"1.0","provider_name":"CHARRON Yves","provider_url":"https:\/\/yvcharron.com","author_name":"admin7014","author_url":"https:\/\/yvcharron.com\/index.php\/author\/admin7014\/","title":"Via Lusitana - Lisbonne \u00e0 St Jacques de Compostelle - CHARRON Yves","type":"rich","width":600,"height":338,"html":"<blockquote class=\"wp-embedded-content\" data-secret=\"Ls2GVKsl9x\"><a href=\"https:\/\/yvcharron.com\/index.php\/lusitana\/\">Via Lusitana &#8211; Lisbonne \u00e0 St Jacques de Compostelle<\/a><\/blockquote><iframe sandbox=\"allow-scripts\" security=\"restricted\" src=\"https:\/\/yvcharron.com\/index.php\/lusitana\/embed\/#?secret=Ls2GVKsl9x\" width=\"600\" height=\"338\" title=\"&#8220;Via Lusitana &#8211; Lisbonne \u00e0 St Jacques de Compostelle&#8221; &#8212; CHARRON Yves\" data-secret=\"Ls2GVKsl9x\" frameborder=\"0\" marginwidth=\"0\" marginheight=\"0\" scrolling=\"no\" class=\"wp-embedded-content\"><\/iframe><script type=\"text\/javascript\">\n\/* <![CDATA[ *\/\n\/*! This file is auto-generated *\/\n!function(d,l){\"use strict\";l.querySelector&&d.addEventListener&&\"undefined\"!=typeof URL&&(d.wp=d.wp||{},d.wp.receiveEmbedMessage||(d.wp.receiveEmbedMessage=function(e){var t=e.data;if((t||t.secret||t.message||t.value)&&!\/[^a-zA-Z0-9]\/.test(t.secret)){for(var s,r,n,a=l.querySelectorAll('iframe[data-secret=\"'+t.secret+'\"]'),o=l.querySelectorAll('blockquote[data-secret=\"'+t.secret+'\"]'),c=new RegExp(\"^https?:$\",\"i\"),i=0;i<o.length;i++)o[i].style.display=\"none\";for(i=0;i<a.length;i++)s=a[i],e.source===s.contentWindow&&(s.removeAttribute(\"style\"),\"height\"===t.message?(1e3<(r=parseInt(t.value,10))?r=1e3:~~r<200&&(r=200),s.height=r):\"link\"===t.message&&(r=new URL(s.getAttribute(\"src\")),n=new URL(t.value),c.test(n.protocol))&&n.host===r.host&&l.activeElement===s&&(d.top.location.href=t.value))}},d.addEventListener(\"message\",d.wp.receiveEmbedMessage,!1),l.addEventListener(\"DOMContentLoaded\",function(){for(var e,t,s=l.querySelectorAll(\"iframe.wp-embedded-content\"),r=0;r<s.length;r++)(t=(e=s[r]).getAttribute(\"data-secret\"))||(t=Math.random().toString(36).substring(2,12),e.src+=\"#?secret=\"+t,e.setAttribute(\"data-secret\",t)),e.contentWindow.postMessage({message:\"ready\",secret:t},\"*\")},!1)))}(window,document);\n\/\/# sourceURL=https:\/\/yvcharron.com\/wp-includes\/js\/wp-embed.min.js\n\/* ]]> *\/\n<\/script>\n","description":"REVISION &#8212; 10\/8\/22 : Centrage liens photos, Cr\u00e9dentialle Via Lusitana : Lisbonne \u00e0 Porto et Porto \u00e0 Santiago _ De Lisbonne \u00e0 Porto &#8211; Septembre 2019 Ci-dessus : Lisboa, Alverca, Azambuja, Santarem, Amiais de Baixa, Fatima, Condeixa, Coimbra, Sernadelo, Agueda, San Jao Madeira, Porto. Pour voir les photos, cliquer sur les liens bleus ci-dessous. Pour&hellip; Read more","thumbnail_url":"https:\/\/yvcharron.com\/wp-content\/uploads\/2021\/02\/Bandeau-Pt_Lisboa_Porto.png"}